{"id":3700,"date":"2024-11-04T14:06:31","date_gmt":"2024-11-04T17:06:31","guid":{"rendered":"https:\/\/orillasnuevas.org\/?page_id=3700"},"modified":"2025-05-06T16:51:54","modified_gmt":"2025-05-06T19:51:54","slug":"bitacora","status":"publish","type":"page","link":"https:\/\/orillasnuevas.org\/fr\/bitacora\/","title":{"rendered":"Bit\u00e1cora"},"content":{"rendered":"<div data-elementor-type=\"wp-page\" data-elementor-id=\"3700\" class=\"elementor elementor-3700\" data-elementor-post-type=\"page\">\n\t\t\t\t<div class=\"elementor-element elementor-element-95d0585 e-flex e-con-boxed e-con e-parent\" data-id=\"95d0585\" data-element_type=\"container\" data-e-type=\"container\">\n\t\t\t\t\t<div class=\"e-con-inner\">\n\t\t\t\t<div class=\"elementor-element elementor-element-73e21e5 elementor-widget elementor-widget-heading\" data-id=\"73e21e5\" data-element_type=\"widget\" data-e-type=\"widget\" data-widget_type=\"heading.default\">\n\t\t\t\t<div class=\"elementor-widget-container\">\n\t\t\t\t\t<h2 class=\"elementor-heading-title elementor-size-default\">Bit\u00e1cora<\/h2>\t\t\t\t<\/div>\n\t\t\t\t<\/div>\n\t\t\t\t\t<\/div>\n\t\t\t\t<\/div>\n\t\t<div class=\"elementor-element elementor-element-fb30ca8 e-flex e-con-boxed e-con e-parent\" data-id=\"fb30ca8\" data-element_type=\"container\" data-e-type=\"container\">\n\t\t\t\t\t<div class=\"e-con-inner\">\n\t\t\t\t<div class=\"elementor-element elementor-element-b6bf432 elementor-widget elementor-widget-image\" data-id=\"b6bf432\" data-element_type=\"widget\" data-e-type=\"widget\" data-widget_type=\"image.default\">\n\t\t\t\t<div class=\"elementor-widget-container\">\n\t\t\t\t\t\t\t\t\t\t\t\t\t\t\t<img decoding=\"async\" width=\"54\" height=\"98\" src=\"https:\/\/orillasnuevas.org\/wp-content\/uploads\/2024\/09\/FlechaLargaRosa.webp\" class=\"attachment-full size-full wp-image-529\" alt=\"\" srcset=\"https:\/\/orillasnuevas.org\/wp-content\/uploads\/2024\/09\/FlechaLargaRosa.webp 54w, https:\/\/orillasnuevas.org\/wp-content\/uploads\/2024\/09\/FlechaLargaRosa-7x12.webp 7w\" sizes=\"(max-width: 54px) 100vw, 54px\" \/>\t\t\t\t\t\t\t\t\t\t\t\t\t\t\t<\/div>\n\t\t\t\t<\/div>\n\t\t\t\t\t<\/div>\n\t\t\t\t<\/div>\n\t\t<div class=\"elementor-element elementor-element-8722134 e-flex e-con-boxed e-con e-parent\" data-id=\"8722134\" data-element_type=\"container\" data-e-type=\"container\">\n\t\t\t\t\t<div class=\"e-con-inner\">\n\t\t\t\t<div class=\"elementor-element elementor-element-c664676 elementor-grid-4 elementor-grid-tablet-2 elementor-grid-mobile-1 elementor-posts--thumbnail-top elementor-card-shadow-yes elementor-posts__hover-gradient elementor-widget elementor-widget-posts\" data-id=\"c664676\" data-element_type=\"widget\" data-e-type=\"widget\" id=\"postONbit\" data-settings=\"{&quot;cards_columns&quot;:&quot;4&quot;,&quot;cards_masonry&quot;:&quot;yes&quot;,&quot;cards_row_gap&quot;:{&quot;unit&quot;:&quot;px&quot;,&quot;size&quot;:17,&quot;sizes&quot;:[]},&quot;pagination_type&quot;:&quot;load_more_infinite_scroll&quot;,&quot;cards_columns_tablet&quot;:&quot;2&quot;,&quot;cards_columns_mobile&quot;:&quot;1&quot;,&quot;cards_row_gap_tablet&quot;:{&quot;unit&quot;:&quot;px&quot;,&quot;size&quot;:&quot;&quot;,&quot;sizes&quot;:[]},&quot;cards_row_gap_mobile&quot;:{&quot;unit&quot;:&quot;px&quot;,&quot;size&quot;:&quot;&quot;,&quot;sizes&quot;:[]},&quot;load_more_spinner&quot;:{&quot;value&quot;:&quot;fas fa-spinner&quot;,&quot;library&quot;:&quot;fa-solid&quot;}}\" data-widget_type=\"posts.cards\">\n\t\t\t\t<div class=\"elementor-widget-container\">\n\t\t\t\t\t\t\t<div class=\"elementor-posts-container elementor-posts elementor-posts--skin-cards elementor-grid\" role=\"list\">\n\t\t\t\t<article class=\"elementor-post elementor-grid-item post-6016 post type-post status-publish format-standard has-post-thumbnail hentry category-bitacora-de-viaje\" role=\"listitem\">\n\t\t\t<div class=\"elementor-post__card\">\n\t\t\t\t<a class=\"elementor-post__thumbnail__link\" href=\"https:\/\/orillasnuevas.org\/fr\/bitacora-de-viaje\/diario-de-viaje-la-mujer-parecida-a-mi-en-ciclic-animation-por-eleonora-comelli-y-ange-potier\/\" tabindex=\"-1\" ><div class=\"elementor-post__thumbnail\"><img fetchpriority=\"high\" decoding=\"async\" width=\"300\" height=\"180\" src=\"https:\/\/orillasnuevas.org\/wp-content\/uploads\/2026\/03\/1-300x180.webp\" class=\"attachment-medium size-medium wp-image-6029\" alt=\"\" srcset=\"https:\/\/orillasnuevas.org\/wp-content\/uploads\/2026\/03\/1-300x180.webp 300w, https:\/\/orillasnuevas.org\/wp-content\/uploads\/2026\/03\/1-768x461.webp 768w, https:\/\/orillasnuevas.org\/wp-content\/uploads\/2026\/03\/1-18x12.webp 18w, https:\/\/orillasnuevas.org\/wp-content\/uploads\/2026\/03\/1.webp 1000w\" sizes=\"(max-width: 300px) 100vw, 300px\" \/><\/div><\/a>\n\t\t\t\t<div class=\"elementor-post__badge\">Bit\u00e1cora de viaje<\/div>\n\t\t\t\t<div class=\"elementor-post__text\">\n\t\t\t\t<h3 class=\"elementor-post__title\">\n\t\t\t<a href=\"https:\/\/orillasnuevas.org\/fr\/bitacora-de-viaje\/diario-de-viaje-la-mujer-parecida-a-mi-en-ciclic-animation-por-eleonora-comelli-y-ange-potier\/\" >\n\t\t\t\tDiario de viaje: La mujer parecida a m\u00ed en Ciclic Animation por Eleonora Comelli y Ange Potier\t\t\t<\/a>\n\t\t<\/h3>\n\t\t\t\t<div class=\"elementor-post__excerpt\">\n\t\t\t<p>La residencia Ciclic Animation, en Vend\u00f4me, Francia, es un espacio que recibe artistas de cine de animaci\u00f3n de Francia y de otras partes del mundo. Ofrece vivienda y un taller de trabajo para el desarrollo y la producci\u00f3n de varios proyectos en simult\u00e1neo. En esta peque\u00f1a y hermosa ciudad, atravesada por brazos del r\u00edo Loir, se est\u00e1 llevando adelante la producci\u00f3n del cortometraje de animaci\u00f3n La mujer parecida a m\u00ed.<\/p>\n\t\t<\/div>\n\t\t\n\t\t<a class=\"elementor-post__read-more\" href=\"https:\/\/orillasnuevas.org\/fr\/bitacora-de-viaje\/diario-de-viaje-la-mujer-parecida-a-mi-en-ciclic-animation-por-eleonora-comelli-y-ange-potier\/\" aria-label=\"Read more about Diario de viaje: La mujer parecida a m\u00ed en Ciclic Animation por Eleonora Comelli y Ange Potier\" tabindex=\"-1\" >\n\t\t\tLeer m\u00e1s \u00bb\t\t<\/a>\n\n\t\t\t\t<\/div>\n\t\t\t\t<div class=\"elementor-post__meta-data\">\n\t\t\t\t\t<span class=\"elementor-post-date\">\n\t\t\t25 mars, 2026\t\t<\/span>\n\t\t\t\t<\/div>\n\t\t\t\t\t<\/div>\n\t\t<\/article>\n\t\t\t\t<article class=\"elementor-post elementor-grid-item post-5970 post type-post status-publish format-standard has-post-thumbnail hentry category-bitacora\" role=\"listitem\">\n\t\t\t<div class=\"elementor-post__card\">\n\t\t\t\t<a class=\"elementor-post__thumbnail__link\" href=\"https:\/\/orillasnuevas.org\/fr\/bitacora\/orillas-nuevas-un-dispositivo-de-acompanamiento-en-el-corazon-de-un-programa-cultural-por-martin-oliver-director-ejecutivo-de-fundacion-williams\/\" tabindex=\"-1\" ><div class=\"elementor-post__thumbnail\"><img decoding=\"async\" width=\"300\" height=\"180\" src=\"https:\/\/orillasnuevas.org\/wp-content\/uploads\/2025\/12\/1-300x180.webp\" class=\"attachment-medium size-medium wp-image-5971\" alt=\"\" srcset=\"https:\/\/orillasnuevas.org\/wp-content\/uploads\/2025\/12\/1-300x180.webp 300w, https:\/\/orillasnuevas.org\/wp-content\/uploads\/2025\/12\/1-768x461.webp 768w, https:\/\/orillasnuevas.org\/wp-content\/uploads\/2025\/12\/1-18x12.webp 18w, https:\/\/orillasnuevas.org\/wp-content\/uploads\/2025\/12\/1.webp 1000w\" sizes=\"(max-width: 300px) 100vw, 300px\" \/><\/div><\/a>\n\t\t\t\t<div class=\"elementor-post__badge\">Bit\u00e1cora<\/div>\n\t\t\t\t<div class=\"elementor-post__text\">\n\t\t\t\t<h3 class=\"elementor-post__title\">\n\t\t\t<a href=\"https:\/\/orillasnuevas.org\/fr\/bitacora\/orillas-nuevas-un-dispositivo-de-acompanamiento-en-el-corazon-de-un-programa-cultural-por-martin-oliver-director-ejecutivo-de-fundacion-williams\/\" >\n\t\t\t\tOrillas Nuevas: un dispositivo de acompa\u00f1amiento en el coraz\u00f3n de un programa cultural por Mart\u00edn Oliver, Director Ejecutivo de Fundaci\u00f3n Williams\t\t\t<\/a>\n\t\t<\/h3>\n\t\t\t\t<div class=\"elementor-post__excerpt\">\n\t\t\t<p>Orillas Nuevas naci\u00f3 como un programa de acompa\u00f1amiento, internacionalizaci\u00f3n y apoyo a la creaci\u00f3n art\u00edstica y al desarrollo de proyectos culturales argentinos en colaboraci\u00f3n directa con instituciones y profesionales franceses.<\/p>\n\t\t<\/div>\n\t\t\n\t\t<a class=\"elementor-post__read-more\" href=\"https:\/\/orillasnuevas.org\/fr\/bitacora\/orillas-nuevas-un-dispositivo-de-acompanamiento-en-el-corazon-de-un-programa-cultural-por-martin-oliver-director-ejecutivo-de-fundacion-williams\/\" aria-label=\"Read more about Orillas Nuevas: un dispositivo de acompa\u00f1amiento en el coraz\u00f3n de un programa cultural por Mart\u00edn Oliver, Director Ejecutivo de Fundaci\u00f3n Williams\" tabindex=\"-1\" >\n\t\t\tLeer m\u00e1s \u00bb\t\t<\/a>\n\n\t\t\t\t<\/div>\n\t\t\t\t<div class=\"elementor-post__meta-data\">\n\t\t\t\t\t<span class=\"elementor-post-date\">\n\t\t\t5 d\u00e9cembre, 2025\t\t<\/span>\n\t\t\t\t<\/div>\n\t\t\t\t\t<\/div>\n\t\t<\/article>\n\t\t\t\t<article class=\"elementor-post elementor-grid-item post-5589 post type-post status-publish format-standard has-post-thumbnail hentry category-bitacora\" role=\"listitem\">\n\t\t\t<div class=\"elementor-post__card\">\n\t\t\t\t<a class=\"elementor-post__thumbnail__link\" href=\"https:\/\/orillasnuevas.org\/fr\/bitacora\/cierre-de-orillas-nuevas-palabras-de-daniela-gutierrez-gerenta-general-de-fundacion-medife\/\" tabindex=\"-1\" ><div class=\"elementor-post__thumbnail\"><img loading=\"lazy\" decoding=\"async\" width=\"300\" height=\"180\" src=\"https:\/\/orillasnuevas.org\/wp-content\/uploads\/2025\/11\/1-1-300x180.webp\" class=\"attachment-medium size-medium wp-image-5591\" alt=\"\" srcset=\"https:\/\/orillasnuevas.org\/wp-content\/uploads\/2025\/11\/1-1-300x180.webp 300w, https:\/\/orillasnuevas.org\/wp-content\/uploads\/2025\/11\/1-1-768x461.webp 768w, https:\/\/orillasnuevas.org\/wp-content\/uploads\/2025\/11\/1-1-18x12.webp 18w, https:\/\/orillasnuevas.org\/wp-content\/uploads\/2025\/11\/1-1.webp 1000w\" sizes=\"(max-width: 300px) 100vw, 300px\" \/><\/div><\/a>\n\t\t\t\t<div class=\"elementor-post__badge\">Bit\u00e1cora<\/div>\n\t\t\t\t<div class=\"elementor-post__text\">\n\t\t\t\t<h3 class=\"elementor-post__title\">\n\t\t\t<a href=\"https:\/\/orillasnuevas.org\/fr\/bitacora\/cierre-de-orillas-nuevas-palabras-de-daniela-gutierrez-gerenta-general-de-fundacion-medife\/\" >\n\t\t\t\tCierre de Orillas Nuevas: Palabras de Daniela Gutierrez, Presidenta de Fundaci\u00f3n Medif\u00e9\t\t\t<\/a>\n\t\t<\/h3>\n\t\t\t\t<div class=\"elementor-post__excerpt\">\n\t\t\t<p>Para Fundaci\u00f3n Medif\u00e9, la salud nunca fue un concepto acotado a la ausencia de enfermedad. Siempre lo entendemos como un estado din\u00e1mico de bienestar f\u00edsico, mental y social y es en la b\u00fasqueda de honrar esta definici\u00f3n integral que acompa\u00f1amos el programa Orillas Nuevas.<\/p>\n\t\t<\/div>\n\t\t\n\t\t<a class=\"elementor-post__read-more\" href=\"https:\/\/orillasnuevas.org\/fr\/bitacora\/cierre-de-orillas-nuevas-palabras-de-daniela-gutierrez-gerenta-general-de-fundacion-medife\/\" aria-label=\"Read more about Cierre de Orillas Nuevas: Palabras de Daniela Gutierrez, Presidenta de Fundaci\u00f3n Medif\u00e9\" tabindex=\"-1\" >\n\t\t\tLeer m\u00e1s \u00bb\t\t<\/a>\n\n\t\t\t\t<\/div>\n\t\t\t\t<div class=\"elementor-post__meta-data\">\n\t\t\t\t\t<span class=\"elementor-post-date\">\n\t\t\t28 novembre, 2025\t\t<\/span>\n\t\t\t\t<\/div>\n\t\t\t\t\t<\/div>\n\t\t<\/article>\n\t\t\t\t<article class=\"elementor-post elementor-grid-item post-5584 post type-post status-publish format-standard has-post-thumbnail hentry category-bitacora\" role=\"listitem\">\n\t\t\t<div class=\"elementor-post__card\">\n\t\t\t\t<a class=\"elementor-post__thumbnail__link\" href=\"https:\/\/orillasnuevas.org\/fr\/bitacora\/cierre-de-orillas-nuevas-palabras-del-embajador-de-francia-en-la-argentina-romain-nadal\/\" tabindex=\"-1\" ><div class=\"elementor-post__thumbnail\"><img loading=\"lazy\" decoding=\"async\" width=\"300\" height=\"180\" src=\"https:\/\/orillasnuevas.org\/wp-content\/uploads\/2025\/11\/Novedades-ON-1-300x180.webp\" class=\"attachment-medium size-medium wp-image-5585\" alt=\"\" srcset=\"https:\/\/orillasnuevas.org\/wp-content\/uploads\/2025\/11\/Novedades-ON-1-300x180.webp 300w, https:\/\/orillasnuevas.org\/wp-content\/uploads\/2025\/11\/Novedades-ON-1-768x461.webp 768w, https:\/\/orillasnuevas.org\/wp-content\/uploads\/2025\/11\/Novedades-ON-1-18x12.webp 18w, https:\/\/orillasnuevas.org\/wp-content\/uploads\/2025\/11\/Novedades-ON-1.webp 1000w\" sizes=\"(max-width: 300px) 100vw, 300px\" \/><\/div><\/a>\n\t\t\t\t<div class=\"elementor-post__badge\">Bit\u00e1cora<\/div>\n\t\t\t\t<div class=\"elementor-post__text\">\n\t\t\t\t<h3 class=\"elementor-post__title\">\n\t\t\t<a href=\"https:\/\/orillasnuevas.org\/fr\/bitacora\/cierre-de-orillas-nuevas-palabras-del-embajador-de-francia-en-la-argentina-romain-nadal\/\" >\n\t\t\t\tCierre de Orillas Nuevas: Palabras del Embajador de Francia en la Argentina, Romain Nadal\t\t\t<\/a>\n\t\t<\/h3>\n\t\t\t\t<div class=\"elementor-post__excerpt\">\n\t\t\t<p>Es un placer recibirlos en el Palacio Ortiz Basualdo en este evento que celebra la culminaci\u00f3n del programa Orillas Nuevas. Algunos de ustedes est\u00e1n aqu\u00ed desde la ma\u00f1ana para trabajar sobre los grandes retos de las industrias culturales y creativas con los beneficiarios de los proyectos de Orillas Nuevas.<\/p>\n\t\t<\/div>\n\t\t\n\t\t<a class=\"elementor-post__read-more\" href=\"https:\/\/orillasnuevas.org\/fr\/bitacora\/cierre-de-orillas-nuevas-palabras-del-embajador-de-francia-en-la-argentina-romain-nadal\/\" aria-label=\"Read more about Cierre de Orillas Nuevas: Palabras del Embajador de Francia en la Argentina, Romain Nadal\" tabindex=\"-1\" >\n\t\t\tLeer m\u00e1s \u00bb\t\t<\/a>\n\n\t\t\t\t<\/div>\n\t\t\t\t<div class=\"elementor-post__meta-data\">\n\t\t\t\t\t<span class=\"elementor-post-date\">\n\t\t\t28 novembre, 2025\t\t<\/span>\n\t\t\t\t<\/div>\n\t\t\t\t\t<\/div>\n\t\t<\/article>\n\t\t\t\t<article class=\"elementor-post elementor-grid-item post-5566 post type-post status-publish format-standard has-post-thumbnail hentry category-bitacora\" role=\"listitem\">\n\t\t\t<div class=\"elementor-post__card\">\n\t\t\t\t<a class=\"elementor-post__thumbnail__link\" href=\"https:\/\/orillasnuevas.org\/fr\/bitacora\/la-marea-detras-de-las-orillas-la-construccion-de-recorridos-por-mariana-barcelo\/\" tabindex=\"-1\" ><div class=\"elementor-post__thumbnail\"><img loading=\"lazy\" decoding=\"async\" width=\"300\" height=\"180\" src=\"https:\/\/orillasnuevas.org\/wp-content\/uploads\/2025\/11\/1-300x180.png\" class=\"attachment-medium size-medium wp-image-5568\" alt=\"\" srcset=\"https:\/\/orillasnuevas.org\/wp-content\/uploads\/2025\/11\/1-300x180.png 300w, https:\/\/orillasnuevas.org\/wp-content\/uploads\/2025\/11\/1-768x461.png 768w, https:\/\/orillasnuevas.org\/wp-content\/uploads\/2025\/11\/1-18x12.png 18w, https:\/\/orillasnuevas.org\/wp-content\/uploads\/2025\/11\/1.png 1000w\" sizes=\"(max-width: 300px) 100vw, 300px\" \/><\/div><\/a>\n\t\t\t\t<div class=\"elementor-post__badge\">Bit\u00e1cora<\/div>\n\t\t\t\t<div class=\"elementor-post__text\">\n\t\t\t\t<h3 class=\"elementor-post__title\">\n\t\t\t<a href=\"https:\/\/orillasnuevas.org\/fr\/bitacora\/la-marea-detras-de-las-orillas-la-construccion-de-recorridos-por-mariana-barcelo\/\" >\n\t\t\t\tLa marea detr\u00e1s de las Orillas: la construcci\u00f3n de recorridos por Mariana Barcel\u00f3\t\t\t<\/a>\n\t\t<\/h3>\n\t\t\t\t<div class=\"elementor-post__excerpt\">\n\t\t\t<p>Empec\u00e9 a trabajar para Orillas Nuevas con la desafiante tarea de organizar un \u201cevento de lanzamiento\u201d para un proyecto que no conoc\u00eda bien, pero que hab\u00eda visto en las redes sociales unos meses antes\u2026<\/p>\n\t\t<\/div>\n\t\t\n\t\t<a class=\"elementor-post__read-more\" href=\"https:\/\/orillasnuevas.org\/fr\/bitacora\/la-marea-detras-de-las-orillas-la-construccion-de-recorridos-por-mariana-barcelo\/\" aria-label=\"Read more about La marea detr\u00e1s de las Orillas: la construcci\u00f3n de recorridos por Mariana Barcel\u00f3\" tabindex=\"-1\" >\n\t\t\tLeer m\u00e1s \u00bb\t\t<\/a>\n\n\t\t\t\t<\/div>\n\t\t\t\t<div class=\"elementor-post__meta-data\">\n\t\t\t\t\t<span class=\"elementor-post-date\">\n\t\t\t20 novembre, 2025\t\t<\/span>\n\t\t\t\t<\/div>\n\t\t\t\t\t<\/div>\n\t\t<\/article>\n\t\t\t\t<article class=\"elementor-post elementor-grid-item post-5558 post type-post status-publish format-standard has-post-thumbnail hentry category-bitacora\" role=\"listitem\">\n\t\t\t<div class=\"elementor-post__card\">\n\t\t\t\t<a class=\"elementor-post__thumbnail__link\" href=\"https:\/\/orillasnuevas.org\/fr\/bitacora\/guion-de-presentacion-atlas-de-diseno-popular-por-luciana-serrano\/\" tabindex=\"-1\" ><div class=\"elementor-post__thumbnail\"><img loading=\"lazy\" decoding=\"async\" width=\"300\" height=\"180\" src=\"https:\/\/orillasnuevas.org\/wp-content\/uploads\/2025\/11\/1-300x180.webp\" class=\"attachment-medium size-medium wp-image-5562\" alt=\"\" srcset=\"https:\/\/orillasnuevas.org\/wp-content\/uploads\/2025\/11\/1-300x180.webp 300w, https:\/\/orillasnuevas.org\/wp-content\/uploads\/2025\/11\/1-768x461.webp 768w, https:\/\/orillasnuevas.org\/wp-content\/uploads\/2025\/11\/1-18x12.webp 18w, https:\/\/orillasnuevas.org\/wp-content\/uploads\/2025\/11\/1.webp 1000w\" sizes=\"(max-width: 300px) 100vw, 300px\" \/><\/div><\/a>\n\t\t\t\t<div class=\"elementor-post__badge\">Bit\u00e1cora<\/div>\n\t\t\t\t<div class=\"elementor-post__text\">\n\t\t\t\t<h3 class=\"elementor-post__title\">\n\t\t\t<a href=\"https:\/\/orillasnuevas.org\/fr\/bitacora\/guion-de-presentacion-atlas-de-diseno-popular-por-luciana-serrano\/\" >\n\t\t\t\tGui\u00f3n de presentaci\u00f3n \u2013 Atlas de Dise\u00f1o Popular por Luciana Serrano\t\t\t<\/a>\n\t\t<\/h3>\n\t\t\t\t<div class=\"elementor-post__excerpt\">\n\t\t\t<p>El Atlas de Dise\u00f1o Popular es una investigaci\u00f3n sobre pr\u00e1cticas de dise\u00f1o, construcci\u00f3n y habitar en Buenos Aires.<br \/>\nUna plataforma de documentaci\u00f3n y reflexi\u00f3n sobre el dise\u00f1o como pr\u00e1ctica social: una manera de reconocer, aprender y poner en valor los modos en que las personas producen espacio, herramientas y tecnolog\u00eda en su d\u00eda a d\u00eda.<\/p>\n\t\t<\/div>\n\t\t\n\t\t<a class=\"elementor-post__read-more\" href=\"https:\/\/orillasnuevas.org\/fr\/bitacora\/guion-de-presentacion-atlas-de-diseno-popular-por-luciana-serrano\/\" aria-label=\"Read more about Gui\u00f3n de presentaci\u00f3n \u2013 Atlas de Dise\u00f1o Popular por Luciana Serrano\" tabindex=\"-1\" >\n\t\t\tLeer m\u00e1s \u00bb\t\t<\/a>\n\n\t\t\t\t<\/div>\n\t\t\t\t<div class=\"elementor-post__meta-data\">\n\t\t\t\t\t<span class=\"elementor-post-date\">\n\t\t\t19 novembre, 2025\t\t<\/span>\n\t\t\t\t<\/div>\n\t\t\t\t\t<\/div>\n\t\t<\/article>\n\t\t\t\t<article class=\"elementor-post elementor-grid-item post-5547 post type-post status-publish format-standard has-post-thumbnail hentry category-bitacora-de-viaje\" role=\"listitem\">\n\t\t\t<div class=\"elementor-post__card\">\n\t\t\t\t<a class=\"elementor-post__thumbnail__link\" href=\"https:\/\/orillasnuevas.org\/fr\/bitacora-de-viaje\/diario-de-viaje-treat-en-la-pocket-gamer-connect-por-fabian-peruggia\/\" tabindex=\"-1\" ><div class=\"elementor-post__thumbnail\"><img loading=\"lazy\" decoding=\"async\" width=\"300\" height=\"180\" src=\"https:\/\/orillasnuevas.org\/wp-content\/uploads\/2025\/10\/Novedades-ON-4-300x180.webp\" class=\"attachment-medium size-medium wp-image-5548\" alt=\"\" srcset=\"https:\/\/orillasnuevas.org\/wp-content\/uploads\/2025\/10\/Novedades-ON-4-300x180.webp 300w, https:\/\/orillasnuevas.org\/wp-content\/uploads\/2025\/10\/Novedades-ON-4-768x461.webp 768w, https:\/\/orillasnuevas.org\/wp-content\/uploads\/2025\/10\/Novedades-ON-4-18x12.webp 18w, https:\/\/orillasnuevas.org\/wp-content\/uploads\/2025\/10\/Novedades-ON-4.webp 1000w\" sizes=\"(max-width: 300px) 100vw, 300px\" \/><\/div><\/a>\n\t\t\t\t<div class=\"elementor-post__badge\">Bit\u00e1cora de viaje<\/div>\n\t\t\t\t<div class=\"elementor-post__text\">\n\t\t\t\t<h3 class=\"elementor-post__title\">\n\t\t\t<a href=\"https:\/\/orillasnuevas.org\/fr\/bitacora-de-viaje\/diario-de-viaje-treat-en-la-pocket-gamer-connect-por-fabian-peruggia\/\" >\n\t\t\t\tDiario de Viaje: Treat en la Pocket Gamer Connect por Fabi\u00e1n Peruggia\t\t\t<\/a>\n\t\t<\/h3>\n\t\t\t\t<div class=\"elementor-post__excerpt\">\n\t\t\t<p>Gracias a Orillas Nuevas pudimos viajar a Helsinki para participar en la conferencia Pocket Gamer Connect y presentar nuestro proyecto Treat ante publishers internacionales. Esta experiencia nos permiti\u00f3 mostrar nuestro trabajo, ampliar nuestra red y acercarnos un paso m\u00e1s a la publicaci\u00f3n del juego.<\/p>\n\t\t<\/div>\n\t\t\n\t\t<a class=\"elementor-post__read-more\" href=\"https:\/\/orillasnuevas.org\/fr\/bitacora-de-viaje\/diario-de-viaje-treat-en-la-pocket-gamer-connect-por-fabian-peruggia\/\" aria-label=\"Read more about Diario de Viaje: Treat en la Pocket Gamer Connect por Fabi\u00e1n Peruggia\" tabindex=\"-1\" >\n\t\t\tLeer m\u00e1s \u00bb\t\t<\/a>\n\n\t\t\t\t<\/div>\n\t\t\t\t<div class=\"elementor-post__meta-data\">\n\t\t\t\t\t<span class=\"elementor-post-date\">\n\t\t\t24 octobre, 2025\t\t<\/span>\n\t\t\t\t<\/div>\n\t\t\t\t\t<\/div>\n\t\t<\/article>\n\t\t\t\t<article class=\"elementor-post elementor-grid-item post-5539 post type-post status-publish format-standard has-post-thumbnail hentry category-bitacora\" role=\"listitem\">\n\t\t\t<div class=\"elementor-post__card\">\n\t\t\t\t<a class=\"elementor-post__thumbnail__link\" href=\"https:\/\/orillasnuevas.org\/fr\/bitacora\/teaser-bardo-sensorial-por-corina-wilson-grupo-de-experimentacion-escenica\/\" tabindex=\"-1\" ><div class=\"elementor-post__thumbnail\"><img loading=\"lazy\" decoding=\"async\" width=\"300\" height=\"180\" src=\"https:\/\/orillasnuevas.org\/wp-content\/uploads\/2025\/10\/Novedades-ON-3-300x180.webp\" class=\"attachment-medium size-medium wp-image-5540\" alt=\"\" srcset=\"https:\/\/orillasnuevas.org\/wp-content\/uploads\/2025\/10\/Novedades-ON-3-300x180.webp 300w, https:\/\/orillasnuevas.org\/wp-content\/uploads\/2025\/10\/Novedades-ON-3-768x461.webp 768w, https:\/\/orillasnuevas.org\/wp-content\/uploads\/2025\/10\/Novedades-ON-3-18x12.webp 18w, https:\/\/orillasnuevas.org\/wp-content\/uploads\/2025\/10\/Novedades-ON-3.webp 1000w\" sizes=\"(max-width: 300px) 100vw, 300px\" \/><\/div><\/a>\n\t\t\t\t<div class=\"elementor-post__badge\">Bit\u00e1cora<\/div>\n\t\t\t\t<div class=\"elementor-post__text\">\n\t\t\t\t<h3 class=\"elementor-post__title\">\n\t\t\t<a href=\"https:\/\/orillasnuevas.org\/fr\/bitacora\/teaser-bardo-sensorial-por-corina-wilson-grupo-de-experimentacion-escenica\/\" >\n\t\t\t\tTeaser Bardo Sensorial por Corina Wilson, grupo de experimentaci\u00f3n esc\u00e9nica\t\t\t<\/a>\n\t\t<\/h3>\n\t\t\t\t<div class=\"elementor-post__excerpt\">\n\t\t\t<p>Entre enero y junio de 2025 llevamos a cabo Bardo Sensorial, una investigaci\u00f3n art\u00edstica sobre percepci\u00f3n, imaginaci\u00f3n y accesibilidad para personas sordas, en el marco del programa Orillas Nuevas. El proyecto propone un cruce entre arte, percepci\u00f3n y cultura sorda, desde una perspectiva situada, sensible y performativa.<\/p>\n\t\t<\/div>\n\t\t\n\t\t<a class=\"elementor-post__read-more\" href=\"https:\/\/orillasnuevas.org\/fr\/bitacora\/teaser-bardo-sensorial-por-corina-wilson-grupo-de-experimentacion-escenica\/\" aria-label=\"Read more about Teaser Bardo Sensorial por Corina Wilson, grupo de experimentaci\u00f3n esc\u00e9nica\" tabindex=\"-1\" >\n\t\t\tLeer m\u00e1s \u00bb\t\t<\/a>\n\n\t\t\t\t<\/div>\n\t\t\t\t<div class=\"elementor-post__meta-data\">\n\t\t\t\t\t<span class=\"elementor-post-date\">\n\t\t\t21 octobre, 2025\t\t<\/span>\n\t\t\t\t<\/div>\n\t\t\t\t\t<\/div>\n\t\t<\/article>\n\t\t\t\t<article class=\"elementor-post elementor-grid-item post-5362 post type-post status-publish format-standard has-post-thumbnail hentry category-bitacora-de-viaje\" role=\"listitem\">\n\t\t\t<div class=\"elementor-post__card\">\n\t\t\t\t<a class=\"elementor-post__thumbnail__link\" href=\"https:\/\/orillasnuevas.org\/fr\/bitacora-de-viaje\/diario-de-viaje-ferial-en-made-anywhere-2-por-fernando-marin-y-marina-malfe\/\" tabindex=\"-1\" ><div class=\"elementor-post__thumbnail\"><img loading=\"lazy\" decoding=\"async\" width=\"300\" height=\"180\" src=\"https:\/\/orillasnuevas.org\/wp-content\/uploads\/2025\/10\/Novedades-ON-1-300x180.webp\" class=\"attachment-medium size-medium wp-image-5363\" alt=\"\" srcset=\"https:\/\/orillasnuevas.org\/wp-content\/uploads\/2025\/10\/Novedades-ON-1-300x180.webp 300w, https:\/\/orillasnuevas.org\/wp-content\/uploads\/2025\/10\/Novedades-ON-1-768x461.webp 768w, https:\/\/orillasnuevas.org\/wp-content\/uploads\/2025\/10\/Novedades-ON-1-18x12.webp 18w, https:\/\/orillasnuevas.org\/wp-content\/uploads\/2025\/10\/Novedades-ON-1.webp 1000w\" sizes=\"(max-width: 300px) 100vw, 300px\" \/><\/div><\/a>\n\t\t\t\t<div class=\"elementor-post__badge\">Bit\u00e1cora de viaje<\/div>\n\t\t\t\t<div class=\"elementor-post__text\">\n\t\t\t\t<h3 class=\"elementor-post__title\">\n\t\t\t<a href=\"https:\/\/orillasnuevas.org\/fr\/bitacora-de-viaje\/diario-de-viaje-ferial-en-made-anywhere-2-por-fernando-marin-y-marina-malfe\/\" >\n\t\t\t\tDiario de Viaje: FERIAL en Made Anywhere (2) por Fernando Marin y Marina Malf\u00e9\t\t\t<\/a>\n\t\t<\/h3>\n\t\t\t\t<div class=\"elementor-post__excerpt\">\n\t\t\t<p>A comienzos de septiembre viajamos a Par\u00eds para participar del sal\u00f3n Made Anywhere (2) con un stand de FERIAL en el que reunimos treinta proyectos argentinos que forman parte de la feria de Artes del Libro de la Universidad Nacional de las Artes.<\/p>\n\t\t<\/div>\n\t\t\n\t\t<a class=\"elementor-post__read-more\" href=\"https:\/\/orillasnuevas.org\/fr\/bitacora-de-viaje\/diario-de-viaje-ferial-en-made-anywhere-2-por-fernando-marin-y-marina-malfe\/\" aria-label=\"Read more about Diario de Viaje: FERIAL en Made Anywhere (2) por Fernando Marin y Marina Malf\u00e9\" tabindex=\"-1\" >\n\t\t\tLeer m\u00e1s \u00bb\t\t<\/a>\n\n\t\t\t\t<\/div>\n\t\t\t\t<div class=\"elementor-post__meta-data\">\n\t\t\t\t\t<span class=\"elementor-post-date\">\n\t\t\t7 octobre, 2025\t\t<\/span>\n\t\t\t\t<\/div>\n\t\t\t\t\t<\/div>\n\t\t<\/article>\n\t\t\t\t<article class=\"elementor-post elementor-grid-item post-5358 post type-post status-publish format-standard has-post-thumbnail hentry category-bitacora-de-viaje\" role=\"listitem\">\n\t\t\t<div class=\"elementor-post__card\">\n\t\t\t\t<a class=\"elementor-post__thumbnail__link\" href=\"https:\/\/orillasnuevas.org\/fr\/bitacora-de-viaje\/diario-de-viaje-hollow-flowers-en-la-gamescom-por-daniel-yepes\/\" tabindex=\"-1\" ><div class=\"elementor-post__thumbnail\"><img loading=\"lazy\" decoding=\"async\" width=\"300\" height=\"180\" src=\"https:\/\/orillasnuevas.org\/wp-content\/uploads\/2025\/10\/Novedades-ON-300x180.webp\" class=\"attachment-medium size-medium wp-image-5359\" alt=\"\" srcset=\"https:\/\/orillasnuevas.org\/wp-content\/uploads\/2025\/10\/Novedades-ON-300x180.webp 300w, https:\/\/orillasnuevas.org\/wp-content\/uploads\/2025\/10\/Novedades-ON-768x461.webp 768w, https:\/\/orillasnuevas.org\/wp-content\/uploads\/2025\/10\/Novedades-ON-18x12.webp 18w, https:\/\/orillasnuevas.org\/wp-content\/uploads\/2025\/10\/Novedades-ON.webp 1000w\" sizes=\"(max-width: 300px) 100vw, 300px\" \/><\/div><\/a>\n\t\t\t\t<div class=\"elementor-post__badge\">Bit\u00e1cora de viaje<\/div>\n\t\t\t\t<div class=\"elementor-post__text\">\n\t\t\t\t<h3 class=\"elementor-post__title\">\n\t\t\t<a href=\"https:\/\/orillasnuevas.org\/fr\/bitacora-de-viaje\/diario-de-viaje-hollow-flowers-en-la-gamescom-por-daniel-yepes\/\" >\n\t\t\t\tDiario de viaje: Hollow Flowers en la Gamescom por Daniel Yepes\t\t\t<\/a>\n\t\t<\/h3>\n\t\t\t\t<div class=\"elementor-post__excerpt\">\n\t\t\t<p>Este a\u00f1o tuve la oportunidad de viajar a Alemania para participar en Gamescom, y la experiencia fue simplemente incre\u00edble. La ciudad es hermosa y el viaje en s\u00ed result\u00f3 muy especial. En cuanto al evento, fue impresionante poder estar presente en un encuentro de tal magnitud.<\/p>\n\t\t<\/div>\n\t\t\n\t\t<a class=\"elementor-post__read-more\" href=\"https:\/\/orillasnuevas.org\/fr\/bitacora-de-viaje\/diario-de-viaje-hollow-flowers-en-la-gamescom-por-daniel-yepes\/\" aria-label=\"Read more about Diario de viaje: Hollow Flowers en la Gamescom por Daniel Yepes\" tabindex=\"-1\" >\n\t\t\tLeer m\u00e1s \u00bb\t\t<\/a>\n\n\t\t\t\t<\/div>\n\t\t\t\t<div class=\"elementor-post__meta-data\">\n\t\t\t\t\t<span class=\"elementor-post-date\">\n\t\t\t7 octobre, 2025\t\t<\/span>\n\t\t\t\t<\/div>\n\t\t\t\t\t<\/div>\n\t\t<\/article>\n\t\t\t\t<\/div>\n\t\t\t\t\t<span class=\"e-load-more-spinner\">\n\t\t\t\t<svg aria-hidden=\"true\" class=\"e-font-icon-svg e-fas-spinner\" viewbox=\"0 0 512 512\" xmlns=\"http:\/\/www.w3.org\/2000\/svg\"><path d=\"M304 48c0 26.51-21.49 48-48 48s-48-21.49-48-48 21.49-48 48-48 48 21.49 48 48zm-48 368c-26.51 0-48 21.49-48 48s21.49 48 48 48 48-21.49 48-48-21.49-48-48-48zm208-208c-26.51 0-48 21.49-48 48s21.49 48 48 48 48-21.49 48-48-21.49-48-48-48zM96 256c0-26.51-21.49-48-48-48S0 229.49 0 256s21.49 48 48 48 48-21.49 48-48zm12.922 99.078c-26.51 0-48 21.49-48 48s21.49 48 48 48 48-21.49 48-48c0-26.509-21.491-48-48-48zm294.156 0c-26.51 0-48 21.49-48 48s21.49 48 48 48 48-21.49 48-48c0-26.509-21.49-48-48-48zM108.922 60.922c-26.51 0-48 21.49-48 48s21.49 48 48 48 48-21.49 48-48-21.491-48-48-48z\"><\/path><\/svg>\t\t\t<\/span>\n\t\t\n\t\t\t\t<div class=\"e-load-more-anchor\" data-page=\"1\" data-max-page=\"4\" data-next-page=\"https:\/\/orillasnuevas.org\/fr\/wp-json\/wp\/v2\/pages\/3700\/page\/2\/\"><\/div>\n\t\t\t\t<div class=\"e-load-more-message\"><\/div>\n\t\t\t\t\t\t<\/div>\n\t\t\t\t<\/div>\n\t\t\t\t\t<\/div>\n\t\t\t\t<\/div>\n\t\t\t\t<\/div>","protected":false},"excerpt":{"rendered":"<p>Bit\u00e1cora<\/p>","protected":false},"author":1,"featured_media":0,"parent":0,"menu_order":0,"comment_status":"closed","ping_status":"closed","template":"page-templates\/template-pagebuilder-full-width.php","meta":{"neve_meta_sidebar":"","neve_meta_container":"","neve_meta_enable_content_width":"","neve_meta_content_width":0,"neve_meta_title_alignment":"","neve_meta_author_avatar":"","neve_post_elements_order":"","neve_meta_disable_header":"","neve_meta_disable_footer":"","neve_meta_disable_title":"","footnotes":""},"class_list":["post-3700","page","type-page","status-publish","hentry"],"yoast_head":"<!-- This site is optimized with the Yoast SEO plugin v27.4 - https:\/\/yoast.com\/product\/yoast-seo-wordpress\/ -->\n<title>Bit\u00e1cora - Orillas Nuevas<\/title>\n<meta name=\"robots\" content=\"index, follow, max-snippet:-1, max-image-preview:large, max-video-preview:-1\" \/>\n<link rel=\"canonical\" href=\"https:\/\/orillasnuevas.org\/fr\/bitacora\/\" \/>\n<meta property=\"og:locale\" content=\"fr_FR\" \/>\n<meta property=\"og:type\" content=\"article\" \/>\n<meta property=\"og:title\" content=\"Bit\u00e1cora - Orillas Nuevas\" \/>\n<meta property=\"og:description\" content=\"Bit\u00e1cora\" \/>\n<meta property=\"og:url\" content=\"https:\/\/orillasnuevas.org\/fr\/bitacora\/\" \/>\n<meta property=\"og:site_name\" content=\"Orillas Nuevas\" \/>\n<meta property=\"article:modified_time\" content=\"2025-05-06T19:51:54+00:00\" \/>\n<meta property=\"og:image\" content=\"https:\/\/orillasnuevas.org\/wp-content\/uploads\/2024\/09\/FlechaLargaRosa.webp\" \/>\n\t<meta property=\"og:image:width\" content=\"54\" \/>\n\t<meta property=\"og:image:height\" content=\"98\" \/>\n\t<meta property=\"og:image:type\" content=\"image\/webp\" \/>\n<meta name=\"twitter:card\" content=\"summary_large_image\" \/>\n<meta name=\"twitter:label1\" content=\"Dur\u00e9e de lecture estim\u00e9e\" \/>\n\t<meta name=\"twitter:data1\" content=\"6 minutes\" \/>\n<script type=\"application\/ld+json\" class=\"yoast-schema-graph\">{\"@context\":\"https:\\\/\\\/schema.org\",\"@graph\":[{\"@type\":\"WebPage\",\"@id\":\"https:\\\/\\\/orillasnuevas.org\\\/bitacora\\\/\",\"url\":\"https:\\\/\\\/orillasnuevas.org\\\/bitacora\\\/\",\"name\":\"Bit\u00e1cora - Orillas Nuevas\",\"isPartOf\":{\"@id\":\"https:\\\/\\\/orillasnuevas.org\\\/fr\\\/#website\"},\"primaryImageOfPage\":{\"@id\":\"https:\\\/\\\/orillasnuevas.org\\\/bitacora\\\/#primaryimage\"},\"image\":{\"@id\":\"https:\\\/\\\/orillasnuevas.org\\\/bitacora\\\/#primaryimage\"},\"thumbnailUrl\":\"https:\\\/\\\/orillasnuevas.org\\\/wp-content\\\/uploads\\\/2024\\\/09\\\/FlechaLargaRosa.webp\",\"datePublished\":\"2024-11-04T17:06:31+00:00\",\"dateModified\":\"2025-05-06T19:51:54+00:00\",\"breadcrumb\":{\"@id\":\"https:\\\/\\\/orillasnuevas.org\\\/bitacora\\\/#breadcrumb\"},\"inLanguage\":\"fr-FR\",\"potentialAction\":[{\"@type\":\"ReadAction\",\"target\":[\"https:\\\/\\\/orillasnuevas.org\\\/bitacora\\\/\"]}]},{\"@type\":\"ImageObject\",\"inLanguage\":\"fr-FR\",\"@id\":\"https:\\\/\\\/orillasnuevas.org\\\/bitacora\\\/#primaryimage\",\"url\":\"https:\\\/\\\/orillasnuevas.org\\\/wp-content\\\/uploads\\\/2024\\\/09\\\/FlechaLargaRosa.webp\",\"contentUrl\":\"https:\\\/\\\/orillasnuevas.org\\\/wp-content\\\/uploads\\\/2024\\\/09\\\/FlechaLargaRosa.webp\"},{\"@type\":\"BreadcrumbList\",\"@id\":\"https:\\\/\\\/orillasnuevas.org\\\/bitacora\\\/#breadcrumb\",\"itemListElement\":[{\"@type\":\"ListItem\",\"position\":1,\"name\":\"Inicio\",\"item\":\"https:\\\/\\\/orillasnuevas.org\\\/\"},{\"@type\":\"ListItem\",\"position\":2,\"name\":\"Bit\u00e1cora\"}]},{\"@type\":\"WebSite\",\"@id\":\"https:\\\/\\\/orillasnuevas.org\\\/fr\\\/#website\",\"url\":\"https:\\\/\\\/orillasnuevas.org\\\/fr\\\/\",\"name\":\"Orillas Nuevas\",\"description\":\"Programa de apoyo, financiamiento e internacionalizaci\u00f3n de las industrias culturales y creativas en Argentina organizado por el Institut fran\u00e7ais d\u2019Argentine.\",\"publisher\":{\"@id\":\"https:\\\/\\\/orillasnuevas.org\\\/fr\\\/#organization\"},\"potentialAction\":[{\"@type\":\"SearchAction\",\"target\":{\"@type\":\"EntryPoint\",\"urlTemplate\":\"https:\\\/\\\/orillasnuevas.org\\\/fr\\\/?s={search_term_string}\"},\"query-input\":{\"@type\":\"PropertyValueSpecification\",\"valueRequired\":true,\"valueName\":\"search_term_string\"}}],\"inLanguage\":\"fr-FR\"},{\"@type\":\"Organization\",\"@id\":\"https:\\\/\\\/orillasnuevas.org\\\/fr\\\/#organization\",\"name\":\"Orillas Nuevas\",\"url\":\"https:\\\/\\\/orillasnuevas.org\\\/fr\\\/\",\"logo\":{\"@type\":\"ImageObject\",\"inLanguage\":\"fr-FR\",\"@id\":\"https:\\\/\\\/orillasnuevas.org\\\/fr\\\/#\\\/schema\\\/logo\\\/image\\\/\",\"url\":\"https:\\\/\\\/orillasnuevas.org\\\/wp-content\\\/uploads\\\/2024\\\/09\\\/ON_Portada-FB.jpg\",\"contentUrl\":\"https:\\\/\\\/orillasnuevas.org\\\/wp-content\\\/uploads\\\/2024\\\/09\\\/ON_Portada-FB.jpg\",\"width\":1708,\"height\":750,\"caption\":\"Orillas Nuevas\"},\"image\":{\"@id\":\"https:\\\/\\\/orillasnuevas.org\\\/fr\\\/#\\\/schema\\\/logo\\\/image\\\/\"},\"sameAs\":[\"https:\\\/\\\/www.instagram.com\\\/orillasnuevas\"]}]}<\/script>\n<!-- \/ Yoast SEO plugin. -->","yoast_head_json":{"title":"Bit\u00e1cora - Orillas Nuevas","robots":{"index":"index","follow":"follow","max-snippet":"max-snippet:-1","max-image-preview":"max-image-preview:large","max-video-preview":"max-video-preview:-1"},"canonical":"https:\/\/orillasnuevas.org\/fr\/bitacora\/","og_locale":"fr_FR","og_type":"article","og_title":"Bit\u00e1cora - Orillas Nuevas","og_description":"Bit\u00e1cora","og_url":"https:\/\/orillasnuevas.org\/fr\/bitacora\/","og_site_name":"Orillas Nuevas","article_modified_time":"2025-05-06T19:51:54+00:00","og_image":[{"width":54,"height":98,"url":"https:\/\/orillasnuevas.org\/wp-content\/uploads\/2024\/09\/FlechaLargaRosa.webp","type":"image\/webp"}],"twitter_card":"summary_large_image","twitter_misc":{"Dur\u00e9e de lecture estim\u00e9e":"6 minutes"},"schema":{"@context":"https:\/\/schema.org","@graph":[{"@type":"WebPage","@id":"https:\/\/orillasnuevas.org\/bitacora\/","url":"https:\/\/orillasnuevas.org\/bitacora\/","name":"Bit\u00e1cora - Orillas Nuevas","isPartOf":{"@id":"https:\/\/orillasnuevas.org\/fr\/#website"},"primaryImageOfPage":{"@id":"https:\/\/orillasnuevas.org\/bitacora\/#primaryimage"},"image":{"@id":"https:\/\/orillasnuevas.org\/bitacora\/#primaryimage"},"thumbnailUrl":"https:\/\/orillasnuevas.org\/wp-content\/uploads\/2024\/09\/FlechaLargaRosa.webp","datePublished":"2024-11-04T17:06:31+00:00","dateModified":"2025-05-06T19:51:54+00:00","breadcrumb":{"@id":"https:\/\/orillasnuevas.org\/bitacora\/#breadcrumb"},"inLanguage":"fr-FR","potentialAction":[{"@type":"ReadAction","target":["https:\/\/orillasnuevas.org\/bitacora\/"]}]},{"@type":"ImageObject","inLanguage":"fr-FR","@id":"https:\/\/orillasnuevas.org\/bitacora\/#primaryimage","url":"https:\/\/orillasnuevas.org\/wp-content\/uploads\/2024\/09\/FlechaLargaRosa.webp","contentUrl":"https:\/\/orillasnuevas.org\/wp-content\/uploads\/2024\/09\/FlechaLargaRosa.webp"},{"@type":"BreadcrumbList","@id":"https:\/\/orillasnuevas.org\/bitacora\/#breadcrumb","itemListElement":[{"@type":"ListItem","position":1,"name":"Inicio","item":"https:\/\/orillasnuevas.org\/"},{"@type":"ListItem","position":2,"name":"Bit\u00e1cora"}]},{"@type":"WebSite","@id":"https:\/\/orillasnuevas.org\/fr\/#website","url":"https:\/\/orillasnuevas.org\/fr\/","name":"Orillas Nuevas","description":"Programa de apoyo, financiamiento e internacionalizaci\u00f3n de las industrias culturales y creativas en Argentina organizado por el Institut fran\u00e7ais d\u2019Argentine.","publisher":{"@id":"https:\/\/orillasnuevas.org\/fr\/#organization"},"potentialAction":[{"@type":"SearchAction","target":{"@type":"EntryPoint","urlTemplate":"https:\/\/orillasnuevas.org\/fr\/?s={search_term_string}"},"query-input":{"@type":"PropertyValueSpecification","valueRequired":true,"valueName":"search_term_string"}}],"inLanguage":"fr-FR"},{"@type":"Organization","@id":"https:\/\/orillasnuevas.org\/fr\/#organization","name":"Orillas Nuevas","url":"https:\/\/orillasnuevas.org\/fr\/","logo":{"@type":"ImageObject","inLanguage":"fr-FR","@id":"https:\/\/orillasnuevas.org\/fr\/#\/schema\/logo\/image\/","url":"https:\/\/orillasnuevas.org\/wp-content\/uploads\/2024\/09\/ON_Portada-FB.jpg","contentUrl":"https:\/\/orillasnuevas.org\/wp-content\/uploads\/2024\/09\/ON_Portada-FB.jpg","width":1708,"height":750,"caption":"Orillas Nuevas"},"image":{"@id":"https:\/\/orillasnuevas.org\/fr\/#\/schema\/logo\/image\/"},"sameAs":["https:\/\/www.instagram.com\/orillasnuevas"]}]}},"_links":{"self":[{"href":"https:\/\/orillasnuevas.org\/fr\/wp-json\/wp\/v2\/pages\/3700","targetHints":{"allow":["GET"]}}],"collection":[{"href":"https:\/\/orillasnuevas.org\/fr\/wp-json\/wp\/v2\/pages"}],"about":[{"href":"https:\/\/orillasnuevas.org\/fr\/wp-json\/wp\/v2\/types\/page"}],"author":[{"embeddable":true,"href":"https:\/\/orillasnuevas.org\/fr\/wp-json\/wp\/v2\/users\/1"}],"replies":[{"embeddable":true,"href":"https:\/\/orillasnuevas.org\/fr\/wp-json\/wp\/v2\/comments?post=3700"}],"version-history":[{"count":46,"href":"https:\/\/orillasnuevas.org\/fr\/wp-json\/wp\/v2\/pages\/3700\/revisions"}],"predecessor-version":[{"id":4665,"href":"https:\/\/orillasnuevas.org\/fr\/wp-json\/wp\/v2\/pages\/3700\/revisions\/4665"}],"wp:attachment":[{"href":"https:\/\/orillasnuevas.org\/fr\/wp-json\/wp\/v2\/media?parent=3700"}],"curies":[{"name":"wp","href":"https:\/\/api.w.org\/{rel}","templated":true}]}}