{"id":4576,"date":"2025-04-25T18:38:10","date_gmt":"2025-04-25T21:38:10","guid":{"rendered":"https:\/\/orillasnuevas.org\/?page_id=4576"},"modified":"2025-10-18T10:38:25","modified_gmt":"2025-10-18T13:38:25","slug":"el-programa","status":"publish","type":"page","link":"https:\/\/orillasnuevas.org\/fr\/el-programa\/","title":{"rendered":"Le programme"},"content":{"rendered":"<div data-elementor-type=\"wp-page\" data-elementor-id=\"4576\" class=\"elementor elementor-4576\" data-elementor-post-type=\"page\">\n\t\t\t\t<div class=\"elementor-element elementor-element-0835920 customDotsOn e-flex e-con-boxed e-con e-parent\" data-id=\"0835920\" data-element_type=\"container\" data-e-type=\"container\" id=\"programa\" data-settings=\"{&quot;background_background&quot;:&quot;classic&quot;}\">\n\t\t\t\t\t<div class=\"e-con-inner\">\n\t\t\t\t<div class=\"elementor-element elementor-element-f184c83 elementor-widget elementor-widget-heading\" data-id=\"f184c83\" data-element_type=\"widget\" data-e-type=\"widget\" data-widget_type=\"heading.default\">\n\t\t\t\t<div class=\"elementor-widget-container\">\n\t\t\t\t\t<h2 class=\"elementor-heading-title elementor-size-default\">Programme<\/h2>\t\t\t\t<\/div>\n\t\t\t\t<\/div>\n\t\t\t\t<div class=\"elementor-element elementor-element-92fdb67 elementor-widget elementor-widget-image\" data-id=\"92fdb67\" data-element_type=\"widget\" data-e-type=\"widget\" data-widget_type=\"image.default\">\n\t\t\t\t<div class=\"elementor-widget-container\">\n\t\t\t\t\t\t\t\t\t\t\t\t\t\t\t<img decoding=\"async\" width=\"54\" height=\"98\" src=\"https:\/\/orillasnuevas.org\/wp-content\/uploads\/2024\/09\/FlechaLargaRosa.webp\" class=\"attachment-full size-full wp-image-529\" alt=\"\" srcset=\"https:\/\/orillasnuevas.org\/wp-content\/uploads\/2024\/09\/FlechaLargaRosa.webp 54w, https:\/\/orillasnuevas.org\/wp-content\/uploads\/2024\/09\/FlechaLargaRosa-7x12.webp 7w\" sizes=\"(max-width: 54px) 100vw, 54px\" \/>\t\t\t\t\t\t\t\t\t\t\t\t\t\t\t<\/div>\n\t\t\t\t<\/div>\n\t\t\t\t<div class=\"elementor-element elementor-element-c1e28fa elementor-widget__width-initial elementor-widget elementor-widget-text-editor\" data-id=\"c1e28fa\" data-element_type=\"widget\" data-e-type=\"widget\" data-widget_type=\"text-editor.default\">\n\t\t\t\t<div class=\"elementor-widget-container\">\n\t\t\t\t\t\t\t\t\t<p><strong>\u00ab Orillas Nuevas ~ Nouveaux Rivages \u00bb<\/strong> est un programme de soutien aux industries culturelles et cr\u00e9atives (ICC) en Argentine initi\u00e9 par l\u2019Institut fran\u00e7ais d\u2019Argentine, gr\u00e2ce au soutien exceptionnel du minist\u00e8re de l'Europe et des Affaires \u00e9trang\u00e8res. Il est mis en \u0153uvre en collaboration avec la Fundaci\u00f3n Williams et avec la participation de la Fundaci\u00f3n Medif\u00e9.<\/p>\t\t\t\t\t\t\t\t<\/div>\n\t\t\t\t<\/div>\n\t\t\t\t<div class=\"elementor-element elementor-element-dff1d9d elementor-widget__width-initial elementor-widget elementor-widget-text-editor\" data-id=\"dff1d9d\" data-element_type=\"widget\" data-e-type=\"widget\" data-widget_type=\"text-editor.default\">\n\t\t\t\t<div class=\"elementor-widget-container\">\n\t\t\t\t\t\t\t\t\t<p><span style=\"color: var( --e-global-color-text ); background-color: var(--nv-site-bg); font-family: var(--bodyfontfamily),var(--nv-fallback-ff); letter-spacing: var(--bodyletterspacing); text-transform: var(--bodytexttransform);\">Con\u00e7u pour renforcer les liens de la coop\u00e9ration fran\u00e7aise avec la soci\u00e9t\u00e9 civile et ses acteurs, ce programme vise \u00e0 identifier et \u00e0 soutenir des artistes, des cr\u00e9ateurs et des entrepreneurs culturels qui exercent leur activit\u00e9 en Argentine.<\/span><\/p><p>La sc\u00e8ne artistique et culturelle argentine, historiquement diverse et d\u2019une grande richesse, est effervescente. Le programme \u00ab Orillas Nuevas ~ Nouveaux Rivages \u00bb a \u00e9t\u00e9 pens\u00e9 pour contribuer \u00e0 d\u00e9velopper cette cr\u00e9ativit\u00e9 \u00e0 travers l\u2019\u00e9mergence de projets innovants et pour favoriser les \u00e9changes professionnels et le positionnement international des acteurs des industries culturelles et cr\u00e9atives argentins.<\/p><p>Nouveaux Rivages \u00bb, catalyseur de l\u2019innovation culturelle, a pour objectif d\u2019accompagner les cr\u00e9ateurs argentins vers de nouvelles opportunit\u00e9s, tant au niveau national qu'\u00e0 l\u2019\u00e9tranger. Les projets participant au programme ont \u00e9t\u00e9 s\u00e9lectionn\u00e9s suite \u00e0 un appel \u00e0 projets qui s\u2019est cl\u00f4tur\u00e9 le 31 juillet 2024 (<a href=\"#convocatoria\">voir Appel \u00e0 projets<\/a>).<\/p>\t\t\t\t\t\t\t\t<\/div>\n\t\t\t\t<\/div>\n\t\t\t\t<div class=\"elementor-element elementor-element-6d914a9 elementor-widget__width-initial elementor-widget elementor-widget-text-editor\" data-id=\"6d914a9\" data-element_type=\"widget\" data-e-type=\"widget\" data-widget_type=\"text-editor.default\">\n\t\t\t\t<div class=\"elementor-widget-container\">\n\t\t\t\t\t\t\t\t\t<p>Les objectifs<\/p>\t\t\t\t\t\t\t\t<\/div>\n\t\t\t\t<\/div>\n\t\t\t\t<div class=\"elementor-element elementor-element-c7a62bf elementor-widget__width-initial elementor-widget elementor-widget-text-editor\" data-id=\"c7a62bf\" data-element_type=\"widget\" data-e-type=\"widget\" data-widget_type=\"text-editor.default\">\n\t\t\t\t<div class=\"elementor-widget-container\">\n\t\t\t\t\t\t\t\t\t<ul><li>Contribuer \u00e0 la structuration de l'\u00e9cosyst\u00e8me des ICC en Argentine.<\/li><\/ul>\t\t\t\t\t\t\t\t<\/div>\n\t\t\t\t<\/div>\n\t\t\t\t<div class=\"elementor-element elementor-element-14291eb elementor-widget__width-initial elementor-widget elementor-widget-text-editor\" data-id=\"14291eb\" data-element_type=\"widget\" data-e-type=\"widget\" data-widget_type=\"text-editor.default\">\n\t\t\t\t<div class=\"elementor-widget-container\">\n\t\t\t\t\t\t\t\t\t<ul><li>Accro\u00eetre les comp\u00e9tences professionnelles des acteurs des ICC en Argentine (entrepreneurs culturels et artistes).<\/li><\/ul>\t\t\t\t\t\t\t\t<\/div>\n\t\t\t\t<\/div>\n\t\t\t\t<div class=\"elementor-element elementor-element-65c0341 elementor-widget__width-initial elementor-widget elementor-widget-text-editor\" data-id=\"65c0341\" data-element_type=\"widget\" data-e-type=\"widget\" data-widget_type=\"text-editor.default\">\n\t\t\t\t<div class=\"elementor-widget-container\">\n\t\t\t\t\t\t\t\t\t<ul><li>Offrir un soutien financier et strat\u00e9gique \u00e0 des projets d'une grande ambition artistique et culturelle.<\/li><\/ul>\t\t\t\t\t\t\t\t<\/div>\n\t\t\t\t<\/div>\n\t\t\t\t<div class=\"elementor-element elementor-element-bff06a2 elementor-widget__width-initial elementor-widget elementor-widget-text-editor\" data-id=\"bff06a2\" data-element_type=\"widget\" data-e-type=\"widget\" data-widget_type=\"text-editor.default\">\n\t\t\t\t<div class=\"elementor-widget-container\">\n\t\t\t\t\t\t\t\t\t<ul><li>Favoriser les \u00e9changes et les liens professionnels franco-argentins et r\u00e9gionaux.<\/li><\/ul>\t\t\t\t\t\t\t\t<\/div>\n\t\t\t\t<\/div>\n\t\t\t\t<div class=\"elementor-element elementor-element-55a3624 elementor-widget__width-initial elementor-widget elementor-widget-text-editor\" data-id=\"55a3624\" data-element_type=\"widget\" data-e-type=\"widget\" data-widget_type=\"text-editor.default\">\n\t\t\t\t<div class=\"elementor-widget-container\">\n\t\t\t\t\t\t\t\t\t<ul><li>Promouvoir la pr\u00e9sence de la cr\u00e9ation argentine \u00e0 l\u2019\u00e9tranger.<\/li><\/ul>\t\t\t\t\t\t\t\t<\/div>\n\t\t\t\t<\/div>\n\t\t\t\t<div class=\"elementor-element elementor-element-d799394 elementor-widget__width-initial elementor-widget elementor-widget-text-editor\" data-id=\"d799394\" data-element_type=\"widget\" data-e-type=\"widget\" data-widget_type=\"text-editor.default\">\n\t\t\t\t<div class=\"elementor-widget-container\">\n\t\t\t\t\t\t\t\t\t<ul><li>Identifier et accompagner une nouvelle g\u00e9n\u00e9ration d\u2019artistes et d\u2019entrepreneurs culturels.<\/li><\/ul>\t\t\t\t\t\t\t\t<\/div>\n\t\t\t\t<\/div>\n\t\t\t\t\t<\/div>\n\t\t\t\t<\/div>\n\t\t<div class=\"elementor-element elementor-element-5d0a030 e-flex e-con-boxed e-con e-parent\" data-id=\"5d0a030\" data-element_type=\"container\" data-e-type=\"container\">\n\t\t\t\t\t<div class=\"e-con-inner\">\n\t\t\t\t<div class=\"elementor-element elementor-element-665a536 elementor-widget__width-initial elementor-widget elementor-widget-text-editor\" data-id=\"665a536\" data-element_type=\"widget\" data-e-type=\"widget\" data-widget_type=\"text-editor.default\">\n\t\t\t\t<div class=\"elementor-widget-container\">\n\t\t\t\t\t\t\t\t\t<p>\u00ab Orillas Nuevas ~ Nouveaux Rivages \u00bb s\u2019articule autour de trois axes principaux<\/p>\t\t\t\t\t\t\t\t<\/div>\n\t\t\t\t<\/div>\n\t\t\t\t<div class=\"elementor-element elementor-element-e795891 elementor-widget__width-initial elementor-widget elementor-widget-text-editor\" data-id=\"e795891\" data-element_type=\"widget\" data-e-type=\"widget\" data-widget_type=\"text-editor.default\">\n\t\t\t\t<div class=\"elementor-widget-container\">\n\t\t\t\t\t\t\t\t\t<p><strong>1.<\/strong> Le renforcement des capacit\u00e9s et l\u2019accompagnement des porteurs de projets dans le cadre d\u2019ateliers et de sessions de mentorat.<\/p>\t\t\t\t\t\t\t\t<\/div>\n\t\t\t\t<\/div>\n\t\t\t\t<div class=\"elementor-element elementor-element-382fab7 elementor-widget__width-initial elementor-widget elementor-widget-text-editor\" data-id=\"382fab7\" data-element_type=\"widget\" data-e-type=\"widget\" data-widget_type=\"text-editor.default\">\n\t\t\t\t<div class=\"elementor-widget-container\">\n\t\t\t\t\t\t\t\t\t<p><strong>2.<\/strong> Un soutien financier substantiel. Chaque projet re\u00e7oit entre 10 000 et 20 000 euros.  La Fundaci\u00f3n Williams apporte un financement suppl\u00e9mentaire de 3 000 dollars, destin\u00e9 \u00e0 soutenir les projets artistiques port\u00e9s par des individus, des collectifs ou des organisations \u00e0 but non lucratif. Ce soutien sp\u00e9cifique exclut les entreprises et les organisations \u00e0 vocation commerciale.<\/p>\t\t\t\t\t\t\t\t<\/div>\n\t\t\t\t<\/div>\n\t\t\t\t<div class=\"elementor-element elementor-element-a12f94f elementor-widget__width-initial elementor-widget elementor-widget-text-editor\" data-id=\"a12f94f\" data-element_type=\"widget\" data-e-type=\"widget\" data-widget_type=\"text-editor.default\">\n\t\t\t\t<div class=\"elementor-widget-container\">\n\t\t\t\t\t\t\t\t\t<p><strong>3.<\/strong> <span style=\"font-weight: 400;\">Des bourses de mobilit\u00e9 offrent aux participants l'opportunit\u00e9 de pr\u00e9senter et de d\u00e9velopper leurs projets sur la sc\u00e8ne internationale. <\/span><\/p>\t\t\t\t\t\t\t\t<\/div>\n\t\t\t\t<\/div>\n\t\t\t\t\t<\/div>\n\t\t\t\t<\/div>\n\t\t<div class=\"elementor-element elementor-element-942d62d e-flex e-con-boxed e-con e-parent\" data-id=\"942d62d\" data-element_type=\"container\" data-e-type=\"container\" id=\"etapas\" data-settings=\"{&quot;background_background&quot;:&quot;classic&quot;}\">\n\t\t\t\t\t<div class=\"e-con-inner\">\n\t\t\t\t<div class=\"elementor-element elementor-element-ecb2632 elementor-widget elementor-widget-heading\" data-id=\"ecb2632\" data-element_type=\"widget\" data-e-type=\"widget\" data-widget_type=\"heading.default\">\n\t\t\t\t<div class=\"elementor-widget-container\">\n\t\t\t\t\t<h2 class=\"elementor-heading-title elementor-size-default\">PROGRAMME : LES \u00c9TAPES<\/h2>\t\t\t\t<\/div>\n\t\t\t\t<\/div>\n\t\t\t\t<div class=\"elementor-element elementor-element-0fd3917 elementor-widget elementor-widget-text-editor\" data-id=\"0fd3917\" data-element_type=\"widget\" data-e-type=\"widget\" data-widget_type=\"text-editor.default\">\n\t\t\t\t<div class=\"elementor-widget-container\">\n\t\t\t\t\t\t\t\t\t<p>18 MOIS<\/p>\t\t\t\t\t\t\t\t<\/div>\n\t\t\t\t<\/div>\n\t\t\t\t\t<\/div>\n\t\t\t\t<\/div>\n\t\t<div class=\"elementor-element elementor-element-07d72d4 elementor-hidden-mobile elementor-hidden-tablet e-flex e-con-boxed e-con e-parent\" data-id=\"07d72d4\" data-element_type=\"container\" data-e-type=\"container\" data-settings=\"{&quot;background_background&quot;:&quot;classic&quot;}\">\n\t\t\t\t\t<div class=\"e-con-inner\">\n\t\t<div class=\"elementor-element elementor-element-3cf1071 e-grid e-con-full e-con e-child\" data-id=\"3cf1071\" data-element_type=\"container\" data-e-type=\"container\" id=\"yearsTimeline\">\n\t\t\t\t<div class=\"elementor-element elementor-element-102f5d5 elementor-widget elementor-widget-text-editor\" data-id=\"102f5d5\" data-element_type=\"widget\" data-e-type=\"widget\" data-widget_type=\"text-editor.default\">\n\t\t\t\t<div class=\"elementor-widget-container\">\n\t\t\t\t\t\t\t\t\t<p>&#8211;<\/p>\t\t\t\t\t\t\t\t<\/div>\n\t\t\t\t<\/div>\n\t\t\t\t<div class=\"elementor-element elementor-element-4ac8c9d elementor-widget elementor-widget-text-editor\" data-id=\"4ac8c9d\" data-element_type=\"widget\" data-e-type=\"widget\" data-widget_type=\"text-editor.default\">\n\t\t\t\t<div class=\"elementor-widget-container\">\n\t\t\t\t\t\t\t\t\t<p>2024<\/p>\t\t\t\t\t\t\t\t<\/div>\n\t\t\t\t<\/div>\n\t\t\t\t<div class=\"elementor-element elementor-element-b2ff2a2 elementor-widget elementor-widget-text-editor\" data-id=\"b2ff2a2\" data-element_type=\"widget\" data-e-type=\"widget\" data-widget_type=\"text-editor.default\">\n\t\t\t\t<div class=\"elementor-widget-container\">\n\t\t\t\t\t\t\t\t\t<p>&#8211;<\/p>\t\t\t\t\t\t\t\t<\/div>\n\t\t\t\t<\/div>\n\t\t\t\t<div class=\"elementor-element elementor-element-e8846a3 elementor-widget elementor-widget-text-editor\" data-id=\"e8846a3\" data-element_type=\"widget\" data-e-type=\"widget\" data-widget_type=\"text-editor.default\">\n\t\t\t\t<div class=\"elementor-widget-container\">\n\t\t\t\t\t\t\t\t\t<p>&#8211;<\/p>\t\t\t\t\t\t\t\t<\/div>\n\t\t\t\t<\/div>\n\t\t\t\t<div class=\"elementor-element elementor-element-4f3e38f elementor-widget elementor-widget-text-editor\" data-id=\"4f3e38f\" data-element_type=\"widget\" data-e-type=\"widget\" data-widget_type=\"text-editor.default\">\n\t\t\t\t<div class=\"elementor-widget-container\">\n\t\t\t\t\t\t\t\t\t<p>2025<\/p>\t\t\t\t\t\t\t\t<\/div>\n\t\t\t\t<\/div>\n\t\t\t\t<div class=\"elementor-element elementor-element-8580994 elementor-widget elementor-widget-text-editor\" data-id=\"8580994\" data-element_type=\"widget\" data-e-type=\"widget\" data-widget_type=\"text-editor.default\">\n\t\t\t\t<div class=\"elementor-widget-container\">\n\t\t\t\t\t\t\t\t\t<p>&#8211;<\/p>\t\t\t\t\t\t\t\t<\/div>\n\t\t\t\t<\/div>\n\t\t\t\t<\/div>\n\t\t<div class=\"elementor-element elementor-element-d39700a e-con-full e-flex e-con e-child\" data-id=\"d39700a\" data-element_type=\"container\" data-e-type=\"container\">\n\t\t<div class=\"elementor-element elementor-element-358ec04 e-grid e-con-full e-con e-child\" data-id=\"358ec04\" data-element_type=\"container\" data-e-type=\"container\">\n\t\t\t\t<div class=\"elementor-element elementor-element-1cb26e6 junio24 elementor-widget elementor-widget-text-editor\" data-id=\"1cb26e6\" data-element_type=\"widget\" data-e-type=\"widget\" data-widget_type=\"text-editor.default\">\n\t\t\t\t<div class=\"elementor-widget-container\">\n\t\t\t\t\t\t\t\t\t<p>JUIN <br \/>2024<\/p>\t\t\t\t\t\t\t\t<\/div>\n\t\t\t\t<\/div>\n\t\t\t\t<div class=\"elementor-element elementor-element-fbdba20 sep24 elementor-widget elementor-widget-text-editor\" data-id=\"fbdba20\" data-element_type=\"widget\" data-e-type=\"widget\" data-widget_type=\"text-editor.default\">\n\t\t\t\t<div class=\"elementor-widget-container\">\n\t\t\t\t\t\t\t\t\t<p>SEPTEMBRE <br \/>2024<\/p>\t\t\t\t\t\t\t\t<\/div>\n\t\t\t\t<\/div>\n\t\t\t\t<div class=\"elementor-element elementor-element-5ba4d4e nov24 elementor-widget elementor-widget-text-editor\" data-id=\"5ba4d4e\" data-element_type=\"widget\" data-e-type=\"widget\" data-widget_type=\"text-editor.default\">\n\t\t\t\t<div class=\"elementor-widget-container\">\n\t\t\t\t\t\t\t\t\t<p>NOVEMBRE <br \/>2024<\/p>\t\t\t\t\t\t\t\t<\/div>\n\t\t\t\t<\/div>\n\t\t\t\t<div class=\"elementor-element elementor-element-351d478 ene25 elementor-widget elementor-widget-text-editor\" data-id=\"351d478\" data-element_type=\"widget\" data-e-type=\"widget\" data-widget_type=\"text-editor.default\">\n\t\t\t\t<div class=\"elementor-widget-container\">\n\t\t\t\t\t\t\t\t\t<p>JANVIER \u00c0 OCTOBRE<br \/>2025<\/p>\t\t\t\t\t\t\t\t<\/div>\n\t\t\t\t<\/div>\n\t\t\t\t<div class=\"elementor-element elementor-element-6877a88 mar25 elementor-widget elementor-widget-text-editor\" data-id=\"6877a88\" data-element_type=\"widget\" data-e-type=\"widget\" data-widget_type=\"text-editor.default\">\n\t\t\t\t<div class=\"elementor-widget-container\">\n\t\t\t\t\t\t\t\t\t<p>MARS \u00c0 OCTOBRE <br \/>2025<\/p>\t\t\t\t\t\t\t\t<\/div>\n\t\t\t\t<\/div>\n\t\t\t\t<div class=\"elementor-element elementor-element-a250f8a sep25 elementor-widget elementor-widget-text-editor\" data-id=\"a250f8a\" data-element_type=\"widget\" data-e-type=\"widget\" data-widget_type=\"text-editor.default\">\n\t\t\t\t<div class=\"elementor-widget-container\">\n\t\t\t\t\t\t\t\t\t<p>NOVEMBRE<br \/>2025<\/p>\t\t\t\t\t\t\t\t<\/div>\n\t\t\t\t<\/div>\n\t\t\t\t<div class=\"elementor-element elementor-element-9b7b6bb junio24 elementor-view-default elementor-widget elementor-widget-icon\" data-id=\"9b7b6bb\" data-element_type=\"widget\" data-e-type=\"widget\" id=\"junio24\" data-widget_type=\"icon.default\">\n\t\t\t\t<div class=\"elementor-widget-container\">\n\t\t\t\t\t\t\t<div class=\"elementor-icon-wrapper\">\n\t\t\t<div class=\"elementor-icon\">\n\t\t\t<svg aria-hidden=\"true\" class=\"e-font-icon-svg e-fas-sort-down\" viewbox=\"0 0 320 512\" xmlns=\"http:\/\/www.w3.org\/2000\/svg\"><path d=\"M41 288h238c21.4 0 32.1 25.9 17 41L177 448c-9.4 9.4-24.6 9.4-33.9 0L24 329c-15.1-15.1-4.4-41 17-41z\"><\/path><\/svg>\t\t\t<\/div>\n\t\t<\/div>\n\t\t\t\t\t\t<\/div>\n\t\t\t\t<\/div>\n\t\t\t\t<div class=\"elementor-element elementor-element-05ceb4b sep24 elementor-view-default elementor-widget elementor-widget-icon\" data-id=\"05ceb4b\" data-element_type=\"widget\" data-e-type=\"widget\" id=\"sep24\" data-widget_type=\"icon.default\">\n\t\t\t\t<div class=\"elementor-widget-container\">\n\t\t\t\t\t\t\t<div class=\"elementor-icon-wrapper\">\n\t\t\t<div class=\"elementor-icon\">\n\t\t\t<svg aria-hidden=\"true\" class=\"e-font-icon-svg e-fas-sort-down\" viewbox=\"0 0 320 512\" xmlns=\"http:\/\/www.w3.org\/2000\/svg\"><path d=\"M41 288h238c21.4 0 32.1 25.9 17 41L177 448c-9.4 9.4-24.6 9.4-33.9 0L24 329c-15.1-15.1-4.4-41 17-41z\"><\/path><\/svg>\t\t\t<\/div>\n\t\t<\/div>\n\t\t\t\t\t\t<\/div>\n\t\t\t\t<\/div>\n\t\t\t\t<div class=\"elementor-element elementor-element-650113e nov24 elementor-view-default elementor-widget elementor-widget-icon\" data-id=\"650113e\" data-element_type=\"widget\" data-e-type=\"widget\" id=\"nov24\" data-widget_type=\"icon.default\">\n\t\t\t\t<div class=\"elementor-widget-container\">\n\t\t\t\t\t\t\t<div class=\"elementor-icon-wrapper\">\n\t\t\t<div class=\"elementor-icon\">\n\t\t\t<svg aria-hidden=\"true\" class=\"e-font-icon-svg e-fas-sort-down\" viewbox=\"0 0 320 512\" xmlns=\"http:\/\/www.w3.org\/2000\/svg\"><path d=\"M41 288h238c21.4 0 32.1 25.9 17 41L177 448c-9.4 9.4-24.6 9.4-33.9 0L24 329c-15.1-15.1-4.4-41 17-41z\"><\/path><\/svg>\t\t\t<\/div>\n\t\t<\/div>\n\t\t\t\t\t\t<\/div>\n\t\t\t\t<\/div>\n\t\t\t\t<div class=\"elementor-element elementor-element-6fccf8c ene25 elementor-view-default elementor-widget elementor-widget-icon\" data-id=\"6fccf8c\" data-element_type=\"widget\" data-e-type=\"widget\" id=\"ene25\" data-widget_type=\"icon.default\">\n\t\t\t\t<div class=\"elementor-widget-container\">\n\t\t\t\t\t\t\t<div class=\"elementor-icon-wrapper\">\n\t\t\t<div class=\"elementor-icon\">\n\t\t\t<svg aria-hidden=\"true\" class=\"e-font-icon-svg e-fas-sort-down\" viewbox=\"0 0 320 512\" xmlns=\"http:\/\/www.w3.org\/2000\/svg\"><path d=\"M41 288h238c21.4 0 32.1 25.9 17 41L177 448c-9.4 9.4-24.6 9.4-33.9 0L24 329c-15.1-15.1-4.4-41 17-41z\"><\/path><\/svg>\t\t\t<\/div>\n\t\t<\/div>\n\t\t\t\t\t\t<\/div>\n\t\t\t\t<\/div>\n\t\t\t\t<div class=\"elementor-element elementor-element-4f65436 mar25 elementor-view-default elementor-widget elementor-widget-icon\" data-id=\"4f65436\" data-element_type=\"widget\" data-e-type=\"widget\" id=\"mar25\" data-widget_type=\"icon.default\">\n\t\t\t\t<div class=\"elementor-widget-container\">\n\t\t\t\t\t\t\t<div class=\"elementor-icon-wrapper\">\n\t\t\t<div class=\"elementor-icon\">\n\t\t\t<svg aria-hidden=\"true\" class=\"e-font-icon-svg e-fas-sort-down\" viewbox=\"0 0 320 512\" xmlns=\"http:\/\/www.w3.org\/2000\/svg\"><path d=\"M41 288h238c21.4 0 32.1 25.9 17 41L177 448c-9.4 9.4-24.6 9.4-33.9 0L24 329c-15.1-15.1-4.4-41 17-41z\"><\/path><\/svg>\t\t\t<\/div>\n\t\t<\/div>\n\t\t\t\t\t\t<\/div>\n\t\t\t\t<\/div>\n\t\t\t\t<div class=\"elementor-element elementor-element-2757a81 sep25 elementor-view-default elementor-widget elementor-widget-icon\" data-id=\"2757a81\" data-element_type=\"widget\" data-e-type=\"widget\" id=\"sep25\" data-widget_type=\"icon.default\">\n\t\t\t\t<div class=\"elementor-widget-container\">\n\t\t\t\t\t\t\t<div class=\"elementor-icon-wrapper\">\n\t\t\t<div class=\"elementor-icon\">\n\t\t\t<svg aria-hidden=\"true\" class=\"e-font-icon-svg e-fas-sort-down\" viewbox=\"0 0 320 512\" xmlns=\"http:\/\/www.w3.org\/2000\/svg\"><path d=\"M41 288h238c21.4 0 32.1 25.9 17 41L177 448c-9.4 9.4-24.6 9.4-33.9 0L24 329c-15.1-15.1-4.4-41 17-41z\"><\/path><\/svg>\t\t\t<\/div>\n\t\t<\/div>\n\t\t\t\t\t\t<\/div>\n\t\t\t\t<\/div>\n\t\t\t\t<\/div>\n\t\t\t\t<div class=\"elementor-element elementor-element-7c66021 elementor-widget-divider--view-line elementor-widget elementor-widget-divider\" data-id=\"7c66021\" data-element_type=\"widget\" data-e-type=\"widget\" id=\"lineTimeline\" data-widget_type=\"divider.default\">\n\t\t\t\t<div class=\"elementor-widget-container\">\n\t\t\t\t\t\t\t<div class=\"elementor-divider\">\n\t\t\t<span class=\"elementor-divider-separator\">\n\t\t\t\t\t\t<\/span>\n\t\t<\/div>\n\t\t\t\t\t\t<\/div>\n\t\t\t\t<\/div>\n\t\t\t\t<\/div>\n\t\t<div class=\"elementor-element elementor-element-febed42 e-grid e-con-full e-con e-child\" data-id=\"febed42\" data-element_type=\"container\" data-e-type=\"container\" id=\"detailsLineTime\">\n\t\t\t\t<div class=\"elementor-element elementor-element-5bd896c junio24 elementor-widget elementor-widget-text-editor\" data-id=\"5bd896c\" data-element_type=\"widget\" data-e-type=\"widget\" data-widget_type=\"text-editor.default\">\n\t\t\t\t<div class=\"elementor-widget-container\">\n\t\t\t\t\t\t\t\t\t<p>Appel \u00e0 projets<\/p>\t\t\t\t\t\t\t\t<\/div>\n\t\t\t\t<\/div>\n\t\t\t\t<div class=\"elementor-element elementor-element-2a61f7f sep24 elementor-widget elementor-widget-text-editor\" data-id=\"2a61f7f\" data-element_type=\"widget\" data-e-type=\"widget\" data-widget_type=\"text-editor.default\">\n\t\t\t\t<div class=\"elementor-widget-container\">\n\t\t\t\t\t\t\t\t\t<p>Annonce des projets s\u00e9lectionn\u00e9s<\/p>\t\t\t\t\t\t\t\t<\/div>\n\t\t\t\t<\/div>\n\t\t\t\t<div class=\"elementor-element elementor-element-ac41bf8 nov24 elementor-widget elementor-widget-text-editor\" data-id=\"ac41bf8\" data-element_type=\"widget\" data-e-type=\"widget\" data-widget_type=\"text-editor.default\">\n\t\t\t\t<div class=\"elementor-widget-container\">\n\t\t\t\t\t\t\t\t\t<p>l&#8217;Atelier<\/p>\t\t\t\t\t\t\t\t<\/div>\n\t\t\t\t<\/div>\n\t\t\t\t<div class=\"elementor-element elementor-element-599590f ene25 elementor-widget elementor-widget-text-editor\" data-id=\"599590f\" data-element_type=\"widget\" data-e-type=\"widget\" data-widget_type=\"text-editor.default\">\n\t\t\t\t<div class=\"elementor-widget-container\">\n\t\t\t\t\t\t\t\t\t<p>\u00c0 la carte<\/p>\t\t\t\t\t\t\t\t<\/div>\n\t\t\t\t<\/div>\n\t\t\t\t<div class=\"elementor-element elementor-element-c8c347b mar25 elementor-widget elementor-widget-text-editor\" data-id=\"c8c347b\" data-element_type=\"widget\" data-e-type=\"widget\" data-widget_type=\"text-editor.default\">\n\t\t\t\t<div class=\"elementor-widget-container\">\n\t\t\t\t\t\t\t\t\t<p>Rayonnement international<\/p>\t\t\t\t\t\t\t\t<\/div>\n\t\t\t\t<\/div>\n\t\t\t\t<div class=\"elementor-element elementor-element-c23d86e sep25 elementor-widget elementor-widget-text-editor\" data-id=\"c23d86e\" data-element_type=\"widget\" data-e-type=\"widget\" data-widget_type=\"text-editor.default\">\n\t\t\t\t<div class=\"elementor-widget-container\">\n\t\t\t\t\t\t\t\t\t<p>Jornada de cierre del programa en Buenos Aires<\/p>\t\t\t\t\t\t\t\t<\/div>\n\t\t\t\t<\/div>\n\t\t\t\t<\/div>\n\t\t\t\t\t<\/div>\n\t\t\t\t<\/div>\n\t\t<div class=\"elementor-element elementor-element-8aeedb1 elementor-hidden-desktop e-flex e-con-boxed e-con e-parent\" data-id=\"8aeedb1\" data-element_type=\"container\" data-e-type=\"container\" data-settings=\"{&quot;background_background&quot;:&quot;classic&quot;}\">\n\t\t\t\t\t<div class=\"e-con-inner\">\n\t\t<div class=\"elementor-element elementor-element-f172385 e-con-full e-flex e-con e-child\" data-id=\"f172385\" data-element_type=\"container\" data-e-type=\"container\">\n\t\t\t\t<div class=\"elementor-element elementor-element-3f53bb2 elementor-widget elementor-widget-text-editor\" data-id=\"3f53bb2\" data-element_type=\"widget\" data-e-type=\"widget\" data-widget_type=\"text-editor.default\">\n\t\t\t\t<div class=\"elementor-widget-container\">\n\t\t\t\t\t\t\t\t\t<h2>2024<\/h2>\t\t\t\t\t\t\t\t<\/div>\n\t\t\t\t<\/div>\n\t\t\t\t<\/div>\n\t\t<div class=\"elementor-element elementor-element-7ea19e0 e-con-full e-flex e-con e-child\" data-id=\"7ea19e0\" data-element_type=\"container\" data-e-type=\"container\" data-settings=\"{&quot;background_background&quot;:&quot;classic&quot;}\">\n\t\t\t\t<div class=\"elementor-element elementor-element-c641d39 junio24 elementor-widget elementor-widget-text-editor\" data-id=\"c641d39\" data-element_type=\"widget\" data-e-type=\"widget\" data-widget_type=\"text-editor.default\">\n\t\t\t\t<div class=\"elementor-widget-container\">\n\t\t\t\t\t\t\t\t\tJUIN <br> 2024\t\t\t\t\t\t\t\t<\/div>\n\t\t\t\t<\/div>\n\t\t\t\t<div class=\"elementor-element elementor-element-2a806b4 junio24 elementor-widget elementor-widget-text-editor\" data-id=\"2a806b4\" data-element_type=\"widget\" data-e-type=\"widget\" data-widget_type=\"text-editor.default\">\n\t\t\t\t<div class=\"elementor-widget-container\">\n\t\t\t\t\t\t\t\t\t<p>Appel \u00e0 projets<\/p>\t\t\t\t\t\t\t\t<\/div>\n\t\t\t\t<\/div>\n\t\t\t\t<div class=\"elementor-element elementor-element-a588a7e elementor-widget elementor-widget-text-editor\" data-id=\"a588a7e\" data-element_type=\"widget\" data-e-type=\"widget\" data-widget_type=\"text-editor.default\">\n\t\t\t\t<div class=\"elementor-widget-container\">\n\t\t\t\t\t\t\t\t\t<p>25 juin : ouverture de l\u2019appel \u00e0 projets \u201cOrillas Nuevas ~ Nouveaux Rivages\u201d.<\/p>\t\t\t\t\t\t\t\t<\/div>\n\t\t\t\t<\/div>\n\t\t\t\t<\/div>\n\t\t<div class=\"elementor-element elementor-element-2f56e82 e-con-full e-flex e-con e-child\" data-id=\"2f56e82\" data-element_type=\"container\" data-e-type=\"container\" data-settings=\"{&quot;background_background&quot;:&quot;classic&quot;}\">\n\t\t\t\t<div class=\"elementor-element elementor-element-e893ab4 junio24 elementor-widget elementor-widget-text-editor\" data-id=\"e893ab4\" data-element_type=\"widget\" data-e-type=\"widget\" data-widget_type=\"text-editor.default\">\n\t\t\t\t<div class=\"elementor-widget-container\">\n\t\t\t\t\t\t\t\t\t<p>SEPTEMBRE <br \/>2024<\/p>\t\t\t\t\t\t\t\t<\/div>\n\t\t\t\t<\/div>\n\t\t\t\t<div class=\"elementor-element elementor-element-253e512 junio24 elementor-widget elementor-widget-text-editor\" data-id=\"253e512\" data-element_type=\"widget\" data-e-type=\"widget\" data-widget_type=\"text-editor.default\">\n\t\t\t\t<div class=\"elementor-widget-container\">\n\t\t\t\t\t\t\t\t\t<p>Annonce des projets s\u00e9lectionn\u00e9s<\/p>\t\t\t\t\t\t\t\t<\/div>\n\t\t\t\t<\/div>\n\t\t\t\t<div class=\"elementor-element elementor-element-90b2ca5 elementor-widget elementor-widget-text-editor\" data-id=\"90b2ca5\" data-element_type=\"widget\" data-e-type=\"widget\" data-widget_type=\"text-editor.default\">\n\t\t\t\t<div class=\"elementor-widget-container\">\n\t\t\t\t\t\t\t\t\t<p>17 septembre : annonce des 31 projets s\u00e9lectionn\u00e9s par un jury international.<\/p>\t\t\t\t\t\t\t\t<\/div>\n\t\t\t\t<\/div>\n\t\t\t\t<\/div>\n\t\t<div class=\"elementor-element elementor-element-e938f23 e-con-full e-flex e-con e-child\" data-id=\"e938f23\" data-element_type=\"container\" data-e-type=\"container\" data-settings=\"{&quot;background_background&quot;:&quot;classic&quot;}\">\n\t\t\t\t<div class=\"elementor-element elementor-element-10c42a2 junio24 elementor-widget elementor-widget-text-editor\" data-id=\"10c42a2\" data-element_type=\"widget\" data-e-type=\"widget\" data-widget_type=\"text-editor.default\">\n\t\t\t\t<div class=\"elementor-widget-container\">\n\t\t\t\t\t\t\t\t\t<p>NOVEMBRE<br \/>2024<\/p>\t\t\t\t\t\t\t\t<\/div>\n\t\t\t\t<\/div>\n\t\t\t\t<div class=\"elementor-element elementor-element-cf340e6 junio24 elementor-widget elementor-widget-text-editor\" data-id=\"cf340e6\" data-element_type=\"widget\" data-e-type=\"widget\" data-widget_type=\"text-editor.default\">\n\t\t\t\t<div class=\"elementor-widget-container\">\n\t\t\t\t\t\t\t\t\t<p>l&#8217;Atelier<\/p>\t\t\t\t\t\t\t\t<\/div>\n\t\t\t\t<\/div>\n\t\t\t\t<div class=\"elementor-element elementor-element-57f00f1 elementor-widget elementor-widget-text-editor\" data-id=\"57f00f1\" data-element_type=\"widget\" data-e-type=\"widget\" data-widget_type=\"text-editor.default\">\n\t\t\t\t<div class=\"elementor-widget-container\">\n\t\t\t\t\t\t\t\t\t<p>Mentorats collectifs, sessions individuelles, conf\u00e9rences inspirantes et ateliers pratiques anim\u00e9s par des professionnels sp\u00e9cialis\u00e9s venus de France, d'Argentine et d'autres pays d'Am\u00e9rique latine.<\/p>\t\t\t\t\t\t\t\t<\/div>\n\t\t\t\t<\/div>\n\t\t\t\t<\/div>\n\t\t\t\t\t<\/div>\n\t\t\t\t<\/div>\n\t\t<div class=\"elementor-element elementor-element-969aaa0 elementor-hidden-desktop e-flex e-con-boxed e-con e-parent\" data-id=\"969aaa0\" data-element_type=\"container\" data-e-type=\"container\" data-settings=\"{&quot;background_background&quot;:&quot;classic&quot;}\">\n\t\t\t\t\t<div class=\"e-con-inner\">\n\t\t<div class=\"elementor-element elementor-element-f3469c9 e-con-full e-flex e-con e-child\" data-id=\"f3469c9\" data-element_type=\"container\" data-e-type=\"container\">\n\t\t\t\t<div class=\"elementor-element elementor-element-04b6aac elementor-widget elementor-widget-text-editor\" data-id=\"04b6aac\" data-element_type=\"widget\" data-e-type=\"widget\" data-widget_type=\"text-editor.default\">\n\t\t\t\t<div class=\"elementor-widget-container\">\n\t\t\t\t\t\t\t\t\t<h2>2025<\/h2>\t\t\t\t\t\t\t\t<\/div>\n\t\t\t\t<\/div>\n\t\t\t\t<\/div>\n\t\t<div class=\"elementor-element elementor-element-a4fc62a e-con-full e-flex e-con e-child\" data-id=\"a4fc62a\" data-element_type=\"container\" data-e-type=\"container\" data-settings=\"{&quot;background_background&quot;:&quot;classic&quot;}\">\n\t\t\t\t<div class=\"elementor-element elementor-element-6d268f9 junio24 elementor-widget elementor-widget-text-editor\" data-id=\"6d268f9\" data-element_type=\"widget\" data-e-type=\"widget\" data-widget_type=\"text-editor.default\">\n\t\t\t\t<div class=\"elementor-widget-container\">\n\t\t\t\t\t\t\t\t\t<p>JANVIER \u00c0 OCTOBRE<br \/>2025<\/p>\t\t\t\t\t\t\t\t<\/div>\n\t\t\t\t<\/div>\n\t\t\t\t<div class=\"elementor-element elementor-element-f558527 junio24 elementor-widget elementor-widget-text-editor\" data-id=\"f558527\" data-element_type=\"widget\" data-e-type=\"widget\" data-widget_type=\"text-editor.default\">\n\t\t\t\t<div class=\"elementor-widget-container\">\n\t\t\t\t\t\t\t\t\t<p>\u00c0 la carte<\/p>\t\t\t\t\t\t\t\t<\/div>\n\t\t\t\t<\/div>\n\t\t\t\t<div class=\"elementor-element elementor-element-57b7af9 elementor-widget elementor-widget-text-editor\" data-id=\"57b7af9\" data-element_type=\"widget\" data-e-type=\"widget\" data-widget_type=\"text-editor.default\">\n\t\t\t\t<div class=\"elementor-widget-container\">\n\t\t\t\t\t\t\t\t\t<p>Suivi personnalis\u00e9 et s\u00e9ances de travail en groupe<\/p>\t\t\t\t\t\t\t\t<\/div>\n\t\t\t\t<\/div>\n\t\t\t\t<\/div>\n\t\t<div class=\"elementor-element elementor-element-6a001d9 e-con-full e-flex e-con e-child\" data-id=\"6a001d9\" data-element_type=\"container\" data-e-type=\"container\" data-settings=\"{&quot;background_background&quot;:&quot;classic&quot;}\">\n\t\t\t\t<div class=\"elementor-element elementor-element-d5d913d junio24 elementor-widget elementor-widget-text-editor\" data-id=\"d5d913d\" data-element_type=\"widget\" data-e-type=\"widget\" data-widget_type=\"text-editor.default\">\n\t\t\t\t<div class=\"elementor-widget-container\">\n\t\t\t\t\t\t\t\t\t<p>MARS \u00c0 OCTOBRE<br \/>2025<\/p>\t\t\t\t\t\t\t\t<\/div>\n\t\t\t\t<\/div>\n\t\t\t\t<div class=\"elementor-element elementor-element-5072dbd junio24 elementor-widget elementor-widget-text-editor\" data-id=\"5072dbd\" data-element_type=\"widget\" data-e-type=\"widget\" data-widget_type=\"text-editor.default\">\n\t\t\t\t<div class=\"elementor-widget-container\">\n\t\t\t\t\t\t\t\t\t<p>Rayonnement international<\/p>\t\t\t\t\t\t\t\t<\/div>\n\t\t\t\t<\/div>\n\t\t\t\t<div class=\"elementor-element elementor-element-3926977 elementor-widget elementor-widget-text-editor\" data-id=\"3926977\" data-element_type=\"widget\" data-e-type=\"widget\" data-widget_type=\"text-editor.default\">\n\t\t\t\t<div class=\"elementor-widget-container\">\n\t\t\t\t\t\t\t\t\t<p>Contacts avec le secteur, mobilit\u00e9.<\/p>\t\t\t\t\t\t\t\t<\/div>\n\t\t\t\t<\/div>\n\t\t\t\t<\/div>\n\t\t<div class=\"elementor-element elementor-element-a0a9fd9 e-con-full e-flex e-con e-child\" data-id=\"a0a9fd9\" data-element_type=\"container\" data-e-type=\"container\" data-settings=\"{&quot;background_background&quot;:&quot;classic&quot;}\">\n\t\t\t\t<div class=\"elementor-element elementor-element-fa5000c junio24 elementor-widget elementor-widget-text-editor\" data-id=\"fa5000c\" data-element_type=\"widget\" data-e-type=\"widget\" data-widget_type=\"text-editor.default\">\n\t\t\t\t<div class=\"elementor-widget-container\">\n\t\t\t\t\t\t\t\t\t<p>NOVEMBRE<br \/>2025<\/p>\t\t\t\t\t\t\t\t<\/div>\n\t\t\t\t<\/div>\n\t\t\t\t<div class=\"elementor-element elementor-element-3325f6d junio24 elementor-widget elementor-widget-text-editor\" data-id=\"3325f6d\" data-element_type=\"widget\" data-e-type=\"widget\" data-widget_type=\"text-editor.default\">\n\t\t\t\t<div class=\"elementor-widget-container\">\n\t\t\t\t\t\t\t\t\t<p>DEUXI\u00c8ME SEMAINE INTENSIVE PR\u00c9SENTIELLE, \u00c0 BUENOS AIRES. FIN DU PROGRAMME<\/p>\t\t\t\t\t\t\t\t<\/div>\n\t\t\t\t<\/div>\n\t\t\t\t<div class=\"elementor-element elementor-element-b63b04f elementor-widget elementor-widget-text-editor\" data-id=\"b63b04f\" data-element_type=\"widget\" data-e-type=\"widget\" data-widget_type=\"text-editor.default\">\n\t\t\t\t<div class=\"elementor-widget-container\">\n\t\t\t\t\t\t\t\t\t<p>Mentorats collectifs, sessions individuelles, conf\u00e9rences inspirantes et ateliers pratiques anim\u00e9s par des professionnels sp\u00e9cialis\u00e9s venus de France, d'Argentine et d'autres pays d'Am\u00e9rique latine. Pr\u00e9sentation des projets.<\/p>\t\t\t\t\t\t\t\t<\/div>\n\t\t\t\t<\/div>\n\t\t\t\t<\/div>\n\t\t\t\t\t<\/div>\n\t\t\t\t<\/div>\n\t\t<div class=\"elementor-element elementor-element-e6b0ed8 e-flex e-con-boxed e-con e-parent\" data-id=\"e6b0ed8\" data-element_type=\"container\" data-e-type=\"container\">\n\t\t\t\t\t<div class=\"e-con-inner\">\n\t\t<div class=\"elementor-element elementor-element-1953899 e-con-full e-flex e-con e-child\" data-id=\"1953899\" data-element_type=\"container\" data-e-type=\"container\">\n\t\t\t\t<div class=\"elementor-element elementor-element-f032e44 elementor-widget__width-initial elementor-widget elementor-widget-text-editor\" data-id=\"f032e44\" data-element_type=\"widget\" data-e-type=\"widget\" data-widget_type=\"text-editor.default\">\n\t\t\t\t<div class=\"elementor-widget-container\">\n\t\t\t\t\t\t\t\t\t<p><strong>\u00ab Orillas Nuevas ~ Nouveaux Rivages \u00bb<\/strong> se d\u00e9ploie sur une p\u00e9riode de 18 mois  scand\u00e9e par plusieurs moments de rencontres pr\u00e9sentielles, virtuelles, de mobilit\u00e9s et de financement. Le programme est \u00e0 la fois collectif puisqu\u2019il rassemble 31 \u00e9quipes de cr\u00e9ation qui auront l\u2019occasion d\u2019\u00e9changer et d\u2019\u00eatre en contact, mais aussi individuel car chaque projet sera accompagn\u00e9 et suivi de mani\u00e8re personnalis\u00e9e.<\/p>\t\t\t\t\t\t\t\t<\/div>\n\t\t\t\t<\/div>\n\t\t\t\t<div class=\"elementor-element elementor-element-3e3f937 elementor-widget__width-initial elementor-widget elementor-widget-eael-adv-accordion\" data-id=\"3e3f937\" data-element_type=\"widget\" data-e-type=\"widget\" data-widget_type=\"eael-adv-accordion.default\">\n\t\t\t\t<div class=\"elementor-widget-container\">\n\t\t\t\t\t            <div class=\"eael-adv-accordion\" id=\"eael-adv-accordion-3e3f937\" data-scroll-on-click=\"no\" data-scroll-speed=\"300\" data-accordion-id=\"3e3f937\" data-accordion-type=\"accordion\" data-toogle-speed=\"300\">\n            <div class=\"eael-accordion-list\">\n\t\t\t\t\t<div id=\"acompaamiento-de-los-proyectos\" class=\"elementor-tab-title eael-accordion-header\" tabindex=\"0\" data-tab=\"1\" aria-controls=\"elementor-tab-content-6521\"><span class=\"eael-accordion-tab-title\">Accompagnement des projets<\/span><svg aria-hidden=\"true\" class=\"fa-toggle e-font-icon-svg e-fas-arrow-down\" viewbox=\"0 0 448 512\" xmlns=\"http:\/\/www.w3.org\/2000\/svg\"><path d=\"M413.1 222.5l22.2 22.2c9.4 9.4 9.4 24.6 0 33.9L241 473c-9.4 9.4-24.6 9.4-33.9 0L12.7 278.6c-9.4-9.4-9.4-24.6 0-33.9l22.2-22.2c9.5-9.5 25-9.3 34.3.4L184 343.4V56c0-13.3 10.7-24 24-24h32c13.3 0 24 10.7 24 24v287.4l114.8-120.5c9.3-9.8 24.8-10 34.3-.4z\"><\/path><\/svg><\/div><div id=\"elementor-tab-content-6521\" class=\"eael-accordion-content clearfix\" data-tab=\"1\" aria-labelledby=\"acompaamiento-de-los-proyectos\"><p>D\u00e8s novembre 2024, une semaine intensive et obligatoire en pr\u00e9sentiel se tiendra \u00e0 Buenos Aires, suivie d'une seconde s\u00e9ance en septembre 2025. Durant ces p\u00e9riodes, les participants assisteront \u00e0 des rencontres anim\u00e9es par des professionnels sp\u00e9cialis\u00e9s venus de France, d'Argentine et d'autres pays d'Am\u00e9rique latine. Au programme : mentorats collectifs, sessions individuelles, conf\u00e9rences inspirantes et ateliers pratiques. Chaque projet b\u00e9n\u00e9ficiera d'un suivi personnalis\u00e9, soigneusement adapt\u00e9 \u00e0 ses besoins sp\u00e9cifiques.<\/p><p>Entre d\u00e9cembre 2024 et octobre 2025, le soutien se poursuivra \u00e0 travers des r\u00e9unions de travail et de suivi en ligne. Ces rencontres virtuelles comprendront des s\u00e9ances ouvertes \u00e0 l'ensemble des participants ainsi que des ateliers cibl\u00e9s pour certains groupes ou individus, garantissant un accompagnement continu et flexible. Le programme envisage \u00e9galement la tenue de formations ouvertes au grand public sur des th\u00e9matiques g\u00e9n\u00e9rales li\u00e9es aux appels \u00e0 projets dans le domaine des ICC.<\/p><p>\u00ab Orillas Nuevas ~ Nouveaux Rivages \u00bb offre aux participants l\u2019opportunit\u00e9 de prendre le temps n\u00e9cessaire pour m\u00fbrir et renforcer leurs projets. Ils pourront ainsi franchir une nouvelle \u00e9tape, en donnant \u00e0 leurs id\u00e9es l\u2019espace et le soutien n\u00e9cessaires.<\/p><\/div>\n\t\t\t\t\t<\/div><div class=\"eael-accordion-list\">\n\t\t\t\t\t<div id=\"objetivo\" class=\"elementor-tab-title eael-accordion-header\" tabindex=\"0\" data-tab=\"2\" aria-controls=\"elementor-tab-content-6522\"><span class=\"eael-accordion-tab-title\">L\u2019objectif<\/span><svg aria-hidden=\"true\" class=\"fa-toggle e-font-icon-svg e-fas-arrow-down\" viewbox=\"0 0 448 512\" xmlns=\"http:\/\/www.w3.org\/2000\/svg\"><path d=\"M413.1 222.5l22.2 22.2c9.4 9.4 9.4 24.6 0 33.9L241 473c-9.4 9.4-24.6 9.4-33.9 0L12.7 278.6c-9.4-9.4-9.4-24.6 0-33.9l22.2-22.2c9.5-9.5 25-9.3 34.3.4L184 343.4V56c0-13.3 10.7-24 24-24h32c13.3 0 24 10.7 24 24v287.4l114.8-120.5c9.3-9.8 24.8-10 34.3-.4z\"><\/path><\/svg><\/div><div id=\"elementor-tab-content-6522\" class=\"eael-accordion-content clearfix\" data-tab=\"2\" aria-labelledby=\"objetivo\"><p>L\u2019objectif est d\u2019offrir aux participants :<\/p><p>\u26ac Un renforcement de leurs comp\u00e9tences en planification strat\u00e9gique et de nouvelles connaissances essentielles \u00e0 la gestion de projets. Les participants exploreront en profondeur les disciplines et les opportunit\u00e9s des industries culturelles et cr\u00e9atives, notamment en mati\u00e8re de financement, d'organisation d'\u00e9quipes et de m\u00e9thodologies de travail. Le programme couvre toutes les phases cl\u00e9s d'un projet, de sa conception \u00e0 la communication, en passant par l'int\u00e9gration d'outils num\u00e9riques, tout en offrant des conseils pour p\u00e9n\u00e9trer de nouveaux march\u00e9s, participer \u00e0 des festivals et cr\u00e9er des opportunit\u00e9s in\u00e9dites.<\/p><p>\u26ac Des s\u00e9ances de pitch, des rencontres et des \u00e9changes interdisciplinaires entre participants, afin de favoriser une dynamique d\u2019am\u00e9lioration continue, enrichie par les retours d'experts invit\u00e9s.<\/p><p>\u26ac Un suivi personnalis\u00e9, offrant l'opportunit\u00e9 de travailler en \u00e9troite collaboration avec des professionnels reconnus dans le domaine, de tisser des liens pr\u00e9cieux avec d'autres cr\u00e9ateurs, artistes et entrepreneurs, tout en favorisant des collaborations futures.<\/p><\/div>\n\t\t\t\t\t<\/div><div class=\"eael-accordion-list\">\n\t\t\t\t\t<div id=\"proyeccin-en-el-exterior\" class=\"elementor-tab-title eael-accordion-header\" tabindex=\"0\" data-tab=\"3\" aria-controls=\"elementor-tab-content-6523\"><span class=\"eael-accordion-tab-title\">Rayonnement \u00e0 l'\u00e9tranger\u00a0<\/span><svg aria-hidden=\"true\" class=\"fa-toggle e-font-icon-svg e-fas-arrow-down\" viewbox=\"0 0 448 512\" xmlns=\"http:\/\/www.w3.org\/2000\/svg\"><path d=\"M413.1 222.5l22.2 22.2c9.4 9.4 9.4 24.6 0 33.9L241 473c-9.4 9.4-24.6 9.4-33.9 0L12.7 278.6c-9.4-9.4-9.4-24.6 0-33.9l22.2-22.2c9.5-9.5 25-9.3 34.3.4L184 343.4V56c0-13.3 10.7-24 24-24h32c13.3 0 24 10.7 24 24v287.4l114.8-120.5c9.3-9.8 24.8-10 34.3-.4z\"><\/path><\/svg><\/div><div id=\"elementor-tab-content-6523\" class=\"eael-accordion-content clearfix\" data-tab=\"3\" aria-labelledby=\"proyeccin-en-el-exterior\"><p>Pour promouvoir les connexions avec des partenaires potentiels et \u00e9largir les r\u00e9seaux professionnels des participants, chaque projet s\u00e9lectionn\u00e9 aura la possibilit\u00e9 de participer \u00e0 une rencontre professionnelle en France ou dans un autre pays de la r\u00e9gion (en fonction de ses besoins et de ses sp\u00e9cificit\u00e9s et apr\u00e8s \u00e9valuation des organisateurs du programme).\u00a0<\/p><\/div>\n\t\t\t\t\t<\/div><\/div>\t\t\t\t<\/div>\n\t\t\t\t<\/div>\n\t\t\t\t<\/div>\n\t\t\t\t\t<\/div>\n\t\t\t\t<\/div>\n\t\t<div class=\"elementor-element elementor-element-3fbdfaa e-flex e-con-boxed e-con e-parent\" data-id=\"3fbdfaa\" data-element_type=\"container\" data-e-type=\"container\" id=\"convocatoria\" data-settings=\"{&quot;background_background&quot;:&quot;classic&quot;}\">\n\t\t\t\t\t<div class=\"e-con-inner\">\n\t\t\t\t<div class=\"elementor-element elementor-element-0945c34 elementor-widget elementor-widget-heading\" data-id=\"0945c34\" data-element_type=\"widget\" data-e-type=\"widget\" data-widget_type=\"heading.default\">\n\t\t\t\t<div class=\"elementor-widget-container\">\n\t\t\t\t\t<h2 class=\"elementor-heading-title elementor-size-default\">Appel \u00e0 projets<\/h2>\t\t\t\t<\/div>\n\t\t\t\t<\/div>\n\t\t\t\t\t<\/div>\n\t\t\t\t<\/div>\n\t\t<div class=\"elementor-element elementor-element-5d33c00 e-flex e-con-boxed e-con e-parent\" data-id=\"5d33c00\" data-element_type=\"container\" data-e-type=\"container\" data-settings=\"{&quot;background_background&quot;:&quot;classic&quot;}\">\n\t\t\t\t\t<div class=\"e-con-inner\">\n\t\t\t\t<div class=\"elementor-element elementor-element-6637faa elementor-widget elementor-widget-image\" data-id=\"6637faa\" data-element_type=\"widget\" data-e-type=\"widget\" data-widget_type=\"image.default\">\n\t\t\t\t<div class=\"elementor-widget-container\">\n\t\t\t\t\t\t\t\t\t\t\t\t\t\t\t<img decoding=\"async\" width=\"54\" height=\"98\" src=\"https:\/\/orillasnuevas.org\/wp-content\/uploads\/2024\/09\/FlechaLargaRosa.webp\" class=\"attachment-full size-full wp-image-529\" alt=\"\" srcset=\"https:\/\/orillasnuevas.org\/wp-content\/uploads\/2024\/09\/FlechaLargaRosa.webp 54w, https:\/\/orillasnuevas.org\/wp-content\/uploads\/2024\/09\/FlechaLargaRosa-7x12.webp 7w\" sizes=\"(max-width: 54px) 100vw, 54px\" \/>\t\t\t\t\t\t\t\t\t\t\t\t\t\t\t<\/div>\n\t\t\t\t<\/div>\n\t\t\t\t<div class=\"elementor-element elementor-element-798e36c elementor-widget__width-initial elementor-widget elementor-widget-text-editor\" data-id=\"798e36c\" data-element_type=\"widget\" data-e-type=\"widget\" data-widget_type=\"text-editor.default\">\n\t\t\t\t<div class=\"elementor-widget-container\">\n\t\t\t\t\t\t\t\t\t<p>La s\u00e9lection des 30 projets retenus pour le programme <br \/>\u201c<strong>Orillas Nuevas ~ Nouveaux Rivages<\/strong>, s\u2019est faite \u00e0 l\u2019issue d\u2019un appel \u00e0 projets ouvert du 25 juin au 31 juillet 2024 et s\u2019est d\u00e9clin\u00e9e en deux \u00e9tapes : d\u2019abord, une premi\u00e8re phase r\u00e9alis\u00e9e par le comit\u00e9 de s\u00e9lection compos\u00e9 des organisateurs du programme, puis, une deuxi\u00e8me phase effectu\u00e9e par un jury  international constitu\u00e9 de professionnels fran\u00e7ais et argentins reconnus dans les milieux de l\u2019art et de la culture.<\/p>\t\t\t\t\t\t\t\t<\/div>\n\t\t\t\t<\/div>\n\t\t\t\t<div class=\"elementor-element elementor-element-01c4662 elementor-widget__width-initial elementor-widget elementor-widget-text-editor\" data-id=\"01c4662\" data-element_type=\"widget\" data-e-type=\"widget\" data-widget_type=\"text-editor.default\">\n\t\t\t\t<div class=\"elementor-widget-container\">\n\t\t\t\t\t\t\t\t\t<p>L\u2019appel \u00e0 projets s\u2019adressait aux cr\u00e9ateurs et aux professionnels qui \u00e9voluent au c\u0153ur de l\u2019effervescent \u00e9cosyst\u00e8me des industries culturelles et cr\u00e9atives (ICC) en Argentine. Il \u00e9tait destin\u00e9 aux projets issus des ICC, avec une attention particuli\u00e8re pour les projets hybrides et transdisciplinaires, tout comme aux disciplines suivantes : jeu vid\u00e9o, animation, cr\u00e9ation num\u00e9rique, danse et th\u00e9\u00e2tre contemporains, initiatives culturelles en lien avec l\u2019\u00e9dition, l\u2019architecture et le design. \u00ab Orillas Nuevas ~ Nouveaux Rivages \u00bb \u00e9tait \u00e9galement ouvert aux projets issus d\u2019autres domaines des ICC, \u00e0 condition qu'ils se distinguent par leur caract\u00e8re innovant et qu'ils d\u00e9fient les sch\u00e9mas traditionnels de cr\u00e9ation. Ainsi, \u00ab Orillas Nuevas ~ Nouveaux Rivages \u00bb aspire \u00e0 soutenir des d\u00e9marches cr\u00e9atives audacieuses et novatrices, fortes d\u2019une capacit\u00e9 \u00e0 \u00e9voluer, \u00e0 se d\u00e9velopper, et avec un haut potentiel de rayonnement international.<\/p><p>Le r\u00e8glement de cet appel \u00e0 projet est disponible ici<\/p>\t\t\t\t\t\t\t\t<\/div>\n\t\t\t\t<\/div>\n\t\t\t\t<div class=\"elementor-element elementor-element-812cf94 elementor-align-center bttnAplication elementor-widget-mobile__width-auto elementor-widget elementor-widget-button\" data-id=\"812cf94\" data-element_type=\"widget\" data-e-type=\"widget\" data-widget_type=\"button.default\">\n\t\t\t\t<div class=\"elementor-widget-container\">\n\t\t\t\t\t\t\t\t\t<div class=\"elementor-button-wrapper\">\n\t\t\t\t\t<a class=\"elementor-button elementor-button-link elementor-size-sm\" href=\"https:\/\/drive.google.com\/file\/d\/1BIKYz9mZpskmyCMh9pnP1YKMyiutSB62\/view?usp=sharing\" target=\"_blank\" rel=\"nofollow\">\n\t\t\t\t\t\t<span class=\"elementor-button-content-wrapper\">\n\t\t\t\t\t\t\t\t\t<span class=\"elementor-button-text\">Le r\u00e8glement<\/span>\n\t\t\t\t\t<\/span>\n\t\t\t\t\t<\/a>\n\t\t\t\t<\/div>\n\t\t\t\t\t\t\t\t<\/div>\n\t\t\t\t<\/div>\n\t\t\t\t\t<\/div>\n\t\t\t\t<\/div>\n\t\t<div class=\"elementor-element elementor-element-9318185 e-flex e-con-boxed e-con e-parent\" data-id=\"9318185\" data-element_type=\"container\" data-e-type=\"container\" id=\"jurado\" data-settings=\"{&quot;background_background&quot;:&quot;classic&quot;}\">\n\t\t\t\t\t<div class=\"e-con-inner\">\n\t\t\t\t<div class=\"elementor-element elementor-element-6e161bc elementor-widget elementor-widget-heading\" data-id=\"6e161bc\" data-element_type=\"widget\" data-e-type=\"widget\" data-widget_type=\"heading.default\">\n\t\t\t\t<div class=\"elementor-widget-container\">\n\t\t\t\t\t<h2 class=\"elementor-heading-title elementor-size-default\">Jury<\/h2>\t\t\t\t<\/div>\n\t\t\t\t<\/div>\n\t\t\t\t<div class=\"elementor-element elementor-element-332a050 elementor-widget elementor-widget-text-editor\" data-id=\"332a050\" data-element_type=\"widget\" data-e-type=\"widget\" data-widget_type=\"text-editor.default\">\n\t\t\t\t<div class=\"elementor-widget-container\">\n\t\t\t\t\t\t\t\t\t<p>Le jury est compos\u00e9 d'experts internationaux de renom<\/p>\t\t\t\t\t\t\t\t<\/div>\n\t\t\t\t<\/div>\n\t\t\t\t\t<\/div>\n\t\t\t\t<\/div>\n\t\t<div class=\"elementor-element elementor-element-30de128 e-flex e-con-boxed e-con e-parent\" data-id=\"30de128\" data-element_type=\"container\" data-e-type=\"container\" id=\"jury\">\n\t\t\t\t\t<div class=\"e-con-inner\">\n\t\t<div class=\"elementor-element elementor-element-7f96d68 e-con-full e-flex e-con e-child\" data-id=\"7f96d68\" data-element_type=\"container\" data-e-type=\"container\" id=\"juryOne\">\n\t\t\t\t<div class=\"elementor-element elementor-element-14d6509 elementor-widget elementor-widget-image\" data-id=\"14d6509\" data-element_type=\"widget\" data-e-type=\"widget\" id=\"img1\" data-widget_type=\"image.default\">\n\t\t\t\t<div class=\"elementor-widget-container\">\n\t\t\t\t\t\t\t\t\t\t\t\t\t\t\t<img fetchpriority=\"high\" decoding=\"async\" width=\"400\" height=\"400\" src=\"https:\/\/orillasnuevas.org\/wp-content\/uploads\/2024\/09\/Guillaume-Aubry.png\" class=\"attachment-full size-full wp-image-1519\" alt=\"\" srcset=\"https:\/\/orillasnuevas.org\/wp-content\/uploads\/2024\/09\/Guillaume-Aubry.png 400w, https:\/\/orillasnuevas.org\/wp-content\/uploads\/2024\/09\/Guillaume-Aubry-300x300.png 300w, https:\/\/orillasnuevas.org\/wp-content\/uploads\/2024\/09\/Guillaume-Aubry-150x150.png 150w, https:\/\/orillasnuevas.org\/wp-content\/uploads\/2024\/09\/Guillaume-Aubry-12x12.png 12w\" sizes=\"(max-width: 400px) 100vw, 400px\" \/>\t\t\t\t\t\t\t\t\t\t\t\t\t\t\t<\/div>\n\t\t\t\t<\/div>\n\t\t\t\t<div class=\"elementor-element elementor-element-dde8f46 elementor-widget elementor-widget-text-editor\" data-id=\"dde8f46\" data-element_type=\"widget\" data-e-type=\"widget\" id=\"name1\" data-widget_type=\"text-editor.default\">\n\t\t\t\t<div class=\"elementor-widget-container\">\n\t\t\t\t\t\t\t\t\t<p>Guillaume Aubry<\/p>\t\t\t\t\t\t\t\t<\/div>\n\t\t\t\t<\/div>\n\t\t\t\t<div class=\"elementor-element elementor-element-92dbc55 elementor-widget elementor-widget-image\" data-id=\"92dbc55\" data-element_type=\"widget\" data-e-type=\"widget\" id=\"arrowClosed1\" data-widget_type=\"image.default\">\n\t\t\t\t<div class=\"elementor-widget-container\">\n\t\t\t\t\t\t\t\t\t\t\t\t\t\t\t<img decoding=\"async\" width=\"68\" height=\"54\" src=\"https:\/\/orillasnuevas.org\/wp-content\/uploads\/2024\/09\/FlechaCortaRosa2-e1726110127130.webp\" class=\"attachment-full size-full wp-image-1383\" alt=\"\" srcset=\"https:\/\/orillasnuevas.org\/wp-content\/uploads\/2024\/09\/FlechaCortaRosa2-e1726110127130.webp 68w, https:\/\/orillasnuevas.org\/wp-content\/uploads\/2024\/09\/FlechaCortaRosa2-e1726110127130-15x12.webp 15w\" sizes=\"(max-width: 68px) 100vw, 68px\" \/>\t\t\t\t\t\t\t\t\t\t\t\t\t\t\t<\/div>\n\t\t\t\t<\/div>\n\t\t\t\t<div class=\"elementor-element elementor-element-e463eb9 elementor-widget elementor-widget-image\" data-id=\"e463eb9\" data-element_type=\"widget\" data-e-type=\"widget\" id=\"arrowOpened1\" data-widget_type=\"image.default\">\n\t\t\t\t<div class=\"elementor-widget-container\">\n\t\t\t\t\t\t\t\t\t\t\t\t\t\t\t<img loading=\"lazy\" decoding=\"async\" width=\"54\" height=\"68\" src=\"https:\/\/orillasnuevas.org\/wp-content\/uploads\/2024\/09\/FlechaCortaRosa.webp\" class=\"attachment-full size-full wp-image-527\" alt=\"\" srcset=\"https:\/\/orillasnuevas.org\/wp-content\/uploads\/2024\/09\/FlechaCortaRosa.webp 54w, https:\/\/orillasnuevas.org\/wp-content\/uploads\/2024\/09\/FlechaCortaRosa-10x12.webp 10w\" sizes=\"(max-width: 54px) 100vw, 54px\" \/>\t\t\t\t\t\t\t\t\t\t\t\t\t\t\t<\/div>\n\t\t\t\t<\/div>\n\t\t\t\t<div class=\"elementor-element elementor-element-fe90e52 elementor-widget elementor-widget-text-editor\" data-id=\"fe90e52\" data-element_type=\"widget\" data-e-type=\"widget\" id=\"text1\" data-widget_type=\"text-editor.default\">\n\t\t\t\t<div class=\"elementor-widget-container\">\n\t\t\t\t\t\t\t\t\t<p>Architecte et cofondateur de l'agence Freaks \u00e0 Paris, <br \/><strong>Guillaume Aubry<\/strong> est dipl\u00f4m\u00e9 de l\u2019\u00c9cole nationale d\u2019architecture de Paris-La Villette et a \u00e9tudi\u00e9 \u00e0 l\u2019Universit\u00e9 de Tokyo ainsi qu'aux Beaux-Arts de Paris. M\u00ealant performance, art visuel et pyrotechnie, son \u0153uvre explore les liens intimes avec les ph\u00e9nom\u00e8nes m\u00e9t\u00e9orologiques, le coucher de soleil en particulier. Il a particip\u00e9 \u00e0 des \u00e9v\u00e9nements prestigieux comme la Nuit Blanche \u00e0 Paris, la Biennale de Lyon, et la Lulea Biennial en Su\u00e8de. Actuellement, Guillaume enseigne le Design d\u2019Espace \u00e0 l\u2019\u00c9cole nationale sup\u00e9rieure des Arts D\u00e9coratifs.<\/p>\t\t\t\t\t\t\t\t<\/div>\n\t\t\t\t<\/div>\n\t\t\t\t<\/div>\n\t\t<div class=\"elementor-element elementor-element-d8da479 e-con-full e-flex e-con e-child\" data-id=\"d8da479\" data-element_type=\"container\" data-e-type=\"container\">\n\t\t\t\t<div class=\"elementor-element elementor-element-b5d8d02 elementor-widget elementor-widget-image\" data-id=\"b5d8d02\" data-element_type=\"widget\" data-e-type=\"widget\" id=\"img9\" data-widget_type=\"image.default\">\n\t\t\t\t<div class=\"elementor-widget-container\">\n\t\t\t\t\t\t\t\t\t\t\t\t\t\t\t<img loading=\"lazy\" decoding=\"async\" width=\"400\" height=\"400\" src=\"https:\/\/orillasnuevas.org\/wp-content\/uploads\/2024\/09\/Violeta-Bava.png\" class=\"attachment-full size-full wp-image-1521\" alt=\"\" srcset=\"https:\/\/orillasnuevas.org\/wp-content\/uploads\/2024\/09\/Violeta-Bava.png 400w, https:\/\/orillasnuevas.org\/wp-content\/uploads\/2024\/09\/Violeta-Bava-300x300.png 300w, https:\/\/orillasnuevas.org\/wp-content\/uploads\/2024\/09\/Violeta-Bava-150x150.png 150w, https:\/\/orillasnuevas.org\/wp-content\/uploads\/2024\/09\/Violeta-Bava-12x12.png 12w\" sizes=\"(max-width: 400px) 100vw, 400px\" \/>\t\t\t\t\t\t\t\t\t\t\t\t\t\t\t<\/div>\n\t\t\t\t<\/div>\n\t\t\t\t<div class=\"elementor-element elementor-element-fbf6272 elementor-widget elementor-widget-text-editor\" data-id=\"fbf6272\" data-element_type=\"widget\" data-e-type=\"widget\" id=\"name9\" data-widget_type=\"text-editor.default\">\n\t\t\t\t<div class=\"elementor-widget-container\">\n\t\t\t\t\t\t\t\t\t<p>Violeta Bava<\/p>\t\t\t\t\t\t\t\t<\/div>\n\t\t\t\t<\/div>\n\t\t\t\t<div class=\"elementor-element elementor-element-6670de5 elementor-widget elementor-widget-image\" data-id=\"6670de5\" data-element_type=\"widget\" data-e-type=\"widget\" id=\"arrowClosed9\" data-widget_type=\"image.default\">\n\t\t\t\t<div class=\"elementor-widget-container\">\n\t\t\t\t\t\t\t\t\t\t\t\t\t\t\t<img decoding=\"async\" width=\"68\" height=\"54\" src=\"https:\/\/orillasnuevas.org\/wp-content\/uploads\/2024\/09\/FlechaCortaRosa2-e1726110127130.webp\" class=\"attachment-full size-full wp-image-1383\" alt=\"\" srcset=\"https:\/\/orillasnuevas.org\/wp-content\/uploads\/2024\/09\/FlechaCortaRosa2-e1726110127130.webp 68w, https:\/\/orillasnuevas.org\/wp-content\/uploads\/2024\/09\/FlechaCortaRosa2-e1726110127130-15x12.webp 15w\" sizes=\"(max-width: 68px) 100vw, 68px\" \/>\t\t\t\t\t\t\t\t\t\t\t\t\t\t\t<\/div>\n\t\t\t\t<\/div>\n\t\t\t\t<div class=\"elementor-element elementor-element-7a2acdc elementor-widget elementor-widget-image\" data-id=\"7a2acdc\" data-element_type=\"widget\" data-e-type=\"widget\" id=\"arrowOpened9\" data-widget_type=\"image.default\">\n\t\t\t\t<div class=\"elementor-widget-container\">\n\t\t\t\t\t\t\t\t\t\t\t\t\t\t\t<img loading=\"lazy\" decoding=\"async\" width=\"54\" height=\"68\" src=\"https:\/\/orillasnuevas.org\/wp-content\/uploads\/2024\/09\/FlechaCortaRosa.webp\" class=\"attachment-full size-full wp-image-527\" alt=\"\" srcset=\"https:\/\/orillasnuevas.org\/wp-content\/uploads\/2024\/09\/FlechaCortaRosa.webp 54w, https:\/\/orillasnuevas.org\/wp-content\/uploads\/2024\/09\/FlechaCortaRosa-10x12.webp 10w\" sizes=\"(max-width: 54px) 100vw, 54px\" \/>\t\t\t\t\t\t\t\t\t\t\t\t\t\t\t<\/div>\n\t\t\t\t<\/div>\n\t\t\t\t<div class=\"elementor-element elementor-element-9118db1 elementor-widget elementor-widget-text-editor\" data-id=\"9118db1\" data-element_type=\"widget\" data-e-type=\"widget\" id=\"text9\" data-widget_type=\"text-editor.default\">\n\t\t\t\t<div class=\"elementor-widget-container\">\n\t\t\t\t\t\t\t\t\t<p>Luz Algranti es productora, investigadora, docente y artista. Licenciada en Artes (UBA) y con una Maestr\u00eda en Creaci\u00f3n Cultural y Comunicaci\u00f3n (CAECE), trabaj\u00f3 entre 2004 y 2012 en Buenos Aires y Berl\u00edn en proyectos esc\u00e9nicos junto a artistas como Dirk Cieslak, Rabih Mrou\u00e9 y Forced Entertainment. Desde 2011 colabora intensamente con Lola Arias en la creaci\u00f3n y circulaci\u00f3n internacional de proyectos como Campo Minado y Los D\u00edas Afuera, presentados en teatros y festivales de Europa, Am\u00e9rica y Asia, incluido el Festival d\u2019Avignon. En 2020 cofund\u00f3 con Sof\u00eda Medici la plataforma Proyectos Ninja, desde donde impulsan proyectos propios y forman artistas y productores en coproducci\u00f3n internacional y gesti\u00f3n de giras.<\/p>\t\t\t\t\t\t\t\t<\/div>\n\t\t\t\t<\/div>\n\t\t\t\t<\/div>\n\t\t<div class=\"elementor-element elementor-element-cf91552 e-con-full e-flex e-con e-child\" data-id=\"cf91552\" data-element_type=\"container\" data-e-type=\"container\">\n\t\t\t\t<div class=\"elementor-element elementor-element-107f773 elementor-widget elementor-widget-image\" data-id=\"107f773\" data-element_type=\"widget\" data-e-type=\"widget\" id=\"img2\" data-widget_type=\"image.default\">\n\t\t\t\t<div class=\"elementor-widget-container\">\n\t\t\t\t\t\t\t\t\t\t\t\t\t\t\t<img loading=\"lazy\" decoding=\"async\" width=\"400\" height=\"400\" src=\"https:\/\/orillasnuevas.org\/wp-content\/uploads\/2024\/09\/Daniela-Gutierrez.png\" class=\"attachment-full size-full wp-image-1517\" alt=\"\" srcset=\"https:\/\/orillasnuevas.org\/wp-content\/uploads\/2024\/09\/Daniela-Gutierrez.png 400w, https:\/\/orillasnuevas.org\/wp-content\/uploads\/2024\/09\/Daniela-Gutierrez-300x300.png 300w, https:\/\/orillasnuevas.org\/wp-content\/uploads\/2024\/09\/Daniela-Gutierrez-150x150.png 150w, https:\/\/orillasnuevas.org\/wp-content\/uploads\/2024\/09\/Daniela-Gutierrez-12x12.png 12w\" sizes=\"(max-width: 400px) 100vw, 400px\" \/>\t\t\t\t\t\t\t\t\t\t\t\t\t\t\t<\/div>\n\t\t\t\t<\/div>\n\t\t\t\t<div class=\"elementor-element elementor-element-ecceea6 elementor-widget elementor-widget-text-editor\" data-id=\"ecceea6\" data-element_type=\"widget\" data-e-type=\"widget\" id=\"name2\" data-widget_type=\"text-editor.default\">\n\t\t\t\t<div class=\"elementor-widget-container\">\n\t\t\t\t\t\t\t\t\t<p>Daniela Gutierrez\u00a0<\/p>\t\t\t\t\t\t\t\t<\/div>\n\t\t\t\t<\/div>\n\t\t\t\t<div class=\"elementor-element elementor-element-afb0a2a elementor-widget elementor-widget-image\" data-id=\"afb0a2a\" data-element_type=\"widget\" data-e-type=\"widget\" id=\"arrowClosed2\" data-widget_type=\"image.default\">\n\t\t\t\t<div class=\"elementor-widget-container\">\n\t\t\t\t\t\t\t\t\t\t\t\t\t\t\t<img decoding=\"async\" width=\"68\" height=\"54\" src=\"https:\/\/orillasnuevas.org\/wp-content\/uploads\/2024\/09\/FlechaCortaRosa2-e1726110127130.webp\" class=\"attachment-full size-full wp-image-1383\" alt=\"\" srcset=\"https:\/\/orillasnuevas.org\/wp-content\/uploads\/2024\/09\/FlechaCortaRosa2-e1726110127130.webp 68w, https:\/\/orillasnuevas.org\/wp-content\/uploads\/2024\/09\/FlechaCortaRosa2-e1726110127130-15x12.webp 15w\" sizes=\"(max-width: 68px) 100vw, 68px\" \/>\t\t\t\t\t\t\t\t\t\t\t\t\t\t\t<\/div>\n\t\t\t\t<\/div>\n\t\t\t\t<div class=\"elementor-element elementor-element-5a814e3 elementor-widget elementor-widget-image\" data-id=\"5a814e3\" data-element_type=\"widget\" data-e-type=\"widget\" id=\"arrowOpened2\" data-widget_type=\"image.default\">\n\t\t\t\t<div class=\"elementor-widget-container\">\n\t\t\t\t\t\t\t\t\t\t\t\t\t\t\t<img loading=\"lazy\" decoding=\"async\" width=\"54\" height=\"68\" src=\"https:\/\/orillasnuevas.org\/wp-content\/uploads\/2024\/09\/FlechaCortaRosa.webp\" class=\"attachment-full size-full wp-image-527\" alt=\"\" srcset=\"https:\/\/orillasnuevas.org\/wp-content\/uploads\/2024\/09\/FlechaCortaRosa.webp 54w, https:\/\/orillasnuevas.org\/wp-content\/uploads\/2024\/09\/FlechaCortaRosa-10x12.webp 10w\" sizes=\"(max-width: 54px) 100vw, 54px\" \/>\t\t\t\t\t\t\t\t\t\t\t\t\t\t\t<\/div>\n\t\t\t\t<\/div>\n\t\t\t\t<div class=\"elementor-element elementor-element-15131fc elementor-widget elementor-widget-text-editor\" data-id=\"15131fc\" data-element_type=\"widget\" data-e-type=\"widget\" id=\"text2\" data-widget_type=\"text-editor.default\">\n\t\t\t\t<div class=\"elementor-widget-container\">\n\t\t\t\t\t\t\t\t\t<p><span style=\"font-weight: 400;\">Pr\u00e9sidente de la Fondation Medif\u00e9, <\/span><b>Daniela Gutierrez<\/b><span style=\"font-weight: 400;\"> se consacre \u00e0 promouvoir la cr\u00e9ation et la pens\u00e9e contemporaines, en particulier sur les questions de sant\u00e9 et de soci\u00e9t\u00e9 en Argentine. Titulaire d'un doctorat en Sciences Sociales, elle poss\u00e8de une vaste exp\u00e9rience dans l'\u00e9dition. Professeure \u00e0 la FLACSO, \u00e0 l'UNIPE et \u00e0 l'UNLP, elle enseigne \u00e9galement en Finlande et au Canada. En tant qu'\u00e9pist\u00e9mologue, elle se sp\u00e9cialise dans la repr\u00e9sentation des images dans les pratiques artistiques, et a publi\u00e9 de nombreux ouvrages acad\u00e9miques. Daniela contribue \u00e9galement au Comit\u00e9 Scientifique de la Chambre des D\u00e9put\u00e9s de la Nation Argentine.<\/span><\/p>\t\t\t\t\t\t\t\t<\/div>\n\t\t\t\t<\/div>\n\t\t\t\t<\/div>\n\t\t<div class=\"elementor-element elementor-element-27c19f1 e-con-full elementor-hidden-tablet elementor-hidden-mobile greyBlock e-flex e-con e-child\" data-id=\"27c19f1\" data-element_type=\"container\" data-e-type=\"container\">\n\t\t\t\t<div class=\"elementor-element elementor-element-bf9cd1c noCursor elementor-widget elementor-widget-image\" data-id=\"bf9cd1c\" data-element_type=\"widget\" data-e-type=\"widget\" data-widget_type=\"image.default\">\n\t\t\t\t<div class=\"elementor-widget-container\">\n\t\t\t\t\t\t\t\t\t\t\t\t\t\t\t<img loading=\"lazy\" decoding=\"async\" width=\"400\" height=\"400\" src=\"https:\/\/orillasnuevas.org\/wp-content\/uploads\/2024\/09\/Daniela-Gutierrez.png\" class=\"attachment-full size-full wp-image-1517\" alt=\"\" srcset=\"https:\/\/orillasnuevas.org\/wp-content\/uploads\/2024\/09\/Daniela-Gutierrez.png 400w, https:\/\/orillasnuevas.org\/wp-content\/uploads\/2024\/09\/Daniela-Gutierrez-300x300.png 300w, https:\/\/orillasnuevas.org\/wp-content\/uploads\/2024\/09\/Daniela-Gutierrez-150x150.png 150w, https:\/\/orillasnuevas.org\/wp-content\/uploads\/2024\/09\/Daniela-Gutierrez-12x12.png 12w\" sizes=\"(max-width: 400px) 100vw, 400px\" \/>\t\t\t\t\t\t\t\t\t\t\t\t\t\t\t<\/div>\n\t\t\t\t<\/div>\n\t\t\t\t<\/div>\n\t\t<div class=\"elementor-element elementor-element-75f0e07 e-con-full elementor-hidden-tablet elementor-hidden-mobile greyBlock e-flex e-con e-child\" data-id=\"75f0e07\" data-element_type=\"container\" data-e-type=\"container\">\n\t\t\t\t<div class=\"elementor-element elementor-element-a07194b noCursor elementor-widget elementor-widget-image\" data-id=\"a07194b\" data-element_type=\"widget\" data-e-type=\"widget\" data-widget_type=\"image.default\">\n\t\t\t\t<div class=\"elementor-widget-container\">\n\t\t\t\t\t\t\t\t\t\t\t\t\t\t\t<img loading=\"lazy\" decoding=\"async\" width=\"400\" height=\"400\" src=\"https:\/\/orillasnuevas.org\/wp-content\/uploads\/2024\/09\/Carlos-Herrera.png\" class=\"attachment-full size-full wp-image-1516\" alt=\"\" srcset=\"https:\/\/orillasnuevas.org\/wp-content\/uploads\/2024\/09\/Carlos-Herrera.png 400w, https:\/\/orillasnuevas.org\/wp-content\/uploads\/2024\/09\/Carlos-Herrera-300x300.png 300w, https:\/\/orillasnuevas.org\/wp-content\/uploads\/2024\/09\/Carlos-Herrera-150x150.png 150w, https:\/\/orillasnuevas.org\/wp-content\/uploads\/2024\/09\/Carlos-Herrera-12x12.png 12w\" sizes=\"(max-width: 400px) 100vw, 400px\" \/>\t\t\t\t\t\t\t\t\t\t\t\t\t\t\t<\/div>\n\t\t\t\t<\/div>\n\t\t\t\t<\/div>\n\t\t<div class=\"elementor-element elementor-element-da9261a e-con-full e-flex e-con e-child\" data-id=\"da9261a\" data-element_type=\"container\" data-e-type=\"container\">\n\t\t\t\t<div class=\"elementor-element elementor-element-d134538 elementor-widget elementor-widget-image\" data-id=\"d134538\" data-element_type=\"widget\" data-e-type=\"widget\" id=\"img3\" data-widget_type=\"image.default\">\n\t\t\t\t<div class=\"elementor-widget-container\">\n\t\t\t\t\t\t\t\t\t\t\t\t\t\t\t<img loading=\"lazy\" decoding=\"async\" width=\"400\" height=\"400\" src=\"https:\/\/orillasnuevas.org\/wp-content\/uploads\/2024\/09\/Carlos-Herrera.png\" class=\"attachment-full size-full wp-image-1516\" alt=\"\" srcset=\"https:\/\/orillasnuevas.org\/wp-content\/uploads\/2024\/09\/Carlos-Herrera.png 400w, https:\/\/orillasnuevas.org\/wp-content\/uploads\/2024\/09\/Carlos-Herrera-300x300.png 300w, https:\/\/orillasnuevas.org\/wp-content\/uploads\/2024\/09\/Carlos-Herrera-150x150.png 150w, https:\/\/orillasnuevas.org\/wp-content\/uploads\/2024\/09\/Carlos-Herrera-12x12.png 12w\" sizes=\"(max-width: 400px) 100vw, 400px\" \/>\t\t\t\t\t\t\t\t\t\t\t\t\t\t\t<\/div>\n\t\t\t\t<\/div>\n\t\t\t\t<div class=\"elementor-element elementor-element-068d8c1 elementor-widget elementor-widget-text-editor\" data-id=\"068d8c1\" data-element_type=\"widget\" data-e-type=\"widget\" id=\"name3\" data-widget_type=\"text-editor.default\">\n\t\t\t\t<div class=\"elementor-widget-container\">\n\t\t\t\t\t\t\t\t\t<p>Carlos Herrera<\/p>\t\t\t\t\t\t\t\t<\/div>\n\t\t\t\t<\/div>\n\t\t\t\t<div class=\"elementor-element elementor-element-0205afa elementor-widget elementor-widget-image\" data-id=\"0205afa\" data-element_type=\"widget\" data-e-type=\"widget\" id=\"arrowClosed3\" data-widget_type=\"image.default\">\n\t\t\t\t<div class=\"elementor-widget-container\">\n\t\t\t\t\t\t\t\t\t\t\t\t\t\t\t<img decoding=\"async\" width=\"68\" height=\"54\" src=\"https:\/\/orillasnuevas.org\/wp-content\/uploads\/2024\/09\/FlechaCortaRosa2-e1726110127130.webp\" class=\"attachment-full size-full wp-image-1383\" alt=\"\" srcset=\"https:\/\/orillasnuevas.org\/wp-content\/uploads\/2024\/09\/FlechaCortaRosa2-e1726110127130.webp 68w, https:\/\/orillasnuevas.org\/wp-content\/uploads\/2024\/09\/FlechaCortaRosa2-e1726110127130-15x12.webp 15w\" sizes=\"(max-width: 68px) 100vw, 68px\" \/>\t\t\t\t\t\t\t\t\t\t\t\t\t\t\t<\/div>\n\t\t\t\t<\/div>\n\t\t\t\t<div class=\"elementor-element elementor-element-af47c95 elementor-widget elementor-widget-image\" data-id=\"af47c95\" data-element_type=\"widget\" data-e-type=\"widget\" id=\"arrowOpened3\" data-widget_type=\"image.default\">\n\t\t\t\t<div class=\"elementor-widget-container\">\n\t\t\t\t\t\t\t\t\t\t\t\t\t\t\t<img loading=\"lazy\" decoding=\"async\" width=\"54\" height=\"68\" src=\"https:\/\/orillasnuevas.org\/wp-content\/uploads\/2024\/09\/FlechaCortaRosa.webp\" class=\"attachment-full size-full wp-image-527\" alt=\"\" srcset=\"https:\/\/orillasnuevas.org\/wp-content\/uploads\/2024\/09\/FlechaCortaRosa.webp 54w, https:\/\/orillasnuevas.org\/wp-content\/uploads\/2024\/09\/FlechaCortaRosa-10x12.webp 10w\" sizes=\"(max-width: 54px) 100vw, 54px\" \/>\t\t\t\t\t\t\t\t\t\t\t\t\t\t\t<\/div>\n\t\t\t\t<\/div>\n\t\t\t\t<div class=\"elementor-element elementor-element-6705e79 elementor-widget elementor-widget-text-editor\" data-id=\"6705e79\" data-element_type=\"widget\" data-e-type=\"widget\" id=\"text3\" data-widget_type=\"text-editor.default\">\n\t\t\t\t<div class=\"elementor-widget-container\">\n\t\t\t\t\t\t\t\t\t<p><span style=\"font-weight: 400;\">Artiste, curateur et gestionnaire culturel, <\/span><b>Carlos Herrera<\/b><span style=\"font-weight: 400;\"> est repr\u00e9sent\u00e9 en Argentine par la galerie d'art contemporain Ruth Benzacar. Il a organis\u00e9 de nombreuses expositions, tant en Argentine qu'\u00e0 l'\u00e9tranger et est reconnu pour son engagement aupr\u00e8s de jeunes artistes. Membre du duo Trulala avec l'artiste Claudia del Rio, il explore la gestion ind\u00e9pendante, la conservation et l'\u00e9criture dans son travail. Il a fond\u00e9 la Marasca Trip Gallery (2001-2008), une galerie d\u00e9di\u00e9e \u00e0 l'art exp\u00e9rimental, et a dirig\u00e9 Munar Arte dans le quartier de La Boca \u00e0 Buenos Aires (2017-2022). Ancien directeur ex\u00e9cutif du Museo Castagnino+macro \u00e0 Rosario, il vit et travaille entre Rosario et Buenos Aires.<\/span><\/p>\t\t\t\t\t\t\t\t<\/div>\n\t\t\t\t<\/div>\n\t\t\t\t<\/div>\n\t\t<div class=\"elementor-element elementor-element-fe8ff36 e-con-full e-flex e-con e-child\" data-id=\"fe8ff36\" data-element_type=\"container\" data-e-type=\"container\">\n\t\t\t\t<div class=\"elementor-element elementor-element-f47292a elementor-widget elementor-widget-image\" data-id=\"f47292a\" data-element_type=\"widget\" data-e-type=\"widget\" id=\"img4\" data-widget_type=\"image.default\">\n\t\t\t\t<div class=\"elementor-widget-container\">\n\t\t\t\t\t\t\t\t\t\t\t\t\t\t\t<img loading=\"lazy\" decoding=\"async\" width=\"400\" height=\"400\" src=\"https:\/\/orillasnuevas.org\/wp-content\/uploads\/2024\/09\/arnaud-laporte.png\" class=\"attachment-full size-full wp-image-1514\" alt=\"\" srcset=\"https:\/\/orillasnuevas.org\/wp-content\/uploads\/2024\/09\/arnaud-laporte.png 400w, https:\/\/orillasnuevas.org\/wp-content\/uploads\/2024\/09\/arnaud-laporte-300x300.png 300w, https:\/\/orillasnuevas.org\/wp-content\/uploads\/2024\/09\/arnaud-laporte-150x150.png 150w, https:\/\/orillasnuevas.org\/wp-content\/uploads\/2024\/09\/arnaud-laporte-12x12.png 12w\" sizes=\"(max-width: 400px) 100vw, 400px\" \/>\t\t\t\t\t\t\t\t\t\t\t\t\t\t\t<\/div>\n\t\t\t\t<\/div>\n\t\t\t\t<div class=\"elementor-element elementor-element-435cf69 elementor-widget elementor-widget-text-editor\" data-id=\"435cf69\" data-element_type=\"widget\" data-e-type=\"widget\" id=\"name4\" data-widget_type=\"text-editor.default\">\n\t\t\t\t<div class=\"elementor-widget-container\">\n\t\t\t\t\t\t\t\t\t<p>Arnaud Laporte<\/p>\t\t\t\t\t\t\t\t<\/div>\n\t\t\t\t<\/div>\n\t\t\t\t<div class=\"elementor-element elementor-element-79925d9 elementor-widget elementor-widget-image\" data-id=\"79925d9\" data-element_type=\"widget\" data-e-type=\"widget\" id=\"arrowClosed4\" data-widget_type=\"image.default\">\n\t\t\t\t<div class=\"elementor-widget-container\">\n\t\t\t\t\t\t\t\t\t\t\t\t\t\t\t<img decoding=\"async\" width=\"68\" height=\"54\" src=\"https:\/\/orillasnuevas.org\/wp-content\/uploads\/2024\/09\/FlechaCortaRosa2-e1726110127130.webp\" class=\"attachment-full size-full wp-image-1383\" alt=\"\" srcset=\"https:\/\/orillasnuevas.org\/wp-content\/uploads\/2024\/09\/FlechaCortaRosa2-e1726110127130.webp 68w, https:\/\/orillasnuevas.org\/wp-content\/uploads\/2024\/09\/FlechaCortaRosa2-e1726110127130-15x12.webp 15w\" sizes=\"(max-width: 68px) 100vw, 68px\" \/>\t\t\t\t\t\t\t\t\t\t\t\t\t\t\t<\/div>\n\t\t\t\t<\/div>\n\t\t\t\t<div class=\"elementor-element elementor-element-215c103 elementor-widget elementor-widget-image\" data-id=\"215c103\" data-element_type=\"widget\" data-e-type=\"widget\" id=\"arrowOpened4\" data-widget_type=\"image.default\">\n\t\t\t\t<div class=\"elementor-widget-container\">\n\t\t\t\t\t\t\t\t\t\t\t\t\t\t\t<img loading=\"lazy\" decoding=\"async\" width=\"54\" height=\"68\" src=\"https:\/\/orillasnuevas.org\/wp-content\/uploads\/2024\/09\/FlechaCortaRosa.webp\" class=\"attachment-full size-full wp-image-527\" alt=\"\" srcset=\"https:\/\/orillasnuevas.org\/wp-content\/uploads\/2024\/09\/FlechaCortaRosa.webp 54w, https:\/\/orillasnuevas.org\/wp-content\/uploads\/2024\/09\/FlechaCortaRosa-10x12.webp 10w\" sizes=\"(max-width: 54px) 100vw, 54px\" \/>\t\t\t\t\t\t\t\t\t\t\t\t\t\t\t<\/div>\n\t\t\t\t<\/div>\n\t\t\t\t<div class=\"elementor-element elementor-element-2d6096e elementor-widget elementor-widget-text-editor\" data-id=\"2d6096e\" data-element_type=\"widget\" data-e-type=\"widget\" id=\"text4\" data-widget_type=\"text-editor.default\">\n\t\t\t\t<div class=\"elementor-widget-container\">\n\t\t\t\t\t\t\t\t\t<p><b>Arnaud Laporte<\/b><span style=\"font-weight: 400;\">, journaliste culturel fran\u00e7ais, est une voix incontournable de France Culture depuis 1987. Il a anim\u00e9 des \u00e9missions embl\u00e9matiques telles que \u00ab Multipistes \u00bb sur la cr\u00e9ation \u00e9mergente, \u00ab Tout Arrive \u00bb sur l\u2019actualit\u00e9 culturelle, et \u00ab La Dispute \u00bb, offrant un regard critique sur les arts. Depuis 2020, il pr\u00e9sente \u00ab Affaires culturelles \u00bb, une \u00e9mission quotidienne d\u00e9di\u00e9e \u00e0 la rencontre avec un artiste. Il coordonne aussi les \u00ab Masterclasses \u00bb, des entretiens approfondis avec des cr\u00e9ateurs de toutes disciplines, et collabore avec le journal Th\u00e9\u00e2tre(s). <\/span><i><span style=\"font-weight: 400;\">Th\u00e9\u00e2tre(s)<\/span><\/i><span style=\"font-weight: 400;\">. Il est Chevalier de l\u2019Ordre National du M\u00e9rite depuis 2022.<\/span><\/p>\t\t\t\t\t\t\t\t<\/div>\n\t\t\t\t<\/div>\n\t\t\t\t<\/div>\n\t\t<div class=\"elementor-element elementor-element-304df4a e-con-full e-flex e-con e-child\" data-id=\"304df4a\" data-element_type=\"container\" data-e-type=\"container\">\n\t\t\t\t<div class=\"elementor-element elementor-element-dd2a0bd elementor-widget elementor-widget-image\" data-id=\"dd2a0bd\" data-element_type=\"widget\" data-e-type=\"widget\" id=\"img5\" data-widget_type=\"image.default\">\n\t\t\t\t<div class=\"elementor-widget-container\">\n\t\t\t\t\t\t\t\t\t\t\t\t\t\t\t<img loading=\"lazy\" decoding=\"async\" width=\"400\" height=\"400\" src=\"https:\/\/orillasnuevas.org\/wp-content\/uploads\/2024\/09\/Adrien-Larouzee.png\" class=\"attachment-full size-full wp-image-1513\" alt=\"\" srcset=\"https:\/\/orillasnuevas.org\/wp-content\/uploads\/2024\/09\/Adrien-Larouzee.png 400w, https:\/\/orillasnuevas.org\/wp-content\/uploads\/2024\/09\/Adrien-Larouzee-300x300.png 300w, https:\/\/orillasnuevas.org\/wp-content\/uploads\/2024\/09\/Adrien-Larouzee-150x150.png 150w, https:\/\/orillasnuevas.org\/wp-content\/uploads\/2024\/09\/Adrien-Larouzee-12x12.png 12w\" sizes=\"(max-width: 400px) 100vw, 400px\" \/>\t\t\t\t\t\t\t\t\t\t\t\t\t\t\t<\/div>\n\t\t\t\t<\/div>\n\t\t\t\t<div class=\"elementor-element elementor-element-4685a75 elementor-widget elementor-widget-text-editor\" data-id=\"4685a75\" data-element_type=\"widget\" data-e-type=\"widget\" id=\"name5\" data-widget_type=\"text-editor.default\">\n\t\t\t\t<div class=\"elementor-widget-container\">\n\t\t\t\t\t\t\t\t\t<p>Adrien Larouz\u00e9e<\/p>\t\t\t\t\t\t\t\t<\/div>\n\t\t\t\t<\/div>\n\t\t\t\t<div class=\"elementor-element elementor-element-8df46e2 elementor-widget elementor-widget-image\" data-id=\"8df46e2\" data-element_type=\"widget\" data-e-type=\"widget\" id=\"arrowClosed5\" data-widget_type=\"image.default\">\n\t\t\t\t<div class=\"elementor-widget-container\">\n\t\t\t\t\t\t\t\t\t\t\t\t\t\t\t<img decoding=\"async\" width=\"68\" height=\"54\" src=\"https:\/\/orillasnuevas.org\/wp-content\/uploads\/2024\/09\/FlechaCortaRosa2-e1726110127130.webp\" class=\"attachment-full size-full wp-image-1383\" alt=\"\" srcset=\"https:\/\/orillasnuevas.org\/wp-content\/uploads\/2024\/09\/FlechaCortaRosa2-e1726110127130.webp 68w, https:\/\/orillasnuevas.org\/wp-content\/uploads\/2024\/09\/FlechaCortaRosa2-e1726110127130-15x12.webp 15w\" sizes=\"(max-width: 68px) 100vw, 68px\" \/>\t\t\t\t\t\t\t\t\t\t\t\t\t\t\t<\/div>\n\t\t\t\t<\/div>\n\t\t\t\t<div class=\"elementor-element elementor-element-a544b8d elementor-widget elementor-widget-image\" data-id=\"a544b8d\" data-element_type=\"widget\" data-e-type=\"widget\" id=\"arrowOpened5\" data-widget_type=\"image.default\">\n\t\t\t\t<div class=\"elementor-widget-container\">\n\t\t\t\t\t\t\t\t\t\t\t\t\t\t\t<img loading=\"lazy\" decoding=\"async\" width=\"54\" height=\"68\" src=\"https:\/\/orillasnuevas.org\/wp-content\/uploads\/2024\/09\/FlechaCortaRosa.webp\" class=\"attachment-full size-full wp-image-527\" alt=\"\" srcset=\"https:\/\/orillasnuevas.org\/wp-content\/uploads\/2024\/09\/FlechaCortaRosa.webp 54w, https:\/\/orillasnuevas.org\/wp-content\/uploads\/2024\/09\/FlechaCortaRosa-10x12.webp 10w\" sizes=\"(max-width: 54px) 100vw, 54px\" \/>\t\t\t\t\t\t\t\t\t\t\t\t\t\t\t<\/div>\n\t\t\t\t<\/div>\n\t\t\t\t<div class=\"elementor-element elementor-element-77566eb elementor-widget elementor-widget-text-editor\" data-id=\"77566eb\" data-element_type=\"widget\" data-e-type=\"widget\" id=\"text5\" data-widget_type=\"text-editor.default\">\n\t\t\t\t<div class=\"elementor-widget-container\">\n\t\t\t\t\t\t\t\t\t<p><b>Adrien Larouz\u00e9e<\/b><span style=\"font-weight: 400;\"> est responsable du pilotage des projets num\u00e9riques \u00e0 ARTE France. ARTE est une cha\u00eene culturelle europ\u00e9enne de service public et un r\u00e9seau num\u00e9rique, centr\u00e9 sur la cr\u00e9ation et l\u2019innovation. Au cours de la derni\u00e8re d\u00e9cennie, ARTE a coproduit et diffus\u00e9 plusieurs \u0153uvres interactives majeures, des jeux et des exp\u00e9riences de R\u00e9alit\u00e9 \u00e9tendue (XR), dont <\/span><i><span style=\"font-weight: 400;\">Gloomy Eyes<\/span><\/i><span style=\"font-weight: 400;\">, <\/span><i><span style=\"font-weight: 400;\">Bury Me, My Love, Homo Machina, Vectronom, A Fisherman\u2019s Tale, To Hell with the Ugly y 30 Birds.<\/span><\/i><\/p>\t\t\t\t\t\t\t\t<\/div>\n\t\t\t\t<\/div>\n\t\t\t\t<\/div>\n\t\t<div class=\"elementor-element elementor-element-669bd76 e-con-full e-flex e-con e-child\" data-id=\"669bd76\" data-element_type=\"container\" data-e-type=\"container\">\n\t\t\t\t<div class=\"elementor-element elementor-element-d7be858 elementor-widget elementor-widget-image\" data-id=\"d7be858\" data-element_type=\"widget\" data-e-type=\"widget\" id=\"img6\" data-widget_type=\"image.default\">\n\t\t\t\t<div class=\"elementor-widget-container\">\n\t\t\t\t\t\t\t\t\t\t\t\t\t\t\t<img loading=\"lazy\" decoding=\"async\" width=\"400\" height=\"400\" src=\"https:\/\/orillasnuevas.org\/wp-content\/uploads\/2024\/09\/Arnaud-Meunier.png\" class=\"attachment-full size-full wp-image-1515\" alt=\"\" srcset=\"https:\/\/orillasnuevas.org\/wp-content\/uploads\/2024\/09\/Arnaud-Meunier.png 400w, https:\/\/orillasnuevas.org\/wp-content\/uploads\/2024\/09\/Arnaud-Meunier-300x300.png 300w, https:\/\/orillasnuevas.org\/wp-content\/uploads\/2024\/09\/Arnaud-Meunier-150x150.png 150w, https:\/\/orillasnuevas.org\/wp-content\/uploads\/2024\/09\/Arnaud-Meunier-12x12.png 12w\" sizes=\"(max-width: 400px) 100vw, 400px\" \/>\t\t\t\t\t\t\t\t\t\t\t\t\t\t\t<\/div>\n\t\t\t\t<\/div>\n\t\t\t\t<div class=\"elementor-element elementor-element-1e375fb elementor-widget elementor-widget-text-editor\" data-id=\"1e375fb\" data-element_type=\"widget\" data-e-type=\"widget\" id=\"name6\" data-widget_type=\"text-editor.default\">\n\t\t\t\t<div class=\"elementor-widget-container\">\n\t\t\t\t\t\t\t\t\t<p>Arnaud Meunier<\/p>\t\t\t\t\t\t\t\t<\/div>\n\t\t\t\t<\/div>\n\t\t\t\t<div class=\"elementor-element elementor-element-c3b2e1a elementor-widget elementor-widget-image\" data-id=\"c3b2e1a\" data-element_type=\"widget\" data-e-type=\"widget\" id=\"arrowClosed6\" data-widget_type=\"image.default\">\n\t\t\t\t<div class=\"elementor-widget-container\">\n\t\t\t\t\t\t\t\t\t\t\t\t\t\t\t<img decoding=\"async\" width=\"68\" height=\"54\" src=\"https:\/\/orillasnuevas.org\/wp-content\/uploads\/2024\/09\/FlechaCortaRosa2-e1726110127130.webp\" class=\"attachment-full size-full wp-image-1383\" alt=\"\" srcset=\"https:\/\/orillasnuevas.org\/wp-content\/uploads\/2024\/09\/FlechaCortaRosa2-e1726110127130.webp 68w, https:\/\/orillasnuevas.org\/wp-content\/uploads\/2024\/09\/FlechaCortaRosa2-e1726110127130-15x12.webp 15w\" sizes=\"(max-width: 68px) 100vw, 68px\" \/>\t\t\t\t\t\t\t\t\t\t\t\t\t\t\t<\/div>\n\t\t\t\t<\/div>\n\t\t\t\t<div class=\"elementor-element elementor-element-00d5fc0 elementor-widget elementor-widget-image\" data-id=\"00d5fc0\" data-element_type=\"widget\" data-e-type=\"widget\" id=\"arrowOpened6\" data-widget_type=\"image.default\">\n\t\t\t\t<div class=\"elementor-widget-container\">\n\t\t\t\t\t\t\t\t\t\t\t\t\t\t\t<img loading=\"lazy\" decoding=\"async\" width=\"54\" height=\"68\" src=\"https:\/\/orillasnuevas.org\/wp-content\/uploads\/2024\/09\/FlechaCortaRosa.webp\" class=\"attachment-full size-full wp-image-527\" alt=\"\" srcset=\"https:\/\/orillasnuevas.org\/wp-content\/uploads\/2024\/09\/FlechaCortaRosa.webp 54w, https:\/\/orillasnuevas.org\/wp-content\/uploads\/2024\/09\/FlechaCortaRosa-10x12.webp 10w\" sizes=\"(max-width: 54px) 100vw, 54px\" \/>\t\t\t\t\t\t\t\t\t\t\t\t\t\t\t<\/div>\n\t\t\t\t<\/div>\n\t\t\t\t<div class=\"elementor-element elementor-element-66b1374 elementor-widget elementor-widget-text-editor\" data-id=\"66b1374\" data-element_type=\"widget\" data-e-type=\"widget\" id=\"text6\" data-widget_type=\"text-editor.default\">\n\t\t\t\t<div class=\"elementor-widget-container\">\n\t\t\t\t\t\t\t\t\t<p><span style=\"font-weight: 400;\">Metteur en sc\u00e8ne et dramaturge, <\/span><b>Arnaud Meunier<\/b><span style=\"font-weight: 400;\"> est reconnu pour ses cr\u00e9ations internationales, dont \u00ab Fore ! \u00bb de Aleshea Harris, cocr\u00e9\u00e9e avec The Californian Institute of the Arts de Los Angeles. En 2011, il prend la direction de la Com\u00e9die de Saint-\u00c9tienne et de l\u2019\u00c9cole sup\u00e9rieure d\u2019art dramatique, o\u00f9 il se consacre \u00e0 la transmission et \u00e0 l\u2019\u00e9mergence de nouveaux talents. Depuis le 1er janvier 2021, il dirige la Maison de la Culture de Grenoble (MC2). Sous sa direction, l\u2019institution a nou\u00e9 des partenariats avec le Br\u00e9sil et le Chili. En 2023, dans le cadre du plan \u00ab France 2030 \u00bb, la MC2 remporte l\u2019appel \u00e0 projet \u00ab Exp\u00e9rience augment\u00e9e du spectacle vivant \u00bb.<\/span><\/p>\t\t\t\t\t\t\t\t<\/div>\n\t\t\t\t<\/div>\n\t\t\t\t<\/div>\n\t\t<div class=\"elementor-element elementor-element-0e2506d e-con-full e-flex e-con e-child\" data-id=\"0e2506d\" data-element_type=\"container\" data-e-type=\"container\">\n\t\t\t\t<div class=\"elementor-element elementor-element-4ee9644 elementor-widget elementor-widget-image\" data-id=\"4ee9644\" data-element_type=\"widget\" data-e-type=\"widget\" id=\"img7\" data-widget_type=\"image.default\">\n\t\t\t\t<div class=\"elementor-widget-container\">\n\t\t\t\t\t\t\t\t\t\t\t\t\t\t\t<img loading=\"lazy\" decoding=\"async\" width=\"400\" height=\"400\" src=\"https:\/\/orillasnuevas.org\/wp-content\/uploads\/2024\/09\/Diana-Szeinblum.png\" class=\"attachment-full size-full wp-image-1518\" alt=\"\" srcset=\"https:\/\/orillasnuevas.org\/wp-content\/uploads\/2024\/09\/Diana-Szeinblum.png 400w, https:\/\/orillasnuevas.org\/wp-content\/uploads\/2024\/09\/Diana-Szeinblum-300x300.png 300w, https:\/\/orillasnuevas.org\/wp-content\/uploads\/2024\/09\/Diana-Szeinblum-150x150.png 150w, https:\/\/orillasnuevas.org\/wp-content\/uploads\/2024\/09\/Diana-Szeinblum-12x12.png 12w\" sizes=\"(max-width: 400px) 100vw, 400px\" \/>\t\t\t\t\t\t\t\t\t\t\t\t\t\t\t<\/div>\n\t\t\t\t<\/div>\n\t\t\t\t<div class=\"elementor-element elementor-element-de584b3 elementor-widget elementor-widget-text-editor\" data-id=\"de584b3\" data-element_type=\"widget\" data-e-type=\"widget\" id=\"name7\" data-widget_type=\"text-editor.default\">\n\t\t\t\t<div class=\"elementor-widget-container\">\n\t\t\t\t\t\t\t\t\t<p>Diana Szeinblum<\/p>\t\t\t\t\t\t\t\t<\/div>\n\t\t\t\t<\/div>\n\t\t\t\t<div class=\"elementor-element elementor-element-57bbc18 elementor-widget elementor-widget-image\" data-id=\"57bbc18\" data-element_type=\"widget\" data-e-type=\"widget\" id=\"arrowClosed7\" data-widget_type=\"image.default\">\n\t\t\t\t<div class=\"elementor-widget-container\">\n\t\t\t\t\t\t\t\t\t\t\t\t\t\t\t<img decoding=\"async\" width=\"68\" height=\"54\" src=\"https:\/\/orillasnuevas.org\/wp-content\/uploads\/2024\/09\/FlechaCortaRosa2-e1726110127130.webp\" class=\"attachment-full size-full wp-image-1383\" alt=\"\" srcset=\"https:\/\/orillasnuevas.org\/wp-content\/uploads\/2024\/09\/FlechaCortaRosa2-e1726110127130.webp 68w, https:\/\/orillasnuevas.org\/wp-content\/uploads\/2024\/09\/FlechaCortaRosa2-e1726110127130-15x12.webp 15w\" sizes=\"(max-width: 68px) 100vw, 68px\" \/>\t\t\t\t\t\t\t\t\t\t\t\t\t\t\t<\/div>\n\t\t\t\t<\/div>\n\t\t\t\t<div class=\"elementor-element elementor-element-fe1c4ce elementor-widget elementor-widget-image\" data-id=\"fe1c4ce\" data-element_type=\"widget\" data-e-type=\"widget\" id=\"arrowOpened7\" data-widget_type=\"image.default\">\n\t\t\t\t<div class=\"elementor-widget-container\">\n\t\t\t\t\t\t\t\t\t\t\t\t\t\t\t<img loading=\"lazy\" decoding=\"async\" width=\"54\" height=\"68\" src=\"https:\/\/orillasnuevas.org\/wp-content\/uploads\/2024\/09\/FlechaCortaRosa.webp\" class=\"attachment-full size-full wp-image-527\" alt=\"\" srcset=\"https:\/\/orillasnuevas.org\/wp-content\/uploads\/2024\/09\/FlechaCortaRosa.webp 54w, https:\/\/orillasnuevas.org\/wp-content\/uploads\/2024\/09\/FlechaCortaRosa-10x12.webp 10w\" sizes=\"(max-width: 54px) 100vw, 54px\" \/>\t\t\t\t\t\t\t\t\t\t\t\t\t\t\t<\/div>\n\t\t\t\t<\/div>\n\t\t\t\t<div class=\"elementor-element elementor-element-05bf975 elementor-widget elementor-widget-text-editor\" data-id=\"05bf975\" data-element_type=\"widget\" data-e-type=\"widget\" id=\"text7\" data-widget_type=\"text-editor.default\">\n\t\t\t\t<div class=\"elementor-widget-container\">\n\t\t\t\t\t\t\t\t\t<span style=\"font-weight: 400;\">Danseuse et chor\u00e9graphe, <br><\/span><b>Diana Szeinblum<\/b><span style=\"font-weight: 400;\"> a \u00e9tudi\u00e9 \u00e0 la Folkwang School for Music, Dance and Speech en Allemagne avant de rejoindre la compagnie de Pina Bausch. Reconnue pour ses cr\u00e9ations internationales, elle a re\u00e7u de nombreux prix en tant que chor\u00e9graphe et interpr\u00e8te. Elle est une figure incontournable de l'enseignement artistique, organisant des ateliers pour artistes de toutes disciplines. Ses \u0153uvres ont \u00e9t\u00e9 pr\u00e9sent\u00e9es mondialement dans des festivals et th\u00e9\u00e2tres. Collaboratrice de prestigieuses institutions comme le Teatro Colon, elle a sign\u00e9 plusieurs publications sur la danse.<\/span>\t\t\t\t\t\t\t\t<\/div>\n\t\t\t\t<\/div>\n\t\t\t\t<\/div>\n\t\t<div class=\"elementor-element elementor-element-654d813 e-con-full e-flex e-con e-child\" data-id=\"654d813\" data-element_type=\"container\" data-e-type=\"container\">\n\t\t\t\t<div class=\"elementor-element elementor-element-03e0bec elementor-widget elementor-widget-image\" data-id=\"03e0bec\" data-element_type=\"widget\" data-e-type=\"widget\" id=\"img8\" data-widget_type=\"image.default\">\n\t\t\t\t<div class=\"elementor-widget-container\">\n\t\t\t\t\t\t\t\t\t\t\t\t\t\t\t<img loading=\"lazy\" decoding=\"async\" width=\"400\" height=\"400\" src=\"https:\/\/orillasnuevas.org\/wp-content\/uploads\/2024\/09\/Michele-Ziegler.png\" class=\"attachment-full size-full wp-image-1520\" alt=\"\" srcset=\"https:\/\/orillasnuevas.org\/wp-content\/uploads\/2024\/09\/Michele-Ziegler.png 400w, https:\/\/orillasnuevas.org\/wp-content\/uploads\/2024\/09\/Michele-Ziegler-300x300.png 300w, https:\/\/orillasnuevas.org\/wp-content\/uploads\/2024\/09\/Michele-Ziegler-150x150.png 150w, https:\/\/orillasnuevas.org\/wp-content\/uploads\/2024\/09\/Michele-Ziegler-12x12.png 12w\" sizes=\"(max-width: 400px) 100vw, 400px\" \/>\t\t\t\t\t\t\t\t\t\t\t\t\t\t\t<\/div>\n\t\t\t\t<\/div>\n\t\t\t\t<div class=\"elementor-element elementor-element-a07f4f8 elementor-widget elementor-widget-text-editor\" data-id=\"a07f4f8\" data-element_type=\"widget\" data-e-type=\"widget\" id=\"name8\" data-widget_type=\"text-editor.default\">\n\t\t\t\t<div class=\"elementor-widget-container\">\n\t\t\t\t\t\t\t\t\t<p>Michele Ziegler<\/p>\t\t\t\t\t\t\t\t<\/div>\n\t\t\t\t<\/div>\n\t\t\t\t<div class=\"elementor-element elementor-element-7571b9a elementor-widget elementor-widget-image\" data-id=\"7571b9a\" data-element_type=\"widget\" data-e-type=\"widget\" id=\"arrowClosed8\" data-widget_type=\"image.default\">\n\t\t\t\t<div class=\"elementor-widget-container\">\n\t\t\t\t\t\t\t\t\t\t\t\t\t\t\t<img decoding=\"async\" width=\"68\" height=\"54\" src=\"https:\/\/orillasnuevas.org\/wp-content\/uploads\/2024\/09\/FlechaCortaRosa2-e1726110127130.webp\" class=\"attachment-full size-full wp-image-1383\" alt=\"\" srcset=\"https:\/\/orillasnuevas.org\/wp-content\/uploads\/2024\/09\/FlechaCortaRosa2-e1726110127130.webp 68w, https:\/\/orillasnuevas.org\/wp-content\/uploads\/2024\/09\/FlechaCortaRosa2-e1726110127130-15x12.webp 15w\" sizes=\"(max-width: 68px) 100vw, 68px\" \/>\t\t\t\t\t\t\t\t\t\t\t\t\t\t\t<\/div>\n\t\t\t\t<\/div>\n\t\t\t\t<div class=\"elementor-element elementor-element-4f6e1f3 elementor-widget elementor-widget-image\" data-id=\"4f6e1f3\" data-element_type=\"widget\" data-e-type=\"widget\" id=\"arrowOpened8\" data-widget_type=\"image.default\">\n\t\t\t\t<div class=\"elementor-widget-container\">\n\t\t\t\t\t\t\t\t\t\t\t\t\t\t\t<img loading=\"lazy\" decoding=\"async\" width=\"54\" height=\"68\" src=\"https:\/\/orillasnuevas.org\/wp-content\/uploads\/2024\/09\/FlechaCortaRosa.webp\" class=\"attachment-full size-full wp-image-527\" alt=\"\" srcset=\"https:\/\/orillasnuevas.org\/wp-content\/uploads\/2024\/09\/FlechaCortaRosa.webp 54w, https:\/\/orillasnuevas.org\/wp-content\/uploads\/2024\/09\/FlechaCortaRosa-10x12.webp 10w\" sizes=\"(max-width: 54px) 100vw, 54px\" \/>\t\t\t\t\t\t\t\t\t\t\t\t\t\t\t<\/div>\n\t\t\t\t<\/div>\n\t\t\t\t<div class=\"elementor-element elementor-element-ef2cc3a elementor-widget elementor-widget-text-editor\" data-id=\"ef2cc3a\" data-element_type=\"widget\" data-e-type=\"widget\" id=\"text8\" data-widget_type=\"text-editor.default\">\n\t\t\t\t<div class=\"elementor-widget-container\">\n\t\t\t\t\t\t\t\t\t<p><span style=\"font-weight: 400;\">Depuis 2018, <\/span><b>Michele Ziegler<\/b><span style=\"font-weight: 400;\"> contribue au dynamisme du Forum des images \u00e0 Paris, o\u00f9 elle a men\u00e9 diverses missions li\u00e9es \u00e0 la cr\u00e9ation num\u00e9rique. Elle a notamment supervis\u00e9 l\u2019ouverture de la premi\u00e8re \u00e9cole de cr\u00e9ation num\u00e9rique gratuite pour les 12-18 ans de France, TUMO. En 2022, elle devient directrice du NewImages Festival &amp; Hub, un festival d\u00e9di\u00e9 \u00e0 la cr\u00e9ation num\u00e9rique et \u00e0 la r\u00e9alit\u00e9 virtuelle. Passionn\u00e9e par l\u2019acc\u00e8s \u00e0 ces nouvelles formes d\u2019art, elle s\u2019efforce d\u2019en \u00e9largir l\u2019audience, que ce soit du c\u00f4t\u00e9 des cr\u00e9ateurs ou du public.<\/span><\/p>\t\t\t\t\t\t\t\t<\/div>\n\t\t\t\t<\/div>\n\t\t\t\t<\/div>\n\t\t<div class=\"elementor-element elementor-element-59562ae e-con-full elementor-hidden-tablet elementor-hidden-mobile greyBlock e-flex e-con e-child\" data-id=\"59562ae\" data-element_type=\"container\" data-e-type=\"container\">\n\t\t\t\t<div class=\"elementor-element elementor-element-7c96a63 noCursor elementor-widget elementor-widget-image\" data-id=\"7c96a63\" data-element_type=\"widget\" data-e-type=\"widget\" data-widget_type=\"image.default\">\n\t\t\t\t<div class=\"elementor-widget-container\">\n\t\t\t\t\t\t\t\t\t\t\t\t\t\t\t<img loading=\"lazy\" decoding=\"async\" width=\"400\" height=\"400\" src=\"https:\/\/orillasnuevas.org\/wp-content\/uploads\/2024\/09\/Michele-Ziegler.png\" class=\"attachment-full size-full wp-image-1520\" alt=\"\" srcset=\"https:\/\/orillasnuevas.org\/wp-content\/uploads\/2024\/09\/Michele-Ziegler.png 400w, https:\/\/orillasnuevas.org\/wp-content\/uploads\/2024\/09\/Michele-Ziegler-300x300.png 300w, https:\/\/orillasnuevas.org\/wp-content\/uploads\/2024\/09\/Michele-Ziegler-150x150.png 150w, https:\/\/orillasnuevas.org\/wp-content\/uploads\/2024\/09\/Michele-Ziegler-12x12.png 12w\" sizes=\"(max-width: 400px) 100vw, 400px\" \/>\t\t\t\t\t\t\t\t\t\t\t\t\t\t\t<\/div>\n\t\t\t\t<\/div>\n\t\t\t\t<\/div>\n\t\t\t\t\t<\/div>\n\t\t\t\t<\/div>\n\t\t<div class=\"elementor-element elementor-element-e4db7a5 e-flex e-con-boxed e-con e-parent\" data-id=\"e4db7a5\" data-element_type=\"container\" data-e-type=\"container\" id=\"latelier\" data-settings=\"{&quot;background_background&quot;:&quot;classic&quot;}\">\n\t\t\t\t\t<div class=\"e-con-inner\">\n\t\t\t\t\t<\/div>\n\t\t\t\t<\/div>\n\t\t<div class=\"elementor-element elementor-element-2a2b96b e-flex e-con-boxed e-con e-parent\" data-id=\"2a2b96b\" data-element_type=\"container\" data-e-type=\"container\" data-settings=\"{&quot;background_background&quot;:&quot;classic&quot;}\">\n\t\t\t\t\t<div class=\"e-con-inner\">\n\t\t\t\t<div class=\"elementor-element elementor-element-975d1a7 elementor-widget elementor-widget-heading\" data-id=\"975d1a7\" data-element_type=\"widget\" data-e-type=\"widget\" data-widget_type=\"heading.default\">\n\t\t\t\t<div class=\"elementor-widget-container\">\n\t\t\t\t\t<h2 class=\"elementor-heading-title elementor-size-default\">i'ATELIER DE ORILLAS NUEVAS<\/h2>\t\t\t\t<\/div>\n\t\t\t\t<\/div>\n\t\t\t\t<div class=\"elementor-element elementor-element-8d3668a elementor-widget elementor-widget-image\" data-id=\"8d3668a\" data-element_type=\"widget\" data-e-type=\"widget\" data-widget_type=\"image.default\">\n\t\t\t\t<div class=\"elementor-widget-container\">\n\t\t\t\t\t\t\t\t\t\t\t\t\t\t\t<img decoding=\"async\" width=\"54\" height=\"98\" src=\"https:\/\/orillasnuevas.org\/wp-content\/uploads\/2024\/09\/FlechaLargaRosa.webp\" class=\"attachment-full size-full wp-image-529\" alt=\"\" srcset=\"https:\/\/orillasnuevas.org\/wp-content\/uploads\/2024\/09\/FlechaLargaRosa.webp 54w, https:\/\/orillasnuevas.org\/wp-content\/uploads\/2024\/09\/FlechaLargaRosa-7x12.webp 7w\" sizes=\"(max-width: 54px) 100vw, 54px\" \/>\t\t\t\t\t\t\t\t\t\t\t\t\t\t\t<\/div>\n\t\t\t\t<\/div>\n\t\t\t\t<div class=\"elementor-element elementor-element-607e7b8 elementor-widget__width-initial elementor-widget elementor-widget-text-editor\" data-id=\"607e7b8\" data-element_type=\"widget\" data-e-type=\"widget\" data-widget_type=\"text-editor.default\">\n\t\t\t\t<div class=\"elementor-widget-container\">\n\t\t\t\t\t\t\t\t\t<p><b>L\u2019\u00e9tape d\u2019accompagnement des projets s\u00e9lectionn\u00e9s a d\u00e9marr\u00e9 avec l'Atelier, une semaine intensive et en pr\u00e9sentiel qui s\u2019est d\u00e9roul\u00e9e du <\/b><span style=\"font-weight: 400;\">25 au 29 novembre 2024 \u00e0 Buenos Aires.<\/span><\/p>\t\t\t\t\t\t\t\t<\/div>\n\t\t\t\t<\/div>\n\t\t\t\t<div class=\"elementor-element elementor-element-481b7b4 elementor-widget__width-initial elementor-widget elementor-widget-text-editor\" data-id=\"481b7b4\" data-element_type=\"widget\" data-e-type=\"widget\" data-widget_type=\"text-editor.default\">\n\t\t\t\t<div class=\"elementor-widget-container\">\n\t\t\t\t\t\t\t\t\t<p><span style=\"font-weight: 400;\">Tout au long de cette phase du programme <\/span><b>\u00ab Orillas Nuevas ~ Nouveaux Rivages \u00bb<\/b><span style=\"font-weight: 400;\">les 31 \u00e9quipes ont b\u00e9n\u00e9fici\u00e9 de sessions de mentorat, de conf\u00e9rences et de workshops anim\u00e9s par des sp\u00e9cialistes fran\u00e7ais et argentins li\u00e9s aux industries culturelles et cr\u00e9atives (ICC) des deux pays. Ce fut l\u2019occasion de partager des exp\u00e9riences, d\u2019int\u00e9grer de nouvelles connaissances, d\u2019\u00e9changer avec des coll\u00e8gues et d\u2019encourager des liens professionnels. En m\u00eame temps, ce fut \u00e9galement un cadre individuel o\u00f9 chacun des porteurs des projets a \u00e9t\u00e9 \u00e9cout\u00e9 et suivi d\u2019une mani\u00e8re personnalis\u00e9e, sp\u00e9cialement con\u00e7ue selon leurs besoins sp\u00e9cifiques.<\/span><\/p><p><span style=\"font-weight: 400;\">Les activit\u00e9s de <\/span><span style=\"font-weight: 400;\">l&#8217;Atelier<\/span><span style=\"font-weight: 400;\"> ont fourni des cl\u00e9s et des outils pertinents pour aborder des sujets comme l\u2019exp\u00e9rience de l\u2019usager, le marketing, l\u2019\u00e9criture, les publics, la production et la gestion, les partenariats avec les bailleurs de fonds, la durabilit\u00e9 des projets culturels, l\u2019empreinte num\u00e9rique, la communication et l\u2019identit\u00e9, entre autres.<\/span><\/p>\t\t\t\t\t\t\t\t<\/div>\n\t\t\t\t<\/div>\n\t\t\t\t\t<\/div>\n\t\t\t\t<\/div>\n\t\t<div class=\"elementor-element elementor-element-a17565e customDotsOn e-flex e-con-boxed e-con e-parent\" data-id=\"a17565e\" data-element_type=\"container\" data-e-type=\"container\" data-settings=\"{&quot;background_background&quot;:&quot;classic&quot;}\">\n\t\t\t\t\t<div class=\"e-con-inner\">\n\t\t\t\t<div class=\"elementor-element elementor-element-faad305 elementor-widget__width-initial elementor-widget elementor-widget-eael-adv-accordion\" data-id=\"faad305\" data-element_type=\"widget\" data-e-type=\"widget\" id=\"atelierList\" data-widget_type=\"eael-adv-accordion.default\">\n\t\t\t\t<div class=\"elementor-widget-container\">\n\t\t\t\t\t            <div class=\"eael-adv-accordion\" id=\"eael-adv-accordion-faad305\" data-scroll-on-click=\"no\" data-scroll-speed=\"300\" data-accordion-id=\"faad305\" data-accordion-type=\"accordion\" data-toogle-speed=\"300\">\n            <div class=\"eael-accordion-list\">\n\t\t\t\t\t<div id=\"latelier-en-nmeros\" class=\"elementor-tab-title eael-accordion-header active-default\" tabindex=\"0\" data-tab=\"1\" aria-controls=\"elementor-tab-content-2621\"><span class=\"eael-accordion-tab-title\">l'Atelier en chiffres<\/span><svg aria-hidden=\"true\" class=\"fa-toggle e-font-icon-svg e-fas-arrow-down\" viewbox=\"0 0 448 512\" xmlns=\"http:\/\/www.w3.org\/2000\/svg\"><path d=\"M413.1 222.5l22.2 22.2c9.4 9.4 9.4 24.6 0 33.9L241 473c-9.4 9.4-24.6 9.4-33.9 0L12.7 278.6c-9.4-9.4-9.4-24.6 0-33.9l22.2-22.2c9.5-9.5 25-9.3 34.3.4L184 343.4V56c0-13.3 10.7-24 24-24h32c13.3 0 24 10.7 24 24v287.4l114.8-120.5c9.3-9.8 24.8-10 34.3-.4z\"><\/path><\/svg><\/div><div id=\"elementor-tab-content-2621\" class=\"eael-accordion-content clearfix active-default\" data-tab=\"1\" aria-labelledby=\"latelier-en-nmeros\"><ul><li><span style=\"font-weight: 400\">Plus de 120 personnes y ont particip\u00e9, dont des artistes, des cr\u00e9ateurs, des entrepreneurs et sp\u00e9cialistes relevant des industries culturelles et cr\u00e9atives d\u2019Argentine et de France.<\/span><\/li><li><span style=\"font-weight: 400\">Du mardi 26 au vendredi 29 novembre, 6 conf\u00e9rences pl\u00e9ni\u00e8res ont eu lieu, dont les interventions de Claire Dupont, directrice du th\u00e9\u00e2tre de la Bastille \u00e0 Paris, et de Graciela Speranza, essayiste, conteuse et sc\u00e9nariste.<\/span><\/li><li><span style=\"font-weight: 400\">Consultant en communication et gestion des publics, Vincent Poussou a donn\u00e9 une masterclasse publique dans le Mus\u00e9e national des Beaux-Arts le mercredi 27 novembre, en plus des sessions de mentorat qu\u2019il a men\u00e9es aupr\u00e8s de plusieurs projets.<\/span><\/li><li><span style=\"font-weight: 400\">Au total, 72 sessions de mentorat ont \u00e9t\u00e9 organis\u00e9es : des s\u00e9ances de travail individuelles, projet par projet, anim\u00e9es par 9 professionnels fran\u00e7ais (sc\u00e9naristes, producteurs, consultants et directeurs d\u2019institutions culturelles).<\/span><\/li><li><span style=\"font-weight: 400\">14 tables de travail ont propos\u00e9 des notions adapt\u00e9es aux projets culturels, \u00e0 savoir l\u2019exp\u00e9rience UX, la construction d\u2019une identit\u00e9 visuelle, la communication \u00e0 l\u2019\u00e8re num\u00e9rique, le processus d\u2019\u00e9criture, la fonction du marketing\u2026<\/span><a class=\"zReHs\" href=\"https:\/\/symbl.cc\/es\/25CF\/\"><br \/><\/a><\/li><li><span style=\"font-weight: 400\">Les activit\u00e9s ont eu lieu \u00e0 l\u2019Ambassade de France en Argentine, \u00e0 la fondation Williams, \u00e0 la fondation Medif\u00e9, \u00e0 l\u2019Alliance fran\u00e7aise de Buenos Aires, au Mus\u00e9e national des Beaux-Arts, au Centre culturel Borges, \u00e0 Artlab et au Novotel.<\/span><\/li><\/ul><\/div>\n\t\t\t\t\t<\/div><\/div>\t\t\t\t<\/div>\n\t\t\t\t<\/div>\n\t\t\t\t<div class=\"elementor-element elementor-element-db8ecd2 elementor-widget__width-initial elementor-widget elementor-widget-text-editor\" data-id=\"db8ecd2\" data-element_type=\"widget\" data-e-type=\"widget\" id=\"anchorAtelier\" data-widget_type=\"text-editor.default\">\n\t\t\t\t<div class=\"elementor-widget-container\">\n\t\t\t\t\t\t\t\t\t<p><strong>Nous vous invitons \u00e0 vous abonner \u00e0 <a href=\"https:\/\/www.youtube.com\/@orillasnuevas\" target=\"_blank\" rel=\"noopener\">notre canal YouTube<\/a> et \u00e0 explorer les tables rondes, entretiens et autres temps forts v\u00e9cus lors de l'Atelier.<\/strong><\/p>\t\t\t\t\t\t\t\t<\/div>\n\t\t\t\t<\/div>\n\t\t\t\t\t<\/div>\n\t\t\t\t<\/div>\n\t\t<div class=\"elementor-element elementor-element-41df375 e-flex e-con-boxed e-con e-parent\" data-id=\"41df375\" data-element_type=\"container\" data-e-type=\"container\" id=\"acompanamiento\" data-settings=\"{&quot;background_background&quot;:&quot;classic&quot;}\">\n\t\t\t\t\t<div class=\"e-con-inner\">\n\t\t\t\t<div class=\"elementor-element elementor-element-7d1209e elementor-widget elementor-widget-heading\" data-id=\"7d1209e\" data-element_type=\"widget\" data-e-type=\"widget\" data-widget_type=\"heading.default\">\n\t\t\t\t<div class=\"elementor-widget-container\">\n\t\t\t\t\t<h2 class=\"elementor-heading-title elementor-size-default\">Accompagnement<\/h2>\t\t\t\t<\/div>\n\t\t\t\t<\/div>\n\t\t\t\t<div class=\"elementor-element elementor-element-63af66b elementor-widget elementor-widget-text-editor\" data-id=\"63af66b\" data-element_type=\"widget\" data-e-type=\"widget\" id=\"mentorias\" data-widget_type=\"text-editor.default\">\n\t\t\t\t<div class=\"elementor-widget-container\">\n\t\t\t\t\t\t\t\t\t<p>MENTORATS<\/p>\t\t\t\t\t\t\t\t<\/div>\n\t\t\t\t<\/div>\n\t\t\t\t\t<\/div>\n\t\t\t\t<\/div>\n\t\t<div class=\"elementor-element elementor-element-a0c2266 e-flex e-con-boxed e-con e-parent\" data-id=\"a0c2266\" data-element_type=\"container\" data-e-type=\"container\" id=\"mentors\">\n\t\t\t\t\t<div class=\"e-con-inner\">\n\t\t<div class=\"elementor-element elementor-element-d02e410 e-con-full e-flex e-con e-child\" data-id=\"d02e410\" data-element_type=\"container\" data-e-type=\"container\">\n\t\t\t\t<div class=\"elementor-element elementor-element-42eaec6 elementor-widget elementor-widget-image\" data-id=\"42eaec6\" data-element_type=\"widget\" data-e-type=\"widget\" id=\"mentorsImg10\" data-widget_type=\"image.default\">\n\t\t\t\t<div class=\"elementor-widget-container\">\n\t\t\t\t\t\t\t\t\t\t\t\t\t\t\t<img loading=\"lazy\" decoding=\"async\" width=\"400\" height=\"400\" src=\"https:\/\/orillasnuevas.org\/wp-content\/uploads\/2025\/05\/1-Alice-Lepetit-1.png\" class=\"attachment-full size-full wp-image-4763\" alt=\"\" srcset=\"https:\/\/orillasnuevas.org\/wp-content\/uploads\/2025\/05\/1-Alice-Lepetit-1.png 400w, https:\/\/orillasnuevas.org\/wp-content\/uploads\/2025\/05\/1-Alice-Lepetit-1-300x300.png 300w, https:\/\/orillasnuevas.org\/wp-content\/uploads\/2025\/05\/1-Alice-Lepetit-1-150x150.png 150w, https:\/\/orillasnuevas.org\/wp-content\/uploads\/2025\/05\/1-Alice-Lepetit-1-12x12.png 12w\" sizes=\"(max-width: 400px) 100vw, 400px\" \/>\t\t\t\t\t\t\t\t\t\t\t\t\t\t\t<\/div>\n\t\t\t\t<\/div>\n\t\t\t\t<div class=\"elementor-element elementor-element-7cb0d1d elementor-widget elementor-widget-text-editor\" data-id=\"7cb0d1d\" data-element_type=\"widget\" data-e-type=\"widget\" id=\"mentorsName10\" data-widget_type=\"text-editor.default\">\n\t\t\t\t<div class=\"elementor-widget-container\">\n\t\t\t\t\t\t\t\t\t<p>Alice Lepetit<\/p>\t\t\t\t\t\t\t\t<\/div>\n\t\t\t\t<\/div>\n\t\t\t\t<div class=\"elementor-element elementor-element-7aab9c8 elementor-widget elementor-widget-image\" data-id=\"7aab9c8\" data-element_type=\"widget\" data-e-type=\"widget\" id=\"arrowClosed10\" data-widget_type=\"image.default\">\n\t\t\t\t<div class=\"elementor-widget-container\">\n\t\t\t\t\t\t\t\t\t\t\t\t\t\t\t<img decoding=\"async\" width=\"68\" height=\"54\" src=\"https:\/\/orillasnuevas.org\/wp-content\/uploads\/2024\/09\/FlechaCortaRosa2-e1726110127130.webp\" class=\"attachment-full size-full wp-image-1383\" alt=\"\" srcset=\"https:\/\/orillasnuevas.org\/wp-content\/uploads\/2024\/09\/FlechaCortaRosa2-e1726110127130.webp 68w, https:\/\/orillasnuevas.org\/wp-content\/uploads\/2024\/09\/FlechaCortaRosa2-e1726110127130-15x12.webp 15w\" sizes=\"(max-width: 68px) 100vw, 68px\" \/>\t\t\t\t\t\t\t\t\t\t\t\t\t\t\t<\/div>\n\t\t\t\t<\/div>\n\t\t\t\t<div class=\"elementor-element elementor-element-cec6a79 elementor-widget elementor-widget-image\" data-id=\"cec6a79\" data-element_type=\"widget\" data-e-type=\"widget\" id=\"arrowOpened10\" data-widget_type=\"image.default\">\n\t\t\t\t<div class=\"elementor-widget-container\">\n\t\t\t\t\t\t\t\t\t\t\t\t\t\t\t<img loading=\"lazy\" decoding=\"async\" width=\"54\" height=\"68\" src=\"https:\/\/orillasnuevas.org\/wp-content\/uploads\/2024\/09\/FlechaCortaRosa.webp\" class=\"attachment-full size-full wp-image-527\" alt=\"\" srcset=\"https:\/\/orillasnuevas.org\/wp-content\/uploads\/2024\/09\/FlechaCortaRosa.webp 54w, https:\/\/orillasnuevas.org\/wp-content\/uploads\/2024\/09\/FlechaCortaRosa-10x12.webp 10w\" sizes=\"(max-width: 54px) 100vw, 54px\" \/>\t\t\t\t\t\t\t\t\t\t\t\t\t\t\t<\/div>\n\t\t\t\t<\/div>\n\t\t\t\t<div class=\"elementor-element elementor-element-02a8256 elementor-widget elementor-widget-text-editor\" data-id=\"02a8256\" data-element_type=\"widget\" data-e-type=\"widget\" id=\"mentorsText10\" data-widget_type=\"text-editor.default\">\n\t\t\t\t<div class=\"elementor-widget-container\">\n\t\t\t\t\t\t\t\t\t<p><b>Alice Lepetit<\/b><span style=\"font-weight: 400;\"> est designer et r\u00e9alisatrice, sp\u00e9cialis\u00e9e dans les exp\u00e9riences narratives num\u00e9riques et immersives. Dipl\u00f4m\u00e9e d\u2019Olivier de Serres en 2013, puis des Gobelins et de l\u2019Enjmin en 2018, elle oriente ses \u00e9tudes du design graphique vers le jeu vid\u00e9o et s\u2019int\u00e9resse de pr\u00e8s \u00e0 la mani\u00e8re de raconter des histoires par l\u2019interactivit\u00e9. Depuis 2019, elle intervient sur l\u2019UX, le game design et le sc\u00e9nario aupr\u00e8s de producteurs et studios XR, de compagnies de spectacle vivant et d'institutions culturelles (Tamanoir Immersive Studio, Lucid Realities, Atelier Daruma, Atlas V, Meaningful, Fheel Concept, la BNF...).<\/span><\/p><p><span style=\"font-weight: 400;\">Cofondatrice d'Eclipse Creative Studio, Alice produit et r\u00e9alise des \u0153uvres immersives comme To Make You Dream, un voyage onirique en territoire Sapara, peuple indig\u00e8ne d'Amazonie \u00c9quatorienne, et Eden, une dystopie qui questionne l'influence des filtres AR sur l'estime de soi. En parall\u00e8le, elle co-r\u00e9alise avec St\u00e9phanie Doncker, un jeu vid\u00e9o sur la m\u00e9moire transg\u00e9n\u00e9alogique, Les N\u0153uds, produit par Oriane Hurard chez Atlas V. Alice est par ailleurs membre actif d'EliXR, union des ind\u00e9pendant\u2022es de la cr\u00e9ation num\u00e9rique et s'engage dans la protection et la valorisation des droits des cr\u00e9ateur\u2022rices de son secteur.<\/span><\/p><p><span style=\"font-weight: 400;\">A trav\u00e9s de la asociaci\u00f3n ELIXR, Alice se compromete a garantizar el respeto de los derechos de los creadores dentro de su industria.<\/span><\/p>\t\t\t\t\t\t\t\t<\/div>\n\t\t\t\t<\/div>\n\t\t\t\t<\/div>\n\t\t<div class=\"elementor-element elementor-element-51d33f3 e-con-full e-flex e-con e-child\" data-id=\"51d33f3\" data-element_type=\"container\" data-e-type=\"container\">\n\t\t\t\t<div class=\"elementor-element elementor-element-7ce3b45 elementor-widget elementor-widget-image\" data-id=\"7ce3b45\" data-element_type=\"widget\" data-e-type=\"widget\" id=\"mentorsImg11\" data-widget_type=\"image.default\">\n\t\t\t\t<div class=\"elementor-widget-container\">\n\t\t\t\t\t\t\t\t\t\t\t\t\t\t\t<img loading=\"lazy\" decoding=\"async\" width=\"400\" height=\"400\" src=\"https:\/\/orillasnuevas.org\/wp-content\/uploads\/2025\/05\/2-Anne-Claire-Lehembre-1.png\" class=\"attachment-full size-full wp-image-4756\" alt=\"\" srcset=\"https:\/\/orillasnuevas.org\/wp-content\/uploads\/2025\/05\/2-Anne-Claire-Lehembre-1.png 400w, https:\/\/orillasnuevas.org\/wp-content\/uploads\/2025\/05\/2-Anne-Claire-Lehembre-1-300x300.png 300w, https:\/\/orillasnuevas.org\/wp-content\/uploads\/2025\/05\/2-Anne-Claire-Lehembre-1-150x150.png 150w, https:\/\/orillasnuevas.org\/wp-content\/uploads\/2025\/05\/2-Anne-Claire-Lehembre-1-12x12.png 12w\" sizes=\"(max-width: 400px) 100vw, 400px\" \/>\t\t\t\t\t\t\t\t\t\t\t\t\t\t\t<\/div>\n\t\t\t\t<\/div>\n\t\t\t\t<div class=\"elementor-element elementor-element-d6968ff elementor-widget elementor-widget-text-editor\" data-id=\"d6968ff\" data-element_type=\"widget\" data-e-type=\"widget\" id=\"mentorsName11\" data-widget_type=\"text-editor.default\">\n\t\t\t\t<div class=\"elementor-widget-container\">\n\t\t\t\t\t\t\t\t\t<p>Anne-Claire Lehembre<\/p>\t\t\t\t\t\t\t\t<\/div>\n\t\t\t\t<\/div>\n\t\t\t\t<div class=\"elementor-element elementor-element-3163c33 elementor-widget elementor-widget-image\" data-id=\"3163c33\" data-element_type=\"widget\" data-e-type=\"widget\" id=\"arrowClosed11\" data-widget_type=\"image.default\">\n\t\t\t\t<div class=\"elementor-widget-container\">\n\t\t\t\t\t\t\t\t\t\t\t\t\t\t\t<img decoding=\"async\" width=\"68\" height=\"54\" src=\"https:\/\/orillasnuevas.org\/wp-content\/uploads\/2024\/09\/FlechaCortaRosa2-e1726110127130.webp\" class=\"attachment-full size-full wp-image-1383\" alt=\"\" srcset=\"https:\/\/orillasnuevas.org\/wp-content\/uploads\/2024\/09\/FlechaCortaRosa2-e1726110127130.webp 68w, https:\/\/orillasnuevas.org\/wp-content\/uploads\/2024\/09\/FlechaCortaRosa2-e1726110127130-15x12.webp 15w\" sizes=\"(max-width: 68px) 100vw, 68px\" \/>\t\t\t\t\t\t\t\t\t\t\t\t\t\t\t<\/div>\n\t\t\t\t<\/div>\n\t\t\t\t<div class=\"elementor-element elementor-element-791f753 elementor-widget elementor-widget-image\" data-id=\"791f753\" data-element_type=\"widget\" data-e-type=\"widget\" id=\"arrowOpened11\" data-widget_type=\"image.default\">\n\t\t\t\t<div class=\"elementor-widget-container\">\n\t\t\t\t\t\t\t\t\t\t\t\t\t\t\t<img loading=\"lazy\" decoding=\"async\" width=\"54\" height=\"68\" src=\"https:\/\/orillasnuevas.org\/wp-content\/uploads\/2024\/09\/FlechaCortaRosa.webp\" class=\"attachment-full size-full wp-image-527\" alt=\"\" srcset=\"https:\/\/orillasnuevas.org\/wp-content\/uploads\/2024\/09\/FlechaCortaRosa.webp 54w, https:\/\/orillasnuevas.org\/wp-content\/uploads\/2024\/09\/FlechaCortaRosa-10x12.webp 10w\" sizes=\"(max-width: 54px) 100vw, 54px\" \/>\t\t\t\t\t\t\t\t\t\t\t\t\t\t\t<\/div>\n\t\t\t\t<\/div>\n\t\t\t\t<div class=\"elementor-element elementor-element-bd2291e elementor-widget elementor-widget-text-editor\" data-id=\"bd2291e\" data-element_type=\"widget\" data-e-type=\"widget\" id=\"mentorsText11\" data-widget_type=\"text-editor.default\">\n\t\t\t\t<div class=\"elementor-widget-container\">\n\t\t\t\t\t\t\t\t\t<p><b>Anne-Claire Lehembre<\/b><span style=\"font-weight: 400;\"> est sc\u00e9nariste. Elle \u00e9crit des histoires pour des s\u00e9ries d\u2019animation depuis bient\u00f4t 20 ans. En 2015, aux c\u00f4t\u00e9s de Delphine Maury (Tant Mieux Prod), elle s\u2019est plong\u00e9e dans un ambitieux projet qui a dur\u00e9 8 ans : l\u2019adaptation du roman Tobie Lolness en un feuilleton de 13x52 minutes. Depuis quelques ann\u00e9es, elle travaille essentiellement pour le cin\u00e9ma. Elle notamment particip\u00e9 \u00e0 deux longs-m\u00e9trages d\u2019animation, qui parlent de nature et de diff\u00e9rence : L\u2019ours et l\u2019ermite, r\u00e9alis\u00e9 par Marine Blin, et Yap Yap, r\u00e9alis\u00e9 par Jens M\u00f8ller, et un court-m\u00e9trage en stop-motion sur l\u2019inceste, Dans nos gorges, d\u2019H\u00e9lo\u00efse Ferlay. <\/span><i><span style=\"font-weight: 400;\">Tobie Lolness<\/span><\/i><span style=\"font-weight: 400;\"> en una telenovela de 13&#215;52 minutos. Hace algunos a\u00f1os, trabaja esencialmente para el cine. Particip\u00f3 sobre todo en dos largometrajes de animaci\u00f3n que tratan de la naturaleza y la diferencia: <\/span><i><span style=\"font-weight: 400;\">L\u2019ours et l\u2019ermite<\/span><\/i><span style=\"font-weight: 400;\">, dirigido por Marine Blin, y Yap Yap, dirigido por Jens M\u00f8ller. Asimismo, trabaj\u00f3 en un cortometraje en stop-motion acerca del incesto, <\/span><i><span style=\"font-weight: 400;\">Dans nos gorges<\/span><\/i><span style=\"font-weight: 400;\">, de H\u00e9lo\u00efse Ferlay.<\/span><\/p>\t\t\t\t\t\t\t\t<\/div>\n\t\t\t\t<\/div>\n\t\t\t\t<\/div>\n\t\t<div class=\"elementor-element elementor-element-9013a4a e-con-full e-flex e-con e-child\" data-id=\"9013a4a\" data-element_type=\"container\" data-e-type=\"container\">\n\t\t\t\t<div class=\"elementor-element elementor-element-91dec97 elementor-widget elementor-widget-image\" data-id=\"91dec97\" data-element_type=\"widget\" data-e-type=\"widget\" id=\"mentorsImg12\" data-widget_type=\"image.default\">\n\t\t\t\t<div class=\"elementor-widget-container\">\n\t\t\t\t\t\t\t\t\t\t\t\t\t\t\t<img loading=\"lazy\" decoding=\"async\" width=\"400\" height=\"400\" src=\"https:\/\/orillasnuevas.org\/wp-content\/uploads\/2025\/05\/3-Claire-Dupont-1.png\" class=\"attachment-full size-full wp-image-4758\" alt=\"\" srcset=\"https:\/\/orillasnuevas.org\/wp-content\/uploads\/2025\/05\/3-Claire-Dupont-1.png 400w, https:\/\/orillasnuevas.org\/wp-content\/uploads\/2025\/05\/3-Claire-Dupont-1-300x300.png 300w, https:\/\/orillasnuevas.org\/wp-content\/uploads\/2025\/05\/3-Claire-Dupont-1-150x150.png 150w, https:\/\/orillasnuevas.org\/wp-content\/uploads\/2025\/05\/3-Claire-Dupont-1-12x12.png 12w\" sizes=\"(max-width: 400px) 100vw, 400px\" \/>\t\t\t\t\t\t\t\t\t\t\t\t\t\t\t<\/div>\n\t\t\t\t<\/div>\n\t\t\t\t<div class=\"elementor-element elementor-element-132e782 elementor-widget elementor-widget-text-editor\" data-id=\"132e782\" data-element_type=\"widget\" data-e-type=\"widget\" id=\"mentorsName12\" data-widget_type=\"text-editor.default\">\n\t\t\t\t<div class=\"elementor-widget-container\">\n\t\t\t\t\t\t\t\t\t<p>Claire Dupont<\/p>\t\t\t\t\t\t\t\t<\/div>\n\t\t\t\t<\/div>\n\t\t\t\t<div class=\"elementor-element elementor-element-dd2088b elementor-widget elementor-widget-image\" data-id=\"dd2088b\" data-element_type=\"widget\" data-e-type=\"widget\" id=\"arrowClosed12\" data-widget_type=\"image.default\">\n\t\t\t\t<div class=\"elementor-widget-container\">\n\t\t\t\t\t\t\t\t\t\t\t\t\t\t\t<img decoding=\"async\" width=\"68\" height=\"54\" src=\"https:\/\/orillasnuevas.org\/wp-content\/uploads\/2024\/09\/FlechaCortaRosa2-e1726110127130.webp\" class=\"attachment-full size-full wp-image-1383\" alt=\"\" srcset=\"https:\/\/orillasnuevas.org\/wp-content\/uploads\/2024\/09\/FlechaCortaRosa2-e1726110127130.webp 68w, https:\/\/orillasnuevas.org\/wp-content\/uploads\/2024\/09\/FlechaCortaRosa2-e1726110127130-15x12.webp 15w\" sizes=\"(max-width: 68px) 100vw, 68px\" \/>\t\t\t\t\t\t\t\t\t\t\t\t\t\t\t<\/div>\n\t\t\t\t<\/div>\n\t\t\t\t<div class=\"elementor-element elementor-element-08a4818 elementor-widget elementor-widget-image\" data-id=\"08a4818\" data-element_type=\"widget\" data-e-type=\"widget\" id=\"arrowOpened12\" data-widget_type=\"image.default\">\n\t\t\t\t<div class=\"elementor-widget-container\">\n\t\t\t\t\t\t\t\t\t\t\t\t\t\t\t<img loading=\"lazy\" decoding=\"async\" width=\"54\" height=\"68\" src=\"https:\/\/orillasnuevas.org\/wp-content\/uploads\/2024\/09\/FlechaCortaRosa.webp\" class=\"attachment-full size-full wp-image-527\" alt=\"\" srcset=\"https:\/\/orillasnuevas.org\/wp-content\/uploads\/2024\/09\/FlechaCortaRosa.webp 54w, https:\/\/orillasnuevas.org\/wp-content\/uploads\/2024\/09\/FlechaCortaRosa-10x12.webp 10w\" sizes=\"(max-width: 54px) 100vw, 54px\" \/>\t\t\t\t\t\t\t\t\t\t\t\t\t\t\t<\/div>\n\t\t\t\t<\/div>\n\t\t\t\t<div class=\"elementor-element elementor-element-35ba61c elementor-widget elementor-widget-text-editor\" data-id=\"35ba61c\" data-element_type=\"widget\" data-e-type=\"widget\" id=\"mentorsText12\" data-widget_type=\"text-editor.default\">\n\t\t\t\t<div class=\"elementor-widget-container\">\n\t\t\t\t\t\t\t\t\t<p><b>Claire Dupont<\/b><span style=\"font-weight: 400;\"> accompagne les artistes, les jeunes metteurs et metteuses en sc\u00e8ne notamment, dans le d\u00e9veloppement de leurs projets ou de leurs compagnies. Apr\u00e8s avoir cr\u00e9\u00e9 le bureau de production Les productions th\u00e9\u00e2trales, elle fonde et dirige Pr\u00e9misses, office artistique et solidaire pour la jeune cr\u00e9ation.\n\nCharg\u00e9e de cours depuis 2005, et ma\u00eetresse de conf\u00e9rences associ\u00e9e \u00e0 l\u2019Universit\u00e9 Paris III depuis 2014, elle lie la cr\u00e9ation artistique aux probl\u00e9matiques de la transmission et de la formation. Elle est \u00e9galement membre des commissions des experts de la DRAC \u00cele-de-France et de celle d'Artcena, o\u00f9 elle contribue \u00e0 l'\u00e9valuation et au soutien de projets artistiques. Depuis f\u00e9vrier 2023, elle dirige le Th\u00e9\u00e2tre de la Bastille \u00e0 Paris, o\u00f9 elle s\u2019efforce de renforcer l\u2019engagement envers la cr\u00e9ation pluridisciplinaire tout en explorant de nouveaux axes de collaboration internationale, notamment avec des artistes des pays du bassin m\u00e9diterran\u00e9en. \n\nForte de son exp\u00e9rience et de ses r\u00e9seaux, elle envisage de mettre en place une maison de production qui servira de plateforme pour les artistes, tout en \u00e9tablissant un lien avec le public \u00e0 travers un \u00ab \u00e9cho du monde \u00bb annuel, en phase avec les enjeux politiques et d\u2019actualit\u00e9 qui agitent nos soci\u00e9t\u00e9s contemporaines.<\/span><\/p>\t\t\t\t\t\t\t\t<\/div>\n\t\t\t\t<\/div>\n\t\t\t\t<\/div>\n\t\t<div class=\"elementor-element elementor-element-981f529 e-con-full e-flex e-con e-child\" data-id=\"981f529\" data-element_type=\"container\" data-e-type=\"container\">\n\t\t\t\t<div class=\"elementor-element elementor-element-2945996 elementor-widget elementor-widget-image\" data-id=\"2945996\" data-element_type=\"widget\" data-e-type=\"widget\" id=\"mentorsImg13\" data-widget_type=\"image.default\">\n\t\t\t\t<div class=\"elementor-widget-container\">\n\t\t\t\t\t\t\t\t\t\t\t\t\t\t\t<img loading=\"lazy\" decoding=\"async\" width=\"400\" height=\"400\" src=\"https:\/\/orillasnuevas.org\/wp-content\/uploads\/2025\/05\/4-Christophe-Erbes-1.png\" class=\"attachment-full size-full wp-image-4759\" alt=\"\" srcset=\"https:\/\/orillasnuevas.org\/wp-content\/uploads\/2025\/05\/4-Christophe-Erbes-1.png 400w, https:\/\/orillasnuevas.org\/wp-content\/uploads\/2025\/05\/4-Christophe-Erbes-1-300x300.png 300w, https:\/\/orillasnuevas.org\/wp-content\/uploads\/2025\/05\/4-Christophe-Erbes-1-150x150.png 150w, https:\/\/orillasnuevas.org\/wp-content\/uploads\/2025\/05\/4-Christophe-Erbes-1-12x12.png 12w\" sizes=\"(max-width: 400px) 100vw, 400px\" \/>\t\t\t\t\t\t\t\t\t\t\t\t\t\t\t<\/div>\n\t\t\t\t<\/div>\n\t\t\t\t<div class=\"elementor-element elementor-element-48c6aff elementor-widget elementor-widget-text-editor\" data-id=\"48c6aff\" data-element_type=\"widget\" data-e-type=\"widget\" id=\"mentorsName13\" data-widget_type=\"text-editor.default\">\n\t\t\t\t<div class=\"elementor-widget-container\">\n\t\t\t\t\t\t\t\t\t<p>Christophe Erbes<\/p>\t\t\t\t\t\t\t\t<\/div>\n\t\t\t\t<\/div>\n\t\t\t\t<div class=\"elementor-element elementor-element-258b908 elementor-widget elementor-widget-image\" data-id=\"258b908\" data-element_type=\"widget\" data-e-type=\"widget\" id=\"arrowClosed13\" data-widget_type=\"image.default\">\n\t\t\t\t<div class=\"elementor-widget-container\">\n\t\t\t\t\t\t\t\t\t\t\t\t\t\t\t<img decoding=\"async\" width=\"68\" height=\"54\" src=\"https:\/\/orillasnuevas.org\/wp-content\/uploads\/2024\/09\/FlechaCortaRosa2-e1726110127130.webp\" class=\"attachment-full size-full wp-image-1383\" alt=\"\" srcset=\"https:\/\/orillasnuevas.org\/wp-content\/uploads\/2024\/09\/FlechaCortaRosa2-e1726110127130.webp 68w, https:\/\/orillasnuevas.org\/wp-content\/uploads\/2024\/09\/FlechaCortaRosa2-e1726110127130-15x12.webp 15w\" sizes=\"(max-width: 68px) 100vw, 68px\" \/>\t\t\t\t\t\t\t\t\t\t\t\t\t\t\t<\/div>\n\t\t\t\t<\/div>\n\t\t\t\t<div class=\"elementor-element elementor-element-23a2649 elementor-widget elementor-widget-image\" data-id=\"23a2649\" data-element_type=\"widget\" data-e-type=\"widget\" id=\"arrowOpened13\" data-widget_type=\"image.default\">\n\t\t\t\t<div class=\"elementor-widget-container\">\n\t\t\t\t\t\t\t\t\t\t\t\t\t\t\t<img loading=\"lazy\" decoding=\"async\" width=\"54\" height=\"68\" src=\"https:\/\/orillasnuevas.org\/wp-content\/uploads\/2024\/09\/FlechaCortaRosa.webp\" class=\"attachment-full size-full wp-image-527\" alt=\"\" srcset=\"https:\/\/orillasnuevas.org\/wp-content\/uploads\/2024\/09\/FlechaCortaRosa.webp 54w, https:\/\/orillasnuevas.org\/wp-content\/uploads\/2024\/09\/FlechaCortaRosa-10x12.webp 10w\" sizes=\"(max-width: 54px) 100vw, 54px\" \/>\t\t\t\t\t\t\t\t\t\t\t\t\t\t\t<\/div>\n\t\t\t\t<\/div>\n\t\t\t\t<div class=\"elementor-element elementor-element-322dc26 elementor-widget elementor-widget-text-editor\" data-id=\"322dc26\" data-element_type=\"widget\" data-e-type=\"widget\" id=\"mentorsText13\" data-widget_type=\"text-editor.default\">\n\t\t\t\t<div class=\"elementor-widget-container\">\n\t\t\t\t\t\t\t\t\t<p><b>Christophe Erbes<\/b><span style=\"font-weight: 400;\"> Pendant environ 20 ans a travaill\u00e9 \u00e0 la t\u00e9l\u00e9vision (Canal+, SRTL Disney,\nNickelodeon, Fox Kids \/ Jetix), dans de nombreux projets pour enfants.<\/span><\/p><p><span style=\"font-weight: 400;\">Il a publi\u00e9 6 albums illustr\u00e9s, dont <\/span><i><span style=\"font-weight: 400;\">Oscar et Hoo<\/span><\/i><span style=\"font-weight: 400;\"> Oscar et Hoo (avec Michael Dudok de Wit), adapt\u00e9 pour\nCanal+ en 65x11\u2019.<\/span><\/p><p><span style=\"font-weight: 400;\">Actuellement, il \u00e9crit pour des s\u00e9ries et des bibles. Il est conseiller aupr\u00e8s d\u2019entreprises telles\nque Orange, Mag\u00e9lis et Ubisoft, entre autres, et curateur \u00e0 Cartoon, APDs, Annecy et\nVentanaSur Animation!<\/span><\/p><p><span style=\"font-weight: 400;\">En 2017 il cofonde Godo Films pour produire films (<\/span><i><span style=\"font-weight: 400;\">Fleak<\/span><\/i><span style=\"font-weight: 400;\"> avec Anima Vitae) et s\u00e9ries (<\/span><i><span style=\"font-weight: 400;\">Team Nuggets<\/span><\/i><span style=\"font-weight: 400;\">, 91x7\u2019, avec Sparre). Son premier long m\u00e9trage en d\u00e9veloppement est Le Voyage\nR\u00eav\u00e9 d\u2019Alpha Deux <\/span><i><span style=\"font-weight: 400;\">Le Voyage R\u00eav\u00e9 d\u2019Alpha Deux<\/span><\/i><span style=\"font-weight: 400;\">.<\/span><\/p>\t\t\t\t\t\t\t\t<\/div>\n\t\t\t\t<\/div>\n\t\t\t\t<\/div>\n\t\t\t\t\t<\/div>\n\t\t\t\t<\/div>\n\t\t<div class=\"elementor-element elementor-element-ac21e3d e-flex e-con-boxed e-con e-parent\" data-id=\"ac21e3d\" data-element_type=\"container\" data-e-type=\"container\">\n\t\t\t\t\t<div class=\"e-con-inner\">\n\t\t<div class=\"elementor-element elementor-element-36b48a3 e-con-full e-flex e-con e-child\" data-id=\"36b48a3\" data-element_type=\"container\" data-e-type=\"container\">\n\t\t\t\t<div class=\"elementor-element elementor-element-0acfaf2 elementor-widget elementor-widget-image\" data-id=\"0acfaf2\" data-element_type=\"widget\" data-e-type=\"widget\" id=\"mentorsImg30\" data-widget_type=\"image.default\">\n\t\t\t\t<div class=\"elementor-widget-container\">\n\t\t\t\t\t\t\t\t\t\t\t\t\t\t\t<img loading=\"lazy\" decoding=\"async\" width=\"400\" height=\"400\" src=\"https:\/\/orillasnuevas.org\/wp-content\/uploads\/2025\/10\/5-Corinne-Destombes-1.png\" class=\"attachment-full size-full wp-image-5493\" alt=\"\" srcset=\"https:\/\/orillasnuevas.org\/wp-content\/uploads\/2025\/10\/5-Corinne-Destombes-1.png 400w, https:\/\/orillasnuevas.org\/wp-content\/uploads\/2025\/10\/5-Corinne-Destombes-1-300x300.png 300w, https:\/\/orillasnuevas.org\/wp-content\/uploads\/2025\/10\/5-Corinne-Destombes-1-150x150.png 150w, https:\/\/orillasnuevas.org\/wp-content\/uploads\/2025\/10\/5-Corinne-Destombes-1-12x12.png 12w\" sizes=\"(max-width: 400px) 100vw, 400px\" \/>\t\t\t\t\t\t\t\t\t\t\t\t\t\t\t<\/div>\n\t\t\t\t<\/div>\n\t\t\t\t<div class=\"elementor-element elementor-element-89bdcf6 elementor-widget elementor-widget-text-editor\" data-id=\"89bdcf6\" data-element_type=\"widget\" data-e-type=\"widget\" id=\"mentorsName30\" data-widget_type=\"text-editor.default\">\n\t\t\t\t<div class=\"elementor-widget-container\">\n\t\t\t\t\t\t\t\t\t<p>Corinne Destombes<\/p>\t\t\t\t\t\t\t\t<\/div>\n\t\t\t\t<\/div>\n\t\t\t\t<div class=\"elementor-element elementor-element-715953e elementor-widget elementor-widget-image\" data-id=\"715953e\" data-element_type=\"widget\" data-e-type=\"widget\" id=\"arrowClosed30\" data-widget_type=\"image.default\">\n\t\t\t\t<div class=\"elementor-widget-container\">\n\t\t\t\t\t\t\t\t\t\t\t\t\t\t\t<img decoding=\"async\" width=\"68\" height=\"54\" src=\"https:\/\/orillasnuevas.org\/wp-content\/uploads\/2024\/09\/FlechaCortaRosa2-e1726110127130.webp\" class=\"attachment-full size-full wp-image-1383\" alt=\"\" srcset=\"https:\/\/orillasnuevas.org\/wp-content\/uploads\/2024\/09\/FlechaCortaRosa2-e1726110127130.webp 68w, https:\/\/orillasnuevas.org\/wp-content\/uploads\/2024\/09\/FlechaCortaRosa2-e1726110127130-15x12.webp 15w\" sizes=\"(max-width: 68px) 100vw, 68px\" \/>\t\t\t\t\t\t\t\t\t\t\t\t\t\t\t<\/div>\n\t\t\t\t<\/div>\n\t\t\t\t<div class=\"elementor-element elementor-element-b630b49 elementor-widget elementor-widget-image\" data-id=\"b630b49\" data-element_type=\"widget\" data-e-type=\"widget\" id=\"arrowOpened30\" data-widget_type=\"image.default\">\n\t\t\t\t<div class=\"elementor-widget-container\">\n\t\t\t\t\t\t\t\t\t\t\t\t\t\t\t<img loading=\"lazy\" decoding=\"async\" width=\"54\" height=\"68\" src=\"https:\/\/orillasnuevas.org\/wp-content\/uploads\/2024\/09\/FlechaCortaRosa.webp\" class=\"attachment-full size-full wp-image-527\" alt=\"\" srcset=\"https:\/\/orillasnuevas.org\/wp-content\/uploads\/2024\/09\/FlechaCortaRosa.webp 54w, https:\/\/orillasnuevas.org\/wp-content\/uploads\/2024\/09\/FlechaCortaRosa-10x12.webp 10w\" sizes=\"(max-width: 54px) 100vw, 54px\" \/>\t\t\t\t\t\t\t\t\t\t\t\t\t\t\t<\/div>\n\t\t\t\t<\/div>\n\t\t\t\t<div class=\"elementor-element elementor-element-cccb0c1 elementor-widget elementor-widget-text-editor\" data-id=\"cccb0c1\" data-element_type=\"widget\" data-e-type=\"widget\" id=\"mentorsText30\" data-widget_type=\"text-editor.default\">\n\t\t\t\t<div class=\"elementor-widget-container\">\n\t\t\t\t\t\t\t\t\t<p><span style=\"font-weight: 400;\">Conseil et expertise en cin\u00e9ma d'animation.<\/span><\/p><p><span style=\"font-weight: 400;\">Elle est membre de l'Acad\u00e9mie des C\u00e9sar, du jury des longs m\u00e9trages et du comit\u00e9 de pr\u00e9s\u00e9lection des courts m\u00e9trages du Festival international d'Annecy, du Collectif des r\u00e9sidences d'animation et du conseil d'administration de l'Association fran\u00e7aise du cin\u00e9ma d'animation.<\/span><\/p><p><span style=\"font-weight: 400;\">Apr\u00e8s dix ans de missions dans le cin\u00e9ma en images r\u00e9elles et la cr\u00e9ation d'une commission du film, Corinne Destombes s'oriente vers le cin\u00e9ma d'animation au studio Folimage en 2005.<\/span><\/p><p><span style=\"font-weight: 400;\">Directrice du d\u00e9veloppement durant une dizaine d\u2019ann\u00e9es sur tous les formats, elle a toujours \u00e9t\u00e9 \u00e0 la recherche d'auteurs talentueux et de films in\u00e9dits, et a accompagn\u00e9 des projets originaux et de qualit\u00e9 notamment pour le jeune public. \n\nAujourd\u2019hui ind\u00e9pendante, son exp\u00e9rience lui permet de poursuivre une activit\u00e9 de consultante aupr\u00e8s d\u2019auteurs et de producteurs, de jurys, de commissions r\u00e9gionales, d\u2019\u00e9coles et de workshops en France comme \u00e0 l'international.<\/span><\/p><p><span style=\"font-weight: 400;\">Durant pr\u00e8s de vingt ans, elle supervise et produit des s\u00e9ries et sp\u00e9ciaux pour la t\u00e9l\u00e9vision, et des courts et longs m\u00e9trages pour le cin\u00e9ma. Elle accompagne la R\u00e9sidence d'Artistes, un dispositif qui r\u00e9v\u00e8le de jeunes talents et booste leur carri\u00e8re dans l'animation.<\/span><\/p>\t\t\t\t\t\t\t\t<\/div>\n\t\t\t\t<\/div>\n\t\t\t\t<\/div>\n\t\t<div class=\"elementor-element elementor-element-9fe249c e-con-full e-flex e-con e-child\" data-id=\"9fe249c\" data-element_type=\"container\" data-e-type=\"container\">\n\t\t\t\t<div class=\"elementor-element elementor-element-437e7a2 elementor-widget elementor-widget-image\" data-id=\"437e7a2\" data-element_type=\"widget\" data-e-type=\"widget\" id=\"mentorsImg31\" data-widget_type=\"image.default\">\n\t\t\t\t<div class=\"elementor-widget-container\">\n\t\t\t\t\t\t\t\t\t\t\t\t\t\t\t<img loading=\"lazy\" decoding=\"async\" width=\"400\" height=\"400\" src=\"https:\/\/orillasnuevas.org\/wp-content\/uploads\/2025\/10\/6-Eleonora-Fabiao-1.png\" class=\"attachment-full size-full wp-image-5503\" alt=\"\" srcset=\"https:\/\/orillasnuevas.org\/wp-content\/uploads\/2025\/10\/6-Eleonora-Fabiao-1.png 400w, https:\/\/orillasnuevas.org\/wp-content\/uploads\/2025\/10\/6-Eleonora-Fabiao-1-300x300.png 300w, https:\/\/orillasnuevas.org\/wp-content\/uploads\/2025\/10\/6-Eleonora-Fabiao-1-150x150.png 150w, https:\/\/orillasnuevas.org\/wp-content\/uploads\/2025\/10\/6-Eleonora-Fabiao-1-12x12.png 12w\" sizes=\"(max-width: 400px) 100vw, 400px\" \/>\t\t\t\t\t\t\t\t\t\t\t\t\t\t\t<\/div>\n\t\t\t\t<\/div>\n\t\t\t\t<div class=\"elementor-element elementor-element-0962e5a elementor-widget elementor-widget-text-editor\" data-id=\"0962e5a\" data-element_type=\"widget\" data-e-type=\"widget\" id=\"mentorsName31\" data-widget_type=\"text-editor.default\">\n\t\t\t\t<div class=\"elementor-widget-container\">\n\t\t\t\t\t\t\t\t\t<p>Eleonora Fabi\u00e3o<\/p>\t\t\t\t\t\t\t\t<\/div>\n\t\t\t\t<\/div>\n\t\t\t\t<div class=\"elementor-element elementor-element-915f29b elementor-widget elementor-widget-image\" data-id=\"915f29b\" data-element_type=\"widget\" data-e-type=\"widget\" id=\"arrowClosed31\" data-widget_type=\"image.default\">\n\t\t\t\t<div class=\"elementor-widget-container\">\n\t\t\t\t\t\t\t\t\t\t\t\t\t\t\t<img decoding=\"async\" width=\"68\" height=\"54\" src=\"https:\/\/orillasnuevas.org\/wp-content\/uploads\/2024\/09\/FlechaCortaRosa2-e1726110127130.webp\" class=\"attachment-full size-full wp-image-1383\" alt=\"\" srcset=\"https:\/\/orillasnuevas.org\/wp-content\/uploads\/2024\/09\/FlechaCortaRosa2-e1726110127130.webp 68w, https:\/\/orillasnuevas.org\/wp-content\/uploads\/2024\/09\/FlechaCortaRosa2-e1726110127130-15x12.webp 15w\" sizes=\"(max-width: 68px) 100vw, 68px\" \/>\t\t\t\t\t\t\t\t\t\t\t\t\t\t\t<\/div>\n\t\t\t\t<\/div>\n\t\t\t\t<div class=\"elementor-element elementor-element-7a32c7c elementor-widget elementor-widget-image\" data-id=\"7a32c7c\" data-element_type=\"widget\" data-e-type=\"widget\" id=\"arrowOpened31\" data-widget_type=\"image.default\">\n\t\t\t\t<div class=\"elementor-widget-container\">\n\t\t\t\t\t\t\t\t\t\t\t\t\t\t\t<img loading=\"lazy\" decoding=\"async\" width=\"54\" height=\"68\" src=\"https:\/\/orillasnuevas.org\/wp-content\/uploads\/2024\/09\/FlechaCortaRosa.webp\" class=\"attachment-full size-full wp-image-527\" alt=\"\" srcset=\"https:\/\/orillasnuevas.org\/wp-content\/uploads\/2024\/09\/FlechaCortaRosa.webp 54w, https:\/\/orillasnuevas.org\/wp-content\/uploads\/2024\/09\/FlechaCortaRosa-10x12.webp 10w\" sizes=\"(max-width: 54px) 100vw, 54px\" \/>\t\t\t\t\t\t\t\t\t\t\t\t\t\t\t<\/div>\n\t\t\t\t<\/div>\n\t\t\t\t<div class=\"elementor-element elementor-element-484fe14 elementor-widget elementor-widget-text-editor\" data-id=\"484fe14\" data-element_type=\"widget\" data-e-type=\"widget\" id=\"mentorsText31\" data-widget_type=\"text-editor.default\">\n\t\t\t\t<div class=\"elementor-widget-container\">\n\t\t\t\t\t\t\t\t\t<p><span style=\"font-weight: 400;\">Artiste et th\u00e9oricienne de la performance, Eleonora Fabi\u00e3o con\u00e7oit des performances, participe \u00e0 des expositions, donne des conf\u00e9rences, enseigne et publie \u00e0 l\u2019\u00e9chelle internationale. \u201cThings That Must Be Done\u201d (Performa Biennial, New York 2015) est le titre d\u2019une \u0153uvre et \u00e9galement une mani\u00e8re de nommer sa pratique artistique. Ses performances ont \u00e9t\u00e9 r\u00e9alis\u00e9es dans des contextes vari\u00e9s (festivals, expositions, biennales, projets socioculturels) et notamment dans l\u2019espace public.<\/span><\/p><p><span style=\"font-weight: 400;\">Elle est professeure titulaire \u00e0 l\u2019Universit\u00e9 F\u00e9d\u00e9rale de Rio de Janeiro (UFRJ) et chercheuse au Conseil National pour le D\u00e9veloppement Scientifique et Technologique du Br\u00e9sil (CNPq). Titulaire d\u2019un master en Histoire Sociale de la Culture (PUC-Rio), ainsi que d\u2019un master et d\u2019un doctorat en \u00c9tudes de la Performance (NYU), Eleonora Fabi\u00e3o a re\u00e7u le titre de Docteure Honoris Causa de l\u2019Universit\u00e9 de G\u00f6teborg.<\/span><\/p>\t\t\t\t\t\t\t\t<\/div>\n\t\t\t\t<\/div>\n\t\t\t\t<\/div>\n\t\t<div class=\"elementor-element elementor-element-940f554 e-con-full e-flex e-con e-child\" data-id=\"940f554\" data-element_type=\"container\" data-e-type=\"container\">\n\t\t\t\t<div class=\"elementor-element elementor-element-49e0e32 elementor-widget elementor-widget-image\" data-id=\"49e0e32\" data-element_type=\"widget\" data-e-type=\"widget\" id=\"mentorsImg32\" data-widget_type=\"image.default\">\n\t\t\t\t<div class=\"elementor-widget-container\">\n\t\t\t\t\t\t\t\t\t\t\t\t\t\t\t<img loading=\"lazy\" decoding=\"async\" width=\"400\" height=\"400\" src=\"https:\/\/orillasnuevas.org\/wp-content\/uploads\/2025\/10\/7-Florencia-Gasparini-Rey-1.png\" class=\"attachment-full size-full wp-image-5527\" alt=\"\" srcset=\"https:\/\/orillasnuevas.org\/wp-content\/uploads\/2025\/10\/7-Florencia-Gasparini-Rey-1.png 400w, https:\/\/orillasnuevas.org\/wp-content\/uploads\/2025\/10\/7-Florencia-Gasparini-Rey-1-300x300.png 300w, https:\/\/orillasnuevas.org\/wp-content\/uploads\/2025\/10\/7-Florencia-Gasparini-Rey-1-150x150.png 150w, https:\/\/orillasnuevas.org\/wp-content\/uploads\/2025\/10\/7-Florencia-Gasparini-Rey-1-12x12.png 12w\" sizes=\"(max-width: 400px) 100vw, 400px\" \/>\t\t\t\t\t\t\t\t\t\t\t\t\t\t\t<\/div>\n\t\t\t\t<\/div>\n\t\t\t\t<div class=\"elementor-element elementor-element-0b0677a elementor-widget elementor-widget-text-editor\" data-id=\"0b0677a\" data-element_type=\"widget\" data-e-type=\"widget\" id=\"mentorsName32\" data-widget_type=\"text-editor.default\">\n\t\t\t\t<div class=\"elementor-widget-container\">\n\t\t\t\t\t\t\t\t\t<p>Florencia Gasparini Rey<\/p>\t\t\t\t\t\t\t\t<\/div>\n\t\t\t\t<\/div>\n\t\t\t\t<div class=\"elementor-element elementor-element-270050c elementor-widget elementor-widget-image\" data-id=\"270050c\" data-element_type=\"widget\" data-e-type=\"widget\" id=\"arrowClosed32\" data-widget_type=\"image.default\">\n\t\t\t\t<div class=\"elementor-widget-container\">\n\t\t\t\t\t\t\t\t\t\t\t\t\t\t\t<img decoding=\"async\" width=\"68\" height=\"54\" src=\"https:\/\/orillasnuevas.org\/wp-content\/uploads\/2024\/09\/FlechaCortaRosa2-e1726110127130.webp\" class=\"attachment-full size-full wp-image-1383\" alt=\"\" srcset=\"https:\/\/orillasnuevas.org\/wp-content\/uploads\/2024\/09\/FlechaCortaRosa2-e1726110127130.webp 68w, https:\/\/orillasnuevas.org\/wp-content\/uploads\/2024\/09\/FlechaCortaRosa2-e1726110127130-15x12.webp 15w\" sizes=\"(max-width: 68px) 100vw, 68px\" \/>\t\t\t\t\t\t\t\t\t\t\t\t\t\t\t<\/div>\n\t\t\t\t<\/div>\n\t\t\t\t<div class=\"elementor-element elementor-element-078c2a5 elementor-widget elementor-widget-image\" data-id=\"078c2a5\" data-element_type=\"widget\" data-e-type=\"widget\" id=\"arrowOpened32\" data-widget_type=\"image.default\">\n\t\t\t\t<div class=\"elementor-widget-container\">\n\t\t\t\t\t\t\t\t\t\t\t\t\t\t\t<img loading=\"lazy\" decoding=\"async\" width=\"54\" height=\"68\" src=\"https:\/\/orillasnuevas.org\/wp-content\/uploads\/2024\/09\/FlechaCortaRosa.webp\" class=\"attachment-full size-full wp-image-527\" alt=\"\" srcset=\"https:\/\/orillasnuevas.org\/wp-content\/uploads\/2024\/09\/FlechaCortaRosa.webp 54w, https:\/\/orillasnuevas.org\/wp-content\/uploads\/2024\/09\/FlechaCortaRosa-10x12.webp 10w\" sizes=\"(max-width: 54px) 100vw, 54px\" \/>\t\t\t\t\t\t\t\t\t\t\t\t\t\t\t<\/div>\n\t\t\t\t<\/div>\n\t\t\t\t<div class=\"elementor-element elementor-element-8a02675 elementor-widget elementor-widget-text-editor\" data-id=\"8a02675\" data-element_type=\"widget\" data-e-type=\"widget\" id=\"mentorsText32\" data-widget_type=\"text-editor.default\">\n\t\t\t\t<div class=\"elementor-widget-container\">\n\t\t\t\t\t\t\t\t\t<p><span style=\"font-weight: 400;\">Consultante sp\u00e9cialis\u00e9e en ventes internationales et en distribution cin\u00e9matographique, avec plus de quinze ans d\u2019exp\u00e9rience dans le secteur audiovisuel. Form\u00e9e en Design d\u2019Image et Son \u00e0 l\u2019Universit\u00e9 de Buenos Aires (UBA), elle d\u00e9tient \u00e9galement une certification en Business and Management of Entertainment de UCLA  Extension. Elle r\u00e9alise des ventes internationales et distribution pour l\u2019Am\u00e9rique Latine, elle participe \u00e0 des festivals et coordination de campagnes de positionnement pour des films de fiction, en particulier d\u2019animation.<\/span><\/p><p><span style=\"font-weight: 400;\">Elle a collabor\u00e9 \u00e0 des longs m\u00e9trages tels que \u201cArca de No\u00e9\u201d, \u201cAinbo: la guerri\u00e8re de l\u2019Amazonie\u201d, \u201cLoving Vincent\u201d et d\u2019autres titres majeurs du circuit international, en d\u00e9veloppant des strat\u00e9gies de vente visant \u00e0 connecter des projets ib\u00e9ro-am\u00e9ricains avec des publics et des acheteurs du monde entier. Tout au long de sa carri\u00e8re, elle a travaill\u00e9 avec des soci\u00e9t\u00e9s renomm\u00e9es telles que Filmsharks, CMG, Blue Fox Entertainment et Reel Suspects, ainsi qu\u2019avec des institutions comme l\u2019INCAA (Institut National d\u2019Arts Audiovisuels Argentine), Proim\u00e1genes Colombia et Ibermedia.<\/span><\/p><p><span style=\"font-weight: 400;\">Elle a particip\u00e9 \u00e0 plus de 45 march\u00e9s, festivals et rencontres de coproduction dans 15 pays, dont Cannes, la Berlinale, Ventana Sur et le TIFF. En tant que consultante ind\u00e9pendante, elle accompagne des projets et des organisations culturelles depuis leur d\u00e9veloppement jusqu\u2019\u00e0 leur internationalisation, via des conseils personnalis\u00e9s, des ateliers, des conf\u00e9rences ou programmation pour des festivals.<\/span><\/p><p><span style=\"font-weight: 400;\">En parall\u00e8le de son travail de consultante, elle est \u00e9galement enseignante, mentor et intervenante invit\u00e9e dans des festivals, laboratoires et programmes de formation en Am\u00e9rique Latine et en Europe.<\/span><\/p>\t\t\t\t\t\t\t\t<\/div>\n\t\t\t\t<\/div>\n\t\t\t\t<\/div>\n\t\t<div class=\"elementor-element elementor-element-a051685 e-con-full e-flex e-con e-child\" data-id=\"a051685\" data-element_type=\"container\" data-e-type=\"container\">\n\t\t\t\t<div class=\"elementor-element elementor-element-56151af elementor-widget elementor-widget-image\" data-id=\"56151af\" data-element_type=\"widget\" data-e-type=\"widget\" id=\"mentorsImg33\" data-widget_type=\"image.default\">\n\t\t\t\t<div class=\"elementor-widget-container\">\n\t\t\t\t\t\t\t\t\t\t\t\t\t\t\t<img loading=\"lazy\" decoding=\"async\" width=\"400\" height=\"400\" src=\"https:\/\/orillasnuevas.org\/wp-content\/uploads\/2025\/10\/8-Guido-Berenblum-1.png\" class=\"attachment-full size-full wp-image-5505\" alt=\"\" srcset=\"https:\/\/orillasnuevas.org\/wp-content\/uploads\/2025\/10\/8-Guido-Berenblum-1.png 400w, https:\/\/orillasnuevas.org\/wp-content\/uploads\/2025\/10\/8-Guido-Berenblum-1-300x300.png 300w, https:\/\/orillasnuevas.org\/wp-content\/uploads\/2025\/10\/8-Guido-Berenblum-1-150x150.png 150w, https:\/\/orillasnuevas.org\/wp-content\/uploads\/2025\/10\/8-Guido-Berenblum-1-12x12.png 12w\" sizes=\"(max-width: 400px) 100vw, 400px\" \/>\t\t\t\t\t\t\t\t\t\t\t\t\t\t\t<\/div>\n\t\t\t\t<\/div>\n\t\t\t\t<div class=\"elementor-element elementor-element-a03e2ca elementor-widget elementor-widget-text-editor\" data-id=\"a03e2ca\" data-element_type=\"widget\" data-e-type=\"widget\" id=\"mentorsName33\" data-widget_type=\"text-editor.default\">\n\t\t\t\t<div class=\"elementor-widget-container\">\n\t\t\t\t\t\t\t\t\t<p>Guido Berenblum<\/p>\t\t\t\t\t\t\t\t<\/div>\n\t\t\t\t<\/div>\n\t\t\t\t<div class=\"elementor-element elementor-element-55da774 elementor-widget elementor-widget-image\" data-id=\"55da774\" data-element_type=\"widget\" data-e-type=\"widget\" id=\"arrowClosed33\" data-widget_type=\"image.default\">\n\t\t\t\t<div class=\"elementor-widget-container\">\n\t\t\t\t\t\t\t\t\t\t\t\t\t\t\t<img decoding=\"async\" width=\"68\" height=\"54\" src=\"https:\/\/orillasnuevas.org\/wp-content\/uploads\/2024\/09\/FlechaCortaRosa2-e1726110127130.webp\" class=\"attachment-full size-full wp-image-1383\" alt=\"\" srcset=\"https:\/\/orillasnuevas.org\/wp-content\/uploads\/2024\/09\/FlechaCortaRosa2-e1726110127130.webp 68w, https:\/\/orillasnuevas.org\/wp-content\/uploads\/2024\/09\/FlechaCortaRosa2-e1726110127130-15x12.webp 15w\" sizes=\"(max-width: 68px) 100vw, 68px\" \/>\t\t\t\t\t\t\t\t\t\t\t\t\t\t\t<\/div>\n\t\t\t\t<\/div>\n\t\t\t\t<div class=\"elementor-element elementor-element-029cb3e elementor-widget elementor-widget-image\" data-id=\"029cb3e\" data-element_type=\"widget\" data-e-type=\"widget\" id=\"arrowOpened33\" data-widget_type=\"image.default\">\n\t\t\t\t<div class=\"elementor-widget-container\">\n\t\t\t\t\t\t\t\t\t\t\t\t\t\t\t<img loading=\"lazy\" decoding=\"async\" width=\"54\" height=\"68\" src=\"https:\/\/orillasnuevas.org\/wp-content\/uploads\/2024\/09\/FlechaCortaRosa.webp\" class=\"attachment-full size-full wp-image-527\" alt=\"\" srcset=\"https:\/\/orillasnuevas.org\/wp-content\/uploads\/2024\/09\/FlechaCortaRosa.webp 54w, https:\/\/orillasnuevas.org\/wp-content\/uploads\/2024\/09\/FlechaCortaRosa-10x12.webp 10w\" sizes=\"(max-width: 54px) 100vw, 54px\" \/>\t\t\t\t\t\t\t\t\t\t\t\t\t\t\t<\/div>\n\t\t\t\t<\/div>\n\t\t\t\t<div class=\"elementor-element elementor-element-d2ee130 elementor-widget elementor-widget-text-editor\" data-id=\"d2ee130\" data-element_type=\"widget\" data-e-type=\"widget\" id=\"mentorsText33\" data-widget_type=\"text-editor.default\">\n\t\t\t\t<div class=\"elementor-widget-container\">\n\t\t\t\t\t\t\t\t\t<p><span style=\"font-weight: 400;\">R\u00e9alisateur sonore pour longs-m\u00e9trages et s\u00e9ries, son parcours inclut la  direction sonore, le montage et la prise de son directe, en collaboration avec des cin\u00e9astes tels que Lucrecia Martel, Mart\u00edn Rejtman, V\u00edctor Kossakovsky, Laura Mora, Lila Avil\u00e9s, Adri\u00e1n Suar, Natalia Beristain, Miguel Cohan, Marcelo Pi\u00f1eyro, entre autres.\n\nDepuis 2012, il enseigne \u00e0 l\u2019\u00c9cole Nationale d\u2019Exp\u00e9rimentation et de R\u00e9alisation Cin\u00e9matographique (ENERC - Argentine). Il est \u00e9galement professeur invit\u00e9 \u00e0 l\u2019ESCAC de Barcelone, o\u00f9 il donne des cours chaque ann\u00e9e, et il a enseign\u00e9 plusieurs fois \u00e0 l\u2019EICTV de Cuba.\n\nSon travail a \u00e9t\u00e9 r\u00e9compens\u00e9 par des prix tels que Platino, F\u00e9nix, C\u00f3ndor et Sur, entre autres. Il a \u00e9galement partag\u00e9 son exp\u00e9rience lors de conf\u00e9rences et de masterclasses en Espagne, en Colombie, au Br\u00e9sil et au Paraguay, consolidant ainsi son r\u00f4le aussi bien dans le domaine acad\u00e9mique que dans l\u2019industrie cin\u00e9matographique.<\/span><\/p>\t\t\t\t\t\t\t\t<\/div>\n\t\t\t\t<\/div>\n\t\t\t\t<\/div>\n\t\t\t\t\t<\/div>\n\t\t\t\t<\/div>\n\t\t<div class=\"elementor-element elementor-element-ed82a5d e-flex e-con-boxed e-con e-parent\" data-id=\"ed82a5d\" data-element_type=\"container\" data-e-type=\"container\">\n\t\t\t\t\t<div class=\"e-con-inner\">\n\t\t<div class=\"elementor-element elementor-element-bd97d13 e-con-full e-flex e-con e-child\" data-id=\"bd97d13\" data-element_type=\"container\" data-e-type=\"container\">\n\t\t\t\t<div class=\"elementor-element elementor-element-3dcaa6d elementor-widget elementor-widget-image\" data-id=\"3dcaa6d\" data-element_type=\"widget\" data-e-type=\"widget\" id=\"mentorsImg15\" data-widget_type=\"image.default\">\n\t\t\t\t<div class=\"elementor-widget-container\">\n\t\t\t\t\t\t\t\t\t\t\t\t\t\t\t<img loading=\"lazy\" decoding=\"async\" width=\"400\" height=\"400\" src=\"https:\/\/orillasnuevas.org\/wp-content\/uploads\/2025\/05\/7-Julien-Villedieu-1.png\" class=\"attachment-full size-full wp-image-4749\" alt=\"\" srcset=\"https:\/\/orillasnuevas.org\/wp-content\/uploads\/2025\/05\/7-Julien-Villedieu-1.png 400w, https:\/\/orillasnuevas.org\/wp-content\/uploads\/2025\/05\/7-Julien-Villedieu-1-300x300.png 300w, https:\/\/orillasnuevas.org\/wp-content\/uploads\/2025\/05\/7-Julien-Villedieu-1-150x150.png 150w, https:\/\/orillasnuevas.org\/wp-content\/uploads\/2025\/05\/7-Julien-Villedieu-1-12x12.png 12w\" sizes=\"(max-width: 400px) 100vw, 400px\" \/>\t\t\t\t\t\t\t\t\t\t\t\t\t\t\t<\/div>\n\t\t\t\t<\/div>\n\t\t\t\t<div class=\"elementor-element elementor-element-a5e4ee4 elementor-widget elementor-widget-text-editor\" data-id=\"a5e4ee4\" data-element_type=\"widget\" data-e-type=\"widget\" id=\"mentorsName15\" data-widget_type=\"text-editor.default\">\n\t\t\t\t<div class=\"elementor-widget-container\">\n\t\t\t\t\t\t\t\t\t<p>Julien Villedieu<\/p>\t\t\t\t\t\t\t\t<\/div>\n\t\t\t\t<\/div>\n\t\t\t\t<div class=\"elementor-element elementor-element-3781d15 elementor-widget elementor-widget-image\" data-id=\"3781d15\" data-element_type=\"widget\" data-e-type=\"widget\" id=\"arrowClosed15\" data-widget_type=\"image.default\">\n\t\t\t\t<div class=\"elementor-widget-container\">\n\t\t\t\t\t\t\t\t\t\t\t\t\t\t\t<img decoding=\"async\" width=\"68\" height=\"54\" src=\"https:\/\/orillasnuevas.org\/wp-content\/uploads\/2024\/09\/FlechaCortaRosa2-e1726110127130.webp\" class=\"attachment-full size-full wp-image-1383\" alt=\"\" srcset=\"https:\/\/orillasnuevas.org\/wp-content\/uploads\/2024\/09\/FlechaCortaRosa2-e1726110127130.webp 68w, https:\/\/orillasnuevas.org\/wp-content\/uploads\/2024\/09\/FlechaCortaRosa2-e1726110127130-15x12.webp 15w\" sizes=\"(max-width: 68px) 100vw, 68px\" \/>\t\t\t\t\t\t\t\t\t\t\t\t\t\t\t<\/div>\n\t\t\t\t<\/div>\n\t\t\t\t<div class=\"elementor-element elementor-element-c23c8aa elementor-widget elementor-widget-image\" data-id=\"c23c8aa\" data-element_type=\"widget\" data-e-type=\"widget\" id=\"arrowOpened15\" data-widget_type=\"image.default\">\n\t\t\t\t<div class=\"elementor-widget-container\">\n\t\t\t\t\t\t\t\t\t\t\t\t\t\t\t<img loading=\"lazy\" decoding=\"async\" width=\"54\" height=\"68\" src=\"https:\/\/orillasnuevas.org\/wp-content\/uploads\/2024\/09\/FlechaCortaRosa.webp\" class=\"attachment-full size-full wp-image-527\" alt=\"\" srcset=\"https:\/\/orillasnuevas.org\/wp-content\/uploads\/2024\/09\/FlechaCortaRosa.webp 54w, https:\/\/orillasnuevas.org\/wp-content\/uploads\/2024\/09\/FlechaCortaRosa-10x12.webp 10w\" sizes=\"(max-width: 54px) 100vw, 54px\" \/>\t\t\t\t\t\t\t\t\t\t\t\t\t\t\t<\/div>\n\t\t\t\t<\/div>\n\t\t\t\t<div class=\"elementor-element elementor-element-5426dd4 elementor-widget elementor-widget-text-editor\" data-id=\"5426dd4\" data-element_type=\"widget\" data-e-type=\"widget\" id=\"mentorsText15\" data-widget_type=\"text-editor.default\">\n\t\t\t\t<div class=\"elementor-widget-container\">\n\t\t\t\t\t\t\t\t\t<p><b>Julien Villedieu<\/b><span style=\"font-weight: 400;\"> a fond\u00e9 l\u2019un des premiers services de conseil juridique pour les entreprises num\u00e9riques en France. Sp\u00e9cialis\u00e9 dans l\u2019industrie des jeux-vid\u00e9os, il poss\u00e8de une vaste exp\u00e9rience dans le financement des productions et la structuration d\u2019\u00e9cosyst\u00e8mes d\u00e9di\u00e9s. Il \u00e9tait pendant 15 ans le Directeur g\u00e9n\u00e9ral du Syndicat national du jeu-vid\u00e9o (SNVJ) dont le but est, entre autres, de contribuer \u00e0 obtenir des b\u00e9n\u00e9fices pour la fili\u00e8re comme les cr\u00e9dits d\u2019imp\u00f4t et la cr\u00e9ation de clusters r\u00e9gionaux.<\/span><\/p><p><span style=\"font-weight: 400;\">En 2024, Julien Villedieu a fond\u00e9 Level Link Partners (LLP), une soci\u00e9t\u00e9 de conseil pour le financement des productions, l\u2019innovation, la structuration de la croissance et le d\u00e9veloppement d\u2019entreprise adress\u00e9 aussi bien aux compagnies du secteur qu\u2019\u00e0 leurs partenaires. LLP soutient \u00e9galement des institutions publiques et locales pour faire du jeu-vid\u00e9o un levier d\u2019action strat\u00e9gique dans les territoires.<\/span><\/p><p><span style=\"font-weight: 400;\">Fondateur de l\u2019Acad\u00e9mie des arts et des techniques du jeu-vid\u00e9o et des prix P\u00e9gases, il est reconnu comme l\u2019une des 50 personnalit\u00e9s les plus marquantes du secteur en France.<\/span><\/p>\t\t\t\t\t\t\t\t<\/div>\n\t\t\t\t<\/div>\n\t\t\t\t<\/div>\n\t\t<div class=\"elementor-element elementor-element-2311b96 e-con-full e-flex e-con e-child\" data-id=\"2311b96\" data-element_type=\"container\" data-e-type=\"container\">\n\t\t\t\t<div class=\"elementor-element elementor-element-947bdfc elementor-widget elementor-widget-image\" data-id=\"947bdfc\" data-element_type=\"widget\" data-e-type=\"widget\" id=\"mentorsImg14\" data-widget_type=\"image.default\">\n\t\t\t\t<div class=\"elementor-widget-container\">\n\t\t\t\t\t\t\t\t\t\t\t\t\t\t\t<img loading=\"lazy\" decoding=\"async\" width=\"400\" height=\"400\" src=\"https:\/\/orillasnuevas.org\/wp-content\/uploads\/2025\/05\/6-Jonathan-Tamene-1.png\" class=\"attachment-full size-full wp-image-4766\" alt=\"\" srcset=\"https:\/\/orillasnuevas.org\/wp-content\/uploads\/2025\/05\/6-Jonathan-Tamene-1.png 400w, https:\/\/orillasnuevas.org\/wp-content\/uploads\/2025\/05\/6-Jonathan-Tamene-1-300x300.png 300w, https:\/\/orillasnuevas.org\/wp-content\/uploads\/2025\/05\/6-Jonathan-Tamene-1-150x150.png 150w, https:\/\/orillasnuevas.org\/wp-content\/uploads\/2025\/05\/6-Jonathan-Tamene-1-12x12.png 12w\" sizes=\"(max-width: 400px) 100vw, 400px\" \/>\t\t\t\t\t\t\t\t\t\t\t\t\t\t\t<\/div>\n\t\t\t\t<\/div>\n\t\t\t\t<div class=\"elementor-element elementor-element-b223ac0 elementor-widget elementor-widget-text-editor\" data-id=\"b223ac0\" data-element_type=\"widget\" data-e-type=\"widget\" id=\"mentorsName14\" data-widget_type=\"text-editor.default\">\n\t\t\t\t<div class=\"elementor-widget-container\">\n\t\t\t\t\t\t\t\t\t<p>Jonathan Tamene<\/p>\t\t\t\t\t\t\t\t<\/div>\n\t\t\t\t<\/div>\n\t\t\t\t<div class=\"elementor-element elementor-element-b39a772 elementor-widget elementor-widget-image\" data-id=\"b39a772\" data-element_type=\"widget\" data-e-type=\"widget\" id=\"arrowClosed14\" data-widget_type=\"image.default\">\n\t\t\t\t<div class=\"elementor-widget-container\">\n\t\t\t\t\t\t\t\t\t\t\t\t\t\t\t<img decoding=\"async\" width=\"68\" height=\"54\" src=\"https:\/\/orillasnuevas.org\/wp-content\/uploads\/2024\/09\/FlechaCortaRosa2-e1726110127130.webp\" class=\"attachment-full size-full wp-image-1383\" alt=\"\" srcset=\"https:\/\/orillasnuevas.org\/wp-content\/uploads\/2024\/09\/FlechaCortaRosa2-e1726110127130.webp 68w, https:\/\/orillasnuevas.org\/wp-content\/uploads\/2024\/09\/FlechaCortaRosa2-e1726110127130-15x12.webp 15w\" sizes=\"(max-width: 68px) 100vw, 68px\" \/>\t\t\t\t\t\t\t\t\t\t\t\t\t\t\t<\/div>\n\t\t\t\t<\/div>\n\t\t\t\t<div class=\"elementor-element elementor-element-d09567a elementor-widget elementor-widget-image\" data-id=\"d09567a\" data-element_type=\"widget\" data-e-type=\"widget\" id=\"arrowOpened14\" data-widget_type=\"image.default\">\n\t\t\t\t<div class=\"elementor-widget-container\">\n\t\t\t\t\t\t\t\t\t\t\t\t\t\t\t<img loading=\"lazy\" decoding=\"async\" width=\"54\" height=\"68\" src=\"https:\/\/orillasnuevas.org\/wp-content\/uploads\/2024\/09\/FlechaCortaRosa.webp\" class=\"attachment-full size-full wp-image-527\" alt=\"\" srcset=\"https:\/\/orillasnuevas.org\/wp-content\/uploads\/2024\/09\/FlechaCortaRosa.webp 54w, https:\/\/orillasnuevas.org\/wp-content\/uploads\/2024\/09\/FlechaCortaRosa-10x12.webp 10w\" sizes=\"(max-width: 54px) 100vw, 54px\" \/>\t\t\t\t\t\t\t\t\t\t\t\t\t\t\t<\/div>\n\t\t\t\t<\/div>\n\t\t\t\t<div class=\"elementor-element elementor-element-033568c elementor-widget elementor-widget-text-editor\" data-id=\"033568c\" data-element_type=\"widget\" data-e-type=\"widget\" id=\"mentorsText14\" data-widget_type=\"text-editor.default\">\n\t\t\t\t<div class=\"elementor-widget-container\">\n\t\t\t\t\t\t\t\t\t<p><span style=\"font-weight: 400;\">Fort de son exp\u00e9rience professionnelle et dipl\u00f4m\u00e9 en 2018 de l\u2019Institut sup\u00e9rieur des arts appliqu\u00e9s (LISAA), <\/span><b>Jonathan Tamene<\/b><span style=\"font-weight: 400;\"> a cofond\u00e9 BackLight, un studio de production de films d\u2019animation 2D\/3D, aujourd\u2019hui consacr\u00e9 \u00e0 la cr\u00e9ation d\u2019exp\u00e9riences immersives. Passionn\u00e9 des jeux-vid\u00e9os, sa transition vers la r\u00e9alit\u00e9 augment\u00e9e puis \u00e0 la r\u00e9alit\u00e9 virtuelle \u00e9tait toute naturelle. Il a d\u2019abord cr\u00e9\u00e9 des exp\u00e9riences pour des marques, ensuite des contenus de divertissement destin\u00e9s \u00e0 des lieux de loisir, enfin il a mis ses connaissances au service de la culture. Aujourd\u2019hui, il pilote les productions en tant que chef de production et de cr\u00e9ation chez BackLight Studio. Depuis sa cr\u00e9ation, ce bureau a d\u00e9velopp\u00e9 plus de 350 projets d\u2019infographie et une centaine de projets en r\u00e9alit\u00e9 virtuelle.<\/span><\/p>\t\t\t\t\t\t\t\t<\/div>\n\t\t\t\t<\/div>\n\t\t\t\t<\/div>\n\t\t<div class=\"elementor-element elementor-element-eab7bd1 e-con-full e-flex e-con e-child\" data-id=\"eab7bd1\" data-element_type=\"container\" data-e-type=\"container\">\n\t\t\t\t<div class=\"elementor-element elementor-element-eb80020 elementor-widget elementor-widget-image\" data-id=\"eb80020\" data-element_type=\"widget\" data-e-type=\"widget\" id=\"mentorsImg35\" data-widget_type=\"image.default\">\n\t\t\t\t<div class=\"elementor-widget-container\">\n\t\t\t\t\t\t\t\t\t\t\t\t\t\t\t<img loading=\"lazy\" decoding=\"async\" width=\"400\" height=\"400\" src=\"https:\/\/orillasnuevas.org\/wp-content\/uploads\/2025\/10\/11-Jonas-Poher-Rasmussen-1.png\" class=\"attachment-full size-full wp-image-5509\" alt=\"\" srcset=\"https:\/\/orillasnuevas.org\/wp-content\/uploads\/2025\/10\/11-Jonas-Poher-Rasmussen-1.png 400w, https:\/\/orillasnuevas.org\/wp-content\/uploads\/2025\/10\/11-Jonas-Poher-Rasmussen-1-300x300.png 300w, https:\/\/orillasnuevas.org\/wp-content\/uploads\/2025\/10\/11-Jonas-Poher-Rasmussen-1-150x150.png 150w, https:\/\/orillasnuevas.org\/wp-content\/uploads\/2025\/10\/11-Jonas-Poher-Rasmussen-1-12x12.png 12w\" sizes=\"(max-width: 400px) 100vw, 400px\" \/>\t\t\t\t\t\t\t\t\t\t\t\t\t\t\t<\/div>\n\t\t\t\t<\/div>\n\t\t\t\t<div class=\"elementor-element elementor-element-d75f25a elementor-widget elementor-widget-text-editor\" data-id=\"d75f25a\" data-element_type=\"widget\" data-e-type=\"widget\" id=\"mentorsName35\" data-widget_type=\"text-editor.default\">\n\t\t\t\t<div class=\"elementor-widget-container\">\n\t\t\t\t\t\t\t\t\t<p>Jonas Poher Rasmussen<\/p>\t\t\t\t\t\t\t\t<\/div>\n\t\t\t\t<\/div>\n\t\t\t\t<div class=\"elementor-element elementor-element-10ae5e5 elementor-widget elementor-widget-image\" data-id=\"10ae5e5\" data-element_type=\"widget\" data-e-type=\"widget\" id=\"arrowClosed35\" data-widget_type=\"image.default\">\n\t\t\t\t<div class=\"elementor-widget-container\">\n\t\t\t\t\t\t\t\t\t\t\t\t\t\t\t<img decoding=\"async\" width=\"68\" height=\"54\" src=\"https:\/\/orillasnuevas.org\/wp-content\/uploads\/2024\/09\/FlechaCortaRosa2-e1726110127130.webp\" class=\"attachment-full size-full wp-image-1383\" alt=\"\" srcset=\"https:\/\/orillasnuevas.org\/wp-content\/uploads\/2024\/09\/FlechaCortaRosa2-e1726110127130.webp 68w, https:\/\/orillasnuevas.org\/wp-content\/uploads\/2024\/09\/FlechaCortaRosa2-e1726110127130-15x12.webp 15w\" sizes=\"(max-width: 68px) 100vw, 68px\" \/>\t\t\t\t\t\t\t\t\t\t\t\t\t\t\t<\/div>\n\t\t\t\t<\/div>\n\t\t\t\t<div class=\"elementor-element elementor-element-ee742c5 elementor-widget elementor-widget-image\" data-id=\"ee742c5\" data-element_type=\"widget\" data-e-type=\"widget\" id=\"arrowOpened35\" data-widget_type=\"image.default\">\n\t\t\t\t<div class=\"elementor-widget-container\">\n\t\t\t\t\t\t\t\t\t\t\t\t\t\t\t<img loading=\"lazy\" decoding=\"async\" width=\"54\" height=\"68\" src=\"https:\/\/orillasnuevas.org\/wp-content\/uploads\/2024\/09\/FlechaCortaRosa.webp\" class=\"attachment-full size-full wp-image-527\" alt=\"\" srcset=\"https:\/\/orillasnuevas.org\/wp-content\/uploads\/2024\/09\/FlechaCortaRosa.webp 54w, https:\/\/orillasnuevas.org\/wp-content\/uploads\/2024\/09\/FlechaCortaRosa-10x12.webp 10w\" sizes=\"(max-width: 54px) 100vw, 54px\" \/>\t\t\t\t\t\t\t\t\t\t\t\t\t\t\t<\/div>\n\t\t\t\t<\/div>\n\t\t\t\t<div class=\"elementor-element elementor-element-c4ef4c7 elementor-widget elementor-widget-text-editor\" data-id=\"c4ef4c7\" data-element_type=\"widget\" data-e-type=\"widget\" id=\"mentorsText35\" data-widget_type=\"text-editor.default\">\n\t\t\t\t<div class=\"elementor-widget-container\">\n\t\t\t\t\t\t\t\t\t<p>R\u00e9alisateur et sc\u00e9nariste danois, reconnu pour son approche hybride m\u00ealant documentaire et animation. Son film \u201cFlee\u201d (2021), qui retrace l\u2019histoire r\u00e9elle d\u2019un r\u00e9fugi\u00e9 afghan \u00e0 travers l\u2019animation, a \u00e9t\u00e9 salu\u00e9 internationalement et nomm\u00e9 aux Oscars dans trois cat\u00e9gories : Meilleur film international, Meilleur documentaire et Meilleur film d\u2019animation. Jonas Rasmussen a travaill\u00e9 pour la radio, la t\u00e9l\u00e9vision et le cin\u00e9ma, explorant des th\u00e8mes li\u00e9s \u00e0 la m\u00e9moire, au d\u00e9placement et \u00e0 l\u2019identit\u00e9. Il est dipl\u00f4m\u00e9 de l\u2019\u00e9cole de cin\u00e9ma Super16 de Copenhague.<\/p>\t\t\t\t\t\t\t\t<\/div>\n\t\t\t\t<\/div>\n\t\t\t\t<\/div>\n\t\t<div class=\"elementor-element elementor-element-6f37874 e-con-full e-flex e-con e-child\" data-id=\"6f37874\" data-element_type=\"container\" data-e-type=\"container\">\n\t\t\t\t<div class=\"elementor-element elementor-element-8e21400 elementor-widget elementor-widget-image\" data-id=\"8e21400\" data-element_type=\"widget\" data-e-type=\"widget\" id=\"mentorsImg34\" data-widget_type=\"image.default\">\n\t\t\t\t<div class=\"elementor-widget-container\">\n\t\t\t\t\t\t\t\t\t\t\t\t\t\t\t<img loading=\"lazy\" decoding=\"async\" width=\"400\" height=\"400\" src=\"https:\/\/orillasnuevas.org\/wp-content\/uploads\/2025\/10\/10-Jeremy-Oury-1.png\" class=\"attachment-full size-full wp-image-5508\" alt=\"\" srcset=\"https:\/\/orillasnuevas.org\/wp-content\/uploads\/2025\/10\/10-Jeremy-Oury-1.png 400w, https:\/\/orillasnuevas.org\/wp-content\/uploads\/2025\/10\/10-Jeremy-Oury-1-300x300.png 300w, https:\/\/orillasnuevas.org\/wp-content\/uploads\/2025\/10\/10-Jeremy-Oury-1-150x150.png 150w, https:\/\/orillasnuevas.org\/wp-content\/uploads\/2025\/10\/10-Jeremy-Oury-1-12x12.png 12w\" sizes=\"(max-width: 400px) 100vw, 400px\" \/>\t\t\t\t\t\t\t\t\t\t\t\t\t\t\t<\/div>\n\t\t\t\t<\/div>\n\t\t\t\t<div class=\"elementor-element elementor-element-5c81d57 elementor-widget elementor-widget-text-editor\" data-id=\"5c81d57\" data-element_type=\"widget\" data-e-type=\"widget\" id=\"mentorsName34\" data-widget_type=\"text-editor.default\">\n\t\t\t\t<div class=\"elementor-widget-container\">\n\t\t\t\t\t\t\t\t\t<p>J\u00e9r\u00e9my Oury<\/p>\t\t\t\t\t\t\t\t<\/div>\n\t\t\t\t<\/div>\n\t\t\t\t<div class=\"elementor-element elementor-element-a0c5dee elementor-widget elementor-widget-image\" data-id=\"a0c5dee\" data-element_type=\"widget\" data-e-type=\"widget\" id=\"arrowClosed34\" data-widget_type=\"image.default\">\n\t\t\t\t<div class=\"elementor-widget-container\">\n\t\t\t\t\t\t\t\t\t\t\t\t\t\t\t<img decoding=\"async\" width=\"68\" height=\"54\" src=\"https:\/\/orillasnuevas.org\/wp-content\/uploads\/2024\/09\/FlechaCortaRosa2-e1726110127130.webp\" class=\"attachment-full size-full wp-image-1383\" alt=\"\" srcset=\"https:\/\/orillasnuevas.org\/wp-content\/uploads\/2024\/09\/FlechaCortaRosa2-e1726110127130.webp 68w, https:\/\/orillasnuevas.org\/wp-content\/uploads\/2024\/09\/FlechaCortaRosa2-e1726110127130-15x12.webp 15w\" sizes=\"(max-width: 68px) 100vw, 68px\" \/>\t\t\t\t\t\t\t\t\t\t\t\t\t\t\t<\/div>\n\t\t\t\t<\/div>\n\t\t\t\t<div class=\"elementor-element elementor-element-43c8ab7 elementor-widget elementor-widget-image\" data-id=\"43c8ab7\" data-element_type=\"widget\" data-e-type=\"widget\" id=\"arrowOpened34\" data-widget_type=\"image.default\">\n\t\t\t\t<div class=\"elementor-widget-container\">\n\t\t\t\t\t\t\t\t\t\t\t\t\t\t\t<img loading=\"lazy\" decoding=\"async\" width=\"54\" height=\"68\" src=\"https:\/\/orillasnuevas.org\/wp-content\/uploads\/2024\/09\/FlechaCortaRosa.webp\" class=\"attachment-full size-full wp-image-527\" alt=\"\" srcset=\"https:\/\/orillasnuevas.org\/wp-content\/uploads\/2024\/09\/FlechaCortaRosa.webp 54w, https:\/\/orillasnuevas.org\/wp-content\/uploads\/2024\/09\/FlechaCortaRosa-10x12.webp 10w\" sizes=\"(max-width: 54px) 100vw, 54px\" \/>\t\t\t\t\t\t\t\t\t\t\t\t\t\t\t<\/div>\n\t\t\t\t<\/div>\n\t\t\t\t<div class=\"elementor-element elementor-element-fdfc2e3 elementor-widget elementor-widget-text-editor\" data-id=\"fdfc2e3\" data-element_type=\"widget\" data-e-type=\"widget\" id=\"mentorsText34\" data-widget_type=\"text-editor.default\">\n\t\t\t\t<div class=\"elementor-widget-container\">\n\t\t\t\t\t\t\t\t\t<p>Artiste num\u00e9rique fran\u00e7ais bas\u00e9 \u00e0 Mexico. Il questionne notre perception de la r\u00e9alit\u00e9 et notre relation \u00e0 l\u2019environnement num\u00e9rique \u00e0 travers la lumi\u00e8re, le son et l\u2019espace. Que ce soit par l\u2019abstraction g\u00e9om\u00e9trique, les paysages futuristes ou les voyages po\u00e9tiques, ses \u0153uvres sont toujours con\u00e7ues pour \u00eatre ressenties.<\/p><p>Son travail novateur a \u00e9t\u00e9 reconnu et pr\u00e9sent\u00e9 dans des festivals et expositions num\u00e9riques internationaux de renom tels que ARTEC (Japon), MUTEK MX (Mexique), Mapping Festival (Suisse), ISEA (Symposium International sur l\u2019Art \u00c9lectronique), +Code Festival (Argentine), et DomoLleno (Mexique).<\/p><p>Depuis 2023, il est co-commissaire et co-organisateur du festival d\u2019arts immersifs SOUS DOME \u00e0 Paris. Il a \u00e9galement initi\u00e9 le projet DomoArte \u00e0 Mexico dans le cadre de Novembre Num\u00e9rique, en collaboration avec l\u2019Institut Fran\u00e7ais d\u2019Am\u00e9rique Latine.<\/p>\t\t\t\t\t\t\t\t<\/div>\n\t\t\t\t<\/div>\n\t\t\t\t<\/div>\n\t\t\t\t\t<\/div>\n\t\t\t\t<\/div>\n\t\t<div class=\"elementor-element elementor-element-d202645 e-flex e-con-boxed e-con e-parent\" data-id=\"d202645\" data-element_type=\"container\" data-e-type=\"container\">\n\t\t\t\t\t<div class=\"e-con-inner\">\n\t\t<div class=\"elementor-element elementor-element-3f3195f e-con-full e-flex e-con e-child\" data-id=\"3f3195f\" data-element_type=\"container\" data-e-type=\"container\">\n\t\t\t\t<div class=\"elementor-element elementor-element-336125b elementor-widget elementor-widget-image\" data-id=\"336125b\" data-element_type=\"widget\" data-e-type=\"widget\" id=\"mentorsImg16\" data-widget_type=\"image.default\">\n\t\t\t\t<div class=\"elementor-widget-container\">\n\t\t\t\t\t\t\t\t\t\t\t\t\t\t\t<img loading=\"lazy\" decoding=\"async\" width=\"400\" height=\"400\" src=\"https:\/\/orillasnuevas.org\/wp-content\/uploads\/2025\/05\/8-Laurent-Michaud-1.png\" class=\"attachment-full size-full wp-image-4750\" alt=\"\" srcset=\"https:\/\/orillasnuevas.org\/wp-content\/uploads\/2025\/05\/8-Laurent-Michaud-1.png 400w, https:\/\/orillasnuevas.org\/wp-content\/uploads\/2025\/05\/8-Laurent-Michaud-1-300x300.png 300w, https:\/\/orillasnuevas.org\/wp-content\/uploads\/2025\/05\/8-Laurent-Michaud-1-150x150.png 150w, https:\/\/orillasnuevas.org\/wp-content\/uploads\/2025\/05\/8-Laurent-Michaud-1-12x12.png 12w\" sizes=\"(max-width: 400px) 100vw, 400px\" \/>\t\t\t\t\t\t\t\t\t\t\t\t\t\t\t<\/div>\n\t\t\t\t<\/div>\n\t\t\t\t<div class=\"elementor-element elementor-element-8761b71 elementor-widget elementor-widget-text-editor\" data-id=\"8761b71\" data-element_type=\"widget\" data-e-type=\"widget\" id=\"mentorsName16\" data-widget_type=\"text-editor.default\">\n\t\t\t\t<div class=\"elementor-widget-container\">\n\t\t\t\t\t\t\t\t\t<p>Laurent Michaud<\/p>\t\t\t\t\t\t\t\t<\/div>\n\t\t\t\t<\/div>\n\t\t\t\t<div class=\"elementor-element elementor-element-150aff4 elementor-widget elementor-widget-image\" data-id=\"150aff4\" data-element_type=\"widget\" data-e-type=\"widget\" id=\"arrowClosed16\" data-widget_type=\"image.default\">\n\t\t\t\t<div class=\"elementor-widget-container\">\n\t\t\t\t\t\t\t\t\t\t\t\t\t\t\t<img decoding=\"async\" width=\"68\" height=\"54\" src=\"https:\/\/orillasnuevas.org\/wp-content\/uploads\/2024\/09\/FlechaCortaRosa2-e1726110127130.webp\" class=\"attachment-full size-full wp-image-1383\" alt=\"\" srcset=\"https:\/\/orillasnuevas.org\/wp-content\/uploads\/2024\/09\/FlechaCortaRosa2-e1726110127130.webp 68w, https:\/\/orillasnuevas.org\/wp-content\/uploads\/2024\/09\/FlechaCortaRosa2-e1726110127130-15x12.webp 15w\" sizes=\"(max-width: 68px) 100vw, 68px\" \/>\t\t\t\t\t\t\t\t\t\t\t\t\t\t\t<\/div>\n\t\t\t\t<\/div>\n\t\t\t\t<div class=\"elementor-element elementor-element-1ddc711 elementor-widget elementor-widget-image\" data-id=\"1ddc711\" data-element_type=\"widget\" data-e-type=\"widget\" id=\"arrowOpened16\" data-widget_type=\"image.default\">\n\t\t\t\t<div class=\"elementor-widget-container\">\n\t\t\t\t\t\t\t\t\t\t\t\t\t\t\t<img loading=\"lazy\" decoding=\"async\" width=\"54\" height=\"68\" src=\"https:\/\/orillasnuevas.org\/wp-content\/uploads\/2024\/09\/FlechaCortaRosa.webp\" class=\"attachment-full size-full wp-image-527\" alt=\"\" srcset=\"https:\/\/orillasnuevas.org\/wp-content\/uploads\/2024\/09\/FlechaCortaRosa.webp 54w, https:\/\/orillasnuevas.org\/wp-content\/uploads\/2024\/09\/FlechaCortaRosa-10x12.webp 10w\" sizes=\"(max-width: 54px) 100vw, 54px\" \/>\t\t\t\t\t\t\t\t\t\t\t\t\t\t\t<\/div>\n\t\t\t\t<\/div>\n\t\t\t\t<div class=\"elementor-element elementor-element-f1cf8ff elementor-widget elementor-widget-text-editor\" data-id=\"f1cf8ff\" data-element_type=\"widget\" data-e-type=\"widget\" id=\"mentorsText16\" data-widget_type=\"text-editor.default\">\n\t\t\t\t<div class=\"elementor-widget-container\">\n\t\t\t\t\t\t\t\t\t<p><b>Laurent Michaud<\/b><span style=\"font-weight: 400;\"> a 25 ans d\u2019exp\u00e9rience en conseil et soutien aux entreprises du domaine des industries cr\u00e9atives, des m\u00e9dias et de la technologie.<\/span><\/p><p><span style=\"font-weight: 400;\">Il a coproduit pendant 7 ans le barom\u00e8tre de l\u2019industrie des jeux-vid\u00e9os en France, en collaboration avec le SNJV (Syndicat national du jeu-vid\u00e9o). Il a \u00e9galement organis\u00e9 \u00e0 Montpellier 18 \u00e9ditions annuelles du Game Summit, une conf\u00e9rence internationale sur l\u2019industrie des jeux-vid\u00e9os. Directeur de d\u00e9veloppement au sein du groupe de formation Ic\u00f4nes (4 500 \u00e9tudiants dans diff\u00e9rentes fili\u00e8res cr\u00e9atives), il a g\u00e9r\u00e9 un studio de jeux-vid\u00e9os employant 40 personnes pendant plus d\u2019un an. Il est aussi l\u2019auteur d\u2019une soixantaine de rapports sur le march\u00e9.<\/span><\/p><p><span style=\"font-weight: 400;\">Tout au long de son parcours, il a travaill\u00e9 avec 50 studios de d\u00e9veloppement et des fournisseurs de technologie, puis a conseill\u00e9 plusieurs administrations fran\u00e7aises, dont le minist\u00e8re de l\u2019\u00e9conomie et des finances et le minist\u00e8re de la culture et de la communication.<\/span><\/p>\t\t\t\t\t\t\t\t<\/div>\n\t\t\t\t<\/div>\n\t\t\t\t<\/div>\n\t\t<div class=\"elementor-element elementor-element-a048a3a e-con-full e-flex e-con e-child\" data-id=\"a048a3a\" data-element_type=\"container\" data-e-type=\"container\">\n\t\t\t\t<div class=\"elementor-element elementor-element-3c58de6 elementor-widget elementor-widget-image\" data-id=\"3c58de6\" data-element_type=\"widget\" data-e-type=\"widget\" id=\"mentorsImg36\" data-widget_type=\"image.default\">\n\t\t\t\t<div class=\"elementor-widget-container\">\n\t\t\t\t\t\t\t\t\t\t\t\t\t\t\t<img loading=\"lazy\" decoding=\"async\" width=\"400\" height=\"400\" src=\"https:\/\/orillasnuevas.org\/wp-content\/uploads\/2025\/10\/15-Lisandro-Rodriguez-1.png\" class=\"attachment-full size-full wp-image-5512\" alt=\"\" srcset=\"https:\/\/orillasnuevas.org\/wp-content\/uploads\/2025\/10\/15-Lisandro-Rodriguez-1.png 400w, https:\/\/orillasnuevas.org\/wp-content\/uploads\/2025\/10\/15-Lisandro-Rodriguez-1-300x300.png 300w, https:\/\/orillasnuevas.org\/wp-content\/uploads\/2025\/10\/15-Lisandro-Rodriguez-1-150x150.png 150w, https:\/\/orillasnuevas.org\/wp-content\/uploads\/2025\/10\/15-Lisandro-Rodriguez-1-12x12.png 12w\" sizes=\"(max-width: 400px) 100vw, 400px\" \/>\t\t\t\t\t\t\t\t\t\t\t\t\t\t\t<\/div>\n\t\t\t\t<\/div>\n\t\t\t\t<div class=\"elementor-element elementor-element-2bf51b6 elementor-widget elementor-widget-text-editor\" data-id=\"2bf51b6\" data-element_type=\"widget\" data-e-type=\"widget\" id=\"mentorsName36\" data-widget_type=\"text-editor.default\">\n\t\t\t\t<div class=\"elementor-widget-container\">\n\t\t\t\t\t\t\t\t\t<p>Lisandro Rodr\u00edguez<\/p>\t\t\t\t\t\t\t\t<\/div>\n\t\t\t\t<\/div>\n\t\t\t\t<div class=\"elementor-element elementor-element-42b5aca elementor-widget elementor-widget-image\" data-id=\"42b5aca\" data-element_type=\"widget\" data-e-type=\"widget\" id=\"arrowClosed36\" data-widget_type=\"image.default\">\n\t\t\t\t<div class=\"elementor-widget-container\">\n\t\t\t\t\t\t\t\t\t\t\t\t\t\t\t<img decoding=\"async\" width=\"68\" height=\"54\" src=\"https:\/\/orillasnuevas.org\/wp-content\/uploads\/2024\/09\/FlechaCortaRosa2-e1726110127130.webp\" class=\"attachment-full size-full wp-image-1383\" alt=\"\" srcset=\"https:\/\/orillasnuevas.org\/wp-content\/uploads\/2024\/09\/FlechaCortaRosa2-e1726110127130.webp 68w, https:\/\/orillasnuevas.org\/wp-content\/uploads\/2024\/09\/FlechaCortaRosa2-e1726110127130-15x12.webp 15w\" sizes=\"(max-width: 68px) 100vw, 68px\" \/>\t\t\t\t\t\t\t\t\t\t\t\t\t\t\t<\/div>\n\t\t\t\t<\/div>\n\t\t\t\t<div class=\"elementor-element elementor-element-d10ca17 elementor-widget elementor-widget-image\" data-id=\"d10ca17\" data-element_type=\"widget\" data-e-type=\"widget\" id=\"arrowOpened36\" data-widget_type=\"image.default\">\n\t\t\t\t<div class=\"elementor-widget-container\">\n\t\t\t\t\t\t\t\t\t\t\t\t\t\t\t<img loading=\"lazy\" decoding=\"async\" width=\"54\" height=\"68\" src=\"https:\/\/orillasnuevas.org\/wp-content\/uploads\/2024\/09\/FlechaCortaRosa.webp\" class=\"attachment-full size-full wp-image-527\" alt=\"\" srcset=\"https:\/\/orillasnuevas.org\/wp-content\/uploads\/2024\/09\/FlechaCortaRosa.webp 54w, https:\/\/orillasnuevas.org\/wp-content\/uploads\/2024\/09\/FlechaCortaRosa-10x12.webp 10w\" sizes=\"(max-width: 54px) 100vw, 54px\" \/>\t\t\t\t\t\t\t\t\t\t\t\t\t\t\t<\/div>\n\t\t\t\t<\/div>\n\t\t\t\t<div class=\"elementor-element elementor-element-eb729cf elementor-widget elementor-widget-text-editor\" data-id=\"eb729cf\" data-element_type=\"widget\" data-e-type=\"widget\" id=\"mentorsText36\" data-widget_type=\"text-editor.default\">\n\t\t\t\t<div class=\"elementor-widget-container\">\n\t\t\t\t\t\t\t\t\t<p>Metteur en sc\u00e8ne, dramaturge et performer, n\u00e9 \u00e0 Quilmes (province de Buenos Aires, Argentine) en 1980 et install\u00e9 \u00e0 Buenos Aires, il dirige actuellement Estudio Los Vidrios, un espace depuis lequel il produit, met en sc\u00e8ne et coordonne des spectacles, des laboratoires et des ateliers en Argentine et \u00e0 l\u2019\u00e9tranger.<\/p><p>Ses cr\u00e9ations, aux formats vari\u00e9s, ont \u00e9t\u00e9 pr\u00e9sent\u00e9es dans des festivals internationaux, biennales et espaces non conventionnels en Allemagne, Italie, Chili, Br\u00e9sil, Suisse, France et Argentine, notamment \u00e0 la Ruhrtriennale, au Piccolo Teatro di Milano, \u00e0 Santiago a Mil, au MIT S\u00e3o Paulo, \u00e0 Culturescapes (B\u00e2le), au FIBA, \u00e0 la Biennale de la Performance (BP), entre autres.<\/p><p>Au cin\u00e9ma, il a jou\u00e9 dans \u201cLa Paz\u201d de Santiago Loza (Berlinale), recevant le prix du Meilleur acteur au 22e Festival de Biarritz, et a co\u00e9crit, coproduit et interpr\u00e9t\u00e9 \u201cMar de Dominga Sotomayor\u201d (Berlinale). En 2021, il a pr\u00e9sent\u00e9 \u201cFuturo \u2013 Retrato Amaz\u00f3nicos\u201d, une \u0153uvre audiovisuelle pour le festival Culturescapes (B\u00e2le, Suisse). En 2023, il a fond\u00e9 une coop\u00e9rative internationale (CTIA) avec des artistes italiens, avec lesquels il a \u00e9crit et pr\u00e9sent\u00e9 \u201cTuristas\u201d (Estudio Los Vidrios, Teatro Nuovo de Pisa, CTIA 2024).\n\nLaur\u00e9at du concours de dramaturgie pour les 40 ans de la d\u00e9mocratie argentine, il pr\u00e9sentera prochainement la pi\u00e8ce \u201cTipxs\u201d. En 2025, il publiera son premier livre \u201cTeatro Comercial : 299 notes sur la mise en sc\u00e8ne\u201d, \u00e9dit\u00e9 par Paripe Books. Il d\u00e9veloppe actuellement son projet musical \u201cNO YA EXISTE\u201d.<\/p>\t\t\t\t\t\t\t\t<\/div>\n\t\t\t\t<\/div>\n\t\t\t\t<\/div>\n\t\t<div class=\"elementor-element elementor-element-8ae70e5 e-con-full e-flex e-con e-child\" data-id=\"8ae70e5\" data-element_type=\"container\" data-e-type=\"container\">\n\t\t\t\t<div class=\"elementor-element elementor-element-07a9f58 elementor-widget elementor-widget-image\" data-id=\"07a9f58\" data-element_type=\"widget\" data-e-type=\"widget\" id=\"mentorsImg37\" data-widget_type=\"image.default\">\n\t\t\t\t<div class=\"elementor-widget-container\">\n\t\t\t\t\t\t\t\t\t\t\t\t\t\t\t<img loading=\"lazy\" decoding=\"async\" width=\"400\" height=\"400\" src=\"https:\/\/orillasnuevas.org\/wp-content\/uploads\/2025\/10\/16-Maelle-Grange-1.png\" class=\"attachment-full size-full wp-image-5516\" alt=\"\" srcset=\"https:\/\/orillasnuevas.org\/wp-content\/uploads\/2025\/10\/16-Maelle-Grange-1.png 400w, https:\/\/orillasnuevas.org\/wp-content\/uploads\/2025\/10\/16-Maelle-Grange-1-300x300.png 300w, https:\/\/orillasnuevas.org\/wp-content\/uploads\/2025\/10\/16-Maelle-Grange-1-150x150.png 150w, https:\/\/orillasnuevas.org\/wp-content\/uploads\/2025\/10\/16-Maelle-Grange-1-12x12.png 12w\" sizes=\"(max-width: 400px) 100vw, 400px\" \/>\t\t\t\t\t\t\t\t\t\t\t\t\t\t\t<\/div>\n\t\t\t\t<\/div>\n\t\t\t\t<div class=\"elementor-element elementor-element-4ed5858 elementor-widget elementor-widget-text-editor\" data-id=\"4ed5858\" data-element_type=\"widget\" data-e-type=\"widget\" id=\"mentorsName37\" data-widget_type=\"text-editor.default\">\n\t\t\t\t<div class=\"elementor-widget-container\">\n\t\t\t\t\t\t\t\t\t<p>Maelle Grange<\/p>\t\t\t\t\t\t\t\t<\/div>\n\t\t\t\t<\/div>\n\t\t\t\t<div class=\"elementor-element elementor-element-0da3468 elementor-widget elementor-widget-image\" data-id=\"0da3468\" data-element_type=\"widget\" data-e-type=\"widget\" id=\"arrowClosed37\" data-widget_type=\"image.default\">\n\t\t\t\t<div class=\"elementor-widget-container\">\n\t\t\t\t\t\t\t\t\t\t\t\t\t\t\t<img decoding=\"async\" width=\"68\" height=\"54\" src=\"https:\/\/orillasnuevas.org\/wp-content\/uploads\/2024\/09\/FlechaCortaRosa2-e1726110127130.webp\" class=\"attachment-full size-full wp-image-1383\" alt=\"\" srcset=\"https:\/\/orillasnuevas.org\/wp-content\/uploads\/2024\/09\/FlechaCortaRosa2-e1726110127130.webp 68w, https:\/\/orillasnuevas.org\/wp-content\/uploads\/2024\/09\/FlechaCortaRosa2-e1726110127130-15x12.webp 15w\" sizes=\"(max-width: 68px) 100vw, 68px\" \/>\t\t\t\t\t\t\t\t\t\t\t\t\t\t\t<\/div>\n\t\t\t\t<\/div>\n\t\t\t\t<div class=\"elementor-element elementor-element-ce0dcd1 elementor-widget elementor-widget-image\" data-id=\"ce0dcd1\" data-element_type=\"widget\" data-e-type=\"widget\" id=\"arrowOpened37\" data-widget_type=\"image.default\">\n\t\t\t\t<div class=\"elementor-widget-container\">\n\t\t\t\t\t\t\t\t\t\t\t\t\t\t\t<img loading=\"lazy\" decoding=\"async\" width=\"54\" height=\"68\" src=\"https:\/\/orillasnuevas.org\/wp-content\/uploads\/2024\/09\/FlechaCortaRosa.webp\" class=\"attachment-full size-full wp-image-527\" alt=\"\" srcset=\"https:\/\/orillasnuevas.org\/wp-content\/uploads\/2024\/09\/FlechaCortaRosa.webp 54w, https:\/\/orillasnuevas.org\/wp-content\/uploads\/2024\/09\/FlechaCortaRosa-10x12.webp 10w\" sizes=\"(max-width: 54px) 100vw, 54px\" \/>\t\t\t\t\t\t\t\t\t\t\t\t\t\t\t<\/div>\n\t\t\t\t<\/div>\n\t\t\t\t<div class=\"elementor-element elementor-element-18a2f3b elementor-widget elementor-widget-text-editor\" data-id=\"18a2f3b\" data-element_type=\"widget\" data-e-type=\"widget\" id=\"mentorsText37\" data-widget_type=\"text-editor.default\">\n\t\t\t\t<div class=\"elementor-widget-container\">\n\t\t\t\t\t\t\t\t\t<p>Avec un Master en Ing\u00e9ni\u00e9rie culturelle \u00e0 Lille, Ma\u00eblle Grange travaille \u00e0 la coordination de diff\u00e9rents \u00e9v\u00e9nements pluridisciplinaires dont Panorama 3 \u2013 Exposition temporaire au Studio National des Arts \u2013 Le Fresnoy de Tourcoing et le Festival Brut de Fabrique \u00e0 Villeurbanne. En 2004, elle d\u00e9bute ses collaborations avec le milieu de la danse et prend la direction administrative de la Compagnie Sisyphe Heureux (dirig\u00e9e par le chor\u00e9graphe et vid\u00e9aste Ha\u00efm Adri \u2013 France\/Isra\u00ebl) et l\u2019accompagne dans la mise en \u0153uvre d\u2019une cr\u00e9ation partag\u00e9e entre la France, La Palestine et Isra\u00ebl jusqu\u2019en 2006.<\/p><p>DANSE \u2013 A partir de 2006, elle coordonne et administre successivement les projets internationaux des chor\u00e9graphes Laurence Rondoni \/ Mohamed Shafik (Egypte) et Opiyo Okach (Kenya) ainsi que les projets des chor\u00e9graphes : Laura de Nercy, Jo\u00eblle Bouvier et Mark Tompkins. De 2011 \u00e0 2021, elle est administratrice de production de la Compagnie ACT2 de la chor\u00e9graphe Catherine Dreyfus.<\/p><p>THEATRE \u2013 De 2007 \u00e0 2018, elle accompagne \u00e9galement la Compagnie Eulalie (dirig\u00e9e par la metteur en sc\u00e8ne Sophie Lecarpentier).  De 2018 \u00e0 2020, elle accompagne Le Th\u00e9\u00e2tre du Phare \/ Olivier Letellier dans son d\u00e9veloppement \u00e0 l\u2019international. En 2021, elle accompagne le collectif Sp\u00e9cimens dans sa structuration et sa prise de fonction \u00e0 la direction du th\u00e9\u00e2tre Le Hublot \u00e0 Colombes. De 2019 \u00e0 2024, elle rejoint le metteur Thomas Quillardet \u00e0 la direction de production et administration des cr\u00e9ations de 8 AVRIL.<\/p><p>Depuis janvier 2022, elle accompagne  La Compagnie Babel dirig\u00e9e par Elise Chatauret et Thomas Pondevie en tant qu\u2019administratrice et  directrice de production.<\/p><p>FESTIVALS \u2013 En 2007, elle cr\u00e9e avec Fr\u00e9d\u00e9rique Helmstetter le festival de danse contemporaine \u00ab Les dilettantes \u00bb dans le jardin du mus\u00e9e H\u00e9bert \u00e0 La Tronche (38) avec des cr\u00e9ations con\u00e7ues pour le parc.\n\nDepuis septembre 2024, elle accompagne Marie Lenoir et Thomas Quillardet en temps qu\u2019administratrice et directrice de Production du Festival Paris l\u2019\u00e9t\u00e9.<\/p>\t\t\t\t\t\t\t\t<\/div>\n\t\t\t\t<\/div>\n\t\t\t\t<\/div>\n\t\t<div class=\"elementor-element elementor-element-9807121 e-con-full e-flex e-con e-child\" data-id=\"9807121\" data-element_type=\"container\" data-e-type=\"container\">\n\t\t\t\t<div class=\"elementor-element elementor-element-801e729 elementor-widget elementor-widget-image\" data-id=\"801e729\" data-element_type=\"widget\" data-e-type=\"widget\" id=\"mentorsImg38\" data-widget_type=\"image.default\">\n\t\t\t\t<div class=\"elementor-widget-container\">\n\t\t\t\t\t\t\t\t\t\t\t\t\t\t\t<img loading=\"lazy\" decoding=\"async\" width=\"400\" height=\"400\" src=\"https:\/\/orillasnuevas.org\/wp-content\/uploads\/2025\/10\/17-Mariana-Volpi-y-Florencia-Arias-1.png\" class=\"attachment-full size-full wp-image-5518\" alt=\"\" srcset=\"https:\/\/orillasnuevas.org\/wp-content\/uploads\/2025\/10\/17-Mariana-Volpi-y-Florencia-Arias-1.png 400w, https:\/\/orillasnuevas.org\/wp-content\/uploads\/2025\/10\/17-Mariana-Volpi-y-Florencia-Arias-1-300x300.png 300w, https:\/\/orillasnuevas.org\/wp-content\/uploads\/2025\/10\/17-Mariana-Volpi-y-Florencia-Arias-1-150x150.png 150w, https:\/\/orillasnuevas.org\/wp-content\/uploads\/2025\/10\/17-Mariana-Volpi-y-Florencia-Arias-1-12x12.png 12w\" sizes=\"(max-width: 400px) 100vw, 400px\" \/>\t\t\t\t\t\t\t\t\t\t\t\t\t\t\t<\/div>\n\t\t\t\t<\/div>\n\t\t\t\t<div class=\"elementor-element elementor-element-544bf56 elementor-widget elementor-widget-text-editor\" data-id=\"544bf56\" data-element_type=\"widget\" data-e-type=\"widget\" id=\"mentorsName38\" data-widget_type=\"text-editor.default\">\n\t\t\t\t<div class=\"elementor-widget-container\">\n\t\t\t\t\t\t\t\t\t<p>Mariana Volpi y Florencia Arias<\/p>\t\t\t\t\t\t\t\t<\/div>\n\t\t\t\t<\/div>\n\t\t\t\t<div class=\"elementor-element elementor-element-db8c9c1 elementor-widget elementor-widget-image\" data-id=\"db8c9c1\" data-element_type=\"widget\" data-e-type=\"widget\" id=\"arrowClosed38\" data-widget_type=\"image.default\">\n\t\t\t\t<div class=\"elementor-widget-container\">\n\t\t\t\t\t\t\t\t\t\t\t\t\t\t\t<img decoding=\"async\" width=\"68\" height=\"54\" src=\"https:\/\/orillasnuevas.org\/wp-content\/uploads\/2024\/09\/FlechaCortaRosa2-e1726110127130.webp\" class=\"attachment-full size-full wp-image-1383\" alt=\"\" srcset=\"https:\/\/orillasnuevas.org\/wp-content\/uploads\/2024\/09\/FlechaCortaRosa2-e1726110127130.webp 68w, https:\/\/orillasnuevas.org\/wp-content\/uploads\/2024\/09\/FlechaCortaRosa2-e1726110127130-15x12.webp 15w\" sizes=\"(max-width: 68px) 100vw, 68px\" \/>\t\t\t\t\t\t\t\t\t\t\t\t\t\t\t<\/div>\n\t\t\t\t<\/div>\n\t\t\t\t<div class=\"elementor-element elementor-element-44f29d9 elementor-widget elementor-widget-image\" data-id=\"44f29d9\" data-element_type=\"widget\" data-e-type=\"widget\" id=\"arrowOpened38\" data-widget_type=\"image.default\">\n\t\t\t\t<div class=\"elementor-widget-container\">\n\t\t\t\t\t\t\t\t\t\t\t\t\t\t\t<img loading=\"lazy\" decoding=\"async\" width=\"54\" height=\"68\" src=\"https:\/\/orillasnuevas.org\/wp-content\/uploads\/2024\/09\/FlechaCortaRosa.webp\" class=\"attachment-full size-full wp-image-527\" alt=\"\" srcset=\"https:\/\/orillasnuevas.org\/wp-content\/uploads\/2024\/09\/FlechaCortaRosa.webp 54w, https:\/\/orillasnuevas.org\/wp-content\/uploads\/2024\/09\/FlechaCortaRosa-10x12.webp 10w\" sizes=\"(max-width: 54px) 100vw, 54px\" \/>\t\t\t\t\t\t\t\t\t\t\t\t\t\t\t<\/div>\n\t\t\t\t<\/div>\n\t\t\t\t<div class=\"elementor-element elementor-element-dd7b968 elementor-widget elementor-widget-text-editor\" data-id=\"dd7b968\" data-element_type=\"widget\" data-e-type=\"widget\" id=\"mentorsText38\" data-widget_type=\"text-editor.default\">\n\t\t\t\t<div class=\"elementor-widget-container\">\n\t\t\t\t\t\t\t\t\t<p>Conseil juridique audiovisuel.<\/p><p>Avocate sp\u00e9cialis\u00e9e en m\u00e9diation, n\u00e9gociation et droits intellectuels, Mariana Volpi est coordinatrice et cr\u00e9atrice du programme Probemos Hablando, reconnu par l\u2019ONU, dont l\u2019objectif est la pr\u00e9vention de la violence et le d\u00e9veloppement de comp\u00e9tences en expression et en n\u00e9gociation pour les personnes priv\u00e9es de libert\u00e9. Elle travaille \u00e9galement dans l\u2019industrie cin\u00e9matographique, en tant qu\u2019avocate et consultante aupr\u00e8s de diverses soci\u00e9t\u00e9s de production audiovisuelle et d\u2019auteurs. Actuellement, elle est productrice et participe activement \u00e0 la cr\u00e9ation et \u00e0 la production de films.<\/p><p>Florencia Arias est productrice et fondatrice de MundoA, un cabinet de conseil sp\u00e9cialis\u00e9 dans le d\u00e9veloppement de projets audiovisuels, avec un accent sur l\u2019acc\u00e8s au financement local et international. Elle fournit un accompagnement strat\u00e9gique visant \u00e0 renforcer la viabilit\u00e9 et la croissance de productions de fiction, documentaires et s\u00e9ries.<\/p><p>Chercheuse dans l\u2019\u00e9cosyst\u00e8me audiovisuel, elle \u00e9labore des rapports personnalis\u00e9s destin\u00e9s \u00e0 diff\u00e9rents niveaux de production ainsi qu\u2019aux organismes publics. Elle enseigne \u00e9galement la production financi\u00e8re et le s\u00e9minaire de d\u00e9veloppement de projets \u00e0 l\u2019UCINE et au FUC Lab, et a \u00e9t\u00e9 membre de jurys dans divers festivals.<\/p><p>Titulaire d\u2019une licence en gestion des politiques publiques (UNTREF), elle a \u00e9galement suivi des formations en r\u00e9solution de conflits, en recherche, en cin\u00e9ma et f\u00e9minismes, et en politiques publiques. Elle est aussi facilitatrice de dialogue et formatrice pour la pr\u00e9vention des violences et coexistence sur les tournages.<\/p>\t\t\t\t\t\t\t\t<\/div>\n\t\t\t\t<\/div>\n\t\t\t\t<\/div>\n\t\t<div class=\"elementor-element elementor-element-021a224 e-con-full e-flex e-con e-child\" data-id=\"021a224\" data-element_type=\"container\" data-e-type=\"container\">\n\t\t\t\t<div class=\"elementor-element elementor-element-bbfdc88 elementor-widget elementor-widget-image\" data-id=\"bbfdc88\" data-element_type=\"widget\" data-e-type=\"widget\" id=\"mentorsImg39\" data-widget_type=\"image.default\">\n\t\t\t\t<div class=\"elementor-widget-container\">\n\t\t\t\t\t\t\t\t\t\t\t\t\t\t\t<img loading=\"lazy\" decoding=\"async\" width=\"400\" height=\"400\" src=\"https:\/\/orillasnuevas.org\/wp-content\/uploads\/2025\/10\/18-Mathieu-Courtois-1.png\" class=\"attachment-full size-full wp-image-5520\" alt=\"\" srcset=\"https:\/\/orillasnuevas.org\/wp-content\/uploads\/2025\/10\/18-Mathieu-Courtois-1.png 400w, https:\/\/orillasnuevas.org\/wp-content\/uploads\/2025\/10\/18-Mathieu-Courtois-1-300x300.png 300w, https:\/\/orillasnuevas.org\/wp-content\/uploads\/2025\/10\/18-Mathieu-Courtois-1-150x150.png 150w, https:\/\/orillasnuevas.org\/wp-content\/uploads\/2025\/10\/18-Mathieu-Courtois-1-12x12.png 12w\" sizes=\"(max-width: 400px) 100vw, 400px\" \/>\t\t\t\t\t\t\t\t\t\t\t\t\t\t\t<\/div>\n\t\t\t\t<\/div>\n\t\t\t\t<div class=\"elementor-element elementor-element-f9bc7a8 elementor-widget elementor-widget-text-editor\" data-id=\"f9bc7a8\" data-element_type=\"widget\" data-e-type=\"widget\" id=\"mentorsName39\" data-widget_type=\"text-editor.default\">\n\t\t\t\t<div class=\"elementor-widget-container\">\n\t\t\t\t\t\t\t\t\t<p>Mathieu Courtois<\/p>\t\t\t\t\t\t\t\t<\/div>\n\t\t\t\t<\/div>\n\t\t\t\t<div class=\"elementor-element elementor-element-16f526a elementor-widget elementor-widget-image\" data-id=\"16f526a\" data-element_type=\"widget\" data-e-type=\"widget\" id=\"arrowClosed39\" data-widget_type=\"image.default\">\n\t\t\t\t<div class=\"elementor-widget-container\">\n\t\t\t\t\t\t\t\t\t\t\t\t\t\t\t<img decoding=\"async\" width=\"68\" height=\"54\" src=\"https:\/\/orillasnuevas.org\/wp-content\/uploads\/2024\/09\/FlechaCortaRosa2-e1726110127130.webp\" class=\"attachment-full size-full wp-image-1383\" alt=\"\" srcset=\"https:\/\/orillasnuevas.org\/wp-content\/uploads\/2024\/09\/FlechaCortaRosa2-e1726110127130.webp 68w, https:\/\/orillasnuevas.org\/wp-content\/uploads\/2024\/09\/FlechaCortaRosa2-e1726110127130-15x12.webp 15w\" sizes=\"(max-width: 68px) 100vw, 68px\" \/>\t\t\t\t\t\t\t\t\t\t\t\t\t\t\t<\/div>\n\t\t\t\t<\/div>\n\t\t\t\t<div class=\"elementor-element elementor-element-ccd8d44 elementor-widget elementor-widget-image\" data-id=\"ccd8d44\" data-element_type=\"widget\" data-e-type=\"widget\" id=\"arrowOpened39\" data-widget_type=\"image.default\">\n\t\t\t\t<div class=\"elementor-widget-container\">\n\t\t\t\t\t\t\t\t\t\t\t\t\t\t\t<img loading=\"lazy\" decoding=\"async\" width=\"54\" height=\"68\" src=\"https:\/\/orillasnuevas.org\/wp-content\/uploads\/2024\/09\/FlechaCortaRosa.webp\" class=\"attachment-full size-full wp-image-527\" alt=\"\" srcset=\"https:\/\/orillasnuevas.org\/wp-content\/uploads\/2024\/09\/FlechaCortaRosa.webp 54w, https:\/\/orillasnuevas.org\/wp-content\/uploads\/2024\/09\/FlechaCortaRosa-10x12.webp 10w\" sizes=\"(max-width: 54px) 100vw, 54px\" \/>\t\t\t\t\t\t\t\t\t\t\t\t\t\t\t<\/div>\n\t\t\t\t<\/div>\n\t\t\t\t<div class=\"elementor-element elementor-element-31f83dd elementor-widget elementor-widget-text-editor\" data-id=\"31f83dd\" data-element_type=\"widget\" data-e-type=\"widget\" id=\"mentorsText39\" data-widget_type=\"text-editor.default\">\n\t\t\t\t<div class=\"elementor-widget-container\">\n\t\t\t\t\t\t\t\t\t<p>Producteur en Vivement Lundi !\n\nN\u00e9 en 1979 \u00e0 Nantes, Mathieu int\u00e8gre Vivement Lundi ! en tant que stagiaire production en 2003 apr\u00e8s une licence Arts du spectacle \u00e0 Rennes 2. Apr\u00e8s avoir travaill\u00e9 sur de nombreux courts-m\u00e9trages et s\u00e9ries comme \u201cLe Petit dragon\u201d, en 2010, il produit son premier court-m\u00e9trage \u201cCul de bouteille\u201d notamment short-list\u00e9 aux Oscars.<\/p><p>Depuis 15 ans, il oscille entre production de s\u00e9ries tv (Dimitri) de sp\u00e9ciaux TV, de courts-m\u00e9trages (M\u00e9morable) et de longs m\u00e9trages (FLEE), tous en animation.<\/p><p>Depuis 2013, il dirige le studio Personne n'est parfait ! cr\u00e9\u00e9 avec Jean-Fran\u00e7ois Le Corre et Val\u00e9rie Malavieille. Personne n'est parfait ! fabrique des \u0153uvres d'animation de tout format en 2D et en stopmotion et est laur\u00e9at France 2030.<\/p><p>Filmographie s\u00e9lective :<br \/>\u2022 2025 : \u201cDouce\u201d de Isabelle Lenoble<br \/>\u2022 2022 : \u201cInterdit aux chiens et aux italiens\u201d de Alain Ughetto<br \/>\u2022 2021 : \u201cFLEE\u201d de Jonas Poher Rasmussen<br \/>\u2022 2020 : \u201cM\u00e9morable\u201d de Bruno Collet<br \/>\u2022 2018 : \u201cCe magnifique G\u00e2teau !\u201d de Emma De Swaef et Marc James Roels<\/p>\t\t\t\t\t\t\t\t<\/div>\n\t\t\t\t<\/div>\n\t\t\t\t<\/div>\n\t\t<div class=\"elementor-element elementor-element-e50569c e-con-full e-flex e-con e-child\" data-id=\"e50569c\" data-element_type=\"container\" data-e-type=\"container\">\n\t\t\t\t<div class=\"elementor-element elementor-element-df434a0 elementor-widget elementor-widget-image\" data-id=\"df434a0\" data-element_type=\"widget\" data-e-type=\"widget\" id=\"mentorsImg40\" data-widget_type=\"image.default\">\n\t\t\t\t<div class=\"elementor-widget-container\">\n\t\t\t\t\t\t\t\t\t\t\t\t\t\t\t<img loading=\"lazy\" decoding=\"async\" width=\"400\" height=\"400\" src=\"https:\/\/orillasnuevas.org\/wp-content\/uploads\/2025\/10\/19-Nicolas-Briere-1.png\" class=\"attachment-full size-full wp-image-5521\" alt=\"\" srcset=\"https:\/\/orillasnuevas.org\/wp-content\/uploads\/2025\/10\/19-Nicolas-Briere-1.png 400w, https:\/\/orillasnuevas.org\/wp-content\/uploads\/2025\/10\/19-Nicolas-Briere-1-300x300.png 300w, https:\/\/orillasnuevas.org\/wp-content\/uploads\/2025\/10\/19-Nicolas-Briere-1-150x150.png 150w, https:\/\/orillasnuevas.org\/wp-content\/uploads\/2025\/10\/19-Nicolas-Briere-1-12x12.png 12w\" sizes=\"(max-width: 400px) 100vw, 400px\" \/>\t\t\t\t\t\t\t\t\t\t\t\t\t\t\t<\/div>\n\t\t\t\t<\/div>\n\t\t\t\t<div class=\"elementor-element elementor-element-db9499c elementor-widget elementor-widget-text-editor\" data-id=\"db9499c\" data-element_type=\"widget\" data-e-type=\"widget\" id=\"mentorsName40\" data-widget_type=\"text-editor.default\">\n\t\t\t\t<div class=\"elementor-widget-container\">\n\t\t\t\t\t\t\t\t\t<p>Nicolas Briere<\/p>\t\t\t\t\t\t\t\t<\/div>\n\t\t\t\t<\/div>\n\t\t\t\t<div class=\"elementor-element elementor-element-d4754da elementor-widget elementor-widget-image\" data-id=\"d4754da\" data-element_type=\"widget\" data-e-type=\"widget\" id=\"arrowClosed40\" data-widget_type=\"image.default\">\n\t\t\t\t<div class=\"elementor-widget-container\">\n\t\t\t\t\t\t\t\t\t\t\t\t\t\t\t<img decoding=\"async\" width=\"68\" height=\"54\" src=\"https:\/\/orillasnuevas.org\/wp-content\/uploads\/2024\/09\/FlechaCortaRosa2-e1726110127130.webp\" class=\"attachment-full size-full wp-image-1383\" alt=\"\" srcset=\"https:\/\/orillasnuevas.org\/wp-content\/uploads\/2024\/09\/FlechaCortaRosa2-e1726110127130.webp 68w, https:\/\/orillasnuevas.org\/wp-content\/uploads\/2024\/09\/FlechaCortaRosa2-e1726110127130-15x12.webp 15w\" sizes=\"(max-width: 68px) 100vw, 68px\" \/>\t\t\t\t\t\t\t\t\t\t\t\t\t\t\t<\/div>\n\t\t\t\t<\/div>\n\t\t\t\t<div class=\"elementor-element elementor-element-705028f elementor-widget elementor-widget-image\" data-id=\"705028f\" data-element_type=\"widget\" data-e-type=\"widget\" id=\"arrowOpened40\" data-widget_type=\"image.default\">\n\t\t\t\t<div class=\"elementor-widget-container\">\n\t\t\t\t\t\t\t\t\t\t\t\t\t\t\t<img loading=\"lazy\" decoding=\"async\" width=\"54\" height=\"68\" src=\"https:\/\/orillasnuevas.org\/wp-content\/uploads\/2024\/09\/FlechaCortaRosa.webp\" class=\"attachment-full size-full wp-image-527\" alt=\"\" srcset=\"https:\/\/orillasnuevas.org\/wp-content\/uploads\/2024\/09\/FlechaCortaRosa.webp 54w, https:\/\/orillasnuevas.org\/wp-content\/uploads\/2024\/09\/FlechaCortaRosa-10x12.webp 10w\" sizes=\"(max-width: 54px) 100vw, 54px\" \/>\t\t\t\t\t\t\t\t\t\t\t\t\t\t\t<\/div>\n\t\t\t\t<\/div>\n\t\t\t\t<div class=\"elementor-element elementor-element-215a410 elementor-widget elementor-widget-text-editor\" data-id=\"215a410\" data-element_type=\"widget\" data-e-type=\"widget\" id=\"mentorsText40\" data-widget_type=\"text-editor.default\">\n\t\t\t\t<div class=\"elementor-widget-container\">\n\t\t\t\t\t\t\t\t\t<p>Entrepreneur passionn\u00e9 et concepteur de jeux vid\u00e9o avec pr\u00e8s de vingt ans d'exp\u00e9rience dans l'industrie (Activision, Ankama), il a cofond\u00e9 le studio \u201cOld Skull Games\u201d, o\u00f9 il a dirig\u00e9 la cr\u00e9ation de nombreux titres et accompagn\u00e9 sa croissance jusqu'\u00e0 former une \u00e9quipe de 80 personnes, en faisant un acteur cl\u00e9 du paysage vid\u00e9oludique en France.<\/p><p>Il a travaill\u00e9 avec des entreprises telles qu'Ubisoft, Apple et Netflix sur des projets tels que \u201cSoldats Inconnus : Fr\u00e8res d'Armes\u201d (Valiant Hearts : Coming Home), \u201cSpongeBob : Patty Pursuit\u201d (Bob l'\u00e9ponge) et \u201cCryptical Path\u201d.<\/p>\t\t\t\t\t\t\t\t<\/div>\n\t\t\t\t<\/div>\n\t\t\t\t<\/div>\n\t\t<div class=\"elementor-element elementor-element-be79baa e-con-full e-flex e-con e-child\" data-id=\"be79baa\" data-element_type=\"container\" data-e-type=\"container\">\n\t\t\t\t<div class=\"elementor-element elementor-element-254b3ad elementor-widget elementor-widget-image\" data-id=\"254b3ad\" data-element_type=\"widget\" data-e-type=\"widget\" id=\"mentorsImg17\" data-widget_type=\"image.default\">\n\t\t\t\t<div class=\"elementor-widget-container\">\n\t\t\t\t\t\t\t\t\t\t\t\t\t\t\t<img loading=\"lazy\" decoding=\"async\" width=\"400\" height=\"400\" src=\"https:\/\/orillasnuevas.org\/wp-content\/uploads\/2025\/05\/9-Nicolas-Schmerkin-1.png\" class=\"attachment-full size-full wp-image-4752\" alt=\"\" srcset=\"https:\/\/orillasnuevas.org\/wp-content\/uploads\/2025\/05\/9-Nicolas-Schmerkin-1.png 400w, https:\/\/orillasnuevas.org\/wp-content\/uploads\/2025\/05\/9-Nicolas-Schmerkin-1-300x300.png 300w, https:\/\/orillasnuevas.org\/wp-content\/uploads\/2025\/05\/9-Nicolas-Schmerkin-1-150x150.png 150w, https:\/\/orillasnuevas.org\/wp-content\/uploads\/2025\/05\/9-Nicolas-Schmerkin-1-12x12.png 12w\" sizes=\"(max-width: 400px) 100vw, 400px\" \/>\t\t\t\t\t\t\t\t\t\t\t\t\t\t\t<\/div>\n\t\t\t\t<\/div>\n\t\t\t\t<div class=\"elementor-element elementor-element-e07b08f elementor-widget elementor-widget-text-editor\" data-id=\"e07b08f\" data-element_type=\"widget\" data-e-type=\"widget\" id=\"mentorsName17\" data-widget_type=\"text-editor.default\">\n\t\t\t\t<div class=\"elementor-widget-container\">\n\t\t\t\t\t\t\t\t\t<p>Nicolas Schmerkin<\/p>\t\t\t\t\t\t\t\t<\/div>\n\t\t\t\t<\/div>\n\t\t\t\t<div class=\"elementor-element elementor-element-d01cbc2 elementor-widget elementor-widget-image\" data-id=\"d01cbc2\" data-element_type=\"widget\" data-e-type=\"widget\" id=\"arrowClosed17\" data-widget_type=\"image.default\">\n\t\t\t\t<div class=\"elementor-widget-container\">\n\t\t\t\t\t\t\t\t\t\t\t\t\t\t\t<img decoding=\"async\" width=\"68\" height=\"54\" src=\"https:\/\/orillasnuevas.org\/wp-content\/uploads\/2024\/09\/FlechaCortaRosa2-e1726110127130.webp\" class=\"attachment-full size-full wp-image-1383\" alt=\"\" srcset=\"https:\/\/orillasnuevas.org\/wp-content\/uploads\/2024\/09\/FlechaCortaRosa2-e1726110127130.webp 68w, https:\/\/orillasnuevas.org\/wp-content\/uploads\/2024\/09\/FlechaCortaRosa2-e1726110127130-15x12.webp 15w\" sizes=\"(max-width: 68px) 100vw, 68px\" \/>\t\t\t\t\t\t\t\t\t\t\t\t\t\t\t<\/div>\n\t\t\t\t<\/div>\n\t\t\t\t<div class=\"elementor-element elementor-element-236a242 elementor-widget elementor-widget-image\" data-id=\"236a242\" data-element_type=\"widget\" data-e-type=\"widget\" id=\"arrowOpened17\" data-widget_type=\"image.default\">\n\t\t\t\t<div class=\"elementor-widget-container\">\n\t\t\t\t\t\t\t\t\t\t\t\t\t\t\t<img loading=\"lazy\" decoding=\"async\" width=\"54\" height=\"68\" src=\"https:\/\/orillasnuevas.org\/wp-content\/uploads\/2024\/09\/FlechaCortaRosa.webp\" class=\"attachment-full size-full wp-image-527\" alt=\"\" srcset=\"https:\/\/orillasnuevas.org\/wp-content\/uploads\/2024\/09\/FlechaCortaRosa.webp 54w, https:\/\/orillasnuevas.org\/wp-content\/uploads\/2024\/09\/FlechaCortaRosa-10x12.webp 10w\" sizes=\"(max-width: 54px) 100vw, 54px\" \/>\t\t\t\t\t\t\t\t\t\t\t\t\t\t\t<\/div>\n\t\t\t\t<\/div>\n\t\t\t\t<div class=\"elementor-element elementor-element-b9f3ae9 elementor-widget elementor-widget-text-editor\" data-id=\"b9f3ae9\" data-element_type=\"widget\" data-e-type=\"widget\" id=\"mentorsText17\" data-widget_type=\"text-editor.default\">\n\t\t\t\t<div class=\"elementor-widget-container\">\n\t\t\t\t\t\t\t\t\t<p><span style=\"font-weight: 400;\">En 1998, <\/span><b>Nicolas Schmerkin<\/b><span style=\"font-weight: 400;\"> fonde le magazine de cin\u00e9ma <\/span><i><span style=\"font-weight: 400;\">Rep\u00e9rages<\/span><\/i><span style=\"font-weight: 400;\">, qu\u2019il dirige jusqu\u2019en\n2010. Dans les ann\u00e9es 2000, pour l\u2019\u00e9mission \u00ab Court-circuit \u00bb, sur Arte, il r\u00e9alise plusieurs\ndocumentaires, ainsi que de nombreux portraits de cin\u00e9astes et participe \u00e0 la programmation de\nnombreux festivals (N\u00e9mo ou Resfest \u00e0 Paris, et le Sarajevo Film Festival notamment).<\/span><\/p><p><span style=\"font-weight: 400;\">Depuis 2004, il a produit (ou coproduit) avec sa soci\u00e9t\u00e9 Autour de Minuit plus de 100 courts\nm\u00e9trages d\u2019animation qui ont r\u00e9colt\u00e9 de nombreux prix dans les festivals internationaux, dont\nl\u2019Oscar et le C\u00e9sar pour <\/span><i><span style=\"font-weight: 400;\">Logorama<\/span><\/i><span style=\"font-weight: 400;\">, mais aussi des Goyas, Magritte, Cristal Annecy et Cartoon\nd\u2019Or. Il produit \u00e9galement des s\u00e9ries pour adultes (<\/span><i><span style=\"font-weight: 400;\">Babioles<\/span><\/i><span style=\"font-weight: 400;\">, <\/span><i><span style=\"font-weight: 400;\">Flipp\u00e9<\/span><\/i><span style=\"font-weight: 400;\">, <\/span><i><span style=\"font-weight: 400;\">Putain de chat<\/span><\/i><span style=\"font-weight: 400;\">) ou enfants (<\/span><i><span style=\"font-weight: 400;\">Jean-Michel Super Caribou<\/span><\/i><span style=\"font-weight: 400;\">, <\/span><i><span style=\"font-weight: 400;\">Non-Non<\/span><\/i><span style=\"font-weight: 400;\">, <\/span><i><span style=\"font-weight: 400;\">Panique au Village<\/span><\/i><span style=\"font-weight: 400;\">) ainsi que des longs m\u00e9trages\nd\u2019animation (<\/span><i><span style=\"font-weight: 400;\">Psiconautas<\/span><\/i><span style=\"font-weight: 400;\"> et <\/span><i><span style=\"font-weight: 400;\">Unicorn Wars<\/span><\/i><span style=\"font-weight: 400;\"> de Alberto V\u00e1zquez, <\/span><i><span style=\"font-weight: 400;\">Ada et Uzu<\/span><\/i><span style=\"font-weight: 400;\"> de Nadia Micault).<\/span><\/p><p><span style=\"font-weight: 400;\">Autour de Minuit se consacre \u00e9galement \u00e0 la distribution internationale de formats courts et\ns\u00e9ries, avec un catalogue comptant plus de 400 titres.<\/span><\/p><p><span style=\"font-weight: 400;\">Il a fond\u00e9 deux studios d\u2019animation 2D\/3D (ADV \u00e0 Paris et Borderline \u00e0 Angoul\u00eame), qui\nfabriquent des images pour Autour de Minuit mais aussi, entre autres, pour Everybody on Deck\n(<\/span><i><span style=\"font-weight: 400;\">Mars Express<\/span><\/i><span style=\"font-weight: 400;\">), La Cabane Production (<\/span><i><span style=\"font-weight: 400;\">Mush Mush<\/span><\/i><span style=\"font-weight: 400;\"> Saison 02), Silex Films (<\/span><i><span style=\"font-weight: 400;\">In Waves<\/span><\/i><span style=\"font-weight: 400;\">), Les Films de l\u2019Arlequin (<\/span><i><span style=\"font-weight: 400;\">Boris<\/span><\/i><span style=\"font-weight: 400;\">), Je Suis Bien Content (<\/span><i><span style=\"font-weight: 400;\">La Mort<\/span><\/i><span style=\"font-weight: 400;\">, <\/span><i><span style=\"font-weight: 400;\">p\u00e8re et fils<\/span><\/i><span style=\"font-weight: 400;\">) o 2.4.7 Films (<\/span><i><span style=\"font-weight: 400;\">A la mode<\/span><\/i><span style=\"font-weight: 400;\">), \u202fentre autres<\/span><\/p><p><span style=\"font-weight: 400;\">Nicolas Schmerkin a \u00e9galement \u00e9t\u00e9 r\u00e9compens\u00e9 par les prix suivants : European Producer\nCartoon Tribute 2016 et les Prix Export Unifrance 2015, 2019, 202, 2023.<\/span><\/p>\t\t\t\t\t\t\t\t<\/div>\n\t\t\t\t<\/div>\n\t\t\t\t<\/div>\n\t\t<div class=\"elementor-element elementor-element-5c48e50 e-con-full e-flex e-con e-child\" data-id=\"5c48e50\" data-element_type=\"container\" data-e-type=\"container\">\n\t\t\t\t<div class=\"elementor-element elementor-element-b49fa6b elementor-widget elementor-widget-image\" data-id=\"b49fa6b\" data-element_type=\"widget\" data-e-type=\"widget\" id=\"mentorsImg41\" data-widget_type=\"image.default\">\n\t\t\t\t<div class=\"elementor-widget-container\">\n\t\t\t\t\t\t\t\t\t\t\t\t\t\t\t<img loading=\"lazy\" decoding=\"async\" width=\"400\" height=\"400\" src=\"https:\/\/orillasnuevas.org\/wp-content\/uploads\/2024\/09\/Daniela-Gutierrez.png\" class=\"attachment-full size-full wp-image-1517\" alt=\"\" srcset=\"https:\/\/orillasnuevas.org\/wp-content\/uploads\/2024\/09\/Daniela-Gutierrez.png 400w, https:\/\/orillasnuevas.org\/wp-content\/uploads\/2024\/09\/Daniela-Gutierrez-300x300.png 300w, https:\/\/orillasnuevas.org\/wp-content\/uploads\/2024\/09\/Daniela-Gutierrez-150x150.png 150w, https:\/\/orillasnuevas.org\/wp-content\/uploads\/2024\/09\/Daniela-Gutierrez-12x12.png 12w\" sizes=\"(max-width: 400px) 100vw, 400px\" \/>\t\t\t\t\t\t\t\t\t\t\t\t\t\t\t<\/div>\n\t\t\t\t<\/div>\n\t\t\t\t<div class=\"elementor-element elementor-element-393c399 elementor-widget elementor-widget-text-editor\" data-id=\"393c399\" data-element_type=\"widget\" data-e-type=\"widget\" id=\"mentorsName41\" data-widget_type=\"text-editor.default\">\n\t\t\t\t<div class=\"elementor-widget-container\">\n\t\t\t\t\t\t\t\t\t<p>Roch Deniau<\/p>\t\t\t\t\t\t\t\t<\/div>\n\t\t\t\t<\/div>\n\t\t\t\t<div class=\"elementor-element elementor-element-7b686bd elementor-widget elementor-widget-image\" data-id=\"7b686bd\" data-element_type=\"widget\" data-e-type=\"widget\" id=\"arrowClosed41\" data-widget_type=\"image.default\">\n\t\t\t\t<div class=\"elementor-widget-container\">\n\t\t\t\t\t\t\t\t\t\t\t\t\t\t\t<img decoding=\"async\" width=\"68\" height=\"54\" src=\"https:\/\/orillasnuevas.org\/wp-content\/uploads\/2024\/09\/FlechaCortaRosa2-e1726110127130.webp\" class=\"attachment-full size-full wp-image-1383\" alt=\"\" srcset=\"https:\/\/orillasnuevas.org\/wp-content\/uploads\/2024\/09\/FlechaCortaRosa2-e1726110127130.webp 68w, https:\/\/orillasnuevas.org\/wp-content\/uploads\/2024\/09\/FlechaCortaRosa2-e1726110127130-15x12.webp 15w\" sizes=\"(max-width: 68px) 100vw, 68px\" \/>\t\t\t\t\t\t\t\t\t\t\t\t\t\t\t<\/div>\n\t\t\t\t<\/div>\n\t\t\t\t<div class=\"elementor-element elementor-element-34eb9ce elementor-widget elementor-widget-image\" data-id=\"34eb9ce\" data-element_type=\"widget\" data-e-type=\"widget\" id=\"arrowOpened41\" data-widget_type=\"image.default\">\n\t\t\t\t<div class=\"elementor-widget-container\">\n\t\t\t\t\t\t\t\t\t\t\t\t\t\t\t<img loading=\"lazy\" decoding=\"async\" width=\"54\" height=\"68\" src=\"https:\/\/orillasnuevas.org\/wp-content\/uploads\/2024\/09\/FlechaCortaRosa.webp\" class=\"attachment-full size-full wp-image-527\" alt=\"\" srcset=\"https:\/\/orillasnuevas.org\/wp-content\/uploads\/2024\/09\/FlechaCortaRosa.webp 54w, https:\/\/orillasnuevas.org\/wp-content\/uploads\/2024\/09\/FlechaCortaRosa-10x12.webp 10w\" sizes=\"(max-width: 54px) 100vw, 54px\" \/>\t\t\t\t\t\t\t\t\t\t\t\t\t\t\t<\/div>\n\t\t\t\t<\/div>\n\t\t\t\t<div class=\"elementor-element elementor-element-832c8d9 elementor-widget elementor-widget-text-editor\" data-id=\"832c8d9\" data-element_type=\"widget\" data-e-type=\"widget\" id=\"mentorsText41\" data-widget_type=\"text-editor.default\">\n\t\t\t\t<div class=\"elementor-widget-container\">\n\t\t\t\t\t\t\t\t\t<p>N\u00e9 en 1981, Roch Deniau vit et travaille \u00e0 Paris. Il fonde son studio en 2006 et se sp\u00e9cialise dans la conception d\u2019identit\u00e9s visuelles. Il r\u00e9alise des syst\u00e8mes graphiques, affiches, livres, brochures, dessins de caract\u00e8res, sites internet, et d\u00e9cline sa pratique \u00e0 la vid\u00e9o, \u00e0 la signal\u00e9tique et au mobilier. Il op\u00e8re dans les champs de l\u2019imprim\u00e9, du digital et du volume. Il envisage le design comme un langage, et cr\u00e9e les conditions de la rencontre entre une intention et sa forme. Il collabore \u00e9troitement avec ses clients, issus du monde de l\u2019art, de la culture et de la mode, pour \u00e9laborer des objets graphiques uniques.<\/p><p><span style=\"font-weight: 400;\">La direction artistique et la sc\u00e9nographie du salon Made Anywhere (ex-Multiple Art Days), l\u2019identit\u00e9 visuelle des festivals F\u2019A\u2019A (Filmer l\u2019Art et l\u2019Architecture) et PhotoSaintGermain, le g\u00e9n\u00e9rique et l\u2019affiche du film DAHOMEY de Mati Diop, figurent parmi ses r\u00e9alisations r\u00e9centes.<\/span><\/p>\t\t\t\t\t\t\t\t<\/div>\n\t\t\t\t<\/div>\n\t\t\t\t<\/div>\n\t\t<div class=\"elementor-element elementor-element-51b2b41 e-con-full e-flex e-con e-child\" data-id=\"51b2b41\" data-element_type=\"container\" data-e-type=\"container\">\n\t\t\t\t<div class=\"elementor-element elementor-element-782a872 elementor-widget elementor-widget-image\" data-id=\"782a872\" data-element_type=\"widget\" data-e-type=\"widget\" id=\"mentorsImg42\" data-widget_type=\"image.default\">\n\t\t\t\t<div class=\"elementor-widget-container\">\n\t\t\t\t\t\t\t\t\t\t\t\t\t\t\t<img loading=\"lazy\" decoding=\"async\" width=\"400\" height=\"400\" src=\"https:\/\/orillasnuevas.org\/wp-content\/uploads\/2025\/10\/22-Sergio-Pineyro-1.png\" class=\"attachment-full size-full wp-image-5523\" alt=\"\" srcset=\"https:\/\/orillasnuevas.org\/wp-content\/uploads\/2025\/10\/22-Sergio-Pineyro-1.png 400w, https:\/\/orillasnuevas.org\/wp-content\/uploads\/2025\/10\/22-Sergio-Pineyro-1-300x300.png 300w, https:\/\/orillasnuevas.org\/wp-content\/uploads\/2025\/10\/22-Sergio-Pineyro-1-150x150.png 150w, https:\/\/orillasnuevas.org\/wp-content\/uploads\/2025\/10\/22-Sergio-Pineyro-1-12x12.png 12w\" sizes=\"(max-width: 400px) 100vw, 400px\" \/>\t\t\t\t\t\t\t\t\t\t\t\t\t\t\t<\/div>\n\t\t\t\t<\/div>\n\t\t\t\t<div class=\"elementor-element elementor-element-1f8fae3 elementor-widget elementor-widget-text-editor\" data-id=\"1f8fae3\" data-element_type=\"widget\" data-e-type=\"widget\" id=\"mentorsName42\" data-widget_type=\"text-editor.default\">\n\t\t\t\t<div class=\"elementor-widget-container\">\n\t\t\t\t\t\t\t\t\t<p>Sergio Pi\u00f1eyro<\/p>\t\t\t\t\t\t\t\t<\/div>\n\t\t\t\t<\/div>\n\t\t\t\t<div class=\"elementor-element elementor-element-a429fdd elementor-widget elementor-widget-image\" data-id=\"a429fdd\" data-element_type=\"widget\" data-e-type=\"widget\" id=\"arrowClosed42\" data-widget_type=\"image.default\">\n\t\t\t\t<div class=\"elementor-widget-container\">\n\t\t\t\t\t\t\t\t\t\t\t\t\t\t\t<img decoding=\"async\" width=\"68\" height=\"54\" src=\"https:\/\/orillasnuevas.org\/wp-content\/uploads\/2024\/09\/FlechaCortaRosa2-e1726110127130.webp\" class=\"attachment-full size-full wp-image-1383\" alt=\"\" srcset=\"https:\/\/orillasnuevas.org\/wp-content\/uploads\/2024\/09\/FlechaCortaRosa2-e1726110127130.webp 68w, https:\/\/orillasnuevas.org\/wp-content\/uploads\/2024\/09\/FlechaCortaRosa2-e1726110127130-15x12.webp 15w\" sizes=\"(max-width: 68px) 100vw, 68px\" \/>\t\t\t\t\t\t\t\t\t\t\t\t\t\t\t<\/div>\n\t\t\t\t<\/div>\n\t\t\t\t<div class=\"elementor-element elementor-element-2e94db2 elementor-widget elementor-widget-image\" data-id=\"2e94db2\" data-element_type=\"widget\" data-e-type=\"widget\" id=\"arrowOpened42\" data-widget_type=\"image.default\">\n\t\t\t\t<div class=\"elementor-widget-container\">\n\t\t\t\t\t\t\t\t\t\t\t\t\t\t\t<img loading=\"lazy\" decoding=\"async\" width=\"54\" height=\"68\" src=\"https:\/\/orillasnuevas.org\/wp-content\/uploads\/2024\/09\/FlechaCortaRosa.webp\" class=\"attachment-full size-full wp-image-527\" alt=\"\" srcset=\"https:\/\/orillasnuevas.org\/wp-content\/uploads\/2024\/09\/FlechaCortaRosa.webp 54w, https:\/\/orillasnuevas.org\/wp-content\/uploads\/2024\/09\/FlechaCortaRosa-10x12.webp 10w\" sizes=\"(max-width: 54px) 100vw, 54px\" \/>\t\t\t\t\t\t\t\t\t\t\t\t\t\t\t<\/div>\n\t\t\t\t<\/div>\n\t\t\t\t<div class=\"elementor-element elementor-element-860b171 elementor-widget elementor-widget-text-editor\" data-id=\"860b171\" data-element_type=\"widget\" data-e-type=\"widget\" id=\"mentorsText42\" data-widget_type=\"text-editor.default\">\n\t\t\t\t<div class=\"elementor-widget-container\">\n\t\t\t\t\t\t\t\t\t<p>Chef op\u00e9rateur avec plus de 20 ans de carri\u00e8re dans l'industrie cin\u00e9matographique. Dipl\u00f4m\u00e9 de l\u2019\u00c9cole Nationale d\u2019Exp\u00e9rimentation et de R\u00e9alisation Cin\u00e9matographique (ENERC), o\u00f9 il a suivi la formation de Chef op\u00e9rateur et op\u00e9rateur de cam\u00e9ra. Il est membre actif de l\u2019Association des Auteurs de la Photographie Cin\u00e9matographique Argentine (ADF). Sa carri\u00e8re a d\u00e9but\u00e9 dans la photographie publicitaire et s\u2019est d\u00e9velopp\u00e9e \u00e0 travers diff\u00e9rents r\u00f4les comme chef \u00e9lectricien, cam\u00e9raman et directeur de la photographie, lui permettant d\u2019acqu\u00e9rir une vaste exp\u00e9rience dans divers types de productions, y compris les projets commerciaux, les films industriels et les projets exp\u00e9rimentaux.<\/p><p>Dans le domaine du live action, il a exerc\u00e9 comme directeur de la photographie sur des longs m\u00e9trages de fiction tels que \u201cEl Favor\u201d de Pablo Sofovich, \u201cDespu\u00e9s de la tierra\u201d de Luciano Bertone et \u201cArmon\u00edas de Caos\u201d de Mauro Lopez. Il a \u00e9galement \u00e9t\u00e9 chef op\u00e9rateur sur des documentaires comme \u201cCarne sobre carne, intimidades de Isabel Sarli\u201d (2008) de Diego Curubeto et \u201cLa insubordinaci\u00f3n de los privilegiados\u201d de Nicol\u00e1s Kreplak.<\/p><p>Il est reconnu dans le domaine de l\u2019animation et stop motion. Il d\u00e9veloppe une collaboration avec le r\u00e9alisateur Juan Pablo Zaramella, avec qui il obtient des prix internationalement pour plusieurs projets. Parmi eux, le court-m\u00e9trage \u201cLuminaris\u201d, pour lequel il a re\u00e7u des prix pour sa direction de la photographie;  \u201cOni\u00f3n\u201d, pour lequel il a re\u00e7u le Prix ADF de la Meilleure Direction de la Photographie; et \u201cPasajero\u201d (2022), un court-m\u00e9trage d\u2019animation ayant obtenu de nombreuses distinctions internationales. Il a \u00e9galement travaill\u00e9 avec Zaramella sur \u201cH\u00e9roes\u201d, ainsi que sur les s\u00e9ries \u201cAs\u00ed son las cosas\u201d et \u201cEl hombre m\u00e1s chiquito del mundo\u201d.<\/p><p>Dans le domaine du stop motion, il a \u00e9galement collabor\u00e9 sur des projets commerciaux avec le studio d\u2019animation Cancanclub de Buenos Aires, ainsi qu\u2019avec des r\u00e9alisateurs ind\u00e9pendants comme Santiago Bou (Padre) et Bea Blankenhorse (Despu\u00e9s del eclipse).<\/p><p>Sergio Pi\u00f1eyro est professeur titulaire de la classe d\u2019\u00e9clairage (Luminotecnia) \u00e0 l\u2019Universit\u00e9 de San Mart\u00edn (UNSAM), au sein de l\u2019\u00c9cole d\u2019Art et du Patrimoine, pour la licence \u201cAnimation 3D et effets visuels\u201d.<\/p>\t\t\t\t\t\t\t\t<\/div>\n\t\t\t\t<\/div>\n\t\t\t\t<\/div>\n\t\t<div class=\"elementor-element elementor-element-412e81b e-con-full e-flex e-con e-child\" data-id=\"412e81b\" data-element_type=\"container\" data-e-type=\"container\">\n\t\t\t\t<div class=\"elementor-element elementor-element-7b2a1d0 elementor-widget elementor-widget-image\" data-id=\"7b2a1d0\" data-element_type=\"widget\" data-e-type=\"widget\" id=\"mentorsImg18\" data-widget_type=\"image.default\">\n\t\t\t\t<div class=\"elementor-widget-container\">\n\t\t\t\t\t\t\t\t\t\t\t\t\t\t\t<img loading=\"lazy\" decoding=\"async\" width=\"400\" height=\"400\" src=\"https:\/\/orillasnuevas.org\/wp-content\/uploads\/2025\/05\/10-Vincent-Poussou-1.png\" class=\"attachment-full size-full wp-image-4753\" alt=\"\" srcset=\"https:\/\/orillasnuevas.org\/wp-content\/uploads\/2025\/05\/10-Vincent-Poussou-1.png 400w, https:\/\/orillasnuevas.org\/wp-content\/uploads\/2025\/05\/10-Vincent-Poussou-1-300x300.png 300w, https:\/\/orillasnuevas.org\/wp-content\/uploads\/2025\/05\/10-Vincent-Poussou-1-150x150.png 150w, https:\/\/orillasnuevas.org\/wp-content\/uploads\/2025\/05\/10-Vincent-Poussou-1-12x12.png 12w\" sizes=\"(max-width: 400px) 100vw, 400px\" \/>\t\t\t\t\t\t\t\t\t\t\t\t\t\t\t<\/div>\n\t\t\t\t<\/div>\n\t\t\t\t<div class=\"elementor-element elementor-element-a3f3213 elementor-widget elementor-widget-text-editor\" data-id=\"a3f3213\" data-element_type=\"widget\" data-e-type=\"widget\" id=\"mentorsName18\" data-widget_type=\"text-editor.default\">\n\t\t\t\t<div class=\"elementor-widget-container\">\n\t\t\t\t\t\t\t\t\t<p>Vincent Poussou<\/p>\t\t\t\t\t\t\t\t<\/div>\n\t\t\t\t<\/div>\n\t\t\t\t<div class=\"elementor-element elementor-element-9b2e468 elementor-widget elementor-widget-image\" data-id=\"9b2e468\" data-element_type=\"widget\" data-e-type=\"widget\" id=\"arrowClosed18\" data-widget_type=\"image.default\">\n\t\t\t\t<div class=\"elementor-widget-container\">\n\t\t\t\t\t\t\t\t\t\t\t\t\t\t\t<img decoding=\"async\" width=\"68\" height=\"54\" src=\"https:\/\/orillasnuevas.org\/wp-content\/uploads\/2024\/09\/FlechaCortaRosa2-e1726110127130.webp\" class=\"attachment-full size-full wp-image-1383\" alt=\"\" srcset=\"https:\/\/orillasnuevas.org\/wp-content\/uploads\/2024\/09\/FlechaCortaRosa2-e1726110127130.webp 68w, https:\/\/orillasnuevas.org\/wp-content\/uploads\/2024\/09\/FlechaCortaRosa2-e1726110127130-15x12.webp 15w\" sizes=\"(max-width: 68px) 100vw, 68px\" \/>\t\t\t\t\t\t\t\t\t\t\t\t\t\t\t<\/div>\n\t\t\t\t<\/div>\n\t\t\t\t<div class=\"elementor-element elementor-element-14577a5 elementor-widget elementor-widget-image\" data-id=\"14577a5\" data-element_type=\"widget\" data-e-type=\"widget\" id=\"arrowOpened18\" data-widget_type=\"image.default\">\n\t\t\t\t<div class=\"elementor-widget-container\">\n\t\t\t\t\t\t\t\t\t\t\t\t\t\t\t<img loading=\"lazy\" decoding=\"async\" width=\"54\" height=\"68\" src=\"https:\/\/orillasnuevas.org\/wp-content\/uploads\/2024\/09\/FlechaCortaRosa.webp\" class=\"attachment-full size-full wp-image-527\" alt=\"\" srcset=\"https:\/\/orillasnuevas.org\/wp-content\/uploads\/2024\/09\/FlechaCortaRosa.webp 54w, https:\/\/orillasnuevas.org\/wp-content\/uploads\/2024\/09\/FlechaCortaRosa-10x12.webp 10w\" sizes=\"(max-width: 54px) 100vw, 54px\" \/>\t\t\t\t\t\t\t\t\t\t\t\t\t\t\t<\/div>\n\t\t\t\t<\/div>\n\t\t\t\t<div class=\"elementor-element elementor-element-da655aa elementor-widget elementor-widget-text-editor\" data-id=\"da655aa\" data-element_type=\"widget\" data-e-type=\"widget\" id=\"mentorsText18\" data-widget_type=\"text-editor.default\">\n\t\t\t\t<div class=\"elementor-widget-container\">\n\t\t\t\t\t\t\t\t\t<p><b>Vincent Poussou<\/b><span style=\"font-weight: 400;\"> est manager d\u2019\u00e9quipes et innovateur. Directeur des publics et du num\u00e9rique (de 2012 \u00e0 2024) puis Directeur \u00e9ducation, territoires, et photographie (de f\u00e9vrier \u00e0 octobre 2024) \u00e0 la R\u00e9union des mus\u00e9es nationaux-Grand Palais, il fut \u00e9galement Directeur des publics au Centre Pompidou (de 2005 \u00e0 2011).<\/span><\/p><p><span style=\"font-weight: 400;\">Il apporte aux entreprises et aux institutions culturelles sa capacit\u00e9 de d\u00e9veloppement de projets et de gestion du changement, au service de l\u2019acc\u00e8s de tous \u00e0 la culture. Il intervient aussi bien au niveau strat\u00e9gique qu\u2019op\u00e9rationnel, \u00e0 partir d\u2019une expertise centr\u00e9e sur les publics, d\u00e9ploy\u00e9e en politiques \u00e9ducatives et marketing, avec une forte composante d\u2019innovation.<\/span><\/p><p><span style=\"font-weight: 400;\">De 2020 \u00e0 2024, il a \u00e9t\u00e9 Pr\u00e9sident de Grand palais immersif, filiale de la RMN-Grand palais, et a \u00e9galement particip\u00e9, avec succ\u00e8s, aux \u00e9tapes de validation du projet de r\u00e9novation du Grand palais et \u00e0 la conception de la premi\u00e8re Galerie des enfants Arts\/Sciences.<\/span><\/p>\t\t\t\t\t\t\t\t<\/div>\n\t\t\t\t<\/div>\n\t\t\t\t<\/div>\n\t\t<div class=\"elementor-element elementor-element-4794ef8 e-con-full e-flex e-con e-child\" data-id=\"4794ef8\" data-element_type=\"container\" data-e-type=\"container\">\n\t\t\t\t<div class=\"elementor-element elementor-element-4a3567e elementor-widget elementor-widget-image\" data-id=\"4a3567e\" data-element_type=\"widget\" data-e-type=\"widget\" id=\"mentorsImg43\" data-widget_type=\"image.default\">\n\t\t\t\t<div class=\"elementor-widget-container\">\n\t\t\t\t\t\t\t\t\t\t\t\t\t\t\t<img loading=\"lazy\" decoding=\"async\" width=\"400\" height=\"400\" src=\"https:\/\/orillasnuevas.org\/wp-content\/uploads\/2025\/10\/24-Vivi-Tellas-1.png\" class=\"attachment-full size-full wp-image-5525\" alt=\"\" srcset=\"https:\/\/orillasnuevas.org\/wp-content\/uploads\/2025\/10\/24-Vivi-Tellas-1.png 400w, https:\/\/orillasnuevas.org\/wp-content\/uploads\/2025\/10\/24-Vivi-Tellas-1-300x300.png 300w, https:\/\/orillasnuevas.org\/wp-content\/uploads\/2025\/10\/24-Vivi-Tellas-1-150x150.png 150w, https:\/\/orillasnuevas.org\/wp-content\/uploads\/2025\/10\/24-Vivi-Tellas-1-12x12.png 12w\" sizes=\"(max-width: 400px) 100vw, 400px\" \/>\t\t\t\t\t\t\t\t\t\t\t\t\t\t\t<\/div>\n\t\t\t\t<\/div>\n\t\t\t\t<div class=\"elementor-element elementor-element-760574f elementor-widget elementor-widget-text-editor\" data-id=\"760574f\" data-element_type=\"widget\" data-e-type=\"widget\" id=\"mentorsName43\" data-widget_type=\"text-editor.default\">\n\t\t\t\t<div class=\"elementor-widget-container\">\n\t\t\t\t\t\t\t\t\t<p>Vivi Tellas<\/p>\t\t\t\t\t\t\t\t<\/div>\n\t\t\t\t<\/div>\n\t\t\t\t<div class=\"elementor-element elementor-element-d171afd elementor-widget elementor-widget-image\" data-id=\"d171afd\" data-element_type=\"widget\" data-e-type=\"widget\" id=\"arrowClosed43\" data-widget_type=\"image.default\">\n\t\t\t\t<div class=\"elementor-widget-container\">\n\t\t\t\t\t\t\t\t\t\t\t\t\t\t\t<img decoding=\"async\" width=\"68\" height=\"54\" src=\"https:\/\/orillasnuevas.org\/wp-content\/uploads\/2024\/09\/FlechaCortaRosa2-e1726110127130.webp\" class=\"attachment-full size-full wp-image-1383\" alt=\"\" srcset=\"https:\/\/orillasnuevas.org\/wp-content\/uploads\/2024\/09\/FlechaCortaRosa2-e1726110127130.webp 68w, https:\/\/orillasnuevas.org\/wp-content\/uploads\/2024\/09\/FlechaCortaRosa2-e1726110127130-15x12.webp 15w\" sizes=\"(max-width: 68px) 100vw, 68px\" \/>\t\t\t\t\t\t\t\t\t\t\t\t\t\t\t<\/div>\n\t\t\t\t<\/div>\n\t\t\t\t<div class=\"elementor-element elementor-element-3b310d3 elementor-widget elementor-widget-image\" data-id=\"3b310d3\" data-element_type=\"widget\" data-e-type=\"widget\" id=\"arrowOpened43\" data-widget_type=\"image.default\">\n\t\t\t\t<div class=\"elementor-widget-container\">\n\t\t\t\t\t\t\t\t\t\t\t\t\t\t\t<img loading=\"lazy\" decoding=\"async\" width=\"54\" height=\"68\" src=\"https:\/\/orillasnuevas.org\/wp-content\/uploads\/2024\/09\/FlechaCortaRosa.webp\" class=\"attachment-full size-full wp-image-527\" alt=\"\" srcset=\"https:\/\/orillasnuevas.org\/wp-content\/uploads\/2024\/09\/FlechaCortaRosa.webp 54w, https:\/\/orillasnuevas.org\/wp-content\/uploads\/2024\/09\/FlechaCortaRosa-10x12.webp 10w\" sizes=\"(max-width: 54px) 100vw, 54px\" \/>\t\t\t\t\t\t\t\t\t\t\t\t\t\t\t<\/div>\n\t\t\t\t<\/div>\n\t\t\t\t<div class=\"elementor-element elementor-element-e505a21 elementor-widget elementor-widget-text-editor\" data-id=\"e505a21\" data-element_type=\"widget\" data-e-type=\"widget\" id=\"mentorsText43\" data-widget_type=\"text-editor.default\">\n\t\t\t\t<div class=\"elementor-widget-container\">\n\t\t\t\t\t\t\t\t\t<p>Metteuse en sc\u00e8ne et curatrice, elle est la cr\u00e9atrice du biodrame, genre th\u00e9\u00e2tral qui explore la biographie comme \u00e9l\u00e9ment de cr\u00e9ation. En 2015, elle est nomm\u00e9e \u00ab Personnalit\u00e9 \u00c9minente dans le Domaine de la Culture de la Ville de Buenos Aires \u00bb par la Ville. En 2014, elle est nomm\u00e9e Fellow par l\u2019Universit\u00e9 de Princeton. En 2024, elle re\u00e7oit le prix Konex de Platine pour l\u2019ensemble de sa carri\u00e8re. Les \u00c9ditions Planeta l\u2019invitent \u00e0 \u00e9crire son deuxi\u00e8me livre. Son projet le plus r\u00e9cent est la cr\u00e9ation de l\u2019\u00c9cole des Arts Vivants \u00e0 l\u2019UNTREF (Universidad de Tres de Febrero en Argentine)<\/p>\t\t\t\t\t\t\t\t<\/div>\n\t\t\t\t<\/div>\n\t\t\t\t<\/div>\n\t\t<div class=\"elementor-element elementor-element-2c013bc e-con-full elementor-hidden-tablet elementor-hidden-mobile greyBlock e-flex e-con e-child\" data-id=\"2c013bc\" data-element_type=\"container\" data-e-type=\"container\">\n\t\t\t\t<div class=\"elementor-element elementor-element-613d752 noCursor elementor-widget elementor-widget-image\" data-id=\"613d752\" data-element_type=\"widget\" data-e-type=\"widget\" data-widget_type=\"image.default\">\n\t\t\t\t<div class=\"elementor-widget-container\">\n\t\t\t\t\t\t\t\t\t\t\t\t\t\t\t<img loading=\"lazy\" decoding=\"async\" width=\"400\" height=\"400\" src=\"https:\/\/orillasnuevas.org\/wp-content\/uploads\/2024\/09\/Daniela-Gutierrez.png\" class=\"attachment-full size-full wp-image-1517\" alt=\"\" srcset=\"https:\/\/orillasnuevas.org\/wp-content\/uploads\/2024\/09\/Daniela-Gutierrez.png 400w, https:\/\/orillasnuevas.org\/wp-content\/uploads\/2024\/09\/Daniela-Gutierrez-300x300.png 300w, https:\/\/orillasnuevas.org\/wp-content\/uploads\/2024\/09\/Daniela-Gutierrez-150x150.png 150w, https:\/\/orillasnuevas.org\/wp-content\/uploads\/2024\/09\/Daniela-Gutierrez-12x12.png 12w\" sizes=\"(max-width: 400px) 100vw, 400px\" \/>\t\t\t\t\t\t\t\t\t\t\t\t\t\t\t<\/div>\n\t\t\t\t<\/div>\n\t\t\t\t<\/div>\n\t\t\t\t\t<\/div>\n\t\t\t\t<\/div>\n\t\t<div class=\"elementor-element elementor-element-65b2fc5 e-flex e-con-boxed e-con e-parent\" data-id=\"65b2fc5\" data-element_type=\"container\" data-e-type=\"container\">\n\t\t\t\t\t<div class=\"e-con-inner\">\n\t\t\t\t<div class=\"elementor-element elementor-element-f3034a6 elementor-widget elementor-widget-text-editor\" data-id=\"f3034a6\" data-element_type=\"widget\" data-e-type=\"widget\" data-widget_type=\"text-editor.default\">\n\t\t\t\t<div class=\"elementor-widget-container\">\n\t\t\t\t\t\t\t\t\t<p>ATELIERS<\/p>\t\t\t\t\t\t\t\t<\/div>\n\t\t\t\t<\/div>\n\t\t\t\t\t<\/div>\n\t\t\t\t<\/div>\n\t\t<div class=\"elementor-element elementor-element-2243791 e-flex e-con-boxed e-con e-parent\" data-id=\"2243791\" data-element_type=\"container\" data-e-type=\"container\">\n\t\t\t\t\t<div class=\"e-con-inner\">\n\t\t<div class=\"elementor-element elementor-element-f80eac1 e-con-full e-flex e-con e-child\" data-id=\"f80eac1\" data-element_type=\"container\" data-e-type=\"container\">\n\t\t\t\t<div class=\"elementor-element elementor-element-30edb1d elementor-widget elementor-widget-image\" data-id=\"30edb1d\" data-element_type=\"widget\" data-e-type=\"widget\" id=\"mentorsImg19\" data-widget_type=\"image.default\">\n\t\t\t\t<div class=\"elementor-widget-container\">\n\t\t\t\t\t\t\t\t\t\t\t\t\t\t\t<img loading=\"lazy\" decoding=\"async\" width=\"400\" height=\"400\" src=\"https:\/\/orillasnuevas.org\/wp-content\/uploads\/2025\/05\/1-Agustina-Laboureau-y-Ezequiel-Canle-Santamaria-1.png\" class=\"attachment-full size-full wp-image-4695\" alt=\"\" srcset=\"https:\/\/orillasnuevas.org\/wp-content\/uploads\/2025\/05\/1-Agustina-Laboureau-y-Ezequiel-Canle-Santamaria-1.png 400w, https:\/\/orillasnuevas.org\/wp-content\/uploads\/2025\/05\/1-Agustina-Laboureau-y-Ezequiel-Canle-Santamaria-1-300x300.png 300w, https:\/\/orillasnuevas.org\/wp-content\/uploads\/2025\/05\/1-Agustina-Laboureau-y-Ezequiel-Canle-Santamaria-1-150x150.png 150w, https:\/\/orillasnuevas.org\/wp-content\/uploads\/2025\/05\/1-Agustina-Laboureau-y-Ezequiel-Canle-Santamaria-1-12x12.png 12w\" sizes=\"(max-width: 400px) 100vw, 400px\" \/>\t\t\t\t\t\t\t\t\t\t\t\t\t\t\t<\/div>\n\t\t\t\t<\/div>\n\t\t\t\t<div class=\"elementor-element elementor-element-660d2b5 elementor-widget elementor-widget-text-editor\" data-id=\"660d2b5\" data-element_type=\"widget\" data-e-type=\"widget\" id=\"mentorsName19\" data-widget_type=\"text-editor.default\">\n\t\t\t\t<div class=\"elementor-widget-container\">\n\t\t\t\t\t\t\t\t\t<p>Agustina Laboureau y Ezequiel Canle Santamaria<\/p>\t\t\t\t\t\t\t\t<\/div>\n\t\t\t\t<\/div>\n\t\t\t\t<div class=\"elementor-element elementor-element-ae9777f elementor-widget elementor-widget-image\" data-id=\"ae9777f\" data-element_type=\"widget\" data-e-type=\"widget\" id=\"arrowClosed19\" data-widget_type=\"image.default\">\n\t\t\t\t<div class=\"elementor-widget-container\">\n\t\t\t\t\t\t\t\t\t\t\t\t\t\t\t<img decoding=\"async\" width=\"68\" height=\"54\" src=\"https:\/\/orillasnuevas.org\/wp-content\/uploads\/2024\/09\/FlechaCortaRosa2-e1726110127130.webp\" class=\"attachment-full size-full wp-image-1383\" alt=\"\" srcset=\"https:\/\/orillasnuevas.org\/wp-content\/uploads\/2024\/09\/FlechaCortaRosa2-e1726110127130.webp 68w, https:\/\/orillasnuevas.org\/wp-content\/uploads\/2024\/09\/FlechaCortaRosa2-e1726110127130-15x12.webp 15w\" sizes=\"(max-width: 68px) 100vw, 68px\" \/>\t\t\t\t\t\t\t\t\t\t\t\t\t\t\t<\/div>\n\t\t\t\t<\/div>\n\t\t\t\t<div class=\"elementor-element elementor-element-dedf302 elementor-widget elementor-widget-image\" data-id=\"dedf302\" data-element_type=\"widget\" data-e-type=\"widget\" id=\"arrowOpened19\" data-widget_type=\"image.default\">\n\t\t\t\t<div class=\"elementor-widget-container\">\n\t\t\t\t\t\t\t\t\t\t\t\t\t\t\t<img loading=\"lazy\" decoding=\"async\" width=\"54\" height=\"68\" src=\"https:\/\/orillasnuevas.org\/wp-content\/uploads\/2024\/09\/FlechaCortaRosa.webp\" class=\"attachment-full size-full wp-image-527\" alt=\"\" srcset=\"https:\/\/orillasnuevas.org\/wp-content\/uploads\/2024\/09\/FlechaCortaRosa.webp 54w, https:\/\/orillasnuevas.org\/wp-content\/uploads\/2024\/09\/FlechaCortaRosa-10x12.webp 10w\" sizes=\"(max-width: 54px) 100vw, 54px\" \/>\t\t\t\t\t\t\t\t\t\t\t\t\t\t\t<\/div>\n\t\t\t\t<\/div>\n\t\t\t\t<div class=\"elementor-element elementor-element-1394e4c elementor-widget elementor-widget-text-editor\" data-id=\"1394e4c\" data-element_type=\"widget\" data-e-type=\"widget\" id=\"mentorsText19\" data-widget_type=\"text-editor.default\">\n\t\t\t\t<div class=\"elementor-widget-container\">\n\t\t\t\t\t\t\t\t\t<p><b>Agustina Laboureau<\/b><span style=\"font-weight: 400;\"> | <\/span><b>Ezequiel Canle<\/b> <b>Santamaria<\/b><span style=\"font-weight: 400;\"> sont avocats, sp\u00e9cialis\u00e9s en propri\u00e9t\u00e9 intellectuelle, avec une vaste exp\u00e9rience dans le conseil aux industries cr\u00e9atives et le d\u00e9veloppement de solutions innovantes pour la gestion juridique dans le domaine culturel. Tous deux ont suivi le programme CopyrightX de la Harvard Law School et ont compl\u00e9t\u00e9 des \u00e9tudes de master en Propri\u00e9t\u00e9 Intellectuelle ax\u00e9es sur l\u2019innovation (UdeSA), entre autres. Agustina est \u00e9galement sp\u00e9cialis\u00e9e en Administration des Organisations du Secteur Culturel et Cr\u00e9atif (FCE-UBA), tandis qu\u2019Ezequiel a occup\u00e9 le poste de Coordinateur Ex\u00e9cutif du Centre de Propri\u00e9t\u00e9 Intellectuelle et Innovation de l\u2019UdeSA, o\u00f9 il continue \u00e0 collaborer en tant que consultant externe. Avec plus de dix ans d\u2019exp\u00e9rience, ils ont \u00e9t\u00e9 conseillers du Th\u00e9\u00e2tre Col\u00f3n, se concentrant sur la gestion des actifs immat\u00e9riels et les contrats internationaux. Ils ont aussi travaill\u00e9 avec les Minist\u00e8res de la Culture de la Ville Autonome de Buenos Aires et de la Nation, r\u00e9alis\u00e9 des missions de conseil et dirig\u00e9 des projets li\u00e9s \u00e0 la r\u00e9gulation et \u00e0 l\u2019\u00e9conomie cr\u00e9ative, fournissant des conseils aux entrepreneurs, PME et startups sur des questions de propri\u00e9t\u00e9 intellectuelle, d\u2019\u00e9conomie cr\u00e9ative et de droit des affaires. En tant que fondateurs du cabinet A&amp;E Law Bureau et de la legaltech \"Acuerdo Sencillo\", ils s\u2019engagent \u00e0 d\u00e9mocratiser l\u2019acc\u00e8s aux services juridiques en Am\u00e9rique latine, en d\u00e9veloppant des outils pour simplifier la cr\u00e9ation de contrats et la gestion des droits. Enseignants universitaires, Agustina est professeure titulaire \u00e0 l\u2019Universit\u00e9 Catholique Argentine et \u00e0 l\u2019Universit\u00e9 du Mus\u00e9e Social. Ezequiel, professeur adjoint \u00e0 l\u2019Universit\u00e9 du Mus\u00e9e Social, a \u00e9t\u00e9 conf\u00e9rencier invit\u00e9 par Singularity University Colombie et participe \u00e0 divers forums sur la culture et l\u2019innovation. Tous deux ont \u00e9t\u00e9 invit\u00e9s comme enseignants \u00e0 l\u2019Universit\u00e9 de San Andr\u00e9s, \u00e0 l\u2019UADE et dans d\u2019autres institutions prestigieuses, tant au niveau national qu\u2019international.<\/span><\/p>\t\t\t\t\t\t\t\t<\/div>\n\t\t\t\t<\/div>\n\t\t\t\t<\/div>\n\t\t<div class=\"elementor-element elementor-element-127aefb e-con-full e-flex e-con e-child\" data-id=\"127aefb\" data-element_type=\"container\" data-e-type=\"container\">\n\t\t\t\t<div class=\"elementor-element elementor-element-092ab21 elementor-widget elementor-widget-image\" data-id=\"092ab21\" data-element_type=\"widget\" data-e-type=\"widget\" id=\"mentorsImg20\" data-widget_type=\"image.default\">\n\t\t\t\t<div class=\"elementor-widget-container\">\n\t\t\t\t\t\t\t\t\t\t\t\t\t\t\t<img loading=\"lazy\" decoding=\"async\" width=\"400\" height=\"400\" src=\"https:\/\/orillasnuevas.org\/wp-content\/uploads\/2025\/05\/2-Damian-Hernaez-1.png\" class=\"attachment-full size-full wp-image-4697\" alt=\"\" srcset=\"https:\/\/orillasnuevas.org\/wp-content\/uploads\/2025\/05\/2-Damian-Hernaez-1.png 400w, https:\/\/orillasnuevas.org\/wp-content\/uploads\/2025\/05\/2-Damian-Hernaez-1-300x300.png 300w, https:\/\/orillasnuevas.org\/wp-content\/uploads\/2025\/05\/2-Damian-Hernaez-1-150x150.png 150w, https:\/\/orillasnuevas.org\/wp-content\/uploads\/2025\/05\/2-Damian-Hernaez-1-12x12.png 12w\" sizes=\"(max-width: 400px) 100vw, 400px\" \/>\t\t\t\t\t\t\t\t\t\t\t\t\t\t\t<\/div>\n\t\t\t\t<\/div>\n\t\t\t\t<div class=\"elementor-element elementor-element-be72a34 elementor-widget elementor-widget-text-editor\" data-id=\"be72a34\" data-element_type=\"widget\" data-e-type=\"widget\" id=\"mentorsName20\" data-widget_type=\"text-editor.default\">\n\t\t\t\t<div class=\"elementor-widget-container\">\n\t\t\t\t\t\t\t\t\t<p>Damian Hernaez<\/p>\t\t\t\t\t\t\t\t<\/div>\n\t\t\t\t<\/div>\n\t\t\t\t<div class=\"elementor-element elementor-element-8b6e227 elementor-widget elementor-widget-image\" data-id=\"8b6e227\" data-element_type=\"widget\" data-e-type=\"widget\" id=\"arrowClosed20\" data-widget_type=\"image.default\">\n\t\t\t\t<div class=\"elementor-widget-container\">\n\t\t\t\t\t\t\t\t\t\t\t\t\t\t\t<img decoding=\"async\" width=\"68\" height=\"54\" src=\"https:\/\/orillasnuevas.org\/wp-content\/uploads\/2024\/09\/FlechaCortaRosa2-e1726110127130.webp\" class=\"attachment-full size-full wp-image-1383\" alt=\"\" srcset=\"https:\/\/orillasnuevas.org\/wp-content\/uploads\/2024\/09\/FlechaCortaRosa2-e1726110127130.webp 68w, https:\/\/orillasnuevas.org\/wp-content\/uploads\/2024\/09\/FlechaCortaRosa2-e1726110127130-15x12.webp 15w\" sizes=\"(max-width: 68px) 100vw, 68px\" \/>\t\t\t\t\t\t\t\t\t\t\t\t\t\t\t<\/div>\n\t\t\t\t<\/div>\n\t\t\t\t<div class=\"elementor-element elementor-element-fdc1639 elementor-widget elementor-widget-image\" data-id=\"fdc1639\" data-element_type=\"widget\" data-e-type=\"widget\" id=\"arrowOpened20\" data-widget_type=\"image.default\">\n\t\t\t\t<div class=\"elementor-widget-container\">\n\t\t\t\t\t\t\t\t\t\t\t\t\t\t\t<img loading=\"lazy\" decoding=\"async\" width=\"54\" height=\"68\" src=\"https:\/\/orillasnuevas.org\/wp-content\/uploads\/2024\/09\/FlechaCortaRosa.webp\" class=\"attachment-full size-full wp-image-527\" alt=\"\" srcset=\"https:\/\/orillasnuevas.org\/wp-content\/uploads\/2024\/09\/FlechaCortaRosa.webp 54w, https:\/\/orillasnuevas.org\/wp-content\/uploads\/2024\/09\/FlechaCortaRosa-10x12.webp 10w\" sizes=\"(max-width: 54px) 100vw, 54px\" \/>\t\t\t\t\t\t\t\t\t\t\t\t\t\t\t<\/div>\n\t\t\t\t<\/div>\n\t\t\t\t<div class=\"elementor-element elementor-element-7bf0661 elementor-widget elementor-widget-text-editor\" data-id=\"7bf0661\" data-element_type=\"widget\" data-e-type=\"widget\" id=\"mentorsText20\" data-widget_type=\"text-editor.default\">\n\t\t\t\t<div class=\"elementor-widget-container\">\n\t\t\t\t\t\t\t\t\t<p><b>Dami\u00e1n Hernaez<\/b><span style=\"font-weight: 400;\">, Directeur du D\u00e9veloppement chez Tl\u00f6n Industries, dirige la cr\u00e9ation d\u2019exp\u00e9riences vid\u00e9oludiques uniques. Il a \u00e9largi les activit\u00e9s de l\u2019entreprise, qui agit d\u00e9sormais \u00e9galement comme \u00e9diteur, et s\u2019est distingu\u00e9e avec des titres comme Dreamcore.\nSon \u0153uvre la plus reconnue, Per Aspera, a \u00e9t\u00e9 nomm\u00e9e aux DICE Awards et r\u00e9compens\u00e9e comme Meilleur Jeu au Br\u00e9sil et en Argentine. Le jeu s\u2019est r\u00e9cemment enrichi de nouveaux contenus t\u00e9l\u00e9chargeables (DLC) et d\u2019une version en r\u00e9alit\u00e9 virtuelle, Per Aspera VR, pour Meta Quest.<\/span><\/p><p><span style=\"font-weight: 400;\">Fort de plus de 20 ans d\u2019exp\u00e9rience dans le d\u00e9veloppement de jeux vid\u00e9o \u2014 des grandes productions AAA aux succ\u00e8s mobiles \u2014, Dami\u00e1n a dirig\u00e9 des projets complexes et novateurs. Il a \u00e9t\u00e9 Lead Programmer sur Master of Orion \u2013 Conquer the Stars, a fond\u00e9 Fiero Studios, et a contribu\u00e9 \u00e0 des titres embl\u00e9matiques d\u2019Electronic Arts tels que Command &amp; Conquer et Madden.<\/span><\/p>\t\t\t\t\t\t\t\t<\/div>\n\t\t\t\t<\/div>\n\t\t\t\t<\/div>\n\t\t<div class=\"elementor-element elementor-element-40354d8 e-con-full e-flex e-con e-child\" data-id=\"40354d8\" data-element_type=\"container\" data-e-type=\"container\">\n\t\t\t\t<div class=\"elementor-element elementor-element-9867114 elementor-widget elementor-widget-image\" data-id=\"9867114\" data-element_type=\"widget\" data-e-type=\"widget\" id=\"mentorsImg21\" data-widget_type=\"image.default\">\n\t\t\t\t<div class=\"elementor-widget-container\">\n\t\t\t\t\t\t\t\t\t\t\t\t\t\t\t<img loading=\"lazy\" decoding=\"async\" width=\"400\" height=\"400\" src=\"https:\/\/orillasnuevas.org\/wp-content\/uploads\/2025\/05\/3-Graciela-Speranza-1.png\" class=\"attachment-full size-full wp-image-4699\" alt=\"\" srcset=\"https:\/\/orillasnuevas.org\/wp-content\/uploads\/2025\/05\/3-Graciela-Speranza-1.png 400w, https:\/\/orillasnuevas.org\/wp-content\/uploads\/2025\/05\/3-Graciela-Speranza-1-300x300.png 300w, https:\/\/orillasnuevas.org\/wp-content\/uploads\/2025\/05\/3-Graciela-Speranza-1-150x150.png 150w, https:\/\/orillasnuevas.org\/wp-content\/uploads\/2025\/05\/3-Graciela-Speranza-1-12x12.png 12w\" sizes=\"(max-width: 400px) 100vw, 400px\" \/>\t\t\t\t\t\t\t\t\t\t\t\t\t\t\t<\/div>\n\t\t\t\t<\/div>\n\t\t\t\t<div class=\"elementor-element elementor-element-36a40fd elementor-widget elementor-widget-text-editor\" data-id=\"36a40fd\" data-element_type=\"widget\" data-e-type=\"widget\" id=\"mentorsName21\" data-widget_type=\"text-editor.default\">\n\t\t\t\t<div class=\"elementor-widget-container\">\n\t\t\t\t\t\t\t\t\t<p>Graciela Speranza<\/p>\t\t\t\t\t\t\t\t<\/div>\n\t\t\t\t<\/div>\n\t\t\t\t<div class=\"elementor-element elementor-element-6194ad9 elementor-widget elementor-widget-image\" data-id=\"6194ad9\" data-element_type=\"widget\" data-e-type=\"widget\" id=\"arrowClosed21\" data-widget_type=\"image.default\">\n\t\t\t\t<div class=\"elementor-widget-container\">\n\t\t\t\t\t\t\t\t\t\t\t\t\t\t\t<img decoding=\"async\" width=\"68\" height=\"54\" src=\"https:\/\/orillasnuevas.org\/wp-content\/uploads\/2024\/09\/FlechaCortaRosa2-e1726110127130.webp\" class=\"attachment-full size-full wp-image-1383\" alt=\"\" srcset=\"https:\/\/orillasnuevas.org\/wp-content\/uploads\/2024\/09\/FlechaCortaRosa2-e1726110127130.webp 68w, https:\/\/orillasnuevas.org\/wp-content\/uploads\/2024\/09\/FlechaCortaRosa2-e1726110127130-15x12.webp 15w\" sizes=\"(max-width: 68px) 100vw, 68px\" \/>\t\t\t\t\t\t\t\t\t\t\t\t\t\t\t<\/div>\n\t\t\t\t<\/div>\n\t\t\t\t<div class=\"elementor-element elementor-element-bbf137d elementor-widget elementor-widget-image\" data-id=\"bbf137d\" data-element_type=\"widget\" data-e-type=\"widget\" id=\"arrowOpened21\" data-widget_type=\"image.default\">\n\t\t\t\t<div class=\"elementor-widget-container\">\n\t\t\t\t\t\t\t\t\t\t\t\t\t\t\t<img loading=\"lazy\" decoding=\"async\" width=\"54\" height=\"68\" src=\"https:\/\/orillasnuevas.org\/wp-content\/uploads\/2024\/09\/FlechaCortaRosa.webp\" class=\"attachment-full size-full wp-image-527\" alt=\"\" srcset=\"https:\/\/orillasnuevas.org\/wp-content\/uploads\/2024\/09\/FlechaCortaRosa.webp 54w, https:\/\/orillasnuevas.org\/wp-content\/uploads\/2024\/09\/FlechaCortaRosa-10x12.webp 10w\" sizes=\"(max-width: 54px) 100vw, 54px\" \/>\t\t\t\t\t\t\t\t\t\t\t\t\t\t\t<\/div>\n\t\t\t\t<\/div>\n\t\t\t\t<div class=\"elementor-element elementor-element-56775d1 elementor-widget elementor-widget-text-editor\" data-id=\"56775d1\" data-element_type=\"widget\" data-e-type=\"widget\" id=\"mentorsText21\" data-widget_type=\"text-editor.default\">\n\t\t\t\t<div class=\"elementor-widget-container\">\n\t\t\t\t\t\t\t\t\t<p><b>Graciela Speranza<\/b><span style=\"font-weight: 400;\"> est essayiste, romanci\u00e8re et sc\u00e9nariste de cin\u00e9ma. Docteure en lettres de l\u2019Universit\u00e9 de Buenos Aires, elle y a enseign\u00e9 la litt\u00e9rature argentine. Depuis 2009, elle est professeure au D\u00e9partement des Arts de l\u2019Universit\u00e9 Torcuato Di Tella. Elle est l\u2019autrice, entre autres, des essais \u201cManuel Puig. Apr\u00e8s la fin de la litt\u00e9rature\u201d, \u201cHors champ. Litt\u00e9rature et art argentins apr\u00e8s Duchamp\u201d, \u201cAtlas portatif de l\u2019Am\u00e9rique latine\u201d (finaliste du Prix Anagrama de l\u2019Essai), \u201cChronographies. Art et fictions d\u2019un temps sans temps\u201d, \u201cCe que nous ne voyons pas, ce que l\u2019art voit\u201d, ainsi que des romans \u201cM\u00e9tiers anglais\u201d et \u201cDans l\u2019air\u201d. En 2002, elle a re\u00e7u la bourse Guggenheim et en 2012, elle a co\u00e9dit\u00e9 avec Rita Eder et Dawn Ades le volume anthologique de l\u2019Institut de recherche Getty, Surrealism in Latin America. Viv\u00edsimo muerto. Elle a \u00e9t\u00e9 professeure invit\u00e9e \u00e0 l\u2019Universit\u00e9 de Columbia et \u00e0 l\u2019Universit\u00e9 de Cornell. En tant que critique culturelle, elle a collabor\u00e9 avec Crisis, Babel, P\u00e1gina 12, Clar\u00edn, La Naci\u00f3n et El Pa\u00eds (Espagne). Depuis 2003, elle a co-dirig\u00e9 avec Marcelo Cohen la revue litt\u00e9raire et artistique Otra Parte et dirige actuellement Otra Parte Semanal.<\/span><\/p>\t\t\t\t\t\t\t\t<\/div>\n\t\t\t\t<\/div>\n\t\t\t\t<\/div>\n\t\t<div class=\"elementor-element elementor-element-dc39b75 e-con-full e-flex e-con e-child\" data-id=\"dc39b75\" data-element_type=\"container\" data-e-type=\"container\">\n\t\t\t\t<div class=\"elementor-element elementor-element-fc075a7 elementor-widget elementor-widget-image\" data-id=\"fc075a7\" data-element_type=\"widget\" data-e-type=\"widget\" id=\"mentorsImg22\" data-widget_type=\"image.default\">\n\t\t\t\t<div class=\"elementor-widget-container\">\n\t\t\t\t\t\t\t\t\t\t\t\t\t\t\t<img loading=\"lazy\" decoding=\"async\" width=\"400\" height=\"400\" src=\"https:\/\/orillasnuevas.org\/wp-content\/uploads\/2025\/05\/4-Ianina-Grimblat-1.png\" class=\"attachment-full size-full wp-image-4701\" alt=\"\" srcset=\"https:\/\/orillasnuevas.org\/wp-content\/uploads\/2025\/05\/4-Ianina-Grimblat-1.png 400w, https:\/\/orillasnuevas.org\/wp-content\/uploads\/2025\/05\/4-Ianina-Grimblat-1-300x300.png 300w, https:\/\/orillasnuevas.org\/wp-content\/uploads\/2025\/05\/4-Ianina-Grimblat-1-150x150.png 150w, https:\/\/orillasnuevas.org\/wp-content\/uploads\/2025\/05\/4-Ianina-Grimblat-1-12x12.png 12w\" sizes=\"(max-width: 400px) 100vw, 400px\" \/>\t\t\t\t\t\t\t\t\t\t\t\t\t\t\t<\/div>\n\t\t\t\t<\/div>\n\t\t\t\t<div class=\"elementor-element elementor-element-605c488 elementor-widget elementor-widget-text-editor\" data-id=\"605c488\" data-element_type=\"widget\" data-e-type=\"widget\" id=\"mentorsName22\" data-widget_type=\"text-editor.default\">\n\t\t\t\t<div class=\"elementor-widget-container\">\n\t\t\t\t\t\t\t\t\t<p>Ianina Grimblat<\/p>\t\t\t\t\t\t\t\t<\/div>\n\t\t\t\t<\/div>\n\t\t\t\t<div class=\"elementor-element elementor-element-e7b10cf elementor-widget elementor-widget-image\" data-id=\"e7b10cf\" data-element_type=\"widget\" data-e-type=\"widget\" id=\"arrowClosed22\" data-widget_type=\"image.default\">\n\t\t\t\t<div class=\"elementor-widget-container\">\n\t\t\t\t\t\t\t\t\t\t\t\t\t\t\t<img decoding=\"async\" width=\"68\" height=\"54\" src=\"https:\/\/orillasnuevas.org\/wp-content\/uploads\/2024\/09\/FlechaCortaRosa2-e1726110127130.webp\" class=\"attachment-full size-full wp-image-1383\" alt=\"\" srcset=\"https:\/\/orillasnuevas.org\/wp-content\/uploads\/2024\/09\/FlechaCortaRosa2-e1726110127130.webp 68w, https:\/\/orillasnuevas.org\/wp-content\/uploads\/2024\/09\/FlechaCortaRosa2-e1726110127130-15x12.webp 15w\" sizes=\"(max-width: 68px) 100vw, 68px\" \/>\t\t\t\t\t\t\t\t\t\t\t\t\t\t\t<\/div>\n\t\t\t\t<\/div>\n\t\t\t\t<div class=\"elementor-element elementor-element-47d86d8 elementor-widget elementor-widget-image\" data-id=\"47d86d8\" data-element_type=\"widget\" data-e-type=\"widget\" id=\"arrowOpened22\" data-widget_type=\"image.default\">\n\t\t\t\t<div class=\"elementor-widget-container\">\n\t\t\t\t\t\t\t\t\t\t\t\t\t\t\t<img loading=\"lazy\" decoding=\"async\" width=\"54\" height=\"68\" src=\"https:\/\/orillasnuevas.org\/wp-content\/uploads\/2024\/09\/FlechaCortaRosa.webp\" class=\"attachment-full size-full wp-image-527\" alt=\"\" srcset=\"https:\/\/orillasnuevas.org\/wp-content\/uploads\/2024\/09\/FlechaCortaRosa.webp 54w, https:\/\/orillasnuevas.org\/wp-content\/uploads\/2024\/09\/FlechaCortaRosa-10x12.webp 10w\" sizes=\"(max-width: 54px) 100vw, 54px\" \/>\t\t\t\t\t\t\t\t\t\t\t\t\t\t\t<\/div>\n\t\t\t\t<\/div>\n\t\t\t\t<div class=\"elementor-element elementor-element-8c37925 elementor-widget elementor-widget-text-editor\" data-id=\"8c37925\" data-element_type=\"widget\" data-e-type=\"widget\" id=\"mentorsText22\" data-widget_type=\"text-editor.default\">\n\t\t\t\t<div class=\"elementor-widget-container\">\n\t\t\t\t\t\t\t\t\t<p><b>Ianina Grimblat<\/b><span style=\"font-weight: 400;\"> est Directrice Ex\u00e9cutive de FUNDA (Fondation de l\u2019Universit\u00e9 Nationale des Arts) et collabore avec le Sous-secr\u00e9tariat aux \u00c9v\u00e9nements et Festivals de la Ville de Buenos Aires. Elle poss\u00e8de une solide exp\u00e9rience dans la gestion culturelle et dans l\u2019articulation entre les secteurs public et priv\u00e9. Titulaire d\u2019une Licence en Arts (UBA) et d\u2019un Master en Culture Publique (INAP, 1994), elle s\u2019est sp\u00e9cialis\u00e9e dans l\u2019investissement culturel. Son travail se concentre sur le mentorat d\u2019artistes, en promouvant leur d\u00e9veloppement professionnel, ainsi que sur l\u2019accompagnement d\u2019institutions dans leur d\u00e9veloppement strat\u00e9gique pour un meilleur soutien \u00e0 long terme. Son engagement envers l\u2019art et la culture en tant que moteurs du d\u00e9veloppement social guide son action, en impulsant des projets \u00e0 fort impact positif sur la communaut\u00e9.<\/span><\/p>\t\t\t\t\t\t\t\t<\/div>\n\t\t\t\t<\/div>\n\t\t\t\t<\/div>\n\t\t\t\t\t<\/div>\n\t\t\t\t<\/div>\n\t\t<div class=\"elementor-element elementor-element-152034b e-flex e-con-boxed e-con e-parent\" data-id=\"152034b\" data-element_type=\"container\" data-e-type=\"container\">\n\t\t\t\t\t<div class=\"e-con-inner\">\n\t\t<div class=\"elementor-element elementor-element-e4b1a71 e-con-full e-flex e-con e-child\" data-id=\"e4b1a71\" data-element_type=\"container\" data-e-type=\"container\">\n\t\t\t\t<div class=\"elementor-element elementor-element-3f8ad99 elementor-widget elementor-widget-image\" data-id=\"3f8ad99\" data-element_type=\"widget\" data-e-type=\"widget\" id=\"mentorsImg25\" data-widget_type=\"image.default\">\n\t\t\t\t<div class=\"elementor-widget-container\">\n\t\t\t\t\t\t\t\t\t\t\t\t\t\t\t<img loading=\"lazy\" decoding=\"async\" width=\"400\" height=\"400\" src=\"https:\/\/orillasnuevas.org\/wp-content\/uploads\/2025\/05\/7-Leila-Baremboim-1.png\" class=\"attachment-full size-full wp-image-4707\" alt=\"\" srcset=\"https:\/\/orillasnuevas.org\/wp-content\/uploads\/2025\/05\/7-Leila-Baremboim-1.png 400w, https:\/\/orillasnuevas.org\/wp-content\/uploads\/2025\/05\/7-Leila-Baremboim-1-300x300.png 300w, https:\/\/orillasnuevas.org\/wp-content\/uploads\/2025\/05\/7-Leila-Baremboim-1-150x150.png 150w, https:\/\/orillasnuevas.org\/wp-content\/uploads\/2025\/05\/7-Leila-Baremboim-1-12x12.png 12w\" sizes=\"(max-width: 400px) 100vw, 400px\" \/>\t\t\t\t\t\t\t\t\t\t\t\t\t\t\t<\/div>\n\t\t\t\t<\/div>\n\t\t\t\t<div class=\"elementor-element elementor-element-ae80bee elementor-widget elementor-widget-text-editor\" data-id=\"ae80bee\" data-element_type=\"widget\" data-e-type=\"widget\" id=\"mentorsName25\" data-widget_type=\"text-editor.default\">\n\t\t\t\t<div class=\"elementor-widget-container\">\n\t\t\t\t\t\t\t\t\t<p>Leila Baremboim<\/p>\t\t\t\t\t\t\t\t<\/div>\n\t\t\t\t<\/div>\n\t\t\t\t<div class=\"elementor-element elementor-element-3694514 elementor-widget elementor-widget-image\" data-id=\"3694514\" data-element_type=\"widget\" data-e-type=\"widget\" id=\"arrowClosed25\" data-widget_type=\"image.default\">\n\t\t\t\t<div class=\"elementor-widget-container\">\n\t\t\t\t\t\t\t\t\t\t\t\t\t\t\t<img decoding=\"async\" width=\"68\" height=\"54\" src=\"https:\/\/orillasnuevas.org\/wp-content\/uploads\/2024\/09\/FlechaCortaRosa2-e1726110127130.webp\" class=\"attachment-full size-full wp-image-1383\" alt=\"\" srcset=\"https:\/\/orillasnuevas.org\/wp-content\/uploads\/2024\/09\/FlechaCortaRosa2-e1726110127130.webp 68w, https:\/\/orillasnuevas.org\/wp-content\/uploads\/2024\/09\/FlechaCortaRosa2-e1726110127130-15x12.webp 15w\" sizes=\"(max-width: 68px) 100vw, 68px\" \/>\t\t\t\t\t\t\t\t\t\t\t\t\t\t\t<\/div>\n\t\t\t\t<\/div>\n\t\t\t\t<div class=\"elementor-element elementor-element-9be0920 elementor-widget elementor-widget-image\" data-id=\"9be0920\" data-element_type=\"widget\" data-e-type=\"widget\" id=\"arrowOpened25\" data-widget_type=\"image.default\">\n\t\t\t\t<div class=\"elementor-widget-container\">\n\t\t\t\t\t\t\t\t\t\t\t\t\t\t\t<img loading=\"lazy\" decoding=\"async\" width=\"54\" height=\"68\" src=\"https:\/\/orillasnuevas.org\/wp-content\/uploads\/2024\/09\/FlechaCortaRosa.webp\" class=\"attachment-full size-full wp-image-527\" alt=\"\" srcset=\"https:\/\/orillasnuevas.org\/wp-content\/uploads\/2024\/09\/FlechaCortaRosa.webp 54w, https:\/\/orillasnuevas.org\/wp-content\/uploads\/2024\/09\/FlechaCortaRosa-10x12.webp 10w\" sizes=\"(max-width: 54px) 100vw, 54px\" \/>\t\t\t\t\t\t\t\t\t\t\t\t\t\t\t<\/div>\n\t\t\t\t<\/div>\n\t\t\t\t<div class=\"elementor-element elementor-element-72bdbdb elementor-widget elementor-widget-text-editor\" data-id=\"72bdbdb\" data-element_type=\"widget\" data-e-type=\"widget\" id=\"mentorsText25\" data-widget_type=\"text-editor.default\">\n\t\t\t\t<div class=\"elementor-widget-container\">\n\t\t\t\t\t\t\t\t\t<p><b>Leila Barenboim<\/b><span style=\"font-weight: 400;\"> est dipl\u00f4m\u00e9e en Humanit\u00e9s (UOC, Catalogne, Espagne). Elle travaille depuis plus de vingt ans dans le domaine de la gestion culturelle, de la production, de l\u2019internationalisation, et se consacre actuellement au conseil strat\u00e9gique dans les arts de la sc\u00e8ne, o\u00f9 la mobilit\u00e9 internationale occupe une place centrale. Elle a collabor\u00e9 avec de nombreux professionnels, institutions, organisations et \u00e9v\u00e9nements en Am\u00e9rique latine et en Europe. Elle est actuellement consultante chez Plaz Gesti\u00f3n Cultural. Ses projets l'ont amen\u00e9e \u00e0 r\u00e9sider treize ans en Espagne et \u00e0 d\u00e9velopper son travail \u00e0 l\u2019\u00e9chelle internationale. Son parcours s\u2019inscrit dans la cr\u00e9ation et la mise en \u0153uvre de projets, ainsi que dans l\u2019\u00e9laboration de strat\u00e9gies de planification, de conseil et de diffusion. Ses projets ont \u00e9t\u00e9 pr\u00e9sent\u00e9s en Espagne, France, Italie, Allemagne, Mexique, Argentine, Br\u00e9sil, Colombie, Chili, Uruguay, P\u00e9rou, Bolivie, Costa Rica, entre autres pays.<\/span><\/p>\t\t\t\t\t\t\t\t<\/div>\n\t\t\t\t<\/div>\n\t\t\t\t<\/div>\n\t\t<div class=\"elementor-element elementor-element-1f52b7e e-con-full e-flex e-con e-child\" data-id=\"1f52b7e\" data-element_type=\"container\" data-e-type=\"container\">\n\t\t\t\t<div class=\"elementor-element elementor-element-7cea462 elementor-widget elementor-widget-image\" data-id=\"7cea462\" data-element_type=\"widget\" data-e-type=\"widget\" id=\"mentorsImg24\" data-widget_type=\"image.default\">\n\t\t\t\t<div class=\"elementor-widget-container\">\n\t\t\t\t\t\t\t\t\t\t\t\t\t\t\t<img loading=\"lazy\" decoding=\"async\" width=\"400\" height=\"400\" src=\"https:\/\/orillasnuevas.org\/wp-content\/uploads\/2025\/05\/6-Laura-Muchnik-1.png\" class=\"attachment-full size-full wp-image-4705\" alt=\"\" srcset=\"https:\/\/orillasnuevas.org\/wp-content\/uploads\/2025\/05\/6-Laura-Muchnik-1.png 400w, https:\/\/orillasnuevas.org\/wp-content\/uploads\/2025\/05\/6-Laura-Muchnik-1-300x300.png 300w, https:\/\/orillasnuevas.org\/wp-content\/uploads\/2025\/05\/6-Laura-Muchnik-1-150x150.png 150w, https:\/\/orillasnuevas.org\/wp-content\/uploads\/2025\/05\/6-Laura-Muchnik-1-12x12.png 12w\" sizes=\"(max-width: 400px) 100vw, 400px\" \/>\t\t\t\t\t\t\t\t\t\t\t\t\t\t\t<\/div>\n\t\t\t\t<\/div>\n\t\t\t\t<div class=\"elementor-element elementor-element-9d1d9df elementor-widget elementor-widget-text-editor\" data-id=\"9d1d9df\" data-element_type=\"widget\" data-e-type=\"widget\" id=\"mentorsName24\" data-widget_type=\"text-editor.default\">\n\t\t\t\t<div class=\"elementor-widget-container\">\n\t\t\t\t\t\t\t\t\t<p>Laura Muchnik<\/p>\t\t\t\t\t\t\t\t<\/div>\n\t\t\t\t<\/div>\n\t\t\t\t<div class=\"elementor-element elementor-element-7d7b3f3 elementor-widget elementor-widget-image\" data-id=\"7d7b3f3\" data-element_type=\"widget\" data-e-type=\"widget\" id=\"arrowClosed24\" data-widget_type=\"image.default\">\n\t\t\t\t<div class=\"elementor-widget-container\">\n\t\t\t\t\t\t\t\t\t\t\t\t\t\t\t<img decoding=\"async\" width=\"68\" height=\"54\" src=\"https:\/\/orillasnuevas.org\/wp-content\/uploads\/2024\/09\/FlechaCortaRosa2-e1726110127130.webp\" class=\"attachment-full size-full wp-image-1383\" alt=\"\" srcset=\"https:\/\/orillasnuevas.org\/wp-content\/uploads\/2024\/09\/FlechaCortaRosa2-e1726110127130.webp 68w, https:\/\/orillasnuevas.org\/wp-content\/uploads\/2024\/09\/FlechaCortaRosa2-e1726110127130-15x12.webp 15w\" sizes=\"(max-width: 68px) 100vw, 68px\" \/>\t\t\t\t\t\t\t\t\t\t\t\t\t\t\t<\/div>\n\t\t\t\t<\/div>\n\t\t\t\t<div class=\"elementor-element elementor-element-8e2706d elementor-widget elementor-widget-image\" data-id=\"8e2706d\" data-element_type=\"widget\" data-e-type=\"widget\" id=\"arrowOpened24\" data-widget_type=\"image.default\">\n\t\t\t\t<div class=\"elementor-widget-container\">\n\t\t\t\t\t\t\t\t\t\t\t\t\t\t\t<img loading=\"lazy\" decoding=\"async\" width=\"54\" height=\"68\" src=\"https:\/\/orillasnuevas.org\/wp-content\/uploads\/2024\/09\/FlechaCortaRosa.webp\" class=\"attachment-full size-full wp-image-527\" alt=\"\" srcset=\"https:\/\/orillasnuevas.org\/wp-content\/uploads\/2024\/09\/FlechaCortaRosa.webp 54w, https:\/\/orillasnuevas.org\/wp-content\/uploads\/2024\/09\/FlechaCortaRosa-10x12.webp 10w\" sizes=\"(max-width: 54px) 100vw, 54px\" \/>\t\t\t\t\t\t\t\t\t\t\t\t\t\t\t<\/div>\n\t\t\t\t<\/div>\n\t\t\t\t<div class=\"elementor-element elementor-element-abf57ab elementor-widget elementor-widget-text-editor\" data-id=\"abf57ab\" data-element_type=\"widget\" data-e-type=\"widget\" id=\"mentorsText24\" data-widget_type=\"text-editor.default\">\n\t\t\t\t<div class=\"elementor-widget-container\">\n\t\t\t\t\t\t\t\t\t<p><b>Laura Muchnik<\/b><span style=\"font-weight: 400;\"> est fondatrice de GRUPO MUCHNIK et ASTEROID TECHNOLOGIES. Entrepreneure et mentore chez Endeavor Argentina, elle pr\u00e9side Grupo Muchnik, une \u00e9quipe internationale de 120 personnes sp\u00e9cialis\u00e9e dans la construction de la r\u00e9putation d\u2019entreprises, de marques et de leaders au sein de l\u2019\u00e9cosyst\u00e8me num\u00e9rique, avec une approche omnicanale. Elle est \u00e9galement associ\u00e9e chez Asteroid Technologies, une entreprise qui d\u00e9veloppe des technologies innovantes visant \u00e0 renforcer l\u2019inclusion, avec une vision fond\u00e9e sur l\u2019accessibilit\u00e9 universelle. Titulaire d\u2019une licence en Sciences de la Communication (UBA), elle s\u2019est form\u00e9e en management, entrepreneuriat, innovation, art contemporain, nouveaux mod\u00e8les \u00e9conomiques et transformation digitale.\u00a0<\/span><\/p><p><span style=\"font-weight: 400;\">Elle a collabor\u00e9, au cours des trois derni\u00e8res d\u00e9cennies, avec des entreprises multinationales, r\u00e9gionales et locales, des startups, des gouvernements et des organisations de la soci\u00e9t\u00e9 civile, avec un accent particulier sur la g\u00e9n\u00e9ration de biens publics. Elle est membre du Conseil d\u2019Administration de CIPPEC, l\u2019une des initiatrices et organisatrices d\u2019Argentina Debate, de TEDxR\u00edodelaPlata, de l\u2019Observatoire Argentins pour l\u2019\u00c9ducation et de <\/span><i><span style=\"font-weight: 400;\">Boleta \u00danica es Mejor<\/span><\/i><span style=\"font-weight: 400;\">. Elle a \u00e9galement particip\u00e9 au mouvement \u201cAgendaxlaIgualdad\u201d et \u00e0 l\u2019initiative \"Transformar la mirada\", tous deux li\u00e9s aux questions d\u2019\u00e9galit\u00e9 et d\u2019inclusion. Son principal d\u00e9fi professionnel a \u00e9t\u00e9 d\u2019avoir \u00e9t\u00e9 l\u2019une des organisatrices du premier d\u00e9bat pr\u00e9sidentiel de l\u2019histoire argentine. Aujourd\u2019hui, elle est mentore chez Endeavor Argentina, formant les nouvelles g\u00e9n\u00e9rations d\u2019entrepreneurs et entrepreneuses dans divers espaces acad\u00e9miques.<\/span><\/p>\t\t\t\t\t\t\t\t<\/div>\n\t\t\t\t<\/div>\n\t\t\t\t<\/div>\n\t\t<div class=\"elementor-element elementor-element-6c73449 e-con-full e-flex e-con e-child\" data-id=\"6c73449\" data-element_type=\"container\" data-e-type=\"container\">\n\t\t\t\t<div class=\"elementor-element elementor-element-45fe9b0 elementor-widget elementor-widget-image\" data-id=\"45fe9b0\" data-element_type=\"widget\" data-e-type=\"widget\" id=\"mentorsImg23\" data-widget_type=\"image.default\">\n\t\t\t\t<div class=\"elementor-widget-container\">\n\t\t\t\t\t\t\t\t\t\t\t\t\t\t\t<img loading=\"lazy\" decoding=\"async\" width=\"400\" height=\"400\" src=\"https:\/\/orillasnuevas.org\/wp-content\/uploads\/2025\/05\/5-Lais-Macaria-1.png\" class=\"attachment-full size-full wp-image-4703\" alt=\"\" srcset=\"https:\/\/orillasnuevas.org\/wp-content\/uploads\/2025\/05\/5-Lais-Macaria-1.png 400w, https:\/\/orillasnuevas.org\/wp-content\/uploads\/2025\/05\/5-Lais-Macaria-1-300x300.png 300w, https:\/\/orillasnuevas.org\/wp-content\/uploads\/2025\/05\/5-Lais-Macaria-1-150x150.png 150w, https:\/\/orillasnuevas.org\/wp-content\/uploads\/2025\/05\/5-Lais-Macaria-1-12x12.png 12w\" sizes=\"(max-width: 400px) 100vw, 400px\" \/>\t\t\t\t\t\t\t\t\t\t\t\t\t\t\t<\/div>\n\t\t\t\t<\/div>\n\t\t\t\t<div class=\"elementor-element elementor-element-5d28e4e elementor-widget elementor-widget-text-editor\" data-id=\"5d28e4e\" data-element_type=\"widget\" data-e-type=\"widget\" id=\"mentorsName23\" data-widget_type=\"text-editor.default\">\n\t\t\t\t<div class=\"elementor-widget-container\">\n\t\t\t\t\t\t\t\t\t<p>Lais Macaria<\/p>\t\t\t\t\t\t\t\t<\/div>\n\t\t\t\t<\/div>\n\t\t\t\t<div class=\"elementor-element elementor-element-0c7aa22 elementor-widget elementor-widget-image\" data-id=\"0c7aa22\" data-element_type=\"widget\" data-e-type=\"widget\" id=\"arrowClosed23\" data-widget_type=\"image.default\">\n\t\t\t\t<div class=\"elementor-widget-container\">\n\t\t\t\t\t\t\t\t\t\t\t\t\t\t\t<img decoding=\"async\" width=\"68\" height=\"54\" src=\"https:\/\/orillasnuevas.org\/wp-content\/uploads\/2024\/09\/FlechaCortaRosa2-e1726110127130.webp\" class=\"attachment-full size-full wp-image-1383\" alt=\"\" srcset=\"https:\/\/orillasnuevas.org\/wp-content\/uploads\/2024\/09\/FlechaCortaRosa2-e1726110127130.webp 68w, https:\/\/orillasnuevas.org\/wp-content\/uploads\/2024\/09\/FlechaCortaRosa2-e1726110127130-15x12.webp 15w\" sizes=\"(max-width: 68px) 100vw, 68px\" \/>\t\t\t\t\t\t\t\t\t\t\t\t\t\t\t<\/div>\n\t\t\t\t<\/div>\n\t\t\t\t<div class=\"elementor-element elementor-element-f8941f5 elementor-widget elementor-widget-image\" data-id=\"f8941f5\" data-element_type=\"widget\" data-e-type=\"widget\" id=\"arrowOpened23\" data-widget_type=\"image.default\">\n\t\t\t\t<div class=\"elementor-widget-container\">\n\t\t\t\t\t\t\t\t\t\t\t\t\t\t\t<img loading=\"lazy\" decoding=\"async\" width=\"54\" height=\"68\" src=\"https:\/\/orillasnuevas.org\/wp-content\/uploads\/2024\/09\/FlechaCortaRosa.webp\" class=\"attachment-full size-full wp-image-527\" alt=\"\" srcset=\"https:\/\/orillasnuevas.org\/wp-content\/uploads\/2024\/09\/FlechaCortaRosa.webp 54w, https:\/\/orillasnuevas.org\/wp-content\/uploads\/2024\/09\/FlechaCortaRosa-10x12.webp 10w\" sizes=\"(max-width: 54px) 100vw, 54px\" \/>\t\t\t\t\t\t\t\t\t\t\t\t\t\t\t<\/div>\n\t\t\t\t<\/div>\n\t\t\t\t<div class=\"elementor-element elementor-element-2ed1599 elementor-widget elementor-widget-text-editor\" data-id=\"2ed1599\" data-element_type=\"widget\" data-e-type=\"widget\" id=\"mentorsText23\" data-widget_type=\"text-editor.default\">\n\t\t\t\t<div class=\"elementor-widget-container\">\n\t\t\t\t\t\t\t\t\t<p><b>Lais Macaria<\/b><span style=\"font-weight: 400;\"> est designer graphique (FADU, UBA) et pr\u00e9pare un master en Technologie et Esth\u00e9tique des Arts \u00c9lectroniques (UNTREF). Elle est consultante UX avec huit ans d\u2019exp\u00e9rience dans la conception de produits et de processus pour une grande vari\u00e9t\u00e9 de clients dans diff\u00e9rents secteurs. Au cours des deux derni\u00e8res ann\u00e9es, elle a \u00e9t\u00e9 l\u2019une des responsables de la Pratique UX chez Kin+Carta, dirigeant une \u00e9quipe de vingt designers pour Latam. Tout au long de sa carri\u00e8re, elle a occup\u00e9 divers postes, guidant des \u00e9quipes dans la cr\u00e9ation de processus optimis\u00e9s et la livraison de r\u00e9sultats impeccables : de la d\u00e9finition d\u2019un MVP \u00e0 la recherche utilisateur, en passant par la conception et la remise des livrables finaux aux d\u00e9veloppeurs. Elle a fait partie de l\u2019\u00e9quipe enseignante de Medios Expresivos La Ferla (FADU, UBA). Conf\u00e9renci\u00e8re et facilitatrice dans des \u00e9v\u00e9nements technologiques, elle a \u00e9t\u00e9 b\u00e9n\u00e9vole au sein de la communaut\u00e9 +MujeresUX et est actuellement membre de IxDA Buenos Aires. Elle accompagne depuis 2018 des designers dans leur recherche d\u2019emploi et leur d\u00e9veloppement de carri\u00e8re en tant que mentore. Form\u00e9e aux arts de la sc\u00e8ne depuis 2009, elle chante actuellement du jazz, danse et travaille sur son premier EP.<\/span><\/p>\t\t\t\t\t\t\t\t<\/div>\n\t\t\t\t<\/div>\n\t\t\t\t<\/div>\n\t\t<div class=\"elementor-element elementor-element-072c7da e-con-full elementor-hidden-tablet elementor-hidden-mobile greyBlock e-flex e-con e-child\" data-id=\"072c7da\" data-element_type=\"container\" data-e-type=\"container\">\n\t\t\t\t<div class=\"elementor-element elementor-element-6bc55c8 noCursor elementor-widget elementor-widget-image\" data-id=\"6bc55c8\" data-element_type=\"widget\" data-e-type=\"widget\" data-widget_type=\"image.default\">\n\t\t\t\t<div class=\"elementor-widget-container\">\n\t\t\t\t\t\t\t\t\t\t\t\t\t\t\t<img loading=\"lazy\" decoding=\"async\" width=\"400\" height=\"400\" src=\"https:\/\/orillasnuevas.org\/wp-content\/uploads\/2024\/09\/Daniela-Gutierrez.png\" class=\"attachment-full size-full wp-image-1517\" alt=\"\" srcset=\"https:\/\/orillasnuevas.org\/wp-content\/uploads\/2024\/09\/Daniela-Gutierrez.png 400w, https:\/\/orillasnuevas.org\/wp-content\/uploads\/2024\/09\/Daniela-Gutierrez-300x300.png 300w, https:\/\/orillasnuevas.org\/wp-content\/uploads\/2024\/09\/Daniela-Gutierrez-150x150.png 150w, https:\/\/orillasnuevas.org\/wp-content\/uploads\/2024\/09\/Daniela-Gutierrez-12x12.png 12w\" sizes=\"(max-width: 400px) 100vw, 400px\" \/>\t\t\t\t\t\t\t\t\t\t\t\t\t\t\t<\/div>\n\t\t\t\t<\/div>\n\t\t\t\t<\/div>\n\t\t\t\t\t<\/div>\n\t\t\t\t<\/div>\n\t\t<div class=\"elementor-element elementor-element-3927cc8 e-flex e-con-boxed e-con e-parent\" data-id=\"3927cc8\" data-element_type=\"container\" data-e-type=\"container\">\n\t\t\t\t\t<div class=\"e-con-inner\">\n\t\t<div class=\"elementor-element elementor-element-9761a6b e-con-full e-flex e-con e-child\" data-id=\"9761a6b\" data-element_type=\"container\" data-e-type=\"container\">\n\t\t\t\t<div class=\"elementor-element elementor-element-7c7e6ba elementor-widget elementor-widget-image\" data-id=\"7c7e6ba\" data-element_type=\"widget\" data-e-type=\"widget\" id=\"mentorsImg26\" data-widget_type=\"image.default\">\n\t\t\t\t<div class=\"elementor-widget-container\">\n\t\t\t\t\t\t\t\t\t\t\t\t\t\t\t<img loading=\"lazy\" decoding=\"async\" width=\"400\" height=\"400\" src=\"https:\/\/orillasnuevas.org\/wp-content\/uploads\/2025\/05\/8-Maite-Paramio-1.png\" class=\"attachment-full size-full wp-image-4686\" alt=\"\" srcset=\"https:\/\/orillasnuevas.org\/wp-content\/uploads\/2025\/05\/8-Maite-Paramio-1.png 400w, https:\/\/orillasnuevas.org\/wp-content\/uploads\/2025\/05\/8-Maite-Paramio-1-300x300.png 300w, https:\/\/orillasnuevas.org\/wp-content\/uploads\/2025\/05\/8-Maite-Paramio-1-150x150.png 150w, https:\/\/orillasnuevas.org\/wp-content\/uploads\/2025\/05\/8-Maite-Paramio-1-12x12.png 12w\" sizes=\"(max-width: 400px) 100vw, 400px\" \/>\t\t\t\t\t\t\t\t\t\t\t\t\t\t\t<\/div>\n\t\t\t\t<\/div>\n\t\t\t\t<div class=\"elementor-element elementor-element-36d0edb elementor-widget elementor-widget-text-editor\" data-id=\"36d0edb\" data-element_type=\"widget\" data-e-type=\"widget\" id=\"mentorsName26\" data-widget_type=\"text-editor.default\">\n\t\t\t\t<div class=\"elementor-widget-container\">\n\t\t\t\t\t\t\t\t\t<p>Maite Paramio<\/p>\t\t\t\t\t\t\t\t<\/div>\n\t\t\t\t<\/div>\n\t\t\t\t<div class=\"elementor-element elementor-element-4281ac1 elementor-widget elementor-widget-image\" data-id=\"4281ac1\" data-element_type=\"widget\" data-e-type=\"widget\" id=\"arrowClosed26\" data-widget_type=\"image.default\">\n\t\t\t\t<div class=\"elementor-widget-container\">\n\t\t\t\t\t\t\t\t\t\t\t\t\t\t\t<img decoding=\"async\" width=\"68\" height=\"54\" src=\"https:\/\/orillasnuevas.org\/wp-content\/uploads\/2024\/09\/FlechaCortaRosa2-e1726110127130.webp\" class=\"attachment-full size-full wp-image-1383\" alt=\"\" srcset=\"https:\/\/orillasnuevas.org\/wp-content\/uploads\/2024\/09\/FlechaCortaRosa2-e1726110127130.webp 68w, https:\/\/orillasnuevas.org\/wp-content\/uploads\/2024\/09\/FlechaCortaRosa2-e1726110127130-15x12.webp 15w\" sizes=\"(max-width: 68px) 100vw, 68px\" \/>\t\t\t\t\t\t\t\t\t\t\t\t\t\t\t<\/div>\n\t\t\t\t<\/div>\n\t\t\t\t<div class=\"elementor-element elementor-element-37dfb08 elementor-widget elementor-widget-image\" data-id=\"37dfb08\" data-element_type=\"widget\" data-e-type=\"widget\" id=\"arrowOpened26\" data-widget_type=\"image.default\">\n\t\t\t\t<div class=\"elementor-widget-container\">\n\t\t\t\t\t\t\t\t\t\t\t\t\t\t\t<img loading=\"lazy\" decoding=\"async\" width=\"54\" height=\"68\" src=\"https:\/\/orillasnuevas.org\/wp-content\/uploads\/2024\/09\/FlechaCortaRosa.webp\" class=\"attachment-full size-full wp-image-527\" alt=\"\" srcset=\"https:\/\/orillasnuevas.org\/wp-content\/uploads\/2024\/09\/FlechaCortaRosa.webp 54w, https:\/\/orillasnuevas.org\/wp-content\/uploads\/2024\/09\/FlechaCortaRosa-10x12.webp 10w\" sizes=\"(max-width: 54px) 100vw, 54px\" \/>\t\t\t\t\t\t\t\t\t\t\t\t\t\t\t<\/div>\n\t\t\t\t<\/div>\n\t\t\t\t<div class=\"elementor-element elementor-element-f3d9190 elementor-widget elementor-widget-text-editor\" data-id=\"f3d9190\" data-element_type=\"widget\" data-e-type=\"widget\" id=\"mentorsText26\" data-widget_type=\"text-editor.default\">\n\t\t\t\t<div class=\"elementor-widget-container\">\n\t\t\t\t\t\t\t\t\t<p><b>Maite Paramio<\/b><span style=\"font-weight: 400;\"> est titulaire d\u2019un Master en Gestion de la Culture de l\u2019Universit\u00e9 de San Andr\u00e9s et d\u2019une Licence en Arts de la Facult\u00e9 de Philosophie et Lettres de l\u2019UBA. Entre 2015 et 2021, elle a travaill\u00e9 au Mus\u00e9e d\u2019Art Latino-Am\u00e9ricain de Buenos Aires | MALBA au sein du d\u00e9partement des Programmes publics. De 2021 \u00e0 2023, elle a int\u00e9gr\u00e9 le service Presse et Relations Institutionnelles de la Fondation PROA. Elle est membre du groupe de recherche TEAM : Teaching, E-learning, Agency, Mentoring de la plateforme AWARE \u2013 Archives of Women Artists, d\u00e9di\u00e9e \u00e0 la diffusion des artistes et de leurs parcours dans la r\u00e9gion. Depuis 2018, elle enseigne dans le domaine des arts. Sa th\u00e8se de master porte sur les recettes artistiques comme dispositifs d\u2019art contemporain au Mexique entre 1950 et 1980.<\/span><\/p>\t\t\t\t\t\t\t\t<\/div>\n\t\t\t\t<\/div>\n\t\t\t\t<\/div>\n\t\t<div class=\"elementor-element elementor-element-282c71d e-con-full e-flex e-con e-child\" data-id=\"282c71d\" data-element_type=\"container\" data-e-type=\"container\">\n\t\t\t\t<div class=\"elementor-element elementor-element-4477873 elementor-widget elementor-widget-image\" data-id=\"4477873\" data-element_type=\"widget\" data-e-type=\"widget\" id=\"mentorsImg27\" data-widget_type=\"image.default\">\n\t\t\t\t<div class=\"elementor-widget-container\">\n\t\t\t\t\t\t\t\t\t\t\t\t\t\t\t<img loading=\"lazy\" decoding=\"async\" width=\"400\" height=\"400\" src=\"https:\/\/orillasnuevas.org\/wp-content\/uploads\/2025\/05\/9-Martin-Gorrincho-1.png\" class=\"attachment-full size-full wp-image-4688\" alt=\"\" srcset=\"https:\/\/orillasnuevas.org\/wp-content\/uploads\/2025\/05\/9-Martin-Gorrincho-1.png 400w, https:\/\/orillasnuevas.org\/wp-content\/uploads\/2025\/05\/9-Martin-Gorrincho-1-300x300.png 300w, https:\/\/orillasnuevas.org\/wp-content\/uploads\/2025\/05\/9-Martin-Gorrincho-1-150x150.png 150w, https:\/\/orillasnuevas.org\/wp-content\/uploads\/2025\/05\/9-Martin-Gorrincho-1-12x12.png 12w\" sizes=\"(max-width: 400px) 100vw, 400px\" \/>\t\t\t\t\t\t\t\t\t\t\t\t\t\t\t<\/div>\n\t\t\t\t<\/div>\n\t\t\t\t<div class=\"elementor-element elementor-element-3c43bea elementor-widget elementor-widget-text-editor\" data-id=\"3c43bea\" data-element_type=\"widget\" data-e-type=\"widget\" id=\"mentorsName27\" data-widget_type=\"text-editor.default\">\n\t\t\t\t<div class=\"elementor-widget-container\">\n\t\t\t\t\t\t\t\t\t<p>Martin Gorrincho<\/p>\t\t\t\t\t\t\t\t<\/div>\n\t\t\t\t<\/div>\n\t\t\t\t<div class=\"elementor-element elementor-element-237becb elementor-widget elementor-widget-image\" data-id=\"237becb\" data-element_type=\"widget\" data-e-type=\"widget\" id=\"arrowClosed27\" data-widget_type=\"image.default\">\n\t\t\t\t<div class=\"elementor-widget-container\">\n\t\t\t\t\t\t\t\t\t\t\t\t\t\t\t<img decoding=\"async\" width=\"68\" height=\"54\" src=\"https:\/\/orillasnuevas.org\/wp-content\/uploads\/2024\/09\/FlechaCortaRosa2-e1726110127130.webp\" class=\"attachment-full size-full wp-image-1383\" alt=\"\" srcset=\"https:\/\/orillasnuevas.org\/wp-content\/uploads\/2024\/09\/FlechaCortaRosa2-e1726110127130.webp 68w, https:\/\/orillasnuevas.org\/wp-content\/uploads\/2024\/09\/FlechaCortaRosa2-e1726110127130-15x12.webp 15w\" sizes=\"(max-width: 68px) 100vw, 68px\" \/>\t\t\t\t\t\t\t\t\t\t\t\t\t\t\t<\/div>\n\t\t\t\t<\/div>\n\t\t\t\t<div class=\"elementor-element elementor-element-fd0e17c elementor-widget elementor-widget-image\" data-id=\"fd0e17c\" data-element_type=\"widget\" data-e-type=\"widget\" id=\"arrowOpened27\" data-widget_type=\"image.default\">\n\t\t\t\t<div class=\"elementor-widget-container\">\n\t\t\t\t\t\t\t\t\t\t\t\t\t\t\t<img loading=\"lazy\" decoding=\"async\" width=\"54\" height=\"68\" src=\"https:\/\/orillasnuevas.org\/wp-content\/uploads\/2024\/09\/FlechaCortaRosa.webp\" class=\"attachment-full size-full wp-image-527\" alt=\"\" srcset=\"https:\/\/orillasnuevas.org\/wp-content\/uploads\/2024\/09\/FlechaCortaRosa.webp 54w, https:\/\/orillasnuevas.org\/wp-content\/uploads\/2024\/09\/FlechaCortaRosa-10x12.webp 10w\" sizes=\"(max-width: 54px) 100vw, 54px\" \/>\t\t\t\t\t\t\t\t\t\t\t\t\t\t\t<\/div>\n\t\t\t\t<\/div>\n\t\t\t\t<div class=\"elementor-element elementor-element-cb94e82 elementor-widget elementor-widget-text-editor\" data-id=\"cb94e82\" data-element_type=\"widget\" data-e-type=\"widget\" id=\"mentorsText27\" data-widget_type=\"text-editor.default\">\n\t\t\t\t<div class=\"elementor-widget-container\">\n\t\t\t\t\t\t\t\t\t<p><b>Mart\u00edn Gorricho<\/b><span style=\"font-weight: 400;\"> est designer graphique et licenci\u00e9 en Arts de l\u2019UNSAM. Il travaille en tant qu'ind\u00e9pendant depuis 2003. Il s\u2019est sp\u00e9cialis\u00e9 dans le design pour des projets et des organisations culturelles. I Il a notamment d\u00e9velopp\u00e9 les identit\u00e9s visuelles du Centre Culturel Recoleta, du Mus\u00e9e d\u2019Art Moderne de Buenos Aires, du Th\u00e9\u00e2tre Cervantes et du Centre Culturel Kirchner, entre autres. Il con\u00e7oit des affiches et des supports graphiques pour le th\u00e9\u00e2tre, l\u2019op\u00e9ra, le cin\u00e9ma et divers \u00e9v\u00e9nements.Il enseigne dans le Master en Gestion de la Culture \u00e0 l\u2019Universit\u00e9 de San Andr\u00e9s, ainsi que dans le programme de postgrade en Design et Gestion des Marques et Syst\u00e8mes d\u2019Identit\u00e9 \u00e0 l\u2019Universit\u00e9 de Buenos Aires (UBA). Laur\u00e9at du Prix Konex 2022.<\/span><\/p>\t\t\t\t\t\t\t\t<\/div>\n\t\t\t\t<\/div>\n\t\t\t\t<\/div>\n\t\t<div class=\"elementor-element elementor-element-f65c6b8 e-con-full e-flex e-con e-child\" data-id=\"f65c6b8\" data-element_type=\"container\" data-e-type=\"container\">\n\t\t\t\t<div class=\"elementor-element elementor-element-e855ffa elementor-widget elementor-widget-image\" data-id=\"e855ffa\" data-element_type=\"widget\" data-e-type=\"widget\" id=\"mentorsImg28\" data-widget_type=\"image.default\">\n\t\t\t\t<div class=\"elementor-widget-container\">\n\t\t\t\t\t\t\t\t\t\t\t\t\t\t\t<img loading=\"lazy\" decoding=\"async\" width=\"400\" height=\"400\" src=\"https:\/\/orillasnuevas.org\/wp-content\/uploads\/2025\/05\/10-Martin-Pezza-1.png\" class=\"attachment-full size-full wp-image-4690\" alt=\"\" srcset=\"https:\/\/orillasnuevas.org\/wp-content\/uploads\/2025\/05\/10-Martin-Pezza-1.png 400w, https:\/\/orillasnuevas.org\/wp-content\/uploads\/2025\/05\/10-Martin-Pezza-1-300x300.png 300w, https:\/\/orillasnuevas.org\/wp-content\/uploads\/2025\/05\/10-Martin-Pezza-1-150x150.png 150w, https:\/\/orillasnuevas.org\/wp-content\/uploads\/2025\/05\/10-Martin-Pezza-1-12x12.png 12w\" sizes=\"(max-width: 400px) 100vw, 400px\" \/>\t\t\t\t\t\t\t\t\t\t\t\t\t\t\t<\/div>\n\t\t\t\t<\/div>\n\t\t\t\t<div class=\"elementor-element elementor-element-07e40c3 elementor-widget elementor-widget-text-editor\" data-id=\"07e40c3\" data-element_type=\"widget\" data-e-type=\"widget\" id=\"mentorsName28\" data-widget_type=\"text-editor.default\">\n\t\t\t\t<div class=\"elementor-widget-container\">\n\t\t\t\t\t\t\t\t\t<p>Martin Pezza<\/p>\t\t\t\t\t\t\t\t<\/div>\n\t\t\t\t<\/div>\n\t\t\t\t<div class=\"elementor-element elementor-element-c8b4204 elementor-widget elementor-widget-image\" data-id=\"c8b4204\" data-element_type=\"widget\" data-e-type=\"widget\" id=\"arrowClosed28\" data-widget_type=\"image.default\">\n\t\t\t\t<div class=\"elementor-widget-container\">\n\t\t\t\t\t\t\t\t\t\t\t\t\t\t\t<img decoding=\"async\" width=\"68\" height=\"54\" src=\"https:\/\/orillasnuevas.org\/wp-content\/uploads\/2024\/09\/FlechaCortaRosa2-e1726110127130.webp\" class=\"attachment-full size-full wp-image-1383\" alt=\"\" srcset=\"https:\/\/orillasnuevas.org\/wp-content\/uploads\/2024\/09\/FlechaCortaRosa2-e1726110127130.webp 68w, https:\/\/orillasnuevas.org\/wp-content\/uploads\/2024\/09\/FlechaCortaRosa2-e1726110127130-15x12.webp 15w\" sizes=\"(max-width: 68px) 100vw, 68px\" \/>\t\t\t\t\t\t\t\t\t\t\t\t\t\t\t<\/div>\n\t\t\t\t<\/div>\n\t\t\t\t<div class=\"elementor-element elementor-element-577dc53 elementor-widget elementor-widget-image\" data-id=\"577dc53\" data-element_type=\"widget\" data-e-type=\"widget\" id=\"arrowOpened28\" data-widget_type=\"image.default\">\n\t\t\t\t<div class=\"elementor-widget-container\">\n\t\t\t\t\t\t\t\t\t\t\t\t\t\t\t<img loading=\"lazy\" decoding=\"async\" width=\"54\" height=\"68\" src=\"https:\/\/orillasnuevas.org\/wp-content\/uploads\/2024\/09\/FlechaCortaRosa.webp\" class=\"attachment-full size-full wp-image-527\" alt=\"\" srcset=\"https:\/\/orillasnuevas.org\/wp-content\/uploads\/2024\/09\/FlechaCortaRosa.webp 54w, https:\/\/orillasnuevas.org\/wp-content\/uploads\/2024\/09\/FlechaCortaRosa-10x12.webp 10w\" sizes=\"(max-width: 54px) 100vw, 54px\" \/>\t\t\t\t\t\t\t\t\t\t\t\t\t\t\t<\/div>\n\t\t\t\t<\/div>\n\t\t\t\t<div class=\"elementor-element elementor-element-0c045b2 elementor-widget elementor-widget-text-editor\" data-id=\"0c045b2\" data-element_type=\"widget\" data-e-type=\"widget\" id=\"mentorsText28\" data-widget_type=\"text-editor.default\">\n\t\t\t\t<div class=\"elementor-widget-container\">\n\t\t\t\t\t\t\t\t\t<p><b>Mart\u00edn Pezza<\/b><span style=\"font-weight: 400;\"> se sp\u00e9cialise depuis plus de 20 ans dans le Marketing, la Communication et le Branding, offrant des solutions pour les march\u00e9s de la Technologie, des Services, du Divertissement et des M\u00e9dias. Il est passionn\u00e9 par le Marketing et le leadership au service des personnes. Former des \u00e9quipes performantes o\u00f9 chacun se sent capable de se d\u00e9velopper pour atteindre sa meilleure version est l'un des objectifs professionnels qu'il souhaite continuer \u00e0 d\u00e9velopper. Dans le cadre de la transformation, en 2024, il a relev\u00e9 le d\u00e9fi de devenir Directeur Commercial de Medif\u00e9. Il s'engage \u00e0 offrir un diff\u00e9renciateur \u00e0 ceux qui choisissent l'entreprise et \u00e0 stimuler des \u00e9quipes \u00e0 haute performance pour atteindre ensemble l'objectif de favoriser la croissance et la durabilit\u00e9 de leur mission : prendre soin de la sant\u00e9 des personnes et l'am\u00e9liorer.<\/span><\/p><p><span style=\"font-weight: 400;\">Il est enseignant universitaire dans le Master en Direction Strat\u00e9gique du Marketing dispens\u00e9 \u00e0 l\u2019ENAP \/ UBA \u00c9conomiques. Au cours de sa carri\u00e8re, il a concr\u00e9tis\u00e9 plusieurs projets, parmi lesquels se distinguent : la cr\u00e9ation de Flow pour Telecom, Le Jour d\u00b4Internet pour Fibertel, les revues \u00d1 et Arq pour Clar\u00edn, et la version digitale de El Gran DT, entre autres.<\/span><\/p>\t\t\t\t\t\t\t\t<\/div>\n\t\t\t\t<\/div>\n\t\t\t\t<\/div>\n\t\t<div class=\"elementor-element elementor-element-81aaadb e-con-full e-flex e-con e-child\" data-id=\"81aaadb\" data-element_type=\"container\" data-e-type=\"container\">\n\t\t\t\t<div class=\"elementor-element elementor-element-1f24532 elementor-widget elementor-widget-image\" data-id=\"1f24532\" data-element_type=\"widget\" data-e-type=\"widget\" id=\"mentorsImg29\" data-widget_type=\"image.default\">\n\t\t\t\t<div class=\"elementor-widget-container\">\n\t\t\t\t\t\t\t\t\t\t\t\t\t\t\t<img loading=\"lazy\" decoding=\"async\" width=\"400\" height=\"400\" src=\"https:\/\/orillasnuevas.org\/wp-content\/uploads\/2025\/05\/11-Valeria-Dulitzky-1.png\" class=\"attachment-full size-full wp-image-4692\" alt=\"\" srcset=\"https:\/\/orillasnuevas.org\/wp-content\/uploads\/2025\/05\/11-Valeria-Dulitzky-1.png 400w, https:\/\/orillasnuevas.org\/wp-content\/uploads\/2025\/05\/11-Valeria-Dulitzky-1-300x300.png 300w, https:\/\/orillasnuevas.org\/wp-content\/uploads\/2025\/05\/11-Valeria-Dulitzky-1-150x150.png 150w, https:\/\/orillasnuevas.org\/wp-content\/uploads\/2025\/05\/11-Valeria-Dulitzky-1-12x12.png 12w\" sizes=\"(max-width: 400px) 100vw, 400px\" \/>\t\t\t\t\t\t\t\t\t\t\t\t\t\t\t<\/div>\n\t\t\t\t<\/div>\n\t\t\t\t<div class=\"elementor-element elementor-element-ee5c72e elementor-widget elementor-widget-text-editor\" data-id=\"ee5c72e\" data-element_type=\"widget\" data-e-type=\"widget\" id=\"mentorsName29\" data-widget_type=\"text-editor.default\">\n\t\t\t\t<div class=\"elementor-widget-container\">\n\t\t\t\t\t\t\t\t\t<p>Valeria Dulitzky<\/p>\t\t\t\t\t\t\t\t<\/div>\n\t\t\t\t<\/div>\n\t\t\t\t<div class=\"elementor-element elementor-element-2756e7a elementor-widget elementor-widget-image\" data-id=\"2756e7a\" data-element_type=\"widget\" data-e-type=\"widget\" id=\"arrowClosed29\" data-widget_type=\"image.default\">\n\t\t\t\t<div class=\"elementor-widget-container\">\n\t\t\t\t\t\t\t\t\t\t\t\t\t\t\t<img decoding=\"async\" width=\"68\" height=\"54\" src=\"https:\/\/orillasnuevas.org\/wp-content\/uploads\/2024\/09\/FlechaCortaRosa2-e1726110127130.webp\" class=\"attachment-full size-full wp-image-1383\" alt=\"\" srcset=\"https:\/\/orillasnuevas.org\/wp-content\/uploads\/2024\/09\/FlechaCortaRosa2-e1726110127130.webp 68w, https:\/\/orillasnuevas.org\/wp-content\/uploads\/2024\/09\/FlechaCortaRosa2-e1726110127130-15x12.webp 15w\" sizes=\"(max-width: 68px) 100vw, 68px\" \/>\t\t\t\t\t\t\t\t\t\t\t\t\t\t\t<\/div>\n\t\t\t\t<\/div>\n\t\t\t\t<div class=\"elementor-element elementor-element-96b920b elementor-widget elementor-widget-image\" data-id=\"96b920b\" data-element_type=\"widget\" data-e-type=\"widget\" id=\"arrowOpened29\" data-widget_type=\"image.default\">\n\t\t\t\t<div class=\"elementor-widget-container\">\n\t\t\t\t\t\t\t\t\t\t\t\t\t\t\t<img loading=\"lazy\" decoding=\"async\" width=\"54\" height=\"68\" src=\"https:\/\/orillasnuevas.org\/wp-content\/uploads\/2024\/09\/FlechaCortaRosa.webp\" class=\"attachment-full size-full wp-image-527\" alt=\"\" srcset=\"https:\/\/orillasnuevas.org\/wp-content\/uploads\/2024\/09\/FlechaCortaRosa.webp 54w, https:\/\/orillasnuevas.org\/wp-content\/uploads\/2024\/09\/FlechaCortaRosa-10x12.webp 10w\" sizes=\"(max-width: 54px) 100vw, 54px\" \/>\t\t\t\t\t\t\t\t\t\t\t\t\t\t\t<\/div>\n\t\t\t\t<\/div>\n\t\t\t\t<div class=\"elementor-element elementor-element-b968e41 elementor-widget elementor-widget-text-editor\" data-id=\"b968e41\" data-element_type=\"widget\" data-e-type=\"widget\" id=\"mentorsText29\" data-widget_type=\"text-editor.default\">\n\t\t\t\t<div class=\"elementor-widget-container\">\n\t\t\t\t\t\t\t\t\t<p><b>Valeria Dulitzky<\/b><span style=\"font-weight: 400;\"> est designer graphique (FADU\/UBA) et Directrice de Projets Sociaux \u00e0 l\u2019ISF\/UTN. Elle codirige le studio de design ZkySky avec Julieta Ulanovsky depuis 1989, et a re\u00e7u le Prix Konex en 2022. Sp\u00e9cialis\u00e9e dans le design et le redesign d\u2019identit\u00e9s visuelles, elle d\u00e9veloppe une approche fond\u00e9e sur l\u2019amour du patrimoine, transformant la pr\u00e9servation \u00e9motionnelle en projet curatorial.\nElle est l\u2019auteure de El libro de los colectivos, Divino Barolo et Extraordinario Planetario. Elle a enseign\u00e9 le design dans plusieurs institutions, dont la FADU\/UBA, le Master de mise \u00e0 jour professionnelle en design \u00e0 l\u2019UNSAM, la Carri\u00e8re de sp\u00e9cialisation en design de marques et syst\u00e8mes d\u2019identit\u00e9 \u00e0 la FADU\/UBA, ainsi que dans l\u2019Atelier de projet final int\u00e9grateur \u00e0 l\u2019UNLA.<\/span><\/p>\t\t\t\t\t\t\t\t<\/div>\n\t\t\t\t<\/div>\n\t\t\t\t<\/div>\n\t\t\t\t\t<\/div>\n\t\t\t\t<\/div>\n\t\t<div class=\"elementor-element elementor-element-a24c12a e-flex e-con-boxed e-con e-parent\" data-id=\"a24c12a\" data-element_type=\"container\" data-e-type=\"container\" id=\"alacarte\">\n\t\t\t\t\t<div class=\"e-con-inner\">\n\t\t\t\t<div class=\"elementor-element elementor-element-2826a2a elementor-widget elementor-widget-heading\" data-id=\"2826a2a\" data-element_type=\"widget\" data-e-type=\"widget\" data-widget_type=\"heading.default\">\n\t\t\t\t<div class=\"elementor-widget-container\">\n\t\t\t\t\t<h2 class=\"elementor-heading-title elementor-size-default\">\u00c0 LA CARTE<\/h2>\t\t\t\t<\/div>\n\t\t\t\t<\/div>\n\t\t\t\t<div class=\"elementor-element elementor-element-bf0fecf elementor-widget elementor-widget-image\" data-id=\"bf0fecf\" data-element_type=\"widget\" data-e-type=\"widget\" data-widget_type=\"image.default\">\n\t\t\t\t<div class=\"elementor-widget-container\">\n\t\t\t\t\t\t\t\t\t\t\t\t\t\t\t<img decoding=\"async\" width=\"54\" height=\"98\" src=\"https:\/\/orillasnuevas.org\/wp-content\/uploads\/2024\/09\/FlechaLargaRosa.webp\" class=\"attachment-full size-full wp-image-529\" alt=\"\" srcset=\"https:\/\/orillasnuevas.org\/wp-content\/uploads\/2024\/09\/FlechaLargaRosa.webp 54w, https:\/\/orillasnuevas.org\/wp-content\/uploads\/2024\/09\/FlechaLargaRosa-7x12.webp 7w\" sizes=\"(max-width: 54px) 100vw, 54px\" \/>\t\t\t\t\t\t\t\t\t\t\t\t\t\t\t<\/div>\n\t\t\t\t<\/div>\n\t\t\t\t<div class=\"elementor-element elementor-element-c12e140 elementor-widget__width-initial elementor-widget elementor-widget-text-editor\" data-id=\"c12e140\" data-element_type=\"widget\" data-e-type=\"widget\" data-widget_type=\"text-editor.default\">\n\t\t\t\t<div class=\"elementor-widget-container\">\n\t\t\t\t\t\t\t\t\t<p><span style=\"font-weight: 400;\">Orillas Nuevas <\/span><i><span style=\"font-weight: 400;\">\u00e0 la carte<\/span><\/i><span style=\"font-weight: 400;\"> se d\u00e9ploie de d\u00e9cembre 2024 \u00e0 octobre 2025. Cette \u00e9tape du programme est pens\u00e9e comme un ensemble sur mesure, favorisant l\u2019accompagnement, les apprentissages, les \u00e9changes, l\u2019action et la projection vers l\u2019avenir pour chaque projet. Les sessions de mentorat personnalis\u00e9es sont l'\u00e9l\u00e9ment central de cette phase. Chaque mentor est choisi avec soin en fonction des besoins sp\u00e9cifiques de chaque projet, et un processus d\u2019\u00e9coute et d\u2019appropriation est alors engag\u00e9 pour motiver et faire aboutir son d\u00e9veloppement.<\/span><\/p>\t\t\t\t\t\t\t\t<\/div>\n\t\t\t\t<\/div>\n\t\t\t\t\t<\/div>\n\t\t\t\t<\/div>\n\t\t<div class=\"elementor-element elementor-element-84fe86a e-flex e-con-boxed e-con e-parent\" data-id=\"84fe86a\" data-element_type=\"container\" data-e-type=\"container\" id=\"internacionalizacion\">\n\t\t\t\t\t<div class=\"e-con-inner\">\n\t\t\t\t<div class=\"elementor-element elementor-element-0486a1f elementor-widget elementor-widget-heading\" data-id=\"0486a1f\" data-element_type=\"widget\" data-e-type=\"widget\" data-widget_type=\"heading.default\">\n\t\t\t\t<div class=\"elementor-widget-container\">\n\t\t\t\t\t<h2 class=\"elementor-heading-title elementor-size-default\">INTERNATIONALISATION<\/h2>\t\t\t\t<\/div>\n\t\t\t\t<\/div>\n\t\t\t\t<div class=\"elementor-element elementor-element-9e1c210 elementor-widget elementor-widget-image\" data-id=\"9e1c210\" data-element_type=\"widget\" data-e-type=\"widget\" data-widget_type=\"image.default\">\n\t\t\t\t<div class=\"elementor-widget-container\">\n\t\t\t\t\t\t\t\t\t\t\t\t\t\t\t<img decoding=\"async\" width=\"54\" height=\"98\" src=\"https:\/\/orillasnuevas.org\/wp-content\/uploads\/2024\/09\/FlechaLargaRosa.webp\" class=\"attachment-full size-full wp-image-529\" alt=\"\" srcset=\"https:\/\/orillasnuevas.org\/wp-content\/uploads\/2024\/09\/FlechaLargaRosa.webp 54w, https:\/\/orillasnuevas.org\/wp-content\/uploads\/2024\/09\/FlechaLargaRosa-7x12.webp 7w\" sizes=\"(max-width: 54px) 100vw, 54px\" \/>\t\t\t\t\t\t\t\t\t\t\t\t\t\t\t<\/div>\n\t\t\t\t<\/div>\n\t\t\t\t<div class=\"elementor-element elementor-element-b6d779c elementor-widget__width-initial elementor-widget elementor-widget-text-editor\" data-id=\"b6d779c\" data-element_type=\"widget\" data-e-type=\"widget\" data-widget_type=\"text-editor.default\">\n\t\t\t\t<div class=\"elementor-widget-container\">\n\t\t\t\t\t\t\t\t\t<p><span style=\"font-weight: 400;\">L\u2019un des principaux objectifs d\u2019Orillas Nuevas est l\u2019internationalisation des projets et des professionnels. Cette \u00e9tape est con\u00e7ue comme une strat\u00e9gie permettant aux projets de rencontrer des pairs, de se rapprocher d\u2019autres acteurs et d\u00e9cideurs du secteur, de rendre leur travail visible et d\u2019ouvrir les projets au monde.\nL\u2019internationalisation prend de nombreuses formes : entrer en contact avec des sp\u00e9cialistes ; participer \u00e0 des festivals, r\u00e9sidences ou march\u00e9s r\u00e9gionaux et\/ou fran\u00e7ais ; r\u00e9pondre \u00e0 des appels \u00e0 projets ; assister \u00e0 des \u00e9v\u00e9nements virtuels ou en pr\u00e9sentiel en lien avec leurs projets ; et explorer des opportunit\u00e9s de collaborations concr\u00e8tes avec de potentiels partenaires. Au cours de l\u2019ann\u00e9e 2025, cette phase se d\u00e9veloppe avec le soutien financier du programme Orillas Nuevas.<\/span><\/p>\t\t\t\t\t\t\t\t<\/div>\n\t\t\t\t<\/div>\n\t\t\t\t\t<\/div>\n\t\t\t\t<\/div>\n\t\t<div class=\"elementor-element elementor-element-359b3eb e-flex e-con-boxed e-con e-parent\" data-id=\"359b3eb\" data-element_type=\"container\" data-e-type=\"container\" data-settings=\"{&quot;background_background&quot;:&quot;classic&quot;}\">\n\t\t\t\t\t<div class=\"e-con-inner\">\n\t\t\t\t<div class=\"elementor-element elementor-element-98dde18 elementor-widget elementor-widget-heading\" data-id=\"98dde18\" data-element_type=\"widget\" data-e-type=\"widget\" data-widget_type=\"heading.default\">\n\t\t\t\t<div class=\"elementor-widget-container\">\n\t\t\t\t\t<h2 class=\"elementor-heading-title elementor-size-default\">FONDO ENLACE<\/h2>\t\t\t\t<\/div>\n\t\t\t\t<\/div>\n\t\t\t\t<div class=\"elementor-element elementor-element-87d12c5 elementor-widget elementor-widget-image\" data-id=\"87d12c5\" data-element_type=\"widget\" data-e-type=\"widget\" data-widget_type=\"image.default\">\n\t\t\t\t<div class=\"elementor-widget-container\">\n\t\t\t\t\t\t\t\t\t\t\t\t\t\t\t<img decoding=\"async\" width=\"54\" height=\"98\" src=\"https:\/\/orillasnuevas.org\/wp-content\/uploads\/2024\/09\/FlechaLargaRosa.webp\" class=\"attachment-full size-full wp-image-529\" alt=\"\" srcset=\"https:\/\/orillasnuevas.org\/wp-content\/uploads\/2024\/09\/FlechaLargaRosa.webp 54w, https:\/\/orillasnuevas.org\/wp-content\/uploads\/2024\/09\/FlechaLargaRosa-7x12.webp 7w\" sizes=\"(max-width: 54px) 100vw, 54px\" \/>\t\t\t\t\t\t\t\t\t\t\t\t\t\t\t<\/div>\n\t\t\t\t<\/div>\n\t\t\t\t\t<\/div>\n\t\t\t\t<\/div>\n\t\t<div class=\"elementor-element elementor-element-9af141f e-flex e-con-boxed e-con e-parent\" data-id=\"9af141f\" data-element_type=\"container\" data-e-type=\"container\" data-settings=\"{&quot;background_background&quot;:&quot;classic&quot;}\">\n\t\t\t\t\t<div class=\"e-con-inner\">\n\t\t\t\t<div class=\"elementor-element elementor-element-c1b6a50 elementor-widget__width-initial elementor-widget elementor-widget-text-editor\" data-id=\"c1b6a50\" data-element_type=\"widget\" data-e-type=\"widget\" data-widget_type=\"text-editor.default\">\n\t\t\t\t<div class=\"elementor-widget-container\">\n\t\t\t\t\t\t\t\t\t<p><strong>Orillas Nuevas<\/strong> anuncia <strong>Fondo Enlace<\/strong>, una extensi\u00f3n in\u00e9dita del programa de apoyo a las industrias culturales y creativas. El <strong>Fondo Enlace<\/strong> es un incentivo para la circulaci\u00f3n, distribuci\u00f3n o finalizaci\u00f3n de proyectos que tengan vinculaci\u00f3n financiera, t\u00e9cnico-profesional o art\u00edstica con Francia.<\/p>\t\t\t\t\t\t\t\t<\/div>\n\t\t\t\t<\/div>\n\t\t\t\t<div class=\"elementor-element elementor-element-7cefa53 elementor-align-center bttnAplication elementor-widget elementor-widget-button\" data-id=\"7cefa53\" data-element_type=\"widget\" data-e-type=\"widget\" data-widget_type=\"button.default\">\n\t\t\t\t<div class=\"elementor-widget-container\">\n\t\t\t\t\t\t\t\t\t<div class=\"elementor-button-wrapper\">\n\t\t\t\t\t<a class=\"elementor-button elementor-button-link elementor-size-sm\" href=\"https:\/\/orillasnuevas.org\/fr\/fondo-enlace\/\" target=\"_blank\" rel=\"nofollow\">\n\t\t\t\t\t\t<span class=\"elementor-button-content-wrapper\">\n\t\t\t\t\t\t\t\t\t<span class=\"elementor-button-text\">M\u00c1S INFORMACI\u00d3N<\/span>\n\t\t\t\t\t<\/span>\n\t\t\t\t\t<\/a>\n\t\t\t\t<\/div>\n\t\t\t\t\t\t\t\t<\/div>\n\t\t\t\t<\/div>\n\t\t\t\t\t<\/div>\n\t\t\t\t<\/div>\n\t\t<div class=\"elementor-element elementor-element-e053858 e-con-full e-flex e-con e-parent\" data-id=\"e053858\" data-element_type=\"container\" data-e-type=\"container\">\n\t\t\t\t<div class=\"elementor-element elementor-element-5773529 elementor-widget elementor-widget-template\" data-id=\"5773529\" data-element_type=\"widget\" data-e-type=\"widget\" id=\"alianzas-institucionales\" data-widget_type=\"template.default\">\n\t\t\t\t<div class=\"elementor-widget-container\">\n\t\t\t\t\t\t\t<div class=\"elementor-template\">\n\t\t\t\t\t<div data-elementor-type=\"section\" data-elementor-id=\"4997\" class=\"elementor elementor-4997\" data-elementor-post-type=\"elementor_library\">\n\t\t\t<div class=\"elementor-element elementor-element-7c68680 e-flex e-con-boxed e-con e-parent\" data-id=\"7c68680\" data-element_type=\"container\" data-e-type=\"container\">\n\t\t\t\t\t<div class=\"e-con-inner\">\n\t\t\t\t<div class=\"elementor-element elementor-element-a701959 elementor-widget elementor-widget-heading\" data-id=\"a701959\" data-element_type=\"widget\" data-e-type=\"widget\" data-widget_type=\"heading.default\">\n\t\t\t\t<div class=\"elementor-widget-container\">\n\t\t\t\t\t<h2 class=\"elementor-heading-title elementor-size-default\">PARTENAIRES<\/h2>\t\t\t\t<\/div>\n\t\t\t\t<\/div>\n\t\t\t\t<div class=\"elementor-element elementor-element-7654255 elementor-widget elementor-widget-image\" data-id=\"7654255\" data-element_type=\"widget\" data-e-type=\"widget\" data-widget_type=\"image.default\">\n\t\t\t\t<div class=\"elementor-widget-container\">\n\t\t\t\t\t\t\t\t\t\t\t\t\t\t\t<img decoding=\"async\" width=\"54\" height=\"98\" src=\"https:\/\/orillasnuevas.org\/wp-content\/uploads\/2024\/09\/FlechaLargaRosa.webp\" class=\"attachment-full size-full wp-image-529\" alt=\"\" srcset=\"https:\/\/orillasnuevas.org\/wp-content\/uploads\/2024\/09\/FlechaLargaRosa.webp 54w, https:\/\/orillasnuevas.org\/wp-content\/uploads\/2024\/09\/FlechaLargaRosa-7x12.webp 7w\" sizes=\"(max-width: 54px) 100vw, 54px\" \/>\t\t\t\t\t\t\t\t\t\t\t\t\t\t\t<\/div>\n\t\t\t\t<\/div>\n\t\t<div class=\"elementor-element elementor-element-91148e8 e-grid e-con-full e-con e-child\" data-id=\"91148e8\" data-element_type=\"container\" data-e-type=\"container\">\n\t\t\t\t<div class=\"elementor-element elementor-element-2a5cfd9 elementor-widget elementor-widget-image\" data-id=\"2a5cfd9\" data-element_type=\"widget\" data-e-type=\"widget\" data-widget_type=\"image.default\">\n\t\t\t\t<div class=\"elementor-widget-container\">\n\t\t\t\t\t\t\t\t\t\t\t\t\t\t\t\t<a href=\"https:\/\/www.alianzafrancesa.org.ar\/\" target=\"_blank\" rel=\"nofollow\">\n\t\t\t\t\t\t\t<img loading=\"lazy\" decoding=\"async\" width=\"300\" height=\"250\" src=\"https:\/\/orillasnuevas.org\/wp-content\/uploads\/2025\/05\/Alianza-Francesa-de-Buenos-Aires.png\" class=\"attachment-large size-large wp-image-4892\" alt=\"\" srcset=\"https:\/\/orillasnuevas.org\/wp-content\/uploads\/2025\/05\/Alianza-Francesa-de-Buenos-Aires.png 300w, https:\/\/orillasnuevas.org\/wp-content\/uploads\/2025\/05\/Alianza-Francesa-de-Buenos-Aires-14x12.png 14w\" sizes=\"(max-width: 300px) 100vw, 300px\" \/>\t\t\t\t\t\t\t\t<\/a>\n\t\t\t\t\t\t\t\t\t\t\t\t\t\t\t<\/div>\n\t\t\t\t<\/div>\n\t\t\t\t<div class=\"elementor-element elementor-element-22256f3 elementor-widget elementor-widget-image\" data-id=\"22256f3\" data-element_type=\"widget\" data-e-type=\"widget\" data-widget_type=\"image.default\">\n\t\t\t\t<div class=\"elementor-widget-container\">\n\t\t\t\t\t\t\t\t\t\t\t\t\t\t\t\t<a href=\"https:\/\/apa-cba.com.ar\/apa-lab-2024\/\" target=\"_blank\" rel=\"nofollow\">\n\t\t\t\t\t\t\t<img loading=\"lazy\" decoding=\"async\" width=\"300\" height=\"250\" src=\"https:\/\/orillasnuevas.org\/wp-content\/uploads\/2025\/05\/APA-LAB.png\" class=\"attachment-large size-large wp-image-4893\" alt=\"\" srcset=\"https:\/\/orillasnuevas.org\/wp-content\/uploads\/2025\/05\/APA-LAB.png 300w, https:\/\/orillasnuevas.org\/wp-content\/uploads\/2025\/05\/APA-LAB-14x12.png 14w\" sizes=\"(max-width: 300px) 100vw, 300px\" \/>\t\t\t\t\t\t\t\t<\/a>\n\t\t\t\t\t\t\t\t\t\t\t\t\t\t\t<\/div>\n\t\t\t\t<\/div>\n\t\t\t\t<div class=\"elementor-element elementor-element-001bb81 elementor-widget elementor-widget-image\" data-id=\"001bb81\" data-element_type=\"widget\" data-e-type=\"widget\" data-widget_type=\"image.default\">\n\t\t\t\t<div class=\"elementor-widget-container\">\n\t\t\t\t\t\t\t\t\t\t\t\t\t\t\t\t<a href=\"https:\/\/ciclic.fr\/\" target=\"_blank\" rel=\"nofollow\">\n\t\t\t\t\t\t\t<img loading=\"lazy\" decoding=\"async\" width=\"300\" height=\"250\" src=\"https:\/\/orillasnuevas.org\/wp-content\/uploads\/2025\/05\/Ciclic.png\" class=\"attachment-large size-large wp-image-4894\" alt=\"\" srcset=\"https:\/\/orillasnuevas.org\/wp-content\/uploads\/2025\/05\/Ciclic.png 300w, https:\/\/orillasnuevas.org\/wp-content\/uploads\/2025\/05\/Ciclic-14x12.png 14w\" sizes=\"(max-width: 300px) 100vw, 300px\" \/>\t\t\t\t\t\t\t\t<\/a>\n\t\t\t\t\t\t\t\t\t\t\t\t\t\t\t<\/div>\n\t\t\t\t<\/div>\n\t\t\t\t<div class=\"elementor-element elementor-element-97a8916 elementor-widget elementor-widget-image\" data-id=\"97a8916\" data-element_type=\"widget\" data-e-type=\"widget\" data-widget_type=\"image.default\">\n\t\t\t\t<div class=\"elementor-widget-container\">\n\t\t\t\t\t\t\t\t\t\t\t\t\t\t\t\t<a href=\"https:\/\/www.citedesartsparis.net\/\" target=\"_blank\" rel=\"nofollow\">\n\t\t\t\t\t\t\t<img loading=\"lazy\" decoding=\"async\" width=\"300\" height=\"250\" src=\"https:\/\/orillasnuevas.org\/wp-content\/uploads\/2025\/05\/Cinte-internationale-des-arts.png\" class=\"attachment-large size-large wp-image-4895\" alt=\"\" srcset=\"https:\/\/orillasnuevas.org\/wp-content\/uploads\/2025\/05\/Cinte-internationale-des-arts.png 300w, https:\/\/orillasnuevas.org\/wp-content\/uploads\/2025\/05\/Cinte-internationale-des-arts-14x12.png 14w\" sizes=\"(max-width: 300px) 100vw, 300px\" \/>\t\t\t\t\t\t\t\t<\/a>\n\t\t\t\t\t\t\t\t\t\t\t\t\t\t\t<\/div>\n\t\t\t\t<\/div>\n\t\t\t\t<div class=\"elementor-element elementor-element-d9b3689 elementor-widget elementor-widget-image\" data-id=\"d9b3689\" data-element_type=\"widget\" data-e-type=\"widget\" data-widget_type=\"image.default\">\n\t\t\t\t<div class=\"elementor-widget-container\">\n\t\t\t\t\t\t\t\t\t\t\t\t\t\t\t\t<a href=\"https:\/\/www.centre-les-recollets.com\/\" target=\"_blank\" rel=\"nofollow\">\n\t\t\t\t\t\t\t<img loading=\"lazy\" decoding=\"async\" width=\"300\" height=\"250\" src=\"https:\/\/orillasnuevas.org\/wp-content\/uploads\/2025\/05\/Logo-Les-Recollets-Paris-fond-transparent.png\" class=\"attachment-large size-large wp-image-4886\" alt=\"\" srcset=\"https:\/\/orillasnuevas.org\/wp-content\/uploads\/2025\/05\/Logo-Les-Recollets-Paris-fond-transparent.png 300w, https:\/\/orillasnuevas.org\/wp-content\/uploads\/2025\/05\/Logo-Les-Recollets-Paris-fond-transparent-14x12.png 14w\" sizes=\"(max-width: 300px) 100vw, 300px\" \/>\t\t\t\t\t\t\t\t<\/a>\n\t\t\t\t\t\t\t\t\t\t\t\t\t\t\t<\/div>\n\t\t\t\t<\/div>\n\t\t\t\t<div class=\"elementor-element elementor-element-929e9db elementor-widget elementor-widget-image\" data-id=\"929e9db\" data-element_type=\"widget\" data-e-type=\"widget\" data-widget_type=\"image.default\">\n\t\t\t\t<div class=\"elementor-widget-container\">\n\t\t\t\t\t\t\t\t\t\t\t\t\t\t\t\t<a href=\"https:\/\/www.derrierelehublot.fr\/\" target=\"_blank\" rel=\"nofollow\">\n\t\t\t\t\t\t\t<img loading=\"lazy\" decoding=\"async\" width=\"300\" height=\"250\" src=\"https:\/\/orillasnuevas.org\/wp-content\/uploads\/2025\/05\/Derriere-Le-Hublot.png\" class=\"attachment-large size-large wp-image-4896\" alt=\"\" srcset=\"https:\/\/orillasnuevas.org\/wp-content\/uploads\/2025\/05\/Derriere-Le-Hublot.png 300w, https:\/\/orillasnuevas.org\/wp-content\/uploads\/2025\/05\/Derriere-Le-Hublot-14x12.png 14w\" sizes=\"(max-width: 300px) 100vw, 300px\" \/>\t\t\t\t\t\t\t\t<\/a>\n\t\t\t\t\t\t\t\t\t\t\t\t\t\t\t<\/div>\n\t\t\t\t<\/div>\n\t\t\t\t<div class=\"elementor-element elementor-element-84bb2f9 elementor-widget elementor-widget-image\" data-id=\"84bb2f9\" data-element_type=\"widget\" data-e-type=\"widget\" data-widget_type=\"image.default\">\n\t\t\t\t<div class=\"elementor-widget-container\">\n\t\t\t\t\t\t\t\t\t\t\t\t\t\t\t\t<a href=\"https:\/\/www.forumdesimages.fr\/\" target=\"_blank\" rel=\"nofollow\">\n\t\t\t\t\t\t\t<img loading=\"lazy\" decoding=\"async\" width=\"300\" height=\"250\" src=\"https:\/\/orillasnuevas.org\/wp-content\/uploads\/2025\/05\/Forum-des-Images.png\" class=\"attachment-large size-large wp-image-4897\" alt=\"\" srcset=\"https:\/\/orillasnuevas.org\/wp-content\/uploads\/2025\/05\/Forum-des-Images.png 300w, https:\/\/orillasnuevas.org\/wp-content\/uploads\/2025\/05\/Forum-des-Images-14x12.png 14w\" sizes=\"(max-width: 300px) 100vw, 300px\" \/>\t\t\t\t\t\t\t\t<\/a>\n\t\t\t\t\t\t\t\t\t\t\t\t\t\t\t<\/div>\n\t\t\t\t<\/div>\n\t\t\t\t<div class=\"elementor-element elementor-element-e17c65e elementor-widget elementor-widget-image\" data-id=\"e17c65e\" data-element_type=\"widget\" data-e-type=\"widget\" data-widget_type=\"image.default\">\n\t\t\t\t<div class=\"elementor-widget-container\">\n\t\t\t\t\t\t\t\t\t\t\t\t\t\t\t\t<a href=\"https:\/\/www.gamescom.global\/en\" target=\"_blank\" rel=\"nofollow\">\n\t\t\t\t\t\t\t<img loading=\"lazy\" decoding=\"async\" width=\"300\" height=\"250\" src=\"https:\/\/orillasnuevas.org\/wp-content\/uploads\/2025\/05\/Gamescom.png\" class=\"attachment-large size-large wp-image-4898\" alt=\"\" srcset=\"https:\/\/orillasnuevas.org\/wp-content\/uploads\/2025\/05\/Gamescom.png 300w, https:\/\/orillasnuevas.org\/wp-content\/uploads\/2025\/05\/Gamescom-14x12.png 14w\" sizes=\"(max-width: 300px) 100vw, 300px\" \/>\t\t\t\t\t\t\t\t<\/a>\n\t\t\t\t\t\t\t\t\t\t\t\t\t\t\t<\/div>\n\t\t\t\t<\/div>\n\t\t\t\t<div class=\"elementor-element elementor-element-686fce0 elementor-widget elementor-widget-image\" data-id=\"686fce0\" data-element_type=\"widget\" data-e-type=\"widget\" data-widget_type=\"image.default\">\n\t\t\t\t<div class=\"elementor-widget-container\">\n\t\t\t\t\t\t\t\t\t\t\t\t\t\t\t\t<a href=\"http:\/\/www.madeanywhere.fr\" target=\"_blank\" rel=\"nofollow\">\n\t\t\t\t\t\t\t<img loading=\"lazy\" decoding=\"async\" width=\"300\" height=\"250\" src=\"https:\/\/orillasnuevas.org\/wp-content\/uploads\/2025\/05\/Made-Anywhere.png\" class=\"attachment-large size-large wp-image-5015\" alt=\"\" srcset=\"https:\/\/orillasnuevas.org\/wp-content\/uploads\/2025\/05\/Made-Anywhere.png 300w, https:\/\/orillasnuevas.org\/wp-content\/uploads\/2025\/05\/Made-Anywhere-14x12.png 14w\" sizes=\"(max-width: 300px) 100vw, 300px\" \/>\t\t\t\t\t\t\t\t<\/a>\n\t\t\t\t\t\t\t\t\t\t\t\t\t\t\t<\/div>\n\t\t\t\t<\/div>\n\t\t\t\t<div class=\"elementor-element elementor-element-d834bd7 elementor-widget elementor-widget-image\" data-id=\"d834bd7\" data-element_type=\"widget\" data-e-type=\"widget\" data-widget_type=\"image.default\">\n\t\t\t\t<div class=\"elementor-widget-container\">\n\t\t\t\t\t\t\t\t\t\t\t\t\t\t\t\t<a href=\"https:\/\/www.annecyfestival.com\/en\" target=\"_blank\" rel=\"nofollow\">\n\t\t\t\t\t\t\t<img loading=\"lazy\" decoding=\"async\" width=\"300\" height=\"250\" src=\"https:\/\/orillasnuevas.org\/wp-content\/uploads\/2025\/05\/MIFA-ANNECY.png\" class=\"attachment-large size-large wp-image-4887\" alt=\"\" srcset=\"https:\/\/orillasnuevas.org\/wp-content\/uploads\/2025\/05\/MIFA-ANNECY.png 300w, https:\/\/orillasnuevas.org\/wp-content\/uploads\/2025\/05\/MIFA-ANNECY-14x12.png 14w\" sizes=\"(max-width: 300px) 100vw, 300px\" \/>\t\t\t\t\t\t\t\t<\/a>\n\t\t\t\t\t\t\t\t\t\t\t\t\t\t\t<\/div>\n\t\t\t\t<\/div>\n\t\t\t\t<div class=\"elementor-element elementor-element-9f76cb4 elementor-widget elementor-widget-image\" data-id=\"9f76cb4\" data-element_type=\"widget\" data-e-type=\"widget\" data-widget_type=\"image.default\">\n\t\t\t\t<div class=\"elementor-widget-container\">\n\t\t\t\t\t\t\t\t\t\t\t\t\t\t\t\t<a href=\"https:\/\/www.onda.fr\/\" target=\"_blank\" rel=\"nofollow\">\n\t\t\t\t\t\t\t<img loading=\"lazy\" decoding=\"async\" width=\"300\" height=\"250\" src=\"https:\/\/orillasnuevas.org\/wp-content\/uploads\/2025\/05\/ONDA.png\" class=\"attachment-large size-large wp-image-4888\" alt=\"\" srcset=\"https:\/\/orillasnuevas.org\/wp-content\/uploads\/2025\/05\/ONDA.png 300w, https:\/\/orillasnuevas.org\/wp-content\/uploads\/2025\/05\/ONDA-14x12.png 14w\" sizes=\"(max-width: 300px) 100vw, 300px\" \/>\t\t\t\t\t\t\t\t<\/a>\n\t\t\t\t\t\t\t\t\t\t\t\t\t\t\t<\/div>\n\t\t\t\t<\/div>\n\t\t\t\t<div class=\"elementor-element elementor-element-4bc2ea1 elementor-widget elementor-widget-image\" data-id=\"4bc2ea1\" data-element_type=\"widget\" data-e-type=\"widget\" data-widget_type=\"image.default\">\n\t\t\t\t<div class=\"elementor-widget-container\">\n\t\t\t\t\t\t\t\t\t\t\t\t\t\t\t\t<a href=\"https:\/\/www.parislete.fr\/en\" target=\"_blank\" rel=\"nofollow\">\n\t\t\t\t\t\t\t<img loading=\"lazy\" decoding=\"async\" width=\"300\" height=\"250\" src=\"https:\/\/orillasnuevas.org\/wp-content\/uploads\/2025\/05\/Paris-l_ete.png\" class=\"attachment-large size-large wp-image-4889\" alt=\"\" srcset=\"https:\/\/orillasnuevas.org\/wp-content\/uploads\/2025\/05\/Paris-l_ete.png 300w, https:\/\/orillasnuevas.org\/wp-content\/uploads\/2025\/05\/Paris-l_ete-14x12.png 14w\" sizes=\"(max-width: 300px) 100vw, 300px\" \/>\t\t\t\t\t\t\t\t<\/a>\n\t\t\t\t\t\t\t\t\t\t\t\t\t\t\t<\/div>\n\t\t\t\t<\/div>\n\t\t\t\t<div class=\"elementor-element elementor-element-3f6fa1d elementor-widget elementor-widget-image\" data-id=\"3f6fa1d\" data-element_type=\"widget\" data-e-type=\"widget\" data-widget_type=\"image.default\">\n\t\t\t\t<div class=\"elementor-widget-container\">\n\t\t\t\t\t\t\t\t\t\t\t\t\t\t\t\t<a href=\"https:\/\/www.theatre-bastille.com\/\" target=\"_blank\" rel=\"nofollow\">\n\t\t\t\t\t\t\t<img loading=\"lazy\" decoding=\"async\" width=\"300\" height=\"250\" src=\"https:\/\/orillasnuevas.org\/wp-content\/uploads\/2025\/05\/Theatre-de-la-Bastille.png\" class=\"attachment-large size-large wp-image-4890\" alt=\"\" srcset=\"https:\/\/orillasnuevas.org\/wp-content\/uploads\/2025\/05\/Theatre-de-la-Bastille.png 300w, https:\/\/orillasnuevas.org\/wp-content\/uploads\/2025\/05\/Theatre-de-la-Bastille-14x12.png 14w\" sizes=\"(max-width: 300px) 100vw, 300px\" \/>\t\t\t\t\t\t\t\t<\/a>\n\t\t\t\t\t\t\t\t\t\t\t\t\t\t\t<\/div>\n\t\t\t\t<\/div>\n\t\t\t\t<div class=\"elementor-element elementor-element-e9b4f53 elementor-widget elementor-widget-image\" data-id=\"e9b4f53\" data-element_type=\"widget\" data-e-type=\"widget\" data-widget_type=\"image.default\">\n\t\t\t\t<div class=\"elementor-widget-container\">\n\t\t\t\t\t\t\t\t\t\t\t\t\t\t\t\t<a href=\"https:\/\/www.paris.fr\/\" target=\"_blank\" rel=\"nofollow\">\n\t\t\t\t\t\t\t<img loading=\"lazy\" decoding=\"async\" width=\"300\" height=\"250\" src=\"https:\/\/orillasnuevas.org\/wp-content\/uploads\/2025\/05\/Ville-de-Paris.png\" class=\"attachment-large size-large wp-image-4891\" alt=\"\" srcset=\"https:\/\/orillasnuevas.org\/wp-content\/uploads\/2025\/05\/Ville-de-Paris.png 300w, https:\/\/orillasnuevas.org\/wp-content\/uploads\/2025\/05\/Ville-de-Paris-14x12.png 14w\" sizes=\"(max-width: 300px) 100vw, 300px\" \/>\t\t\t\t\t\t\t\t<\/a>\n\t\t\t\t\t\t\t\t\t\t\t\t\t\t\t<\/div>\n\t\t\t\t<\/div>\n\t\t\t\t<\/div>\n\t\t\t\t\t<\/div>\n\t\t\t\t<\/div>\n\t\t\t\t<\/div>\n\t\t\t\t<\/div>\n\t\t\t\t\t\t<\/div>\n\t\t\t\t<\/div>\n\t\t\t\t<\/div>\n\t\t\t\t<\/div>","protected":false},"excerpt":{"rendered":"<p>Programa \u201cOrillas Nuevas ~ Nouveaux Rivages\u201d es un programa de apoyo a las industrias culturales y creativas (ICC) de Argentina promovido por el Institut fran\u00e7ais d\u2019Argentine, gracias al excepcional apoyo del Ministerio de Europa y Asuntos Exteriores de Francia. Su implementaci\u00f3n se realiza en colaboraci\u00f3n con la Fundaci\u00f3n Williams y con la participaci\u00f3n de la&hellip;&nbsp;<a href=\"https:\/\/orillasnuevas.org\/fr\/el-programa\/\" rel=\"bookmark\">Lire la suite &raquo;<span class=\"screen-reader-text\">Le programme<\/span><\/a><\/p>","protected":false},"author":1,"featured_media":0,"parent":0,"menu_order":0,"comment_status":"closed","ping_status":"closed","template":"elementor_header_footer","meta":{"neve_meta_sidebar":"","neve_meta_container":"","neve_meta_enable_content_width":"","neve_meta_content_width":0,"neve_meta_title_alignment":"","neve_meta_author_avatar":"","neve_post_elements_order":"","neve_meta_disable_header":"","neve_meta_disable_footer":"","neve_meta_disable_title":"","footnotes":""},"class_list":["post-4576","page","type-page","status-publish","hentry"],"yoast_head":"<!-- This site is optimized with the Yoast SEO plugin v27.4 - https:\/\/yoast.com\/product\/yoast-seo-wordpress\/ -->\n<title>El programa - Orillas Nuevas<\/title>\n<meta name=\"robots\" content=\"index, follow, max-snippet:-1, max-image-preview:large, max-video-preview:-1\" \/>\n<link rel=\"canonical\" href=\"https:\/\/orillasnuevas.org\/fr\/el-programa\/\" \/>\n<meta property=\"og:locale\" content=\"fr_FR\" \/>\n<meta property=\"og:type\" content=\"article\" \/>\n<meta property=\"og:title\" content=\"El programa - Orillas Nuevas\" \/>\n<meta property=\"og:description\" content=\"Programa \u201cOrillas Nuevas ~ Nouveaux Rivages\u201d es un programa de apoyo a las industrias culturales y creativas (ICC) de Argentina promovido por el Institut fran\u00e7ais d\u2019Argentine, gracias al excepcional apoyo del Ministerio de Europa y Asuntos Exteriores de Francia. Su implementaci\u00f3n se realiza en colaboraci\u00f3n con la Fundaci\u00f3n Williams y con la participaci\u00f3n de la&hellip;&nbsp;Lire la suite &raquo;El programa\" \/>\n<meta property=\"og:url\" content=\"https:\/\/orillasnuevas.org\/fr\/el-programa\/\" \/>\n<meta property=\"og:site_name\" content=\"Orillas Nuevas\" \/>\n<meta property=\"article:modified_time\" content=\"2025-10-18T13:38:25+00:00\" \/>\n<meta property=\"og:image\" content=\"https:\/\/orillasnuevas.org\/wp-content\/uploads\/2024\/09\/FlechaLargaRosa.webp\" \/>\n\t<meta property=\"og:image:width\" content=\"54\" \/>\n\t<meta property=\"og:image:height\" content=\"98\" \/>\n\t<meta property=\"og:image:type\" content=\"image\/webp\" \/>\n<meta name=\"twitter:card\" content=\"summary_large_image\" \/>\n<meta name=\"twitter:label1\" content=\"Dur\u00e9e de lecture estim\u00e9e\" \/>\n\t<meta name=\"twitter:data1\" content=\"73 minutes\" \/>\n<script type=\"application\/ld+json\" class=\"yoast-schema-graph\">{\"@context\":\"https:\\\/\\\/schema.org\",\"@graph\":[{\"@type\":\"WebPage\",\"@id\":\"https:\\\/\\\/orillasnuevas.org\\\/el-programa\\\/\",\"url\":\"https:\\\/\\\/orillasnuevas.org\\\/el-programa\\\/\",\"name\":\"El programa - Orillas Nuevas\",\"isPartOf\":{\"@id\":\"https:\\\/\\\/orillasnuevas.org\\\/fr\\\/#website\"},\"primaryImageOfPage\":{\"@id\":\"https:\\\/\\\/orillasnuevas.org\\\/el-programa\\\/#primaryimage\"},\"image\":{\"@id\":\"https:\\\/\\\/orillasnuevas.org\\\/el-programa\\\/#primaryimage\"},\"thumbnailUrl\":\"https:\\\/\\\/orillasnuevas.org\\\/wp-content\\\/uploads\\\/2024\\\/09\\\/FlechaLargaRosa.webp\",\"datePublished\":\"2025-04-25T21:38:10+00:00\",\"dateModified\":\"2025-10-18T13:38:25+00:00\",\"breadcrumb\":{\"@id\":\"https:\\\/\\\/orillasnuevas.org\\\/el-programa\\\/#breadcrumb\"},\"inLanguage\":\"fr-FR\",\"potentialAction\":[{\"@type\":\"ReadAction\",\"target\":[\"https:\\\/\\\/orillasnuevas.org\\\/el-programa\\\/\"]}]},{\"@type\":\"ImageObject\",\"inLanguage\":\"fr-FR\",\"@id\":\"https:\\\/\\\/orillasnuevas.org\\\/el-programa\\\/#primaryimage\",\"url\":\"https:\\\/\\\/orillasnuevas.org\\\/wp-content\\\/uploads\\\/2024\\\/09\\\/FlechaLargaRosa.webp\",\"contentUrl\":\"https:\\\/\\\/orillasnuevas.org\\\/wp-content\\\/uploads\\\/2024\\\/09\\\/FlechaLargaRosa.webp\"},{\"@type\":\"BreadcrumbList\",\"@id\":\"https:\\\/\\\/orillasnuevas.org\\\/el-programa\\\/#breadcrumb\",\"itemListElement\":[{\"@type\":\"ListItem\",\"position\":1,\"name\":\"Inicio\",\"item\":\"https:\\\/\\\/orillasnuevas.org\\\/\"},{\"@type\":\"ListItem\",\"position\":2,\"name\":\"El programa\"}]},{\"@type\":\"WebSite\",\"@id\":\"https:\\\/\\\/orillasnuevas.org\\\/fr\\\/#website\",\"url\":\"https:\\\/\\\/orillasnuevas.org\\\/fr\\\/\",\"name\":\"Orillas Nuevas\",\"description\":\"Programa de apoyo, financiamiento e internacionalizaci\u00f3n de las industrias culturales y creativas en Argentina organizado por el Institut fran\u00e7ais d\u2019Argentine.\",\"publisher\":{\"@id\":\"https:\\\/\\\/orillasnuevas.org\\\/fr\\\/#organization\"},\"potentialAction\":[{\"@type\":\"SearchAction\",\"target\":{\"@type\":\"EntryPoint\",\"urlTemplate\":\"https:\\\/\\\/orillasnuevas.org\\\/fr\\\/?s={search_term_string}\"},\"query-input\":{\"@type\":\"PropertyValueSpecification\",\"valueRequired\":true,\"valueName\":\"search_term_string\"}}],\"inLanguage\":\"fr-FR\"},{\"@type\":\"Organization\",\"@id\":\"https:\\\/\\\/orillasnuevas.org\\\/fr\\\/#organization\",\"name\":\"Orillas Nuevas\",\"url\":\"https:\\\/\\\/orillasnuevas.org\\\/fr\\\/\",\"logo\":{\"@type\":\"ImageObject\",\"inLanguage\":\"fr-FR\",\"@id\":\"https:\\\/\\\/orillasnuevas.org\\\/fr\\\/#\\\/schema\\\/logo\\\/image\\\/\",\"url\":\"https:\\\/\\\/orillasnuevas.org\\\/wp-content\\\/uploads\\\/2024\\\/09\\\/ON_Portada-FB.jpg\",\"contentUrl\":\"https:\\\/\\\/orillasnuevas.org\\\/wp-content\\\/uploads\\\/2024\\\/09\\\/ON_Portada-FB.jpg\",\"width\":1708,\"height\":750,\"caption\":\"Orillas Nuevas\"},\"image\":{\"@id\":\"https:\\\/\\\/orillasnuevas.org\\\/fr\\\/#\\\/schema\\\/logo\\\/image\\\/\"},\"sameAs\":[\"https:\\\/\\\/www.instagram.com\\\/orillasnuevas\"]}]}<\/script>\n<!-- \/ Yoast SEO plugin. -->","yoast_head_json":{"title":"El programa - Orillas Nuevas","robots":{"index":"index","follow":"follow","max-snippet":"max-snippet:-1","max-image-preview":"max-image-preview:large","max-video-preview":"max-video-preview:-1"},"canonical":"https:\/\/orillasnuevas.org\/fr\/el-programa\/","og_locale":"fr_FR","og_type":"article","og_title":"El programa - Orillas Nuevas","og_description":"Programa \u201cOrillas Nuevas ~ Nouveaux Rivages\u201d es un programa de apoyo a las industrias culturales y creativas (ICC) de Argentina promovido por el Institut fran\u00e7ais d\u2019Argentine, gracias al excepcional apoyo del Ministerio de Europa y Asuntos Exteriores de Francia. Su implementaci\u00f3n se realiza en colaboraci\u00f3n con la Fundaci\u00f3n Williams y con la participaci\u00f3n de la&hellip;&nbsp;Lire la suite &raquo;El programa","og_url":"https:\/\/orillasnuevas.org\/fr\/el-programa\/","og_site_name":"Orillas Nuevas","article_modified_time":"2025-10-18T13:38:25+00:00","og_image":[{"width":54,"height":98,"url":"https:\/\/orillasnuevas.org\/wp-content\/uploads\/2024\/09\/FlechaLargaRosa.webp","type":"image\/webp"}],"twitter_card":"summary_large_image","twitter_misc":{"Dur\u00e9e de lecture estim\u00e9e":"73 minutes"},"schema":{"@context":"https:\/\/schema.org","@graph":[{"@type":"WebPage","@id":"https:\/\/orillasnuevas.org\/el-programa\/","url":"https:\/\/orillasnuevas.org\/el-programa\/","name":"El programa - Orillas Nuevas","isPartOf":{"@id":"https:\/\/orillasnuevas.org\/fr\/#website"},"primaryImageOfPage":{"@id":"https:\/\/orillasnuevas.org\/el-programa\/#primaryimage"},"image":{"@id":"https:\/\/orillasnuevas.org\/el-programa\/#primaryimage"},"thumbnailUrl":"https:\/\/orillasnuevas.org\/wp-content\/uploads\/2024\/09\/FlechaLargaRosa.webp","datePublished":"2025-04-25T21:38:10+00:00","dateModified":"2025-10-18T13:38:25+00:00","breadcrumb":{"@id":"https:\/\/orillasnuevas.org\/el-programa\/#breadcrumb"},"inLanguage":"fr-FR","potentialAction":[{"@type":"ReadAction","target":["https:\/\/orillasnuevas.org\/el-programa\/"]}]},{"@type":"ImageObject","inLanguage":"fr-FR","@id":"https:\/\/orillasnuevas.org\/el-programa\/#primaryimage","url":"https:\/\/orillasnuevas.org\/wp-content\/uploads\/2024\/09\/FlechaLargaRosa.webp","contentUrl":"https:\/\/orillasnuevas.org\/wp-content\/uploads\/2024\/09\/FlechaLargaRosa.webp"},{"@type":"BreadcrumbList","@id":"https:\/\/orillasnuevas.org\/el-programa\/#breadcrumb","itemListElement":[{"@type":"ListItem","position":1,"name":"Inicio","item":"https:\/\/orillasnuevas.org\/"},{"@type":"ListItem","position":2,"name":"El programa"}]},{"@type":"WebSite","@id":"https:\/\/orillasnuevas.org\/fr\/#website","url":"https:\/\/orillasnuevas.org\/fr\/","name":"Orillas Nuevas","description":"Programa de apoyo, financiamiento e internacionalizaci\u00f3n de las industrias culturales y creativas en Argentina organizado por el Institut fran\u00e7ais d\u2019Argentine.","publisher":{"@id":"https:\/\/orillasnuevas.org\/fr\/#organization"},"potentialAction":[{"@type":"SearchAction","target":{"@type":"EntryPoint","urlTemplate":"https:\/\/orillasnuevas.org\/fr\/?s={search_term_string}"},"query-input":{"@type":"PropertyValueSpecification","valueRequired":true,"valueName":"search_term_string"}}],"inLanguage":"fr-FR"},{"@type":"Organization","@id":"https:\/\/orillasnuevas.org\/fr\/#organization","name":"Orillas Nuevas","url":"https:\/\/orillasnuevas.org\/fr\/","logo":{"@type":"ImageObject","inLanguage":"fr-FR","@id":"https:\/\/orillasnuevas.org\/fr\/#\/schema\/logo\/image\/","url":"https:\/\/orillasnuevas.org\/wp-content\/uploads\/2024\/09\/ON_Portada-FB.jpg","contentUrl":"https:\/\/orillasnuevas.org\/wp-content\/uploads\/2024\/09\/ON_Portada-FB.jpg","width":1708,"height":750,"caption":"Orillas Nuevas"},"image":{"@id":"https:\/\/orillasnuevas.org\/fr\/#\/schema\/logo\/image\/"},"sameAs":["https:\/\/www.instagram.com\/orillasnuevas"]}]}},"_links":{"self":[{"href":"https:\/\/orillasnuevas.org\/fr\/wp-json\/wp\/v2\/pages\/4576","targetHints":{"allow":["GET"]}}],"collection":[{"href":"https:\/\/orillasnuevas.org\/fr\/wp-json\/wp\/v2\/pages"}],"about":[{"href":"https:\/\/orillasnuevas.org\/fr\/wp-json\/wp\/v2\/types\/page"}],"author":[{"embeddable":true,"href":"https:\/\/orillasnuevas.org\/fr\/wp-json\/wp\/v2\/users\/1"}],"replies":[{"embeddable":true,"href":"https:\/\/orillasnuevas.org\/fr\/wp-json\/wp\/v2\/comments?post=4576"}],"version-history":[{"count":269,"href":"https:\/\/orillasnuevas.org\/fr\/wp-json\/wp\/v2\/pages\/4576\/revisions"}],"predecessor-version":[{"id":5537,"href":"https:\/\/orillasnuevas.org\/fr\/wp-json\/wp\/v2\/pages\/4576\/revisions\/5537"}],"wp:attachment":[{"href":"https:\/\/orillasnuevas.org\/fr\/wp-json\/wp\/v2\/media?parent=4576"}],"curies":[{"name":"wp","href":"https:\/\/api.w.org\/{rel}","templated":true}]}}